{"id":56344,"date":"2022-02-21T17:14:53","date_gmt":"2022-02-21T16:14:53","guid":{"rendered":"https:\/\/www.geneveroule.ch\/videos\/"},"modified":"2024-02-05T16:04:25","modified_gmt":"2024-02-05T15:04:25","slug":"videos","status":"publish","type":"page","link":"https:\/\/www.geneveroule.ch\/en\/videos\/","title":{"rendered":"Videos"},"content":{"rendered":"<p>[et_pb_section fb_built=&#8221;1&#8243; _builder_version=&#8221;4.16&#8243; _module_preset=&#8221;default&#8221; background_color=&#8221;#FBBA00&#8243; height=&#8221;100px&#8221; global_colors_info=&#8221;{}&#8221;][et_pb_row make_equal=&#8221;on&#8221; _builder_version=&#8221;4.16&#8243; _module_preset=&#8221;default&#8221; width=&#8221;100%&#8221; custom_margin=&#8221;-30px||0px||false|false&#8221; custom_padding=&#8221;0px||0px||false|false&#8221; animation_style=&#8221;bounce&#8221; global_colors_info=&#8221;{}&#8221; button_text_color__hover=&#8221;#E52629&#8243; button_text_color__hover_enabled=&#8221;on|hover&#8221; button_bg_color__hover=&#8221;#FBBA00&#8243; button_bg_color__hover_enabled=&#8221;on|hover&#8221; button_border_radius__hover=&#8221;35px&#8221; button_border_radius__hover_enabled=&#8221;on|hover&#8221;][et_pb_column type=&#8221;4_4&#8243; _builder_version=&#8221;4.16&#8243; _module_preset=&#8221;default&#8221; global_colors_info=&#8221;{}&#8221;][et_pb_text _builder_version=&#8221;4.16&#8243; _module_preset=&#8221;default&#8221; text_font=&#8221;Saune Bold||||||||&#8221; text_text_color=&#8221;#FFFFFF&#8221; custom_margin_tablet=&#8221;10px|||40px|false|false&#8221; custom_margin_phone=&#8221;11px|||15px|false|false&#8221; custom_margin_last_edited=&#8221;on|tablet&#8221; global_colors_info=&#8221;{}&#8221;]<\/p>\n<h1 style=\"text-align: left;\"><span style=\"color: #ffffff;\">Videos<\/span><\/h1>\n<p>[\/et_pb_text][\/et_pb_column][\/et_pb_row][et_pb_row _builder_version=&#8221;4.16&#8243; _module_preset=&#8221;default&#8221; locked=&#8221;off&#8221; global_colors_info=&#8221;{}&#8221;][et_pb_column type=&#8221;4_4&#8243; _builder_version=&#8221;4.16&#8243; _module_preset=&#8221;default&#8221; global_colors_info=&#8221;{}&#8221;][lwp_divi_breadcrumbs home_text=&#8221;Accueil&#8221; link_color=&#8221;#3023AD&#8221; separator_color=&#8221;#FBBA00&#8243; current_text_color=&#8221;#FBBA00&#8243; disabled_on=&#8221;on|on|off&#8221; _builder_version=&#8221;4.16&#8243; _module_preset=&#8221;default&#8221; module_font=&#8221;|300|||||||&#8221; module_text_align=&#8221;left&#8221; module_text_color=&#8221;#FBBA00&#8243; module_font_size=&#8221;16px&#8221; width=&#8221;100%&#8221; module_alignment=&#8221;right&#8221; custom_margin=&#8221;14px||||false|false&#8221; global_colors_info=&#8221;{}&#8221;][\/lwp_divi_breadcrumbs][\/et_pb_column][\/et_pb_row][\/et_pb_section][et_pb_section fb_built=&#8221;1&#8243; admin_label=&#8221;Services&#8221; _builder_version=&#8221;4.16&#8243; background_color=&#8221;#FFFFFF&#8221; global_colors_info=&#8221;{}&#8221; title_text_tablet=&#8221;upholsterer-41&#8243;][et_pb_row _builder_version=&#8221;4.16&#8243; _module_preset=&#8221;default&#8221; width_tablet=&#8221;&#8221; width_phone=&#8221;98%&#8221; width_last_edited=&#8221;on|phone&#8221; global_colors_info=&#8221;{}&#8221;][et_pb_column type=&#8221;4_4&#8243; _builder_version=&#8221;4.16&#8243; _module_preset=&#8221;default&#8221; global_colors_info=&#8221;{}&#8221;][et_pb_text _builder_version=&#8221;4.16&#8243; _module_preset=&#8221;default&#8221; header_text_color=&#8221;#FBBA00&#8243; header_font_size=&#8221;46px&#8221; header_2_text_color=&#8221;#FBBA00&#8243; custom_margin=&#8221;||||false|false&#8221; global_colors_info=&#8221;{}&#8221;]<\/p>\n<h2 style=\"text-align: center;\">Follow us on Youtube !<\/h2>\n<p>[\/et_pb_text][et_pb_button button_url=&#8221;https:\/\/www.youtube.com\/channel\/UCmrhAjZ-Anb8-VRG1qFLCZQ\/&#8221; url_new_window=&#8221;on&#8221; button_text=&#8221;I subscribe&#8221; button_alignment=&#8221;center&#8221; _builder_version=&#8221;4.16&#8243; _module_preset=&#8221;default&#8221; custom_button=&#8221;on&#8221; button_border_radius=&#8221;8px&#8221; button_icon=&#8221;&#xe0a3;||divi||400&#8243; button_icon_color=&#8221;#E52629&#8243; button_icon_placement=&#8221;left&#8221; button_on_hover=&#8221;off&#8221; global_colors_info=&#8221;{}&#8221;][\/et_pb_button][et_pb_code _builder_version=&#8221;4.21.0&#8243; _module_preset=&#8221;default&#8221; hover_enabled=&#8221;0&#8243; sticky_enabled=&#8221;0&#8243;]\n\n<div id=\"sb_youtube_sbyUCmrhAjZAnb8VRG1qFLCZQ9\" \n\t class=\"sb_youtube sby_layout_gallery sby_col_3 sby_mob_col_1 sby_palette_inherit  sby_width_resp\" \n\tdata-feedid=\"sby_UCmrhAjZ-Anb8-VRG1qFLCZQ#9\" \n\tdata-shortcode-atts=\"{&quot;feed&quot;:&quot;2&quot;}\" \n\tdata-cols=\"3\" \n\tdata-colsmobile=\"1\" \n\tdata-num=\"9\" \n\tdata-nummobile=\"9\" \n\tdata-channel-subscribers=\"&lt;span class=&quot;sby_loader&quot; style=&quot;background-color: rgb(255, 255, 255);&quot;&gt;&lt;\/span&gt; subscribers\"\tdata-subscribe-btn=\"1\" \n\tdata-subscribe-btn-text=\"Subscribe\" \n\tdata_channel_header_colors =\"{&quot;channelName&quot;:&quot;&quot;,&quot;subscribeCount&quot;:&quot;&quot;,&quot;buttonBackground&quot;:&quot;&quot;,&quot;buttonText&quot;:&quot;&quot;}\"\n\t data-sby-flags=\"resizeDisable\" data-postid=\"56344\" style=\"width: 100%;\" \n\t data-videocardlayout=\"vertical\" \n>\n\t    <div id=\"sby_player_UCmrhAjZ-Anb8-VRG1qFLCZQ_nsXaCP6vyDY\" class=\"sby_player_outer_wrap sby_player_item\"  style=\"padding: 5px;padding-bottom: 0;\">\n    <div class=\"sby_video_thumbnail_wrap\">\n        <a class=\"sby_video_thumbnail sby_player_video_thumbnail\" href=\"https:\/\/www.youtube.com\/watch?v=nsXaCP6vyDY\" target=\"_blank\" rel=\"noopener\" data-full-res=\"https:\/\/i3.ytimg.com\/vi\/nsXaCP6vyDY\/maxresdefault.jpg\" data-img-src-set=\"{&quot;120&quot;:&quot;https:\\\/\\\/i3.ytimg.com\\\/vi\\\/nsXaCP6vyDY\\\/default.jpg&quot;,&quot;320&quot;:&quot;https:\\\/\\\/i3.ytimg.com\\\/vi\\\/nsXaCP6vyDY\\\/mqdefault.jpg&quot;,&quot;480&quot;:&quot;https:\\\/\\\/i3.ytimg.com\\\/vi\\\/nsXaCP6vyDY\\\/hqdefault.jpg&quot;,&quot;640&quot;:&quot;https:\\\/\\\/i3.ytimg.com\\\/vi\\\/nsXaCP6vyDY\\\/sddefault.jpg&quot;}\" data-video-id=\"nsXaCP6vyDY\">\n            <span class=\"sby-screenreader\">YouTube Video UCmrhAjZ-Anb8-VRG1qFLCZQ_nsXaCP6vyDY<\/span>\n            <img decoding=\"async\" src=\"https:\/\/www.geneveroule.ch\/wp-content\/plugins\/feeds-for-youtube\/img\/placeholder.png\" alt=\"\ud83d\udeb2 V\u00e9loPartage, le r\u00e9seau de v\u00e9los en libre-service qui facilite vos trajets quotidiens \u00e0 Gen\u00e8ve.\n\n\ud83d\udc49 Plus de 600 stations r\u00e9parties sur 22 communes\n\ud83d\udc49 1&#039;440 v\u00e9los disponibles, dont 520 \u00e9lectriques\n\ud83d\udc49 Accessible 7j\/7, 24h\/24\n\ud83d\udc49 Tarifs flexibles selon vos besoins (\u00e0 la minute, heure, journ\u00e9e ou abonnement)\n\n\ud83d\udca1 Jusqu\u2019au 30 septembre 2025, profitez du code promo VIDEOVELOPARTAGE pour un trajet de 30 minutes offert \u00e0 faire valoir sur l\u2019application DonkeyRepublic.\n\nLe saviez-vous ? Certaines communes participent \u00e9galement \u00e0 l&#039;achat d&#039;un abonnement V\u00e9loPartage. Pour plus d\u2019infos : velopartage.ge.ch.\n\n#V\u00e9loPartage #mobilit\u00e9 #Gen\u00e8ve\">\n            <span class=\"sby_loader sby_hidden\" style=\"background-color: rgb(255, 255, 255);\"><\/span>\n        <\/a>\n                    <div class=\"sby_play_btn\">\n            <svg aria-hidden=\"true\" focusable=\"false\" data-prefix=\"fab\" data-icon=\"youtube\" role=\"img\" xmlns=\"http:\/\/www.w3.org\/2000\/svg\" viewBox=\"0 0 576 512\" class=\"svg-inline--fa fa-youtube fa-w-18\"><path fill=\"currentColor\" d=\"M549.655 124.083c-6.281-23.65-24.787-42.276-48.284-48.597C458.781 64 288 64 288 64S117.22 64 74.629 75.486c-23.497 6.322-42.003 24.947-48.284 48.597-11.412 42.867-11.412 132.305-11.412 132.305s0 89.438 11.412 132.305c6.281 23.65 24.787 41.5 48.284 47.821C117.22 448 288 448 288 448s170.78 0 213.371-11.486c23.497-6.321 42.003-24.171 48.284-47.821 11.412-42.867 11.412-132.305 11.412-132.305s0-89.438-11.412-132.305zm-317.51 213.508V175.185l142.739 81.205-142.739 81.201z\" class=\"\"><\/path><\/svg>                <span class=\"sby_play_btn_bg\"><\/span>\n            <\/div>\n                <div class=\"sby_player_wrap\">\n            <div class=\"sby_player\"><\/div>\n        <\/div>\n    <\/div>\n<\/div>\n    <div class=\"sby_items_wrap\" style=\"padding: 5px;\">\n\t\t<div class=\"sby_item  sby_new sby_transition\" id=\"sby_UCmrhAjZ-Anb8-VRG1qFLCZQ_nsXaCP6vyDY\" data-date=\"1755529202\" data-video-id=\"nsXaCP6vyDY\">\n    <div class=\"sby_inner_item\">\n        <div class=\"sby_video_thumbnail_wrap sby_item_video_thumbnail_wrap\">\n            <a class=\"sby_video_thumbnail sby_item_video_thumbnail\" href=\"https:\/\/www.youtube.com\/watch?v=nsXaCP6vyDY\" target=\"_blank\" rel=\"noopener\" data-full-res=\"https:\/\/i3.ytimg.com\/vi\/nsXaCP6vyDY\/maxresdefault.jpg\" data-img-src-set=\"{&quot;120&quot;:&quot;https:\\\/\\\/i3.ytimg.com\\\/vi\\\/nsXaCP6vyDY\\\/default.jpg&quot;,&quot;320&quot;:&quot;https:\\\/\\\/i3.ytimg.com\\\/vi\\\/nsXaCP6vyDY\\\/mqdefault.jpg&quot;,&quot;480&quot;:&quot;https:\\\/\\\/i3.ytimg.com\\\/vi\\\/nsXaCP6vyDY\\\/hqdefault.jpg&quot;,&quot;640&quot;:&quot;https:\\\/\\\/i3.ytimg.com\\\/vi\\\/nsXaCP6vyDY\\\/sddefault.jpg&quot;}\" data-video-id=\"nsXaCP6vyDY\" data-video-title=\"V\u00e9lopartage - Le v\u00e9lo en libre-service des Genevois-ses !\">\n                <img decoding=\"async\" src=\"https:\/\/www.geneveroule.ch\/wp-content\/plugins\/feeds-for-youtube\/img\/placeholder.png\" alt=\"\ud83d\udeb2 V\u00e9loPartage, le r\u00e9seau de v\u00e9los en libre-service qui facilite vos trajets quotidiens \u00e0 Gen\u00e8ve.\n\n\ud83d\udc49 Plus de 600 stations r\u00e9parties sur 22 communes\n\ud83d\udc49 1&#039;440 v\u00e9los disponibles, dont 520 \u00e9lectriques\n\ud83d\udc49 Accessible 7j\/7, 24h\/24\n\ud83d\udc49 Tarifs flexibles selon vos besoins (\u00e0 la minute, heure, journ\u00e9e ou abonnement)\n\n\ud83d\udca1 Jusqu\u2019au 30 septembre 2025, profitez du code promo VIDEOVELOPARTAGE pour un trajet de 30 minutes offert \u00e0 faire valoir sur l\u2019application DonkeyRepublic.\n\nLe saviez-vous ? Certaines communes participent \u00e9galement \u00e0 l&#039;achat d&#039;un abonnement V\u00e9loPartage. Pour plus d\u2019infos : velopartage.ge.ch.\n\n#V\u00e9loPartage #mobilit\u00e9 #Gen\u00e8ve\">\n\n                <div class=\"sby_thumbnail_hover sby_item_video_thumbnail_hover\">\n                    <div class=\"sby_thumbnail_hover_inner\">\n                                            <\/div>\n                <\/div>\n\n                                    <div class=\"sby_play_btn\" >\n                        <span class=\"sby_play_btn_bg\"><\/span>\n                        <svg aria-hidden=\"true\" focusable=\"false\" data-prefix=\"fab\" data-icon=\"youtube\" role=\"img\" xmlns=\"http:\/\/www.w3.org\/2000\/svg\" viewBox=\"0 0 576 512\" class=\"svg-inline--fa fa-youtube fa-w-18\"><path fill=\"currentColor\" d=\"M549.655 124.083c-6.281-23.65-24.787-42.276-48.284-48.597C458.781 64 288 64 288 64S117.22 64 74.629 75.486c-23.497 6.322-42.003 24.947-48.284 48.597-11.412 42.867-11.412 132.305-11.412 132.305s0 89.438 11.412 132.305c6.281 23.65 24.787 41.5 48.284 47.821C117.22 448 288 448 288 448s170.78 0 213.371-11.486c23.497-6.321 42.003-24.171 48.284-47.821 11.412-42.867 11.412-132.305 11.412-132.305s0-89.438-11.412-132.305zm-317.51 213.508V175.185l142.739 81.205-142.739 81.201z\" class=\"\"><\/path><\/svg>                    <\/div>\n                                <span class=\"sby_loader sby_hidden\" style=\"background-color: rgb(255, 255, 255);\"><\/span>\n            <\/a>\n\n                    <\/div>\n    <\/div>\n<\/div><div class=\"sby_item  sby_new sby_transition\" id=\"sby_UCmrhAjZ-Anb8-VRG1qFLCZQ_17YrM5qiCG8\" data-date=\"1728545973\" data-video-id=\"17YrM5qiCG8\">\n    <div class=\"sby_inner_item\">\n        <div class=\"sby_video_thumbnail_wrap sby_item_video_thumbnail_wrap\">\n            <a class=\"sby_video_thumbnail sby_item_video_thumbnail\" href=\"https:\/\/www.youtube.com\/watch?v=17YrM5qiCG8\" target=\"_blank\" rel=\"noopener\" data-full-res=\"https:\/\/i2.ytimg.com\/vi\/17YrM5qiCG8\/maxresdefault.jpg\" data-img-src-set=\"{&quot;120&quot;:&quot;https:\\\/\\\/i2.ytimg.com\\\/vi\\\/17YrM5qiCG8\\\/default.jpg&quot;,&quot;320&quot;:&quot;https:\\\/\\\/i2.ytimg.com\\\/vi\\\/17YrM5qiCG8\\\/mqdefault.jpg&quot;,&quot;480&quot;:&quot;https:\\\/\\\/i2.ytimg.com\\\/vi\\\/17YrM5qiCG8\\\/hqdefault.jpg&quot;,&quot;640&quot;:&quot;https:\\\/\\\/i2.ytimg.com\\\/vi\\\/17YrM5qiCG8\\\/sddefault.jpg&quot;}\" data-video-id=\"17YrM5qiCG8\" data-video-title=\"Roulons ensemble vers l&#039;insertion : portrait de Dragana\">\n                <img decoding=\"async\" src=\"https:\/\/www.geneveroule.ch\/wp-content\/plugins\/feeds-for-youtube\/img\/placeholder.png\" alt=\"\ud83d\udcf9 Sixi\u00e8me et derni\u00e8re vid\u00e9o sur notre mission d\u2019insertion professionnelle.\nRencontre \ud83e\udd1d avec Dragana, qui, au c\u0153ur \ud83d\udc9bde notre d\u00e9partement Conseil Emploi, accompagne avec bienveillance \u2728, efficacit\u00e9 et empathie les personnes en qu\u00eate de soutien.\n\ud83c\udf1f Elle incarne parfaitement les valeurs de Gen\u00e8veroule \u00e0 travers son engagement dans l&#039;accompagnement professionnel.\n#geneve #insertionprofessionnelle #solidarit\u00e9 #emploipourtous #soutienlocal #geneveroule\nR\u00e9alisation Karine Renucci, octobre 2024\">\n\n                <div class=\"sby_thumbnail_hover sby_item_video_thumbnail_hover\">\n                    <div class=\"sby_thumbnail_hover_inner\">\n                                            <\/div>\n                <\/div>\n\n                                    <div class=\"sby_play_btn\" >\n                        <span class=\"sby_play_btn_bg\"><\/span>\n                        <svg aria-hidden=\"true\" focusable=\"false\" data-prefix=\"fab\" data-icon=\"youtube\" role=\"img\" xmlns=\"http:\/\/www.w3.org\/2000\/svg\" viewBox=\"0 0 576 512\" class=\"svg-inline--fa fa-youtube fa-w-18\"><path fill=\"currentColor\" d=\"M549.655 124.083c-6.281-23.65-24.787-42.276-48.284-48.597C458.781 64 288 64 288 64S117.22 64 74.629 75.486c-23.497 6.322-42.003 24.947-48.284 48.597-11.412 42.867-11.412 132.305-11.412 132.305s0 89.438 11.412 132.305c6.281 23.65 24.787 41.5 48.284 47.821C117.22 448 288 448 288 448s170.78 0 213.371-11.486c23.497-6.321 42.003-24.171 48.284-47.821 11.412-42.867 11.412-132.305 11.412-132.305s0-89.438-11.412-132.305zm-317.51 213.508V175.185l142.739 81.205-142.739 81.201z\" class=\"\"><\/path><\/svg>                    <\/div>\n                                <span class=\"sby_loader sby_hidden\" style=\"background-color: rgb(255, 255, 255);\"><\/span>\n            <\/a>\n\n                    <\/div>\n    <\/div>\n<\/div><div class=\"sby_item  sby_new sby_transition\" id=\"sby_UCmrhAjZ-Anb8-VRG1qFLCZQ_dXuWBaz2L7I\" data-date=\"1728376681\" data-video-id=\"dXuWBaz2L7I\">\n    <div class=\"sby_inner_item\">\n        <div class=\"sby_video_thumbnail_wrap sby_item_video_thumbnail_wrap\">\n            <a class=\"sby_video_thumbnail sby_item_video_thumbnail\" href=\"https:\/\/www.youtube.com\/watch?v=dXuWBaz2L7I\" target=\"_blank\" rel=\"noopener\" data-full-res=\"https:\/\/i1.ytimg.com\/vi\/dXuWBaz2L7I\/maxresdefault.jpg\" data-img-src-set=\"{&quot;120&quot;:&quot;https:\\\/\\\/i1.ytimg.com\\\/vi\\\/dXuWBaz2L7I\\\/default.jpg&quot;,&quot;320&quot;:&quot;https:\\\/\\\/i1.ytimg.com\\\/vi\\\/dXuWBaz2L7I\\\/mqdefault.jpg&quot;,&quot;480&quot;:&quot;https:\\\/\\\/i1.ytimg.com\\\/vi\\\/dXuWBaz2L7I\\\/hqdefault.jpg&quot;,&quot;640&quot;:&quot;https:\\\/\\\/i1.ytimg.com\\\/vi\\\/dXuWBaz2L7I\\\/sddefault.jpg&quot;}\" data-video-id=\"dXuWBaz2L7I\" data-video-title=\"Roulons ensemble vers l&#039;insertion : portrait d\u2019Honorine\">\n                <img decoding=\"async\" src=\"https:\/\/www.geneveroule.ch\/wp-content\/plugins\/feeds-for-youtube\/img\/placeholder.png\" alt=\"Vid\u00e9o 5 sur notre d\u00e9partement Conseil Emploi \ud83c\udfa5\nSi vous venez nous rendre visite dans une arcade, il y a de fortes chances que ce soit Honorine qui vous accueille \ud83d\ude0a. Son \u00e9nergie positive, sa joie de vivre et sa d\u00e9termination apportent une ambiance communicative \u00e0 toute l\u2019\u00e9quipe \u2728. Sa contribution est essentielle pour offrir un accueil de qualit\u00e9 \ud83d\ude4c.\nR\u00e9alisation Karine Renucci, octobre 2024\">\n\n                <div class=\"sby_thumbnail_hover sby_item_video_thumbnail_hover\">\n                    <div class=\"sby_thumbnail_hover_inner\">\n                                            <\/div>\n                <\/div>\n\n                                    <div class=\"sby_play_btn\" >\n                        <span class=\"sby_play_btn_bg\"><\/span>\n                        <svg aria-hidden=\"true\" focusable=\"false\" data-prefix=\"fab\" data-icon=\"youtube\" role=\"img\" xmlns=\"http:\/\/www.w3.org\/2000\/svg\" viewBox=\"0 0 576 512\" class=\"svg-inline--fa fa-youtube fa-w-18\"><path fill=\"currentColor\" d=\"M549.655 124.083c-6.281-23.65-24.787-42.276-48.284-48.597C458.781 64 288 64 288 64S117.22 64 74.629 75.486c-23.497 6.322-42.003 24.947-48.284 48.597-11.412 42.867-11.412 132.305-11.412 132.305s0 89.438 11.412 132.305c6.281 23.65 24.787 41.5 48.284 47.821C117.22 448 288 448 288 448s170.78 0 213.371-11.486c23.497-6.321 42.003-24.171 48.284-47.821 11.412-42.867 11.412-132.305 11.412-132.305s0-89.438-11.412-132.305zm-317.51 213.508V175.185l142.739 81.205-142.739 81.201z\" class=\"\"><\/path><\/svg>                    <\/div>\n                                <span class=\"sby_loader sby_hidden\" style=\"background-color: rgb(255, 255, 255);\"><\/span>\n            <\/a>\n\n                    <\/div>\n    <\/div>\n<\/div><div class=\"sby_item  sby_new sby_transition\" id=\"sby_UCmrhAjZ-Anb8-VRG1qFLCZQ_RU7PB2BlzVM\" data-date=\"1727947960\" data-video-id=\"RU7PB2BlzVM\">\n    <div class=\"sby_inner_item\">\n        <div class=\"sby_video_thumbnail_wrap sby_item_video_thumbnail_wrap\">\n            <a class=\"sby_video_thumbnail sby_item_video_thumbnail\" href=\"https:\/\/www.youtube.com\/watch?v=RU7PB2BlzVM\" target=\"_blank\" rel=\"noopener\" data-full-res=\"https:\/\/i3.ytimg.com\/vi\/RU7PB2BlzVM\/maxresdefault.jpg\" data-img-src-set=\"{&quot;120&quot;:&quot;https:\\\/\\\/i3.ytimg.com\\\/vi\\\/RU7PB2BlzVM\\\/default.jpg&quot;,&quot;320&quot;:&quot;https:\\\/\\\/i3.ytimg.com\\\/vi\\\/RU7PB2BlzVM\\\/mqdefault.jpg&quot;,&quot;480&quot;:&quot;https:\\\/\\\/i3.ytimg.com\\\/vi\\\/RU7PB2BlzVM\\\/hqdefault.jpg&quot;,&quot;640&quot;:&quot;https:\\\/\\\/i3.ytimg.com\\\/vi\\\/RU7PB2BlzVM\\\/sddefault.jpg&quot;}\" data-video-id=\"RU7PB2BlzVM\" data-video-title=\"Roulons ensemble vers l&#039;insertion : portrait de Farije\">\n                <img decoding=\"async\" src=\"https:\/\/www.geneveroule.ch\/wp-content\/plugins\/feeds-for-youtube\/img\/placeholder.png\" alt=\"\ud83c\udfa5 Vid\u00e9o 4 de notre s\u00e9rie sur l&#039;insertion professionnelle et notre d\u00e9partement Conseil Emploi. Aujourd&#039;hui, nous partons \u00e0 la rencontre de Farije. Un parcours prometteur pour cette jeune collaboratrice, dont le professionnalisme enrichit notre \u00e9quipe. Farije contribue activement \u00e0 la r\u00e9alisation de notre mission sur le terrain. \ud83d\udc4f\n\nR\u00e9alisation Karine Renucci, octobre 2024\">\n\n                <div class=\"sby_thumbnail_hover sby_item_video_thumbnail_hover\">\n                    <div class=\"sby_thumbnail_hover_inner\">\n                                            <\/div>\n                <\/div>\n\n                                    <div class=\"sby_play_btn\" >\n                        <span class=\"sby_play_btn_bg\"><\/span>\n                        <svg aria-hidden=\"true\" focusable=\"false\" data-prefix=\"fab\" data-icon=\"youtube\" role=\"img\" xmlns=\"http:\/\/www.w3.org\/2000\/svg\" viewBox=\"0 0 576 512\" class=\"svg-inline--fa fa-youtube fa-w-18\"><path fill=\"currentColor\" d=\"M549.655 124.083c-6.281-23.65-24.787-42.276-48.284-48.597C458.781 64 288 64 288 64S117.22 64 74.629 75.486c-23.497 6.322-42.003 24.947-48.284 48.597-11.412 42.867-11.412 132.305-11.412 132.305s0 89.438 11.412 132.305c6.281 23.65 24.787 41.5 48.284 47.821C117.22 448 288 448 288 448s170.78 0 213.371-11.486c23.497-6.321 42.003-24.171 48.284-47.821 11.412-42.867 11.412-132.305 11.412-132.305s0-89.438-11.412-132.305zm-317.51 213.508V175.185l142.739 81.205-142.739 81.201z\" class=\"\"><\/path><\/svg>                    <\/div>\n                                <span class=\"sby_loader sby_hidden\" style=\"background-color: rgb(255, 255, 255);\"><\/span>\n            <\/a>\n\n                    <\/div>\n    <\/div>\n<\/div><div class=\"sby_item  sby_new sby_transition\" id=\"sby_UCmrhAjZ-Anb8-VRG1qFLCZQ_SbkJVgKLT1A\" data-date=\"1727871302\" data-video-id=\"SbkJVgKLT1A\">\n    <div class=\"sby_inner_item\">\n        <div class=\"sby_video_thumbnail_wrap sby_item_video_thumbnail_wrap\">\n            <a class=\"sby_video_thumbnail sby_item_video_thumbnail\" href=\"https:\/\/www.youtube.com\/watch?v=SbkJVgKLT1A\" target=\"_blank\" rel=\"noopener\" data-full-res=\"https:\/\/i4.ytimg.com\/vi\/SbkJVgKLT1A\/maxresdefault.jpg\" data-img-src-set=\"{&quot;120&quot;:&quot;https:\\\/\\\/i4.ytimg.com\\\/vi\\\/SbkJVgKLT1A\\\/default.jpg&quot;,&quot;320&quot;:&quot;https:\\\/\\\/i4.ytimg.com\\\/vi\\\/SbkJVgKLT1A\\\/mqdefault.jpg&quot;,&quot;480&quot;:&quot;https:\\\/\\\/i4.ytimg.com\\\/vi\\\/SbkJVgKLT1A\\\/hqdefault.jpg&quot;,&quot;640&quot;:&quot;https:\\\/\\\/i4.ytimg.com\\\/vi\\\/SbkJVgKLT1A\\\/sddefault.jpg&quot;}\" data-video-id=\"SbkJVgKLT1A\" data-video-title=\"Roulons ensemble vers l&#039;insertion : portrait de Mari\u00e9tou\">\n                <img decoding=\"async\" src=\"https:\/\/www.geneveroule.ch\/wp-content\/plugins\/feeds-for-youtube\/img\/placeholder.png\" alt=\"Rencontre avec Mari\u00e9tou, l&#039;une de nos collaboratrices, qui, gr\u00e2ce \u00e0 son engagement et \u00e0 son expertise, s\u2019investit au quotidien dans la mise en \u0153uvre de nos projets. Notre d\u00e9partement Conseil Emploi a pour objectif de favoriser l&#039;insertion par la formation et l&#039;exp\u00e9rience qualifiante\n\nR\u00e9alisation : Karine Renucci\nSeptembre 2024\">\n\n                <div class=\"sby_thumbnail_hover sby_item_video_thumbnail_hover\">\n                    <div class=\"sby_thumbnail_hover_inner\">\n                                            <\/div>\n                <\/div>\n\n                                    <div class=\"sby_play_btn\" >\n                        <span class=\"sby_play_btn_bg\"><\/span>\n                        <svg aria-hidden=\"true\" focusable=\"false\" data-prefix=\"fab\" data-icon=\"youtube\" role=\"img\" xmlns=\"http:\/\/www.w3.org\/2000\/svg\" viewBox=\"0 0 576 512\" class=\"svg-inline--fa fa-youtube fa-w-18\"><path fill=\"currentColor\" d=\"M549.655 124.083c-6.281-23.65-24.787-42.276-48.284-48.597C458.781 64 288 64 288 64S117.22 64 74.629 75.486c-23.497 6.322-42.003 24.947-48.284 48.597-11.412 42.867-11.412 132.305-11.412 132.305s0 89.438 11.412 132.305c6.281 23.65 24.787 41.5 48.284 47.821C117.22 448 288 448 288 448s170.78 0 213.371-11.486c23.497-6.321 42.003-24.171 48.284-47.821 11.412-42.867 11.412-132.305 11.412-132.305s0-89.438-11.412-132.305zm-317.51 213.508V175.185l142.739 81.205-142.739 81.201z\" class=\"\"><\/path><\/svg>                    <\/div>\n                                <span class=\"sby_loader sby_hidden\" style=\"background-color: rgb(255, 255, 255);\"><\/span>\n            <\/a>\n\n                    <\/div>\n    <\/div>\n<\/div><div class=\"sby_item  sby_new sby_transition\" id=\"sby_UCmrhAjZ-Anb8-VRG1qFLCZQ_cpqlWhWjDiQ\" data-date=\"1727870656\" data-video-id=\"cpqlWhWjDiQ\">\n    <div class=\"sby_inner_item\">\n        <div class=\"sby_video_thumbnail_wrap sby_item_video_thumbnail_wrap\">\n            <a class=\"sby_video_thumbnail sby_item_video_thumbnail\" href=\"https:\/\/www.youtube.com\/watch?v=cpqlWhWjDiQ\" target=\"_blank\" rel=\"noopener\" data-full-res=\"https:\/\/i4.ytimg.com\/vi\/cpqlWhWjDiQ\/maxresdefault.jpg\" data-img-src-set=\"{&quot;120&quot;:&quot;https:\\\/\\\/i4.ytimg.com\\\/vi\\\/cpqlWhWjDiQ\\\/default.jpg&quot;,&quot;320&quot;:&quot;https:\\\/\\\/i4.ytimg.com\\\/vi\\\/cpqlWhWjDiQ\\\/mqdefault.jpg&quot;,&quot;480&quot;:&quot;https:\\\/\\\/i4.ytimg.com\\\/vi\\\/cpqlWhWjDiQ\\\/hqdefault.jpg&quot;,&quot;640&quot;:&quot;https:\\\/\\\/i4.ytimg.com\\\/vi\\\/cpqlWhWjDiQ\\\/sddefault.jpg&quot;}\" data-video-id=\"cpqlWhWjDiQ\" data-video-title=\"Roulons ensemble vers l&#039;insertion : portrait de Danny\">\n                <img decoding=\"async\" src=\"https:\/\/www.geneveroule.ch\/wp-content\/plugins\/feeds-for-youtube\/img\/placeholder.png\" alt=\"Danny nous partage son parcours au sein des Ressources Humaines. Aujourd&#039;hui, il accompagne la majorit\u00e9 de nos collaborateurs-trices dans leur processus d&#039;insertion, avec un r\u00f4le cl\u00e9 au c\u0153ur de notre mission.\n\nR\u00e9alisation : Karine Renucci, Gen\u00e8veroule \nOctobre 2024\">\n\n                <div class=\"sby_thumbnail_hover sby_item_video_thumbnail_hover\">\n                    <div class=\"sby_thumbnail_hover_inner\">\n                                            <\/div>\n                <\/div>\n\n                                    <div class=\"sby_play_btn\" >\n                        <span class=\"sby_play_btn_bg\"><\/span>\n                        <svg aria-hidden=\"true\" focusable=\"false\" data-prefix=\"fab\" data-icon=\"youtube\" role=\"img\" xmlns=\"http:\/\/www.w3.org\/2000\/svg\" viewBox=\"0 0 576 512\" class=\"svg-inline--fa fa-youtube fa-w-18\"><path fill=\"currentColor\" d=\"M549.655 124.083c-6.281-23.65-24.787-42.276-48.284-48.597C458.781 64 288 64 288 64S117.22 64 74.629 75.486c-23.497 6.322-42.003 24.947-48.284 48.597-11.412 42.867-11.412 132.305-11.412 132.305s0 89.438 11.412 132.305c6.281 23.65 24.787 41.5 48.284 47.821C117.22 448 288 448 288 448s170.78 0 213.371-11.486c23.497-6.321 42.003-24.171 48.284-47.821 11.412-42.867 11.412-132.305 11.412-132.305s0-89.438-11.412-132.305zm-317.51 213.508V175.185l142.739 81.205-142.739 81.201z\" class=\"\"><\/path><\/svg>                    <\/div>\n                                <span class=\"sby_loader sby_hidden\" style=\"background-color: rgb(255, 255, 255);\"><\/span>\n            <\/a>\n\n                    <\/div>\n    <\/div>\n<\/div><div class=\"sby_item  sby_new sby_transition\" id=\"sby_UCmrhAjZ-Anb8-VRG1qFLCZQ_7YkkQH1kpxk\" data-date=\"1727168667\" data-video-id=\"7YkkQH1kpxk\">\n    <div class=\"sby_inner_item\">\n        <div class=\"sby_video_thumbnail_wrap sby_item_video_thumbnail_wrap\">\n            <a class=\"sby_video_thumbnail sby_item_video_thumbnail\" href=\"https:\/\/www.youtube.com\/watch?v=7YkkQH1kpxk\" target=\"_blank\" rel=\"noopener\" data-full-res=\"https:\/\/i4.ytimg.com\/vi\/7YkkQH1kpxk\/maxresdefault.jpg\" data-img-src-set=\"{&quot;120&quot;:&quot;https:\\\/\\\/i4.ytimg.com\\\/vi\\\/7YkkQH1kpxk\\\/default.jpg&quot;,&quot;320&quot;:&quot;https:\\\/\\\/i4.ytimg.com\\\/vi\\\/7YkkQH1kpxk\\\/mqdefault.jpg&quot;,&quot;480&quot;:&quot;https:\\\/\\\/i4.ytimg.com\\\/vi\\\/7YkkQH1kpxk\\\/hqdefault.jpg&quot;,&quot;640&quot;:&quot;https:\\\/\\\/i4.ytimg.com\\\/vi\\\/7YkkQH1kpxk\\\/sddefault.jpg&quot;}\" data-video-id=\"7YkkQH1kpxk\" data-video-title=\"Roulons ensemble vers l&#039;insertion : portrait de Yann\">\n                <img decoding=\"async\" src=\"https:\/\/www.geneveroule.ch\/wp-content\/plugins\/feeds-for-youtube\/img\/placeholder.png\" alt=\"En moins de 3 minutes, d\u00e9couvrez comment Gen\u00e8veroule accompagne des personnes de tous horizons et profils vers le march\u00e9 de l&#039;emploi genevois. En collaboration avec nos partenaires, nous nous engageons pour soutenir celles et ceux qui en ont besoin.\nPlongez dans notre mission d&#039;insertion socio-professionnelle \u00e0 travers une s\u00e9rie de 5 vid\u00e9os illustrant notre action.\n\nR\u00e9alisation : Karine Renucci, Gen\u00e8veroule\nSeptembre 2024\">\n\n                <div class=\"sby_thumbnail_hover sby_item_video_thumbnail_hover\">\n                    <div class=\"sby_thumbnail_hover_inner\">\n                                            <\/div>\n                <\/div>\n\n                                    <div class=\"sby_play_btn\" >\n                        <span class=\"sby_play_btn_bg\"><\/span>\n                        <svg aria-hidden=\"true\" focusable=\"false\" data-prefix=\"fab\" data-icon=\"youtube\" role=\"img\" xmlns=\"http:\/\/www.w3.org\/2000\/svg\" viewBox=\"0 0 576 512\" class=\"svg-inline--fa fa-youtube fa-w-18\"><path fill=\"currentColor\" d=\"M549.655 124.083c-6.281-23.65-24.787-42.276-48.284-48.597C458.781 64 288 64 288 64S117.22 64 74.629 75.486c-23.497 6.322-42.003 24.947-48.284 48.597-11.412 42.867-11.412 132.305-11.412 132.305s0 89.438 11.412 132.305c6.281 23.65 24.787 41.5 48.284 47.821C117.22 448 288 448 288 448s170.78 0 213.371-11.486c23.497-6.321 42.003-24.171 48.284-47.821 11.412-42.867 11.412-132.305 11.412-132.305s0-89.438-11.412-132.305zm-317.51 213.508V175.185l142.739 81.205-142.739 81.201z\" class=\"\"><\/path><\/svg>                    <\/div>\n                                <span class=\"sby_loader sby_hidden\" style=\"background-color: rgb(255, 255, 255);\"><\/span>\n            <\/a>\n\n                    <\/div>\n    <\/div>\n<\/div><div class=\"sby_item  sby_new sby_transition\" id=\"sby_UCmrhAjZ-Anb8-VRG1qFLCZQ_Ec0SgF_m7iY\" data-date=\"1675952308\" data-video-id=\"Ec0SgF_m7iY\">\n    <div class=\"sby_inner_item\">\n        <div class=\"sby_video_thumbnail_wrap sby_item_video_thumbnail_wrap\">\n            <a class=\"sby_video_thumbnail sby_item_video_thumbnail\" href=\"https:\/\/www.youtube.com\/watch?v=Ec0SgF_m7iY\" target=\"_blank\" rel=\"noopener\" data-full-res=\"https:\/\/i2.ytimg.com\/vi\/Ec0SgF_m7iY\/maxresdefault.jpg\" data-img-src-set=\"{&quot;120&quot;:&quot;https:\\\/\\\/i2.ytimg.com\\\/vi\\\/Ec0SgF_m7iY\\\/default.jpg&quot;,&quot;320&quot;:&quot;https:\\\/\\\/i2.ytimg.com\\\/vi\\\/Ec0SgF_m7iY\\\/mqdefault.jpg&quot;,&quot;480&quot;:&quot;https:\\\/\\\/i2.ytimg.com\\\/vi\\\/Ec0SgF_m7iY\\\/hqdefault.jpg&quot;,&quot;640&quot;:&quot;https:\\\/\\\/i2.ytimg.com\\\/vi\\\/Ec0SgF_m7iY\\\/sddefault.jpg&quot;}\" data-video-id=\"Ec0SgF_m7iY\" data-video-title=\"Portrait de Fr\u00e9d\u00e9ric Bonjour, m\u00e9canicien \u00e0 Gen\u00e8veroule\">\n                <img decoding=\"async\" src=\"https:\/\/www.geneveroule.ch\/wp-content\/plugins\/feeds-for-youtube\/img\/placeholder.png\" alt=\"Dans le cadre d&#039;une formation de r\u00e9alisation de vid\u00e9os, des collaborateurs et collaboratrices du CICR sont venus filmer une s\u00e9rie de portraits de l&#039;\u00e9quipe de Gen\u00e8veroule. Voici le portrait de Fr\u00e9d\u00e9ric Bonjour, g\u00e9rant dans notre arcade de Montbrillant. \n\nUn grand merci \u00e0 Thato Mahlangu et Chris Sang pour la r\u00e9alisation !\n\nF\u00e9vrier 2023\">\n\n                <div class=\"sby_thumbnail_hover sby_item_video_thumbnail_hover\">\n                    <div class=\"sby_thumbnail_hover_inner\">\n                                            <\/div>\n                <\/div>\n\n                                    <div class=\"sby_play_btn\" >\n                        <span class=\"sby_play_btn_bg\"><\/span>\n                        <svg aria-hidden=\"true\" focusable=\"false\" data-prefix=\"fab\" data-icon=\"youtube\" role=\"img\" xmlns=\"http:\/\/www.w3.org\/2000\/svg\" viewBox=\"0 0 576 512\" class=\"svg-inline--fa fa-youtube fa-w-18\"><path fill=\"currentColor\" d=\"M549.655 124.083c-6.281-23.65-24.787-42.276-48.284-48.597C458.781 64 288 64 288 64S117.22 64 74.629 75.486c-23.497 6.322-42.003 24.947-48.284 48.597-11.412 42.867-11.412 132.305-11.412 132.305s0 89.438 11.412 132.305c6.281 23.65 24.787 41.5 48.284 47.821C117.22 448 288 448 288 448s170.78 0 213.371-11.486c23.497-6.321 42.003-24.171 48.284-47.821 11.412-42.867 11.412-132.305 11.412-132.305s0-89.438-11.412-132.305zm-317.51 213.508V175.185l142.739 81.205-142.739 81.201z\" class=\"\"><\/path><\/svg>                    <\/div>\n                                <span class=\"sby_loader sby_hidden\" style=\"background-color: rgb(255, 255, 255);\"><\/span>\n            <\/a>\n\n                    <\/div>\n    <\/div>\n<\/div><div class=\"sby_item  sby_new sby_transition\" id=\"sby_UCmrhAjZ-Anb8-VRG1qFLCZQ_Ap2ApBVMpnY\" data-date=\"1675952173\" data-video-id=\"Ap2ApBVMpnY\">\n    <div class=\"sby_inner_item\">\n        <div class=\"sby_video_thumbnail_wrap sby_item_video_thumbnail_wrap\">\n            <a class=\"sby_video_thumbnail sby_item_video_thumbnail\" href=\"https:\/\/www.youtube.com\/watch?v=Ap2ApBVMpnY\" target=\"_blank\" rel=\"noopener\" data-full-res=\"https:\/\/i2.ytimg.com\/vi\/Ap2ApBVMpnY\/maxresdefault.jpg\" data-img-src-set=\"{&quot;120&quot;:&quot;https:\\\/\\\/i2.ytimg.com\\\/vi\\\/Ap2ApBVMpnY\\\/default.jpg&quot;,&quot;320&quot;:&quot;https:\\\/\\\/i2.ytimg.com\\\/vi\\\/Ap2ApBVMpnY\\\/mqdefault.jpg&quot;,&quot;480&quot;:&quot;https:\\\/\\\/i2.ytimg.com\\\/vi\\\/Ap2ApBVMpnY\\\/hqdefault.jpg&quot;,&quot;640&quot;:&quot;https:\\\/\\\/i2.ytimg.com\\\/vi\\\/Ap2ApBVMpnY\\\/sddefault.jpg&quot;}\" data-video-id=\"Ap2ApBVMpnY\" data-video-title=\"Portrait de Jalal Naal, m\u00e9canicien \u00e0 Gen\u00e8veroule\">\n                <img decoding=\"async\" src=\"https:\/\/www.geneveroule.ch\/wp-content\/plugins\/feeds-for-youtube\/img\/placeholder.png\" alt=\"Dans le cadre d&#039;une formation de r\u00e9alisation de vid\u00e9os, des collaborateurs et collaboratrices du CICR sont venus filmer une s\u00e9rie de portraits de l&#039;\u00e9quipe de Gen\u00e8veroule. Voici le portrait de Jalal Naal, m\u00e9canicien dans notre atelier de r\u00e9paration situ\u00e9 \u00e0 l&#039;Espace Tourbillon \u00e0 Plan-les-Ouates. \n\nUn grand merci \u00e0 Eman Abdallah et Hussein Elser pour la r\u00e9alisation !\n\nF\u00e9vrier 2023\">\n\n                <div class=\"sby_thumbnail_hover sby_item_video_thumbnail_hover\">\n                    <div class=\"sby_thumbnail_hover_inner\">\n                                            <\/div>\n                <\/div>\n\n                                    <div class=\"sby_play_btn\" >\n                        <span class=\"sby_play_btn_bg\"><\/span>\n                        <svg aria-hidden=\"true\" focusable=\"false\" data-prefix=\"fab\" data-icon=\"youtube\" role=\"img\" xmlns=\"http:\/\/www.w3.org\/2000\/svg\" viewBox=\"0 0 576 512\" class=\"svg-inline--fa fa-youtube fa-w-18\"><path fill=\"currentColor\" d=\"M549.655 124.083c-6.281-23.65-24.787-42.276-48.284-48.597C458.781 64 288 64 288 64S117.22 64 74.629 75.486c-23.497 6.322-42.003 24.947-48.284 48.597-11.412 42.867-11.412 132.305-11.412 132.305s0 89.438 11.412 132.305c6.281 23.65 24.787 41.5 48.284 47.821C117.22 448 288 448 288 448s170.78 0 213.371-11.486c23.497-6.321 42.003-24.171 48.284-47.821 11.412-42.867 11.412-132.305 11.412-132.305s0-89.438-11.412-132.305zm-317.51 213.508V175.185l142.739 81.205-142.739 81.201z\" class=\"\"><\/path><\/svg>                    <\/div>\n                                <span class=\"sby_loader sby_hidden\" style=\"background-color: rgb(255, 255, 255);\"><\/span>\n            <\/a>\n\n                    <\/div>\n    <\/div>\n<\/div>    <\/div>\n    \n\t<div class=\"sby_footer\">\n\n    <button type=\"button\" aria-label=\"Load more content\" class=\"sby_load_btn\"  >\n        <span class=\"sby_btn_text\" >Load More...<\/span>\n        <span class=\"sby_loader sby_hidden\" style=\"background-color: rgb(255, 255, 255);\"><\/span>\n    <\/button>\n\n    <span \n        class=\"sby_follow_btn\" \n            >\n        <a \n            href=\"https:\/\/www.youtube.com\/channel\/UCmrhAjZ-Anb8-VRG1qFLCZQ\/\"\n             \n            target=\"_blank\" \n            rel=\"noopener\"\n        >\n            <svg aria-hidden=\"true\" focusable=\"false\" data-prefix=\"fab\" data-icon=\"youtube\" role=\"img\" xmlns=\"http:\/\/www.w3.org\/2000\/svg\" viewBox=\"0 0 576 512\" class=\"svg-inline--fa fa-youtube fa-w-18\"><path fill=\"currentColor\" d=\"M549.655 124.083c-6.281-23.65-24.787-42.276-48.284-48.597C458.781 64 288 64 288 64S117.22 64 74.629 75.486c-23.497 6.322-42.003 24.947-48.284 48.597-11.412 42.867-11.412 132.305-11.412 132.305s0 89.438 11.412 132.305c6.281 23.65 24.787 41.5 48.284 47.821C117.22 448 288 448 288 448s170.78 0 213.371-11.486c23.497-6.321 42.003-24.171 48.284-47.821 11.412-42.867 11.412-132.305 11.412-132.305s0-89.438-11.412-132.305zm-317.51 213.508V175.185l142.739 81.205-142.739 81.201z\" class=\"\"><\/path><\/svg>            <span  >\n                Subscribe            <\/span>\n        <\/a>\n    <\/span>\n<\/div>\n    \n\t\n<\/div>\n\n<style type=\"text\/css\">body #sb_youtube_sbyUCmrhAjZAnb8VRG1qFLCZQ9 .sby_caption_wrap .sby_caption { font-size: 13px !important}body #sb_youtube_sbyUCmrhAjZAnb8VRG1qFLCZQ9 .sby_follow_btn a:hover { box-shadow:inset 0 0 10px 20px rgb(255, 255, 255, .25) !important}body #sb_youtube_sbyUCmrhAjZAnb8VRG1qFLCZQ9[data-videostyle=boxed] .sby_items_wrap .sby_item .sby_inner_item { background-color: #ffffff !important}<\/style>[\/et_pb_code][\/et_pb_column][\/et_pb_row][\/et_pb_section]<\/p>\n","protected":false},"excerpt":{"rendered":"<p>Videos<div class=\"et_pb_module lwp_divi_breadcrumbs lwp_divi_breadcrumbs_0\">\n\t\t\t\t\n\t\t\t\t\n\t\t\t\t\n\t\t\t\t\n\t\t\t\t\n\t\t\t\t\n\t\t\t\t<div class=\"et_pb_module_inner\">\n\t\t\t\t\t<div class=\"lwp-breadcrumbs\"> <span class=\"before\"><\/span> <span vocab=\"https:\/\/schema.org\/\" typeof=\"BreadcrumbList\"><span property=\"itemListElement\" typeof=\"ListItem\"><a property=\"item\" typeof=\"WebPage\" href=\"https:\/\/www.geneveroule.ch\/en\/\" class=\"home\"><span property=\"name\">Accueil<\/span><\/a><meta property=\"position\" content=\"1\"><\/span> <span class=\"separator et-pb-icon\">&#x39;<\/span> <\/span><\/div>\n\t\t\t\t<\/div>\n\t\t\t<\/div>Follow us on Youtube !\n\n<div id=\"sb_youtube_sbyUCmrhAjZAnb8VRG1qFLCZQ9\" \n\t class=\"sb_youtube sby_layout_gallery sby_col_3 sby_mob_col_1 sby_palette_inherit  sby_width_resp\" \n\tdata-feedid=\"sby_UCmrhAjZ-Anb8-VRG1qFLCZQ#9\" \n\tdata-shortcode-atts=\"{&quot;feed&quot;:&quot;2&quot;}\" \n\tdata-cols=\"3\" \n\tdata-colsmobile=\"1\" \n\tdata-num=\"9\" \n\tdata-nummobile=\"9\" \n\tdata-channel-subscribers=\"&lt;span class=&quot;sby_loader&quot; style=&quot;background-color: rgb(255, 255, 255);&quot;&gt;&lt;\/span&gt; subscribers\"\tdata-subscribe-btn=\"1\" \n\tdata-subscribe-btn-text=\"Subscribe\" \n\tdata_channel_header_colors =\"{&quot;channelName&quot;:&quot;&quot;,&quot;subscribeCount&quot;:&quot;&quot;,&quot;buttonBackground&quot;:&quot;&quot;,&quot;buttonText&quot;:&quot;&quot;}\"\n\t data-sby-flags=\"resizeDisable\" data-postid=\"56344\" style=\"width: 100%;\" \n\t data-videocardlayout=\"vertical\" \n>\n\t    <div id=\"sby_player_UCmrhAjZ-Anb8-VRG1qFLCZQ_nsXaCP6vyDY\" class=\"sby_player_outer_wrap sby_player_item\"  style=\"padding: 5px;padding-bottom: 0;\">\n    <div class=\"sby_video_thumbnail_wrap\">\n        <a class=\"sby_video_thumbnail sby_player_video_thumbnail\" href=\"https:\/\/www.youtube.com\/watch?v=nsXaCP6vyDY\" target=\"_blank\" rel=\"noopener\" data-full-res=\"https:\/\/i3.ytimg.com\/vi\/nsXaCP6vyDY\/maxresdefault.jpg\" data-img-src-set=\"{&quot;120&quot;:&quot;https:\\\/\\\/i3.ytimg.com\\\/vi\\\/nsXaCP6vyDY\\\/default.jpg&quot;,&quot;320&quot;:&quot;https:\\\/\\\/i3.ytimg.com\\\/vi\\\/nsXaCP6vyDY\\\/mqdefault.jpg&quot;,&quot;480&quot;:&quot;https:\\\/\\\/i3.ytimg.com\\\/vi\\\/nsXaCP6vyDY\\\/hqdefault.jpg&quot;,&quot;640&quot;:&quot;https:\\\/\\\/i3.ytimg.com\\\/vi\\\/nsXaCP6vyDY\\\/sddefault.jpg&quot;}\" data-video-id=\"nsXaCP6vyDY\">\n            <span class=\"sby-screenreader\">YouTube Video UCmrhAjZ-Anb8-VRG1qFLCZQ_nsXaCP6vyDY<\/span>\n            <img decoding=\"async\" src=\"https:\/\/www.geneveroule.ch\/wp-content\/plugins\/feeds-for-youtube\/img\/placeholder.png\" alt=\"\ud83d\udeb2 V\u00e9loPartage, le r\u00e9seau de v\u00e9los en libre-service qui facilite vos trajets quotidiens \u00e0 Gen\u00e8ve.\n\n\ud83d\udc49 Plus de 600 stations r\u00e9parties sur 22 communes\n\ud83d\udc49 1&#039;440 v\u00e9los disponibles, dont 520 \u00e9lectriques\n\ud83d\udc49 Accessible 7j\/7, 24h\/24\n\ud83d\udc49 Tarifs flexibles selon vos besoins (\u00e0 la minute, heure, journ\u00e9e ou abonnement)\n\n\ud83d\udca1 Jusqu\u2019au 30 septembre 2025, profitez du code promo VIDEOVELOPARTAGE pour un trajet de 30 minutes offert \u00e0 faire valoir sur l\u2019application DonkeyRepublic.\n\nLe saviez-vous ? Certaines communes participent \u00e9galement \u00e0 l&#039;achat d&#039;un abonnement V\u00e9loPartage. Pour plus d\u2019infos : velopartage.ge.ch.\n\n#V\u00e9loPartage #mobilit\u00e9 #Gen\u00e8ve\">\n            <span class=\"sby_loader sby_hidden\" style=\"background-color: rgb(255, 255, 255);\"><\/span>\n        <\/a>\n                    <div class=\"sby_play_btn\">\n            <svg aria-hidden=\"true\" focusable=\"false\" data-prefix=\"fab\" data-icon=\"youtube\" role=\"img\" xmlns=\"http:\/\/www.w3.org\/2000\/svg\" viewBox=\"0 0 576 512\" class=\"svg-inline--fa fa-youtube fa-w-18\"><path fill=\"currentColor\" d=\"M549.655 124.083c-6.281-23.65-24.787-42.276-48.284-48.597C458.781 64 288 64 288 64S117.22 64 74.629 75.486c-23.497 6.322-42.003 24.947-48.284 48.597-11.412 42.867-11.412 132.305-11.412 132.305s0 89.438 11.412 132.305c6.281 23.65 24.787 41.5 48.284 47.821C117.22 448 288 448 288 448s170.78 0 213.371-11.486c23.497-6.321 42.003-24.171 48.284-47.821 11.412-42.867 11.412-132.305 11.412-132.305s0-89.438-11.412-132.305zm-317.51 213.508V175.185l142.739 81.205-142.739 81.201z\" class=\"\"><\/path><\/svg>                <span class=\"sby_play_btn_bg\"><\/span>\n            <\/div>\n                <div class=\"sby_player_wrap\">\n            <div class=\"sby_player\"><\/div>\n        <\/div>\n    <\/div>\n<\/div>\n    <div class=\"sby_items_wrap\" style=\"padding: 5px;\">\n\t\t<div class=\"sby_item  sby_new sby_transition\" id=\"sby_UCmrhAjZ-Anb8-VRG1qFLCZQ_nsXaCP6vyDY\" data-date=\"1755529202\" data-video-id=\"nsXaCP6vyDY\">\n    <div class=\"sby_inner_item\">\n        <div class=\"sby_video_thumbnail_wrap sby_item_video_thumbnail_wrap\">\n            <a class=\"sby_video_thumbnail sby_item_video_thumbnail\" href=\"https:\/\/www.youtube.com\/watch?v=nsXaCP6vyDY\" target=\"_blank\" rel=\"noopener\" data-full-res=\"https:\/\/i3.ytimg.com\/vi\/nsXaCP6vyDY\/maxresdefault.jpg\" data-img-src-set=\"{&quot;120&quot;:&quot;https:\\\/\\\/i3.ytimg.com\\\/vi\\\/nsXaCP6vyDY\\\/default.jpg&quot;,&quot;320&quot;:&quot;https:\\\/\\\/i3.ytimg.com\\\/vi\\\/nsXaCP6vyDY\\\/mqdefault.jpg&quot;,&quot;480&quot;:&quot;https:\\\/\\\/i3.ytimg.com\\\/vi\\\/nsXaCP6vyDY\\\/hqdefault.jpg&quot;,&quot;640&quot;:&quot;https:\\\/\\\/i3.ytimg.com\\\/vi\\\/nsXaCP6vyDY\\\/sddefault.jpg&quot;}\" data-video-id=\"nsXaCP6vyDY\" data-video-title=\"V\u00e9lopartage - Le v\u00e9lo en libre-service des Genevois-ses !\">\n                <img decoding=\"async\" src=\"https:\/\/www.geneveroule.ch\/wp-content\/plugins\/feeds-for-youtube\/img\/placeholder.png\" alt=\"\ud83d\udeb2 V\u00e9loPartage, le r\u00e9seau de v\u00e9los en libre-service qui facilite vos trajets quotidiens \u00e0 Gen\u00e8ve.\n\n\ud83d\udc49 Plus de 600 stations r\u00e9parties sur 22 communes\n\ud83d\udc49 1&#039;440 v\u00e9los disponibles, dont 520 \u00e9lectriques\n\ud83d\udc49 Accessible 7j\/7, 24h\/24\n\ud83d\udc49 Tarifs flexibles selon vos besoins (\u00e0 la minute, heure, journ\u00e9e ou abonnement)\n\n\ud83d\udca1 Jusqu\u2019au 30 septembre 2025, profitez du code promo VIDEOVELOPARTAGE pour un trajet de 30 minutes offert \u00e0 faire valoir sur l\u2019application DonkeyRepublic.\n\nLe saviez-vous ? Certaines communes participent \u00e9galement \u00e0 l&#039;achat d&#039;un abonnement V\u00e9loPartage. Pour plus d\u2019infos : velopartage.ge.ch.\n\n#V\u00e9loPartage #mobilit\u00e9 #Gen\u00e8ve\">\n\n                <div class=\"sby_thumbnail_hover sby_item_video_thumbnail_hover\">\n                    <div class=\"sby_thumbnail_hover_inner\">\n                                            <\/div>\n                <\/div>\n\n                                    <div class=\"sby_play_btn\" >\n                        <span class=\"sby_play_btn_bg\"><\/span>\n                        <svg aria-hidden=\"true\" focusable=\"false\" data-prefix=\"fab\" data-icon=\"youtube\" role=\"img\" xmlns=\"http:\/\/www.w3.org\/2000\/svg\" viewBox=\"0 0 576 512\" class=\"svg-inline--fa fa-youtube fa-w-18\"><path fill=\"currentColor\" d=\"M549.655 124.083c-6.281-23.65-24.787-42.276-48.284-48.597C458.781 64 288 64 288 64S117.22 64 74.629 75.486c-23.497 6.322-42.003 24.947-48.284 48.597-11.412 42.867-11.412 132.305-11.412 132.305s0 89.438 11.412 132.305c6.281 23.65 24.787 41.5 48.284 47.821C117.22 448 288 448 288 448s170.78 0 213.371-11.486c23.497-6.321 42.003-24.171 48.284-47.821 11.412-42.867 11.412-132.305 11.412-132.305s0-89.438-11.412-132.305zm-317.51 213.508V175.185l142.739 81.205-142.739 81.201z\" class=\"\"><\/path><\/svg>                    <\/div>\n                                <span class=\"sby_loader sby_hidden\" style=\"background-color: rgb(255, 255, 255);\"><\/span>\n            <\/a>\n\n                    <\/div>\n    <\/div>\n<\/div><div class=\"sby_item  sby_new sby_transition\" id=\"sby_UCmrhAjZ-Anb8-VRG1qFLCZQ_17YrM5qiCG8\" data-date=\"1728545973\" data-video-id=\"17YrM5qiCG8\">\n    <div class=\"sby_inner_item\">\n        <div class=\"sby_video_thumbnail_wrap sby_item_video_thumbnail_wrap\">\n            <a class=\"sby_video_thumbnail sby_item_video_thumbnail\" href=\"https:\/\/www.youtube.com\/watch?v=17YrM5qiCG8\" target=\"_blank\" rel=\"noopener\" data-full-res=\"https:\/\/i2.ytimg.com\/vi\/17YrM5qiCG8\/maxresdefault.jpg\" data-img-src-set=\"{&quot;120&quot;:&quot;https:\\\/\\\/i2.ytimg.com\\\/vi\\\/17YrM5qiCG8\\\/default.jpg&quot;,&quot;320&quot;:&quot;https:\\\/\\\/i2.ytimg.com\\\/vi\\\/17YrM5qiCG8\\\/mqdefault.jpg&quot;,&quot;480&quot;:&quot;https:\\\/\\\/i2.ytimg.com\\\/vi\\\/17YrM5qiCG8\\\/hqdefault.jpg&quot;,&quot;640&quot;:&quot;https:\\\/\\\/i2.ytimg.com\\\/vi\\\/17YrM5qiCG8\\\/sddefault.jpg&quot;}\" data-video-id=\"17YrM5qiCG8\" data-video-title=\"Roulons ensemble vers l&#039;insertion : portrait de Dragana\">\n                <img decoding=\"async\" src=\"https:\/\/www.geneveroule.ch\/wp-content\/plugins\/feeds-for-youtube\/img\/placeholder.png\" alt=\"\ud83d\udcf9 Sixi\u00e8me et derni\u00e8re vid\u00e9o sur notre mission d\u2019insertion professionnelle.\nRencontre \ud83e\udd1d avec Dragana, qui, au c\u0153ur \ud83d\udc9bde notre d\u00e9partement Conseil Emploi, accompagne avec bienveillance \u2728, efficacit\u00e9 et empathie les personnes en qu\u00eate de soutien.\n\ud83c\udf1f Elle incarne parfaitement les valeurs de Gen\u00e8veroule \u00e0 travers son engagement dans l&#039;accompagnement professionnel.\n#geneve #insertionprofessionnelle #solidarit\u00e9 #emploipourtous #soutienlocal #geneveroule\nR\u00e9alisation Karine Renucci, octobre 2024\">\n\n                <div class=\"sby_thumbnail_hover sby_item_video_thumbnail_hover\">\n                    <div class=\"sby_thumbnail_hover_inner\">\n                                            <\/div>\n                <\/div>\n\n                                    <div class=\"sby_play_btn\" >\n                        <span class=\"sby_play_btn_bg\"><\/span>\n                        <svg aria-hidden=\"true\" focusable=\"false\" data-prefix=\"fab\" data-icon=\"youtube\" role=\"img\" xmlns=\"http:\/\/www.w3.org\/2000\/svg\" viewBox=\"0 0 576 512\" class=\"svg-inline--fa fa-youtube fa-w-18\"><path fill=\"currentColor\" d=\"M549.655 124.083c-6.281-23.65-24.787-42.276-48.284-48.597C458.781 64 288 64 288 64S117.22 64 74.629 75.486c-23.497 6.322-42.003 24.947-48.284 48.597-11.412 42.867-11.412 132.305-11.412 132.305s0 89.438 11.412 132.305c6.281 23.65 24.787 41.5 48.284 47.821C117.22 448 288 448 288 448s170.78 0 213.371-11.486c23.497-6.321 42.003-24.171 48.284-47.821 11.412-42.867 11.412-132.305 11.412-132.305s0-89.438-11.412-132.305zm-317.51 213.508V175.185l142.739 81.205-142.739 81.201z\" class=\"\"><\/path><\/svg>                    <\/div>\n                                <span class=\"sby_loader sby_hidden\" style=\"background-color: rgb(255, 255, 255);\"><\/span>\n            <\/a>\n\n                    <\/div>\n    <\/div>\n<\/div><div class=\"sby_item  sby_new sby_transition\" id=\"sby_UCmrhAjZ-Anb8-VRG1qFLCZQ_dXuWBaz2L7I\" data-date=\"1728376681\" data-video-id=\"dXuWBaz2L7I\">\n    <div class=\"sby_inner_item\">\n        <div class=\"sby_video_thumbnail_wrap sby_item_video_thumbnail_wrap\">\n            <a class=\"sby_video_thumbnail sby_item_video_thumbnail\" href=\"https:\/\/www.youtube.com\/watch?v=dXuWBaz2L7I\" target=\"_blank\" rel=\"noopener\" data-full-res=\"https:\/\/i1.ytimg.com\/vi\/dXuWBaz2L7I\/maxresdefault.jpg\" data-img-src-set=\"{&quot;120&quot;:&quot;https:\\\/\\\/i1.ytimg.com\\\/vi\\\/dXuWBaz2L7I\\\/default.jpg&quot;,&quot;320&quot;:&quot;https:\\\/\\\/i1.ytimg.com\\\/vi\\\/dXuWBaz2L7I\\\/mqdefault.jpg&quot;,&quot;480&quot;:&quot;https:\\\/\\\/i1.ytimg.com\\\/vi\\\/dXuWBaz2L7I\\\/hqdefault.jpg&quot;,&quot;640&quot;:&quot;https:\\\/\\\/i1.ytimg.com\\\/vi\\\/dXuWBaz2L7I\\\/sddefault.jpg&quot;}\" data-video-id=\"dXuWBaz2L7I\" data-video-title=\"Roulons ensemble vers l&#039;insertion : portrait d\u2019Honorine\">\n                <img decoding=\"async\" src=\"https:\/\/www.geneveroule.ch\/wp-content\/plugins\/feeds-for-youtube\/img\/placeholder.png\" alt=\"Vid\u00e9o 5 sur notre d\u00e9partement Conseil Emploi \ud83c\udfa5\nSi vous venez nous rendre visite dans une arcade, il y a de fortes chances que ce soit Honorine qui vous accueille \ud83d\ude0a. Son \u00e9nergie positive, sa joie de vivre et sa d\u00e9termination apportent une ambiance communicative \u00e0 toute l\u2019\u00e9quipe \u2728. Sa contribution est essentielle pour offrir un accueil de qualit\u00e9 \ud83d\ude4c.\nR\u00e9alisation Karine Renucci, octobre 2024\">\n\n                <div class=\"sby_thumbnail_hover sby_item_video_thumbnail_hover\">\n                    <div class=\"sby_thumbnail_hover_inner\">\n                                            <\/div>\n                <\/div>\n\n                                    <div class=\"sby_play_btn\" >\n                        <span class=\"sby_play_btn_bg\"><\/span>\n                        <svg aria-hidden=\"true\" focusable=\"false\" data-prefix=\"fab\" data-icon=\"youtube\" role=\"img\" xmlns=\"http:\/\/www.w3.org\/2000\/svg\" viewBox=\"0 0 576 512\" class=\"svg-inline--fa fa-youtube fa-w-18\"><path fill=\"currentColor\" d=\"M549.655 124.083c-6.281-23.65-24.787-42.276-48.284-48.597C458.781 64 288 64 288 64S117.22 64 74.629 75.486c-23.497 6.322-42.003 24.947-48.284 48.597-11.412 42.867-11.412 132.305-11.412 132.305s0 89.438 11.412 132.305c6.281 23.65 24.787 41.5 48.284 47.821C117.22 448 288 448 288 448s170.78 0 213.371-11.486c23.497-6.321 42.003-24.171 48.284-47.821 11.412-42.867 11.412-132.305 11.412-132.305s0-89.438-11.412-132.305zm-317.51 213.508V175.185l142.739 81.205-142.739 81.201z\" class=\"\"><\/path><\/svg>                    <\/div>\n                                <span class=\"sby_loader sby_hidden\" style=\"background-color: rgb(255, 255, 255);\"><\/span>\n            <\/a>\n\n                    <\/div>\n    <\/div>\n<\/div><div class=\"sby_item  sby_new sby_transition\" id=\"sby_UCmrhAjZ-Anb8-VRG1qFLCZQ_RU7PB2BlzVM\" data-date=\"1727947960\" data-video-id=\"RU7PB2BlzVM\">\n    <div class=\"sby_inner_item\">\n        <div class=\"sby_video_thumbnail_wrap sby_item_video_thumbnail_wrap\">\n            <a class=\"sby_video_thumbnail sby_item_video_thumbnail\" href=\"https:\/\/www.youtube.com\/watch?v=RU7PB2BlzVM\" target=\"_blank\" rel=\"noopener\" data-full-res=\"https:\/\/i3.ytimg.com\/vi\/RU7PB2BlzVM\/maxresdefault.jpg\" data-img-src-set=\"{&quot;120&quot;:&quot;https:\\\/\\\/i3.ytimg.com\\\/vi\\\/RU7PB2BlzVM\\\/default.jpg&quot;,&quot;320&quot;:&quot;https:\\\/\\\/i3.ytimg.com\\\/vi\\\/RU7PB2BlzVM\\\/mqdefault.jpg&quot;,&quot;480&quot;:&quot;https:\\\/\\\/i3.ytimg.com\\\/vi\\\/RU7PB2BlzVM\\\/hqdefault.jpg&quot;,&quot;640&quot;:&quot;https:\\\/\\\/i3.ytimg.com\\\/vi\\\/RU7PB2BlzVM\\\/sddefault.jpg&quot;}\" data-video-id=\"RU7PB2BlzVM\" data-video-title=\"Roulons ensemble vers l&#039;insertion : portrait de Farije\">\n                <img decoding=\"async\" src=\"https:\/\/www.geneveroule.ch\/wp-content\/plugins\/feeds-for-youtube\/img\/placeholder.png\" alt=\"\ud83c\udfa5 Vid\u00e9o 4 de notre s\u00e9rie sur l&#039;insertion professionnelle et notre d\u00e9partement Conseil Emploi. Aujourd&#039;hui, nous partons \u00e0 la rencontre de Farije. Un parcours prometteur pour cette jeune collaboratrice, dont le professionnalisme enrichit notre \u00e9quipe. Farije contribue activement \u00e0 la r\u00e9alisation de notre mission sur le terrain. \ud83d\udc4f\n\nR\u00e9alisation Karine Renucci, octobre 2024\">\n\n                <div class=\"sby_thumbnail_hover sby_item_video_thumbnail_hover\">\n                    <div class=\"sby_thumbnail_hover_inner\">\n                                            <\/div>\n                <\/div>\n\n                                    <div class=\"sby_play_btn\" >\n                        <span class=\"sby_play_btn_bg\"><\/span>\n                        <svg aria-hidden=\"true\" focusable=\"false\" data-prefix=\"fab\" data-icon=\"youtube\" role=\"img\" xmlns=\"http:\/\/www.w3.org\/2000\/svg\" viewBox=\"0 0 576 512\" class=\"svg-inline--fa fa-youtube fa-w-18\"><path fill=\"currentColor\" d=\"M549.655 124.083c-6.281-23.65-24.787-42.276-48.284-48.597C458.781 64 288 64 288 64S117.22 64 74.629 75.486c-23.497 6.322-42.003 24.947-48.284 48.597-11.412 42.867-11.412 132.305-11.412 132.305s0 89.438 11.412 132.305c6.281 23.65 24.787 41.5 48.284 47.821C117.22 448 288 448 288 448s170.78 0 213.371-11.486c23.497-6.321 42.003-24.171 48.284-47.821 11.412-42.867 11.412-132.305 11.412-132.305s0-89.438-11.412-132.305zm-317.51 213.508V175.185l142.739 81.205-142.739 81.201z\" class=\"\"><\/path><\/svg>                    <\/div>\n                                <span class=\"sby_loader sby_hidden\" style=\"background-color: rgb(255, 255, 255);\"><\/span>\n            <\/a>\n\n                    <\/div>\n    <\/div>\n<\/div><div class=\"sby_item  sby_new sby_transition\" id=\"sby_UCmrhAjZ-Anb8-VRG1qFLCZQ_SbkJVgKLT1A\" data-date=\"1727871302\" data-video-id=\"SbkJVgKLT1A\">\n    <div class=\"sby_inner_item\">\n        <div class=\"sby_video_thumbnail_wrap sby_item_video_thumbnail_wrap\">\n            <a class=\"sby_video_thumbnail sby_item_video_thumbnail\" href=\"https:\/\/www.youtube.com\/watch?v=SbkJVgKLT1A\" target=\"_blank\" rel=\"noopener\" data-full-res=\"https:\/\/i4.ytimg.com\/vi\/SbkJVgKLT1A\/maxresdefault.jpg\" data-img-src-set=\"{&quot;120&quot;:&quot;https:\\\/\\\/i4.ytimg.com\\\/vi\\\/SbkJVgKLT1A\\\/default.jpg&quot;,&quot;320&quot;:&quot;https:\\\/\\\/i4.ytimg.com\\\/vi\\\/SbkJVgKLT1A\\\/mqdefault.jpg&quot;,&quot;480&quot;:&quot;https:\\\/\\\/i4.ytimg.com\\\/vi\\\/SbkJVgKLT1A\\\/hqdefault.jpg&quot;,&quot;640&quot;:&quot;https:\\\/\\\/i4.ytimg.com\\\/vi\\\/SbkJVgKLT1A\\\/sddefault.jpg&quot;}\" data-video-id=\"SbkJVgKLT1A\" data-video-title=\"Roulons ensemble vers l&#039;insertion : portrait de Mari\u00e9tou\">\n                <img decoding=\"async\" src=\"https:\/\/www.geneveroule.ch\/wp-content\/plugins\/feeds-for-youtube\/img\/placeholder.png\" alt=\"Rencontre avec Mari\u00e9tou, l&#039;une de nos collaboratrices, qui, gr\u00e2ce \u00e0 son engagement et \u00e0 son expertise, s\u2019investit au quotidien dans la mise en \u0153uvre de nos projets. Notre d\u00e9partement Conseil Emploi a pour objectif de favoriser l&#039;insertion par la formation et l&#039;exp\u00e9rience qualifiante\n\nR\u00e9alisation : Karine Renucci\nSeptembre 2024\">\n\n                <div class=\"sby_thumbnail_hover sby_item_video_thumbnail_hover\">\n                    <div class=\"sby_thumbnail_hover_inner\">\n                                            <\/div>\n                <\/div>\n\n                                    <div class=\"sby_play_btn\" >\n                        <span class=\"sby_play_btn_bg\"><\/span>\n                        <svg aria-hidden=\"true\" focusable=\"false\" data-prefix=\"fab\" data-icon=\"youtube\" role=\"img\" xmlns=\"http:\/\/www.w3.org\/2000\/svg\" viewBox=\"0 0 576 512\" class=\"svg-inline--fa fa-youtube fa-w-18\"><path fill=\"currentColor\" d=\"M549.655 124.083c-6.281-23.65-24.787-42.276-48.284-48.597C458.781 64 288 64 288 64S117.22 64 74.629 75.486c-23.497 6.322-42.003 24.947-48.284 48.597-11.412 42.867-11.412 132.305-11.412 132.305s0 89.438 11.412 132.305c6.281 23.65 24.787 41.5 48.284 47.821C117.22 448 288 448 288 448s170.78 0 213.371-11.486c23.497-6.321 42.003-24.171 48.284-47.821 11.412-42.867 11.412-132.305 11.412-132.305s0-89.438-11.412-132.305zm-317.51 213.508V175.185l142.739 81.205-142.739 81.201z\" class=\"\"><\/path><\/svg>                    <\/div>\n                                <span class=\"sby_loader sby_hidden\" style=\"background-color: rgb(255, 255, 255);\"><\/span>\n            <\/a>\n\n                    <\/div>\n    <\/div>\n<\/div><div class=\"sby_item  sby_new sby_transition\" id=\"sby_UCmrhAjZ-Anb8-VRG1qFLCZQ_cpqlWhWjDiQ\" data-date=\"1727870656\" data-video-id=\"cpqlWhWjDiQ\">\n    <div class=\"sby_inner_item\">\n        <div class=\"sby_video_thumbnail_wrap sby_item_video_thumbnail_wrap\">\n            <a class=\"sby_video_thumbnail sby_item_video_thumbnail\" href=\"https:\/\/www.youtube.com\/watch?v=cpqlWhWjDiQ\" target=\"_blank\" rel=\"noopener\" data-full-res=\"https:\/\/i4.ytimg.com\/vi\/cpqlWhWjDiQ\/maxresdefault.jpg\" data-img-src-set=\"{&quot;120&quot;:&quot;https:\\\/\\\/i4.ytimg.com\\\/vi\\\/cpqlWhWjDiQ\\\/default.jpg&quot;,&quot;320&quot;:&quot;https:\\\/\\\/i4.ytimg.com\\\/vi\\\/cpqlWhWjDiQ\\\/mqdefault.jpg&quot;,&quot;480&quot;:&quot;https:\\\/\\\/i4.ytimg.com\\\/vi\\\/cpqlWhWjDiQ\\\/hqdefault.jpg&quot;,&quot;640&quot;:&quot;https:\\\/\\\/i4.ytimg.com\\\/vi\\\/cpqlWhWjDiQ\\\/sddefault.jpg&quot;}\" data-video-id=\"cpqlWhWjDiQ\" data-video-title=\"Roulons ensemble vers l&#039;insertion : portrait de Danny\">\n                <img decoding=\"async\" src=\"https:\/\/www.geneveroule.ch\/wp-content\/plugins\/feeds-for-youtube\/img\/placeholder.png\" alt=\"Danny nous partage son parcours au sein des Ressources Humaines. Aujourd&#039;hui, il accompagne la majorit\u00e9 de nos collaborateurs-trices dans leur processus d&#039;insertion, avec un r\u00f4le cl\u00e9 au c\u0153ur de notre mission.\n\nR\u00e9alisation : Karine Renucci, Gen\u00e8veroule \nOctobre 2024\">\n\n                <div class=\"sby_thumbnail_hover sby_item_video_thumbnail_hover\">\n                    <div class=\"sby_thumbnail_hover_inner\">\n                                            <\/div>\n                <\/div>\n\n                                    <div class=\"sby_play_btn\" >\n                        <span class=\"sby_play_btn_bg\"><\/span>\n                        <svg aria-hidden=\"true\" focusable=\"false\" data-prefix=\"fab\" data-icon=\"youtube\" role=\"img\" xmlns=\"http:\/\/www.w3.org\/2000\/svg\" viewBox=\"0 0 576 512\" class=\"svg-inline--fa fa-youtube fa-w-18\"><path fill=\"currentColor\" d=\"M549.655 124.083c-6.281-23.65-24.787-42.276-48.284-48.597C458.781 64 288 64 288 64S117.22 64 74.629 75.486c-23.497 6.322-42.003 24.947-48.284 48.597-11.412 42.867-11.412 132.305-11.412 132.305s0 89.438 11.412 132.305c6.281 23.65 24.787 41.5 48.284 47.821C117.22 448 288 448 288 448s170.78 0 213.371-11.486c23.497-6.321 42.003-24.171 48.284-47.821 11.412-42.867 11.412-132.305 11.412-132.305s0-89.438-11.412-132.305zm-317.51 213.508V175.185l142.739 81.205-142.739 81.201z\" class=\"\"><\/path><\/svg>                    <\/div>\n                                <span class=\"sby_loader sby_hidden\" style=\"background-color: rgb(255, 255, 255);\"><\/span>\n            <\/a>\n\n                    <\/div>\n    <\/div>\n<\/div><div class=\"sby_item  sby_new sby_transition\" id=\"sby_UCmrhAjZ-Anb8-VRG1qFLCZQ_7YkkQH1kpxk\" data-date=\"1727168667\" data-video-id=\"7YkkQH1kpxk\">\n    <div class=\"sby_inner_item\">\n        <div class=\"sby_video_thumbnail_wrap sby_item_video_thumbnail_wrap\">\n            <a class=\"sby_video_thumbnail sby_item_video_thumbnail\" href=\"https:\/\/www.youtube.com\/watch?v=7YkkQH1kpxk\" target=\"_blank\" rel=\"noopener\" data-full-res=\"https:\/\/i4.ytimg.com\/vi\/7YkkQH1kpxk\/maxresdefault.jpg\" data-img-src-set=\"{&quot;120&quot;:&quot;https:\\\/\\\/i4.ytimg.com\\\/vi\\\/7YkkQH1kpxk\\\/default.jpg&quot;,&quot;320&quot;:&quot;https:\\\/\\\/i4.ytimg.com\\\/vi\\\/7YkkQH1kpxk\\\/mqdefault.jpg&quot;,&quot;480&quot;:&quot;https:\\\/\\\/i4.ytimg.com\\\/vi\\\/7YkkQH1kpxk\\\/hqdefault.jpg&quot;,&quot;640&quot;:&quot;https:\\\/\\\/i4.ytimg.com\\\/vi\\\/7YkkQH1kpxk\\\/sddefault.jpg&quot;}\" data-video-id=\"7YkkQH1kpxk\" data-video-title=\"Roulons ensemble vers l&#039;insertion : portrait de Yann\">\n                <img decoding=\"async\" src=\"https:\/\/www.geneveroule.ch\/wp-content\/plugins\/feeds-for-youtube\/img\/placeholder.png\" alt=\"En moins de 3 minutes, d\u00e9couvrez comment Gen\u00e8veroule accompagne des personnes de tous horizons et profils vers le march\u00e9 de l&#039;emploi genevois. En collaboration avec nos partenaires, nous nous engageons pour soutenir celles et ceux qui en ont besoin.\nPlongez dans notre mission d&#039;insertion socio-professionnelle \u00e0 travers une s\u00e9rie de 5 vid\u00e9os illustrant notre action.\n\nR\u00e9alisation : Karine Renucci, Gen\u00e8veroule\nSeptembre 2024\">\n\n                <div class=\"sby_thumbnail_hover sby_item_video_thumbnail_hover\">\n                    <div class=\"sby_thumbnail_hover_inner\">\n                                            <\/div>\n                <\/div>\n\n                                    <div class=\"sby_play_btn\" >\n                        <span class=\"sby_play_btn_bg\"><\/span>\n                        <svg aria-hidden=\"true\" focusable=\"false\" data-prefix=\"fab\" data-icon=\"youtube\" role=\"img\" xmlns=\"http:\/\/www.w3.org\/2000\/svg\" viewBox=\"0 0 576 512\" class=\"svg-inline--fa fa-youtube fa-w-18\"><path fill=\"currentColor\" d=\"M549.655 124.083c-6.281-23.65-24.787-42.276-48.284-48.597C458.781 64 288 64 288 64S117.22 64 74.629 75.486c-23.497 6.322-42.003 24.947-48.284 48.597-11.412 42.867-11.412 132.305-11.412 132.305s0 89.438 11.412 132.305c6.281 23.65 24.787 41.5 48.284 47.821C117.22 448 288 448 288 448s170.78 0 213.371-11.486c23.497-6.321 42.003-24.171 48.284-47.821 11.412-42.867 11.412-132.305 11.412-132.305s0-89.438-11.412-132.305zm-317.51 213.508V175.185l142.739 81.205-142.739 81.201z\" class=\"\"><\/path><\/svg>                    <\/div>\n                                <span class=\"sby_loader sby_hidden\" style=\"background-color: rgb(255, 255, 255);\"><\/span>\n            <\/a>\n\n                    <\/div>\n    <\/div>\n<\/div><div class=\"sby_item  sby_new sby_transition\" id=\"sby_UCmrhAjZ-Anb8-VRG1qFLCZQ_Ec0SgF_m7iY\" data-date=\"1675952308\" data-video-id=\"Ec0SgF_m7iY\">\n    <div class=\"sby_inner_item\">\n        <div class=\"sby_video_thumbnail_wrap sby_item_video_thumbnail_wrap\">\n            <a class=\"sby_video_thumbnail sby_item_video_thumbnail\" href=\"https:\/\/www.youtube.com\/watch?v=Ec0SgF_m7iY\" target=\"_blank\" rel=\"noopener\" data-full-res=\"https:\/\/i2.ytimg.com\/vi\/Ec0SgF_m7iY\/maxresdefault.jpg\" data-img-src-set=\"{&quot;120&quot;:&quot;https:\\\/\\\/i2.ytimg.com\\\/vi\\\/Ec0SgF_m7iY\\\/default.jpg&quot;,&quot;320&quot;:&quot;https:\\\/\\\/i2.ytimg.com\\\/vi\\\/Ec0SgF_m7iY\\\/mqdefault.jpg&quot;,&quot;480&quot;:&quot;https:\\\/\\\/i2.ytimg.com\\\/vi\\\/Ec0SgF_m7iY\\\/hqdefault.jpg&quot;,&quot;640&quot;:&quot;https:\\\/\\\/i2.ytimg.com\\\/vi\\\/Ec0SgF_m7iY\\\/sddefault.jpg&quot;}\" data-video-id=\"Ec0SgF_m7iY\" data-video-title=\"Portrait de Fr\u00e9d\u00e9ric Bonjour, m\u00e9canicien \u00e0 Gen\u00e8veroule\">\n                <img decoding=\"async\" src=\"https:\/\/www.geneveroule.ch\/wp-content\/plugins\/feeds-for-youtube\/img\/placeholder.png\" alt=\"Dans le cadre d&#039;une formation de r\u00e9alisation de vid\u00e9os, des collaborateurs et collaboratrices du CICR sont venus filmer une s\u00e9rie de portraits de l&#039;\u00e9quipe de Gen\u00e8veroule. Voici le portrait de Fr\u00e9d\u00e9ric Bonjour, g\u00e9rant dans notre arcade de Montbrillant. \n\nUn grand merci \u00e0 Thato Mahlangu et Chris Sang pour la r\u00e9alisation !\n\nF\u00e9vrier 2023\">\n\n                <div class=\"sby_thumbnail_hover sby_item_video_thumbnail_hover\">\n                    <div class=\"sby_thumbnail_hover_inner\">\n                                            <\/div>\n                <\/div>\n\n                                    <div class=\"sby_play_btn\" >\n                        <span class=\"sby_play_btn_bg\"><\/span>\n                        <svg aria-hidden=\"true\" focusable=\"false\" data-prefix=\"fab\" data-icon=\"youtube\" role=\"img\" xmlns=\"http:\/\/www.w3.org\/2000\/svg\" viewBox=\"0 0 576 512\" class=\"svg-inline--fa fa-youtube fa-w-18\"><path fill=\"currentColor\" d=\"M549.655 124.083c-6.281-23.65-24.787-42.276-48.284-48.597C458.781 64 288 64 288 64S117.22 64 74.629 75.486c-23.497 6.322-42.003 24.947-48.284 48.597-11.412 42.867-11.412 132.305-11.412 132.305s0 89.438 11.412 132.305c6.281 23.65 24.787 41.5 48.284 47.821C117.22 448 288 448 288 448s170.78 0 213.371-11.486c23.497-6.321 42.003-24.171 48.284-47.821 11.412-42.867 11.412-132.305 11.412-132.305s0-89.438-11.412-132.305zm-317.51 213.508V175.185l142.739 81.205-142.739 81.201z\" class=\"\"><\/path><\/svg>                    <\/div>\n                                <span class=\"sby_loader sby_hidden\" style=\"background-color: rgb(255, 255, 255);\"><\/span>\n            <\/a>\n\n                    <\/div>\n    <\/div>\n<\/div><div class=\"sby_item  sby_new sby_transition\" id=\"sby_UCmrhAjZ-Anb8-VRG1qFLCZQ_Ap2ApBVMpnY\" data-date=\"1675952173\" data-video-id=\"Ap2ApBVMpnY\">\n    <div class=\"sby_inner_item\">\n        <div class=\"sby_video_thumbnail_wrap sby_item_video_thumbnail_wrap\">\n            <a class=\"sby_video_thumbnail sby_item_video_thumbnail\" href=\"https:\/\/www.youtube.com\/watch?v=Ap2ApBVMpnY\" target=\"_blank\" rel=\"noopener\" data-full-res=\"https:\/\/i2.ytimg.com\/vi\/Ap2ApBVMpnY\/maxresdefault.jpg\" data-img-src-set=\"{&quot;120&quot;:&quot;https:\\\/\\\/i2.ytimg.com\\\/vi\\\/Ap2ApBVMpnY\\\/default.jpg&quot;,&quot;320&quot;:&quot;https:\\\/\\\/i2.ytimg.com\\\/vi\\\/Ap2ApBVMpnY\\\/mqdefault.jpg&quot;,&quot;480&quot;:&quot;https:\\\/\\\/i2.ytimg.com\\\/vi\\\/Ap2ApBVMpnY\\\/hqdefault.jpg&quot;,&quot;640&quot;:&quot;https:\\\/\\\/i2.ytimg.com\\\/vi\\\/Ap2ApBVMpnY\\\/sddefault.jpg&quot;}\" data-video-id=\"Ap2ApBVMpnY\" data-video-title=\"Portrait de Jalal Naal, m\u00e9canicien \u00e0 Gen\u00e8veroule\">\n                <img decoding=\"async\" src=\"https:\/\/www.geneveroule.ch\/wp-content\/plugins\/feeds-for-youtube\/img\/placeholder.png\" alt=\"Dans le cadre d&#039;une formation de r\u00e9alisation de vid\u00e9os, des collaborateurs et collaboratrices du CICR sont venus filmer une s\u00e9rie de portraits de l&#039;\u00e9quipe de Gen\u00e8veroule. Voici le portrait de Jalal Naal, m\u00e9canicien dans notre atelier de r\u00e9paration situ\u00e9 \u00e0 l&#039;Espace Tourbillon \u00e0 Plan-les-Ouates. \n\nUn grand merci \u00e0 Eman Abdallah et Hussein Elser pour la r\u00e9alisation !\n\nF\u00e9vrier 2023\">\n\n                <div class=\"sby_thumbnail_hover sby_item_video_thumbnail_hover\">\n                    <div class=\"sby_thumbnail_hover_inner\">\n                                            <\/div>\n                <\/div>\n\n                                    <div class=\"sby_play_btn\" >\n                        <span class=\"sby_play_btn_bg\"><\/span>\n                        <svg aria-hidden=\"true\" focusable=\"false\" data-prefix=\"fab\" data-icon=\"youtube\" role=\"img\" xmlns=\"http:\/\/www.w3.org\/2000\/svg\" viewBox=\"0 0 576 512\" class=\"svg-inline--fa fa-youtube fa-w-18\"><path fill=\"currentColor\" d=\"M549.655 124.083c-6.281-23.65-24.787-42.276-48.284-48.597C458.781 64 288 64 288 64S117.22 64 74.629 75.486c-23.497 6.322-42.003 24.947-48.284 48.597-11.412 42.867-11.412 132.305-11.412 132.305s0 89.438 11.412 132.305c6.281 23.65 24.787 41.5 48.284 47.821C117.22 448 288 448 288 448s170.78 0 213.371-11.486c23.497-6.321 42.003-24.171 48.284-47.821 11.412-42.867 11.412-132.305 11.412-132.305s0-89.438-11.412-132.305zm-317.51 213.508V175.185l142.739 81.205-142.739 81.201z\" class=\"\"><\/path><\/svg>                    <\/div>\n                                <span class=\"sby_loader sby_hidden\" style=\"background-color: rgb(255, 255, 255);\"><\/span>\n            <\/a>\n\n                    <\/div>\n    <\/div>\n<\/div>    <\/div>\n    \n\t<div class=\"sby_footer\">\n\n    <button type=\"button\" aria-label=\"Load more content\" class=\"sby_load_btn\"  >\n        <span class=\"sby_btn_text\" >Load More...<\/span>\n        <span class=\"sby_loader sby_hidden\" style=\"background-color: rgb(255, 255, 255);\"><\/span>\n    <\/button>\n\n    <span \n        class=\"sby_follow_btn\" \n            >\n        <a \n            href=\"https:\/\/www.youtube.com\/channel\/UCmrhAjZ-Anb8-VRG1qFLCZQ\/\"\n             \n            target=\"_blank\" \n            rel=\"noopener\"\n        >\n            <svg aria-hidden=\"true\" focusable=\"false\" data-prefix=\"fab\" data-icon=\"youtube\" role=\"img\" xmlns=\"http:\/\/www.w3.org\/2000\/svg\" viewBox=\"0 0 576 512\" class=\"svg-inline--fa fa-youtube fa-w-18\"><path fill=\"currentColor\" d=\"M549.655 124.083c-6.281-23.65-24.787-42.276-48.284-48.597C458.781 64 288 64 288 64S117.22 64 74.629 75.486c-23.497 6.322-42.003 24.947-48.284 48.597-11.412 42.867-11.412 132.305-11.412 132.305s0 89.438 11.412 132.305c6.281 23.65 24.787 41.5 48.284 47.821C117.22 448 288 448 288 448s170.78 0 213.371-11.486c23.497-6.321 42.003-24.171 48.284-47.821 11.412-42.867 11.412-132.305 11.412-132.305s0-89.438-11.412-132.305zm-317.51 213.508V175.185l142.739 81.205-142.739 81.201z\" class=\"\"><\/path><\/svg>            <span  >\n                Subscribe            <\/span>\n        <\/a>\n    <\/span>\n<\/div>\n    \n\t\n<\/div>\n\n<style type=\"text\/css\">body #sb_youtube_sbyUCmrhAjZAnb8VRG1qFLCZQ9 .sby_caption_wrap .sby_caption { font-size: 13px !important}body #sb_youtube_sbyUCmrhAjZAnb8VRG1qFLCZQ9 .sby_follow_btn a:hover { box-shadow:inset 0 0 10px 20px rgb(255, 255, 255, .25) !important}body #sb_youtube_sbyUCmrhAjZAnb8VRG1qFLCZQ9[data-videostyle=boxed] .sby_items_wrap .sby_item .sby_inner_item { background-color: #ffffff !important}<\/style><\/p>\n","protected":false},"author":1,"featured_media":0,"parent":0,"menu_order":0,"comment_status":"closed","ping_status":"closed","template":"","meta":{"_et_pb_use_builder":"on","_et_pb_old_content":"","_et_gb_content_width":"","footnotes":""},"class_list":["post-56344","page","type-page","status-publish","hentry"],"yoast_head":"<!-- This site is optimized with the Yoast SEO plugin v27.4 - https:\/\/yoast.com\/product\/yoast-seo-wordpress\/ -->\n<title>Videos - Gen\u00e8veroule<\/title>\n<meta name=\"robots\" content=\"index, follow, max-snippet:-1, max-image-preview:large, max-video-preview:-1\" \/>\n<link rel=\"canonical\" href=\"https:\/\/www.geneveroule.ch\/en\/videos\/\" \/>\n<meta property=\"og:locale\" content=\"en_US\" \/>\n<meta property=\"og:type\" content=\"article\" \/>\n<meta property=\"og:title\" content=\"Videos - Gen\u00e8veroule\" \/>\n<meta property=\"og:description\" content=\"VideosFollow us on Youtube !\" \/>\n<meta property=\"og:url\" content=\"https:\/\/www.geneveroule.ch\/en\/videos\/\" \/>\n<meta property=\"og:site_name\" content=\"Gen\u00e8veroule\" \/>\n<meta property=\"article:modified_time\" content=\"2024-02-05T15:04:25+00:00\" \/>\n<meta name=\"twitter:card\" content=\"summary_large_image\" \/>\n<meta name=\"twitter:label1\" content=\"Est. reading time\" \/>\n\t<meta name=\"twitter:data1\" content=\"2 minutes\" \/>\n<script type=\"application\/ld+json\" class=\"yoast-schema-graph\">{\"@context\":\"https:\\\/\\\/schema.org\",\"@graph\":[{\"@type\":\"WebPage\",\"@id\":\"https:\\\/\\\/www.geneveroule.ch\\\/en\\\/videos\\\/\",\"url\":\"https:\\\/\\\/www.geneveroule.ch\\\/en\\\/videos\\\/\",\"name\":\"Videos - Gen\u00e8veroule\",\"isPartOf\":{\"@id\":\"https:\\\/\\\/www.geneveroule.ch\\\/en\\\/#website\"},\"datePublished\":\"2022-02-21T16:14:53+00:00\",\"dateModified\":\"2024-02-05T15:04:25+00:00\",\"breadcrumb\":{\"@id\":\"https:\\\/\\\/www.geneveroule.ch\\\/en\\\/videos\\\/#breadcrumb\"},\"inLanguage\":\"en-US\",\"potentialAction\":[{\"@type\":\"ReadAction\",\"target\":[\"https:\\\/\\\/www.geneveroule.ch\\\/en\\\/videos\\\/\"]}]},{\"@type\":\"BreadcrumbList\",\"@id\":\"https:\\\/\\\/www.geneveroule.ch\\\/en\\\/videos\\\/#breadcrumb\",\"itemListElement\":[{\"@type\":\"ListItem\",\"position\":1,\"name\":\"Accueil\",\"item\":\"https:\\\/\\\/www.geneveroule.ch\\\/en\\\/home\\\/\"},{\"@type\":\"ListItem\",\"position\":2,\"name\":\"Videos\"}]},{\"@type\":\"WebSite\",\"@id\":\"https:\\\/\\\/www.geneveroule.ch\\\/en\\\/#website\",\"url\":\"https:\\\/\\\/www.geneveroule.ch\\\/en\\\/\",\"name\":\"Gen\u00e8veroule\",\"description\":\"v\u00e9lo et insertion\",\"potentialAction\":[{\"@type\":\"SearchAction\",\"target\":{\"@type\":\"EntryPoint\",\"urlTemplate\":\"https:\\\/\\\/www.geneveroule.ch\\\/en\\\/?s={search_term_string}\"},\"query-input\":{\"@type\":\"PropertyValueSpecification\",\"valueRequired\":true,\"valueName\":\"search_term_string\"}}],\"inLanguage\":\"en-US\"}]}<\/script>\n<!-- \/ Yoast SEO plugin. -->","yoast_head_json":{"title":"Videos - Gen\u00e8veroule","robots":{"index":"index","follow":"follow","max-snippet":"max-snippet:-1","max-image-preview":"max-image-preview:large","max-video-preview":"max-video-preview:-1"},"canonical":"https:\/\/www.geneveroule.ch\/en\/videos\/","og_locale":"en_US","og_type":"article","og_title":"Videos - Gen\u00e8veroule","og_description":"VideosFollow us on Youtube !","og_url":"https:\/\/www.geneveroule.ch\/en\/videos\/","og_site_name":"Gen\u00e8veroule","article_modified_time":"2024-02-05T15:04:25+00:00","twitter_card":"summary_large_image","twitter_misc":{"Est. reading time":"2 minutes"},"schema":{"@context":"https:\/\/schema.org","@graph":[{"@type":"WebPage","@id":"https:\/\/www.geneveroule.ch\/en\/videos\/","url":"https:\/\/www.geneveroule.ch\/en\/videos\/","name":"Videos - Gen\u00e8veroule","isPartOf":{"@id":"https:\/\/www.geneveroule.ch\/en\/#website"},"datePublished":"2022-02-21T16:14:53+00:00","dateModified":"2024-02-05T15:04:25+00:00","breadcrumb":{"@id":"https:\/\/www.geneveroule.ch\/en\/videos\/#breadcrumb"},"inLanguage":"en-US","potentialAction":[{"@type":"ReadAction","target":["https:\/\/www.geneveroule.ch\/en\/videos\/"]}]},{"@type":"BreadcrumbList","@id":"https:\/\/www.geneveroule.ch\/en\/videos\/#breadcrumb","itemListElement":[{"@type":"ListItem","position":1,"name":"Accueil","item":"https:\/\/www.geneveroule.ch\/en\/home\/"},{"@type":"ListItem","position":2,"name":"Videos"}]},{"@type":"WebSite","@id":"https:\/\/www.geneveroule.ch\/en\/#website","url":"https:\/\/www.geneveroule.ch\/en\/","name":"Gen\u00e8veroule","description":"v\u00e9lo et insertion","potentialAction":[{"@type":"SearchAction","target":{"@type":"EntryPoint","urlTemplate":"https:\/\/www.geneveroule.ch\/en\/?s={search_term_string}"},"query-input":{"@type":"PropertyValueSpecification","valueRequired":true,"valueName":"search_term_string"}}],"inLanguage":"en-US"}]}},"_links":{"self":[{"href":"https:\/\/www.geneveroule.ch\/en\/wp-json\/wp\/v2\/pages\/56344","targetHints":{"allow":["GET"]}}],"collection":[{"href":"https:\/\/www.geneveroule.ch\/en\/wp-json\/wp\/v2\/pages"}],"about":[{"href":"https:\/\/www.geneveroule.ch\/en\/wp-json\/wp\/v2\/types\/page"}],"author":[{"embeddable":true,"href":"https:\/\/www.geneveroule.ch\/en\/wp-json\/wp\/v2\/users\/1"}],"replies":[{"embeddable":true,"href":"https:\/\/www.geneveroule.ch\/en\/wp-json\/wp\/v2\/comments?post=56344"}],"version-history":[{"count":8,"href":"https:\/\/www.geneveroule.ch\/en\/wp-json\/wp\/v2\/pages\/56344\/revisions"}],"predecessor-version":[{"id":59320,"href":"https:\/\/www.geneveroule.ch\/en\/wp-json\/wp\/v2\/pages\/56344\/revisions\/59320"}],"wp:attachment":[{"href":"https:\/\/www.geneveroule.ch\/en\/wp-json\/wp\/v2\/media?parent=56344"}],"curies":[{"name":"wp","href":"https:\/\/api.w.org\/{rel}","templated":true}]}}