{"id":53412,"date":"2021-12-08T16:34:57","date_gmt":"2021-12-08T15:34:57","guid":{"rendered":"https:\/\/www.geneveroule.ch\/espace-tourbillon-copy\/"},"modified":"2026-02-04T19:16:47","modified_gmt":"2026-02-04T18:16:47","slug":"location-pret-de-velo","status":"publish","type":"page","link":"https:\/\/www.geneveroule.ch\/fr\/location-pret-de-velo\/","title":{"rendered":"Location et pr\u00eat"},"content":{"rendered":"<p>[et_pb_section fb_built=\u00a0\u00bb1&Prime; _builder_version=\u00a0\u00bb4.16&Prime; _module_preset=\u00a0\u00bbdefault\u00a0\u00bb height=\u00a0\u00bb100px\u00a0\u00bb global_colors_info=\u00a0\u00bb{}\u00a0\u00bb][et_pb_row column_structure=\u00a0\u00bb2_3,1_3&Prime; make_equal=\u00a0\u00bbon\u00a0\u00bb _builder_version=\u00a0\u00bb4.27.5&Prime; _module_preset=\u00a0\u00bbdefault\u00a0\u00bb background_color=\u00a0\u00bbgcid-2c18f931-9eb4-4819-9031-24bda09bc836&Prime; width=\u00a0\u00bb100%\u00a0\u00bb custom_margin=\u00a0\u00bb-30px||0px||false|false\u00a0\u00bb custom_padding=\u00a0\u00bb0px||0px||false|false\u00a0\u00bb animation_style=\u00a0\u00bbbounce\u00a0\u00bb global_colors_info=\u00a0\u00bb{%22gcid-2c18f931-9eb4-4819-9031-24bda09bc836%22:%91%22background_color%22%93}\u00a0\u00bb button_text_color__hover=\u00a0\u00bb#E52629&Prime; button_text_color__hover_enabled=\u00a0\u00bbon|hover\u00a0\u00bb button_bg_color__hover=\u00a0\u00bb#FBBA00&Prime; button_bg_color__hover_enabled=\u00a0\u00bbon|hover\u00a0\u00bb button_border_radius__hover=\u00a0\u00bb35px\u00a0\u00bb button_border_radius__hover_enabled=\u00a0\u00bbon|hover\u00a0\u00bb][et_pb_column type=\u00a0\u00bb2_3&Prime; _builder_version=\u00a0\u00bb4.16&Prime; _module_preset=\u00a0\u00bbdefault\u00a0\u00bb global_colors_info=\u00a0\u00bb{}\u00a0\u00bb][et_pb_text _builder_version=\u00a0\u00bb4.16&Prime; _module_preset=\u00a0\u00bbdefault\u00a0\u00bb text_font=\u00a0\u00bbSaune Bold||||||||\u00a0\u00bb text_text_color=\u00a0\u00bb#FFFFFF\u00a0\u00bb custom_margin_tablet=\u00a0\u00bb10px|||40px|false|false\u00a0\u00bb custom_margin_phone=\u00a0\u00bb11px|||15px|false|false\u00a0\u00bb custom_margin_last_edited=\u00a0\u00bbon|phone\u00a0\u00bb global_colors_info=\u00a0\u00bb{}\u00a0\u00bb]<\/p>\n<h1 style=\"text-align: left;\"><span style=\"color: #ffffff;\">Location et pr\u00eat<\/span><\/h1>\n<p>[\/et_pb_text][\/et_pb_column][et_pb_column type=\u00a0\u00bb1_3&Prime; _builder_version=\u00a0\u00bb4.16&Prime; _module_preset=\u00a0\u00bbdefault\u00a0\u00bb global_colors_info=\u00a0\u00bb{}\u00a0\u00bb][et_pb_image src=\u00a0\u00bbhttps:\/\/www.geneveroule.ch\/wp-content\/uploads\/2021\/11\/Picto_LocationPret.png\u00a0\u00bb alt=\u00a0\u00bbPicto_Location&#038;Pret\u00a0\u00bb title_text=\u00a0\u00bbPicto_Location&#038;Pret\u00a0\u00bb align=\u00a0\u00bbright\u00a0\u00bb _builder_version=\u00a0\u00bb4.16&Prime; _module_preset=\u00a0\u00bbdefault\u00a0\u00bb z_index=\u00a0\u00bb2&Prime; height=\u00a0\u00bb150px\u00a0\u00bb height_tablet=\u00a0\u00bb100px\u00a0\u00bb height_phone=\u00a0\u00bb80px\u00a0\u00bb height_last_edited=\u00a0\u00bbon|phone\u00a0\u00bb custom_margin_tablet=\u00a0\u00bb-60px|30px|||false|false\u00a0\u00bb custom_margin_phone=\u00a0\u00bb-49px||||false|false\u00a0\u00bb custom_margin_last_edited=\u00a0\u00bbon|phone\u00a0\u00bb global_colors_info=\u00a0\u00bb{}\u00a0\u00bb][\/et_pb_image][\/et_pb_column][\/et_pb_row][et_pb_row _builder_version=\u00a0\u00bb4.27.5&Prime; _module_preset=\u00a0\u00bbdefault\u00a0\u00bb background_color=\u00a0\u00bbRGBA(255,255,255,0)\u00a0\u00bb background_color_gradient_start=\u00a0\u00bb#e52629&Prime; background_color_gradient_end=\u00a0\u00bb#fbba00&Prime; custom_margin=\u00a0\u00bb-82px||||false|false\u00a0\u00bb custom_padding=\u00a0\u00bb||||false|false\u00a0\u00bb locked=\u00a0\u00bboff\u00a0\u00bb global_colors_info=\u00a0\u00bb{}\u00a0\u00bb][et_pb_column type=\u00a0\u00bb4_4&Prime; _builder_version=\u00a0\u00bb4.16&Prime; _module_preset=\u00a0\u00bbdefault\u00a0\u00bb global_colors_info=\u00a0\u00bb{}\u00a0\u00bb][lwp_divi_breadcrumbs home_text=\u00a0\u00bbAccueil\u00a0\u00bb link_color=\u00a0\u00bb#3023AD\u00a0\u00bb separator_color=\u00a0\u00bb#FBBA00&Prime; current_text_color=\u00a0\u00bb#FBBA00&Prime; disabled_on=\u00a0\u00bbon|on|off\u00a0\u00bb _builder_version=\u00a0\u00bb4.16&Prime; _module_preset=\u00a0\u00bbdefault\u00a0\u00bb module_font=\u00a0\u00bb|300|||||||\u00a0\u00bb module_text_align=\u00a0\u00bbleft\u00a0\u00bb module_text_color=\u00a0\u00bb#FBBA00&Prime; module_font_size=\u00a0\u00bb16px\u00a0\u00bb width=\u00a0\u00bb100%\u00a0\u00bb module_alignment=\u00a0\u00bbright\u00a0\u00bb custom_margin=\u00a0\u00bb14px||||false|false\u00a0\u00bb global_colors_info=\u00a0\u00bb{}\u00a0\u00bb][\/lwp_divi_breadcrumbs][\/et_pb_column][\/et_pb_row][et_pb_row custom_padding_last_edited=\u00a0\u00bbon|phone\u00a0\u00bb disabled_on=\u00a0\u00bbon|on|on\u00a0\u00bb _builder_version=\u00a0\u00bb4.27.4&Prime; _module_preset=\u00a0\u00bbdefault\u00a0\u00bb background_enable_color=\u00a0\u00bboff\u00a0\u00bb use_background_color_gradient=\u00a0\u00bbon\u00a0\u00bb background_color_gradient_stops=\u00a0\u00bb#ffffff 0%|#fbba00 100%\u00a0\u00bb background_color_gradient_start=\u00a0\u00bb#ffffff\u00a0\u00bb background_color_gradient_end=\u00a0\u00bb#fbba00&Prime; position_origin_r=\u00a0\u00bbtop_right\u00a0\u00bb z_index=\u00a0\u00bb3&Prime; width=\u00a0\u00bb90px\u00a0\u00bb width_tablet=\u00a0\u00bb90px\u00a0\u00bb width_phone=\u00a0\u00bb56px\u00a0\u00bb width_last_edited=\u00a0\u00bbon|phone\u00a0\u00bb module_alignment=\u00a0\u00bbright\u00a0\u00bb custom_margin=\u00a0\u00bb80px|0px|||false|false\u00a0\u00bb custom_margin_tablet=\u00a0\u00bb80px|0px|||false|false\u00a0\u00bb custom_margin_phone=\u00a0\u00bb100px|0px|||false|false\u00a0\u00bb custom_margin_last_edited=\u00a0\u00bbon|phone\u00a0\u00bb custom_padding=\u00a0\u00bb20px|20px|20px|20px|true|true\u00a0\u00bb custom_padding_tablet=\u00a0\u00bb20px|20px|20px|20px|true|true\u00a0\u00bb custom_padding_phone=\u00a0\u00bb10px|10px|10px|10px|true|true\u00a0\u00bb animation_style=\u00a0\u00bbbounce\u00a0\u00bb animation_direction=\u00a0\u00bbright\u00a0\u00bb animation_duration=\u00a0\u00bb1300ms\u00a0\u00bb animation_delay=\u00a0\u00bb1500ms\u00a0\u00bb link_option_url=\u00a0\u00bb#offrehivernale\u00a0\u00bb scroll_horizontal_motion=\u00a0\u00bb0|93|93|100|4|0|-4&Prime; border_radii=\u00a0\u00bboff|12px|||12px\u00a0\u00bb border_width_all=\u00a0\u00bb5px\u00a0\u00bb border_color_all=\u00a0\u00bb#E52629&Prime; border_style_all=\u00a0\u00bbdotted\u00a0\u00bb border_width_right=\u00a0\u00bb0px\u00a0\u00bb disabled=\u00a0\u00bbon\u00a0\u00bb global_colors_info=\u00a0\u00bb{}\u00a0\u00bb background__hover_enabled=\u00a0\u00bbon|hover\u00a0\u00bb background_color_gradient_end__hover=\u00a0\u00bb#fbba00&Prime; use_background_color_gradient__hover=\u00a0\u00bboff\u00a0\u00bb background_color_gradient_start__hover=\u00a0\u00bb#e52629&Prime; background_color_gradient_stops__hover=\u00a0\u00bb#e52629 0%|#fbba00 100%\u00a0\u00bb][et_pb_column type=\u00a0\u00bb4_4&Prime; _builder_version=\u00a0\u00bb4.16&Prime; _module_preset=\u00a0\u00bbdefault\u00a0\u00bb global_colors_info=\u00a0\u00bb{}\u00a0\u00bb][et_pb_icon font_icon=\u00a0\u00bb&#xe073;||divi||400&Prime; icon_width=\u00a0\u00bb59px\u00a0\u00bb align=\u00a0\u00bbleft\u00a0\u00bb icon_width_tablet=\u00a0\u00bb59px\u00a0\u00bb icon_width_phone=\u00a0\u00bb35px\u00a0\u00bb icon_width_last_edited=\u00a0\u00bbon|phone\u00a0\u00bb disabled_on=\u00a0\u00bboff|off|off\u00a0\u00bb _builder_version=\u00a0\u00bb4.25.1&Prime; _module_preset=\u00a0\u00bbdefault\u00a0\u00bb custom_margin=\u00a0\u00bb|||-5px|false|false\u00a0\u00bb custom_margin_tablet=\u00a0\u00bb|||-5px|false|false\u00a0\u00bb custom_margin_phone=\u00a0\u00bb|||-2px|false|false\u00a0\u00bb custom_margin_last_edited=\u00a0\u00bbon|phone\u00a0\u00bb custom_padding=\u00a0\u00bb6px||||false|false\u00a0\u00bb global_colors_info=\u00a0\u00bb{}\u00a0\u00bb icon_color__hover_enabled=\u00a0\u00bbon|hover\u00a0\u00bb icon_color__hover=\u00a0\u00bb#E52629&Prime;][\/et_pb_icon][\/et_pb_column][\/et_pb_row][\/et_pb_section][et_pb_section fb_built=\u00a0\u00bb1&Prime; _builder_version=\u00a0\u00bb4.27.5&Prime; _module_preset=\u00a0\u00bbdefault\u00a0\u00bb background_color=\u00a0\u00bbgcid-c80a1fc6-016f-42b5-8ba9-702cda38c14f\u00a0\u00bb global_colors_info=\u00a0\u00bb{%22gcid-c80a1fc6-016f-42b5-8ba9-702cda38c14f%22:%91%22background_color%22%93}\u00a0\u00bb][et_pb_row use_custom_gutter=\u00a0\u00bbon\u00a0\u00bb gutter_width=\u00a0\u00bb2&Prime; _builder_version=\u00a0\u00bb4.21.0&Prime; _module_preset=\u00a0\u00bbdefault\u00a0\u00bb custom_margin=\u00a0\u00bb||||false|false\u00a0\u00bb custom_margin_tablet=\u00a0\u00bb||||false|false\u00a0\u00bb custom_margin_phone=\u00a0\u00bb||||false|false\u00a0\u00bb custom_margin_last_edited=\u00a0\u00bbon|tablet\u00a0\u00bb global_colors_info=\u00a0\u00bb{}\u00a0\u00bb][et_pb_column type=\u00a0\u00bb4_4&Prime; _builder_version=\u00a0\u00bb4.16&Prime; _module_preset=\u00a0\u00bbdefault\u00a0\u00bb global_colors_info=\u00a0\u00bb{}\u00a0\u00bb][et_pb_text _builder_version=\u00a0\u00bb4.16&Prime; _module_preset=\u00a0\u00bbdefault\u00a0\u00bb text_text_color=\u00a0\u00bb#FBBA00&Prime; header_text_color=\u00a0\u00bb#FBBA00&Prime; header_2_text_color=\u00a0\u00bb#FBBA00&Prime; header_2_font_size=\u00a0\u00bb56px\u00a0\u00bb custom_margin=\u00a0\u00bb90px||||false|false\u00a0\u00bb custom_margin_tablet=\u00a0\u00bb-20px||||false|false\u00a0\u00bb custom_margin_phone=\u00a0\u00bb-20px||||false|false\u00a0\u00bb custom_margin_last_edited=\u00a0\u00bbon|tablet\u00a0\u00bb global_colors_info=\u00a0\u00bb{}\u00a0\u00bb]<\/p>\n<h2 style=\"text-align: center;\">Location de v\u00e9los<\/h2>\n<p>[\/et_pb_text][et_pb_text _builder_version=\u00a0\u00bb4.23.1&Prime; _module_preset=\u00a0\u00bbdefault\u00a0\u00bb custom_padding=\u00a0\u00bb|50px||50px|false|true\u00a0\u00bb global_colors_info=\u00a0\u00bb{}\u00a0\u00bb]<\/p>\n<p style=\"text-align: center;\">Nos 3 arcades et l&rsquo;espace Tourbillon vous accueillent avec une large gamme de v\u00e9los !<\/p>\n<p>[\/et_pb_text][\/et_pb_column][\/et_pb_row][et_pb_row column_structure=\u00a0\u00bb1_4,1_4,1_4,1_4&Prime; use_custom_gutter=\u00a0\u00bbon\u00a0\u00bb gutter_width=\u00a0\u00bb2&Prime; _builder_version=\u00a0\u00bb4.21.0&Prime; _module_preset=\u00a0\u00bbdefault\u00a0\u00bb custom_margin=\u00a0\u00bb||||false|false\u00a0\u00bb custom_margin_tablet=\u00a0\u00bb||||false|false\u00a0\u00bb custom_margin_phone=\u00a0\u00bb||||false|false\u00a0\u00bb custom_margin_last_edited=\u00a0\u00bbon|desktop\u00a0\u00bb global_colors_info=\u00a0\u00bb{}\u00a0\u00bb][et_pb_column type=\u00a0\u00bb1_4&Prime; _builder_version=\u00a0\u00bb4.21.0&Prime; _module_preset=\u00a0\u00bbdefault\u00a0\u00bb custom_padding=\u00a0\u00bb20px||||false|false\u00a0\u00bb global_colors_info=\u00a0\u00bb{}\u00a0\u00bb][et_pb_blurb use_icon=\u00a0\u00bbon\u00a0\u00bb font_icon=\u00a0\u00bb&#xf206;||fa||900&Prime; icon_color=\u00a0\u00bb#FBBA00&Prime; icon_placement=\u00a0\u00bbtop\u00a0\u00bb content_max_width=\u00a0\u00bb1500px\u00a0\u00bb content_max_width_tablet=\u00a0\u00bb1500px\u00a0\u00bb content_max_width_phone=\u00a0\u00bb1500px\u00a0\u00bb content_max_width_last_edited=\u00a0\u00bbon|tablet\u00a0\u00bb module_id=\u00a0\u00bb#google-map\u00a0\u00bb _builder_version=\u00a0\u00bb4.21.0&Prime; _module_preset=\u00a0\u00bb2aa45287-d8e7-4c9c-be3a-b7825e68200c\u00a0\u00bb width_tablet=\u00a0\u00bb\u00a0\u00bb width_phone=\u00a0\u00bb\u00a0\u00bb width_last_edited=\u00a0\u00bbon|tablet\u00a0\u00bb custom_padding=\u00a0\u00bb30px||30px||true|false\u00a0\u00bb link_option_url=\u00a0\u00bbhttps:\/\/geneveroule.lokki.rent\/\u00a0\u00bb link_option_url_new_window=\u00a0\u00bbon\u00a0\u00bb border_radii=\u00a0\u00bbon|12px|12px|12px|12px\u00a0\u00bb border_width_all=\u00a0\u00bb2px\u00a0\u00bb border_color_all=\u00a0\u00bb#FBBA00&Prime; border_color_all_image=\u00a0\u00bb#FBBA00&Prime; global_colors_info=\u00a0\u00bb{}\u00a0\u00bb]<\/p>\n<h3 style=\"text-align: center;\">R\u00e9server \u00e0<br \/>Montbrillant<\/h3>\n<p>[\/et_pb_blurb][\/et_pb_column][et_pb_column type=\u00a0\u00bb1_4&Prime; _builder_version=\u00a0\u00bb4.21.0&Prime; _module_preset=\u00a0\u00bbdefault\u00a0\u00bb custom_padding=\u00a0\u00bb20px||||false|false\u00a0\u00bb custom_padding_tablet=\u00a0\u00bb0px||||false|false\u00a0\u00bb custom_padding_phone=\u00a0\u00bb0px||||false|false\u00a0\u00bb custom_padding_last_edited=\u00a0\u00bbon|phone\u00a0\u00bb global_colors_info=\u00a0\u00bb{}\u00a0\u00bb][et_pb_blurb use_icon=\u00a0\u00bbon\u00a0\u00bb font_icon=\u00a0\u00bb&#xf206;||fa||900&Prime; icon_color=\u00a0\u00bb#7AB41D\u00a0\u00bb icon_placement=\u00a0\u00bbtop\u00a0\u00bb image_icon_width=\u00a0\u00bb100px\u00a0\u00bb content_max_width=\u00a0\u00bb1500px\u00a0\u00bb image_icon_width_tablet=\u00a0\u00bb\u00a0\u00bb image_icon_width_phone=\u00a0\u00bb\u00a0\u00bb image_icon_width_last_edited=\u00a0\u00bbon|phone\u00a0\u00bb content_max_width_tablet=\u00a0\u00bb1500px\u00a0\u00bb content_max_width_phone=\u00a0\u00bb1500px\u00a0\u00bb content_max_width_last_edited=\u00a0\u00bbon|tablet\u00a0\u00bb module_id=\u00a0\u00bb#google-map\u00a0\u00bb _builder_version=\u00a0\u00bb4.16.1&Prime; _module_preset=\u00a0\u00bb2aa45287-d8e7-4c9c-be3a-b7825e68200c\u00a0\u00bb header_level=\u00a0\u00bbh3&Prime; header_text_color=\u00a0\u00bb#7AB41D\u00a0\u00bb body_text_color=\u00a0\u00bb#7AB41D\u00a0\u00bb width_tablet=\u00a0\u00bb\u00a0\u00bb width_phone=\u00a0\u00bb\u00a0\u00bb width_last_edited=\u00a0\u00bbon|tablet\u00a0\u00bb custom_padding=\u00a0\u00bb28px|20px|28px|20px|true|true\u00a0\u00bb link_option_url=\u00a0\u00bbhttps:\/\/meyrinroule.lokki.rent\/\u00a0\u00bb link_option_url_new_window=\u00a0\u00bbon\u00a0\u00bb border_radii=\u00a0\u00bbon|12px|12px|12px|12px\u00a0\u00bb border_width_all=\u00a0\u00bb2px\u00a0\u00bb border_color_all=\u00a0\u00bb#7AB41D\u00a0\u00bb border_color_all_image=\u00a0\u00bb#7AB41D\u00a0\u00bb global_colors_info=\u00a0\u00bb{}\u00a0\u00bb]<\/p>\n<h3 style=\"text-align: center;\">R\u00e9server \u00e0<br \/>Meyrinroule<\/h3>\n<p>[\/et_pb_blurb][\/et_pb_column][et_pb_column type=\u00a0\u00bb1_4&Prime; _builder_version=\u00a0\u00bb4.16&Prime; _module_preset=\u00a0\u00bbdefault\u00a0\u00bb custom_padding=\u00a0\u00bb20px||||false|false\u00a0\u00bb custom_padding_tablet=\u00a0\u00bb0px||||false|false\u00a0\u00bb custom_padding_phone=\u00a0\u00bb0px||||false|false\u00a0\u00bb custom_padding_last_edited=\u00a0\u00bbon|phone\u00a0\u00bb global_colors_info=\u00a0\u00bb{}\u00a0\u00bb][et_pb_blurb use_icon=\u00a0\u00bbon\u00a0\u00bb font_icon=\u00a0\u00bb&#xf206;||fa||900&Prime; icon_color=\u00a0\u00bb#E52629&Prime; icon_placement=\u00a0\u00bbtop\u00a0\u00bb content_max_width=\u00a0\u00bb1500px\u00a0\u00bb content_max_width_tablet=\u00a0\u00bb1500px\u00a0\u00bb content_max_width_phone=\u00a0\u00bb1500px\u00a0\u00bb content_max_width_last_edited=\u00a0\u00bbon|tablet\u00a0\u00bb module_id=\u00a0\u00bb#google-map\u00a0\u00bb _builder_version=\u00a0\u00bb4.16.1&Prime; _module_preset=\u00a0\u00bb2aa45287-d8e7-4c9c-be3a-b7825e68200c\u00a0\u00bb width_tablet=\u00a0\u00bb\u00a0\u00bb width_phone=\u00a0\u00bb\u00a0\u00bb width_last_edited=\u00a0\u00bbon|tablet\u00a0\u00bb custom_padding=\u00a0\u00bb30px||30px||true|false\u00a0\u00bb link_option_url=\u00a0\u00bbhttps:\/\/grand-morillon.lokki.rent\/\u00a0\u00bb link_option_url_new_window=\u00a0\u00bbon\u00a0\u00bb border_radii=\u00a0\u00bbon|12px|12px|12px|12px\u00a0\u00bb border_width_all=\u00a0\u00bb2px\u00a0\u00bb border_color_all=\u00a0\u00bb#E52629&Prime; border_color_all_image=\u00a0\u00bb#FBBA00&Prime; global_colors_info=\u00a0\u00bb{}\u00a0\u00bb]<\/p>\n<h3 style=\"text-align: center;\">R\u00e9server \u00e0 <br \/>Grand Morillon<\/h3>\n<p>[\/et_pb_blurb][\/et_pb_column][et_pb_column type=\u00a0\u00bb1_4&Prime; _builder_version=\u00a0\u00bb4.16&Prime; _module_preset=\u00a0\u00bbdefault\u00a0\u00bb custom_padding=\u00a0\u00bb20px||||false|false\u00a0\u00bb custom_padding_tablet=\u00a0\u00bb0px||||false|false\u00a0\u00bb custom_padding_phone=\u00a0\u00bb0px||||false|false\u00a0\u00bb custom_padding_last_edited=\u00a0\u00bbon|phone\u00a0\u00bb global_colors_info=\u00a0\u00bb{}\u00a0\u00bb][et_pb_blurb use_icon=\u00a0\u00bbon\u00a0\u00bb font_icon=\u00a0\u00bb&#xf206;||fa||900&Prime; icon_color=\u00a0\u00bb#3023AD\u00a0\u00bb icon_placement=\u00a0\u00bbtop\u00a0\u00bb content_max_width=\u00a0\u00bb1500px\u00a0\u00bb content_max_width_tablet=\u00a0\u00bb1500px\u00a0\u00bb content_max_width_phone=\u00a0\u00bb1500px\u00a0\u00bb content_max_width_last_edited=\u00a0\u00bbon|tablet\u00a0\u00bb module_id=\u00a0\u00bb#google-map\u00a0\u00bb _builder_version=\u00a0\u00bb4.21.0&Prime; _module_preset=\u00a0\u00bb2aa45287-d8e7-4c9c-be3a-b7825e68200c\u00a0\u00bb width_tablet=\u00a0\u00bb\u00a0\u00bb width_phone=\u00a0\u00bb\u00a0\u00bb width_last_edited=\u00a0\u00bbon|tablet\u00a0\u00bb custom_padding=\u00a0\u00bb30px||30px||true|false\u00a0\u00bb link_option_url=\u00a0\u00bbhttps:\/\/espace-tourbillon.lokki.rent\/\u00a0\u00bb link_option_url_new_window=\u00a0\u00bbon\u00a0\u00bb border_radii=\u00a0\u00bbon|12px|12px|12px|12px\u00a0\u00bb border_width_all=\u00a0\u00bb2px\u00a0\u00bb border_color_all=\u00a0\u00bb#3023AD\u00a0\u00bb border_color_all_image=\u00a0\u00bb#3023AD\u00a0\u00bb global_colors_info=\u00a0\u00bb{}\u00a0\u00bb]<\/p>\n<h3 style=\"text-align: center;\">R\u00e9server \u00e0<br \/>l&rsquo;Espace Tourbillon<\/h3>\n<p>[\/et_pb_blurb][\/et_pb_column][\/et_pb_row][et_pb_row column_structure=\u00a0\u00bb1_4,1_4,1_4,1_4&Prime; use_custom_gutter=\u00a0\u00bbon\u00a0\u00bb gutter_width=\u00a0\u00bb2&Prime; _builder_version=\u00a0\u00bb4.21.0&Prime; _module_preset=\u00a0\u00bbdefault\u00a0\u00bb custom_margin_tablet=\u00a0\u00bb||||false|false\u00a0\u00bb custom_margin_phone=\u00a0\u00bb||||false|false\u00a0\u00bb custom_margin_last_edited=\u00a0\u00bbon|tablet\u00a0\u00bb global_colors_info=\u00a0\u00bb{}\u00a0\u00bb][et_pb_column type=\u00a0\u00bb1_4&Prime; _builder_version=\u00a0\u00bb4.16&Prime; _module_preset=\u00a0\u00bbdefault\u00a0\u00bb global_colors_info=\u00a0\u00bb{}\u00a0\u00bb][et_pb_blurb use_icon=\u00a0\u00bbon\u00a0\u00bb font_icon=\u00a0\u00bb&#xf0c0;||fa||900&Prime; icon_color=\u00a0\u00bb#FBBA00&Prime; icon_placement=\u00a0\u00bbtop\u00a0\u00bb content_max_width=\u00a0\u00bb1500px\u00a0\u00bb content_max_width_tablet=\u00a0\u00bb1500px\u00a0\u00bb content_max_width_phone=\u00a0\u00bb1500px\u00a0\u00bb content_max_width_last_edited=\u00a0\u00bbon|tablet\u00a0\u00bb module_id=\u00a0\u00bb#google-map\u00a0\u00bb _builder_version=\u00a0\u00bb4.16&Prime; _module_preset=\u00a0\u00bb2aa45287-d8e7-4c9c-be3a-b7825e68200c\u00a0\u00bb width_tablet=\u00a0\u00bb\u00a0\u00bb width_phone=\u00a0\u00bb\u00a0\u00bb width_last_edited=\u00a0\u00bbon|tablet\u00a0\u00bb custom_padding=\u00a0\u00bb30px||30px||true|false\u00a0\u00bb link_option_url=\u00a0\u00bbhttps:\/\/www.geneveroule.ch\/fr\/horaires-et-lieux\/#contact\u00a0\u00bb border_radii=\u00a0\u00bbon|12px|12px|12px|12px\u00a0\u00bb border_width_all=\u00a0\u00bb2px\u00a0\u00bb border_color_all=\u00a0\u00bb#FBBA00&Prime; border_color_all_image=\u00a0\u00bb#FBBA00&Prime; global_colors_info=\u00a0\u00bb{}\u00a0\u00bb]<\/p>\n<h3 style=\"text-align: center;\">Groupe(s)<br \/>Contactez-nous !<\/h3>\n<p>[\/et_pb_blurb][\/et_pb_column][et_pb_column type=\u00a0\u00bb1_4&Prime; _builder_version=\u00a0\u00bb4.21.0&Prime; _module_preset=\u00a0\u00bbdefault\u00a0\u00bb global_colors_info=\u00a0\u00bb{}\u00a0\u00bb][et_pb_blurb use_icon=\u00a0\u00bbon\u00a0\u00bb font_icon=\u00a0\u00bb&#xf193;||fa||900&Prime; icon_color=\u00a0\u00bb#FBBA00&Prime; icon_placement=\u00a0\u00bbtop\u00a0\u00bb content_max_width=\u00a0\u00bb1500px\u00a0\u00bb content_max_width_tablet=\u00a0\u00bb1500px\u00a0\u00bb content_max_width_phone=\u00a0\u00bb1500px\u00a0\u00bb content_max_width_last_edited=\u00a0\u00bbon|tablet\u00a0\u00bb module_id=\u00a0\u00bb#google-map\u00a0\u00bb _builder_version=\u00a0\u00bb4.21.0&Prime; _module_preset=\u00a0\u00bb2aa45287-d8e7-4c9c-be3a-b7825e68200c\u00a0\u00bb width_tablet=\u00a0\u00bb\u00a0\u00bb width_phone=\u00a0\u00bb\u00a0\u00bb width_last_edited=\u00a0\u00bbon|tablet\u00a0\u00bb custom_padding=\u00a0\u00bb30px||30px||true|false\u00a0\u00bb link_option_url=\u00a0\u00bbhttps:\/\/www.geneveroule.ch\/fr\/triporteur-cerebral\/\u00a0\u00bb border_radii=\u00a0\u00bbon|12px|12px|12px|12px\u00a0\u00bb border_width_all=\u00a0\u00bb2px\u00a0\u00bb border_color_all=\u00a0\u00bb#FBBA00&Prime; border_color_all_image=\u00a0\u00bb#FBBA00&Prime; global_colors_info=\u00a0\u00bb{}\u00a0\u00bb]<\/p>\n<h3 style=\"text-align: center;\">Triporteur<br \/>Cerebral<\/h3>\n<p>[\/et_pb_blurb][\/et_pb_column][et_pb_column type=\u00a0\u00bb1_4&Prime; _builder_version=\u00a0\u00bb4.21.0&Prime; _module_preset=\u00a0\u00bbdefault\u00a0\u00bb custom_padding=\u00a0\u00bb||||false|false\u00a0\u00bb custom_padding_tablet=\u00a0\u00bb0px||||false|false\u00a0\u00bb custom_padding_phone=\u00a0\u00bb0px||||false|false\u00a0\u00bb custom_padding_last_edited=\u00a0\u00bbon|phone\u00a0\u00bb global_colors_info=\u00a0\u00bb{}\u00a0\u00bb][et_pb_blurb use_icon=\u00a0\u00bbon\u00a0\u00bb font_icon=\u00a0\u00bb&#xf5ca;||fa||900&Prime; icon_color=\u00a0\u00bb#FBBA00&Prime; icon_placement=\u00a0\u00bbtop\u00a0\u00bb content_max_width=\u00a0\u00bb1500px\u00a0\u00bb content_max_width_tablet=\u00a0\u00bb1500px\u00a0\u00bb content_max_width_phone=\u00a0\u00bb1500px\u00a0\u00bb content_max_width_last_edited=\u00a0\u00bbon|tablet\u00a0\u00bb module_id=\u00a0\u00bb#google-map\u00a0\u00bb _builder_version=\u00a0\u00bb4.21.0&Prime; _module_preset=\u00a0\u00bb2aa45287-d8e7-4c9c-be3a-b7825e68200c\u00a0\u00bb width_tablet=\u00a0\u00bb\u00a0\u00bb width_phone=\u00a0\u00bb\u00a0\u00bb width_last_edited=\u00a0\u00bbon|tablet\u00a0\u00bb custom_padding=\u00a0\u00bb30px||30px||true|false\u00a0\u00bb link_option_url=\u00a0\u00bb#pret\u00a0\u00bb border_radii=\u00a0\u00bbon|12px|12px|12px|12px\u00a0\u00bb border_width_all=\u00a0\u00bb2px\u00a0\u00bb border_color_all=\u00a0\u00bb#FBBA00&Prime; border_color_all_image=\u00a0\u00bb#FBBA00&Prime; global_colors_info=\u00a0\u00bb{}\u00a0\u00bb]<\/p>\n<h3 style=\"text-align: center;\">Pr\u00eat pendant<br \/>la belle saison<\/h3>\n<p>[\/et_pb_blurb][\/et_pb_column][et_pb_column type=\u00a0\u00bb1_4&Prime; _builder_version=\u00a0\u00bb4.21.0&Prime; _module_preset=\u00a0\u00bbdefault\u00a0\u00bb custom_padding=\u00a0\u00bb||||false|false\u00a0\u00bb custom_padding_tablet=\u00a0\u00bb0px||||false|false\u00a0\u00bb custom_padding_phone=\u00a0\u00bb0px||||false|false\u00a0\u00bb custom_padding_last_edited=\u00a0\u00bbon|phone\u00a0\u00bb global_colors_info=\u00a0\u00bb{}\u00a0\u00bb][et_pb_button button_url=\u00a0\u00bb#3arcades\u00a0\u00bb button_text=\u00a0\u00bbD\u00e9couvrez nos arcades\u00a0\u00bb button_alignment=\u00a0\u00bbcenter\u00a0\u00bb _builder_version=\u00a0\u00bb4.16&Prime; _module_preset=\u00a0\u00bbdefault\u00a0\u00bb custom_button=\u00a0\u00bbon\u00a0\u00bb button_icon=\u00a0\u00bb&#x22;||divi||400&Prime; button_on_hover=\u00a0\u00bboff\u00a0\u00bb custom_margin=\u00a0\u00bb80px||||false|false\u00a0\u00bb custom_margin_tablet=\u00a0\u00bb||20px||false|false\u00a0\u00bb custom_margin_phone=\u00a0\u00bb||20px||false|false\u00a0\u00bb custom_margin_last_edited=\u00a0\u00bbon|tablet\u00a0\u00bb custom_padding=\u00a0\u00bb|40px||40px|false|true\u00a0\u00bb global_colors_info=\u00a0\u00bb{}\u00a0\u00bb button_icon_color__hover_enabled=\u00a0\u00bbon|hover\u00a0\u00bb button_border_color__hover_enabled=\u00a0\u00bbon|desktop\u00a0\u00bb button_border_color__hover=\u00a0\u00bb#E52629&Prime;][\/et_pb_button][\/et_pb_column][\/et_pb_row][\/et_pb_section][et_pb_section fb_built=\u00a0\u00bb1&Prime; _builder_version=\u00a0\u00bb4.27.5&Prime; _module_preset=\u00a0\u00bbdefault\u00a0\u00bb custom_margin=\u00a0\u00bb-50px||||false|false\u00a0\u00bb custom_margin_tablet=\u00a0\u00bb-50px||||false|false\u00a0\u00bb custom_margin_phone=\u00a0\u00bb-50px||-90px||false|false\u00a0\u00bb custom_margin_last_edited=\u00a0\u00bbon|phone\u00a0\u00bb custom_padding=\u00a0\u00bb0px||||false|false\u00a0\u00bb hover_enabled=\u00a0\u00bb0&Prime; global_colors_info=\u00a0\u00bb{}\u00a0\u00bb background_color=\u00a0\u00bb#F2F2F2&Prime; sticky_enabled=\u00a0\u00bb0&Prime;][et_pb_row _builder_version=\u00a0\u00bb4.16&Prime; _module_preset=\u00a0\u00bbdefault\u00a0\u00bb width_tablet=\u00a0\u00bb100%\u00a0\u00bb width_phone=\u00a0\u00bb100%\u00a0\u00bb width_last_edited=\u00a0\u00bbon|phone\u00a0\u00bb global_colors_info=\u00a0\u00bb{}\u00a0\u00bb][et_pb_column type=\u00a0\u00bb4_4&Prime; _builder_version=\u00a0\u00bb4.16&Prime; _module_preset=\u00a0\u00bbdefault\u00a0\u00bb global_colors_info=\u00a0\u00bb{}\u00a0\u00bb][wdcl_image_carousel animation_speed=\u00a0\u00bb1100ms\u00a0\u00bb autoplay_speed=\u00a0\u00bb3000ms\u00a0\u00bb nav_pagi=\u00a0\u00bbnone\u00a0\u00bb slide_spacing=\u00a0\u00bb0px\u00a0\u00bb nav_pagi_last_edited=\u00a0\u00bboff|phone\u00a0\u00bb slide_count_tablet=\u00a0\u00bb2&Prime; slide_count_phone=\u00a0\u00bb1&Prime; slide_count_last_edited=\u00a0\u00bbon|phone\u00a0\u00bb _builder_version=\u00a0\u00bb4.16&Prime; _module_preset=\u00a0\u00bbdefault\u00a0\u00bb custom_margin_tablet=\u00a0\u00bb||||false|false\u00a0\u00bb custom_margin_phone=\u00a0\u00bb||||false|false\u00a0\u00bb custom_margin_last_edited=\u00a0\u00bbon|phone\u00a0\u00bb global_colors_info=\u00a0\u00bb{}\u00a0\u00bb][wdcl_image_carousel_child photo=\u00a0\u00bbhttps:\/\/www.geneveroule.ch\/wp-content\/uploads\/2022\/01\/insertion-tandem-web.jpg\u00a0\u00bb _builder_version=\u00a0\u00bb4.16&Prime; _module_preset=\u00a0\u00bbdefault\u00a0\u00bb global_colors_info=\u00a0\u00bb{}\u00a0\u00bb][\/wdcl_image_carousel_child][wdcl_image_carousel_child photo=\u00a0\u00bbhttps:\/\/www.geneveroule.ch\/wp-content\/uploads\/2022\/01\/location-velo-de-course-web.jpg\u00a0\u00bb _builder_version=\u00a0\u00bb4.16&Prime; _module_preset=\u00a0\u00bbdefault\u00a0\u00bb global_colors_info=\u00a0\u00bb{}\u00a0\u00bb][\/wdcl_image_carousel_child][wdcl_image_carousel_child photo=\u00a0\u00bbhttps:\/\/www.geneveroule.ch\/wp-content\/uploads\/2022\/01\/location-velo-cargo-web.jpg\u00a0\u00bb _builder_version=\u00a0\u00bb4.16&Prime; _module_preset=\u00a0\u00bbdefault\u00a0\u00bb global_colors_info=\u00a0\u00bb{}\u00a0\u00bb][\/wdcl_image_carousel_child][wdcl_image_carousel_child photo=\u00a0\u00bbhttps:\/\/www.geneveroule.ch\/wp-content\/uploads\/2022\/01\/location-VTT-web.jpg\u00a0\u00bb _builder_version=\u00a0\u00bb4.16&Prime; _module_preset=\u00a0\u00bbdefault\u00a0\u00bb global_colors_info=\u00a0\u00bb{}\u00a0\u00bb][\/wdcl_image_carousel_child][wdcl_image_carousel_child photo=\u00a0\u00bbhttps:\/\/www.geneveroule.ch\/wp-content\/uploads\/2022\/01\/location-multimodal-web.jpg\u00a0\u00bb _builder_version=\u00a0\u00bb4.16&Prime; _module_preset=\u00a0\u00bbdefault\u00a0\u00bb global_colors_info=\u00a0\u00bb{}\u00a0\u00bb][\/wdcl_image_carousel_child][\/wdcl_image_carousel][\/et_pb_column][\/et_pb_row][\/et_pb_section][et_pb_section fb_built=\u00a0\u00bb1&Prime; _builder_version=\u00a0\u00bb4.16&Prime; _module_preset=\u00a0\u00bbdefault\u00a0\u00bb background_color=\u00a0\u00bb#F2F2F2&Prime; global_colors_info=\u00a0\u00bb{}\u00a0\u00bb][et_pb_row _builder_version=\u00a0\u00bb4.16&Prime; _module_preset=\u00a0\u00bbdefault\u00a0\u00bb width_tablet=\u00a0\u00bb\u00a0\u00bb width_phone=\u00a0\u00bb100%\u00a0\u00bb width_last_edited=\u00a0\u00bbon|phone\u00a0\u00bb global_colors_info=\u00a0\u00bb{}\u00a0\u00bb][et_pb_column type=\u00a0\u00bb4_4&Prime; _builder_version=\u00a0\u00bb4.16&Prime; _module_preset=\u00a0\u00bbdefault\u00a0\u00bb global_colors_info=\u00a0\u00bb{}\u00a0\u00bb][et_pb_text module_id=\u00a0\u00bb3arcades\u00a0\u00bb _builder_version=\u00a0\u00bb4.21.0&Prime; _module_preset=\u00a0\u00bbdefault\u00a0\u00bb header_2_text_color=\u00a0\u00bb#FBBA00&Prime; header_3_text_color=\u00a0\u00bb#E52629&Prime; header_3_font_size=\u00a0\u00bb56px\u00a0\u00bb global_colors_info=\u00a0\u00bb{}\u00a0\u00bb]<\/p>\n<h3 style=\"text-align: center;\">Nos 3 arcades et l\u2019espace Tourbillon<\/h3>\n<p>[\/et_pb_text][\/et_pb_column][\/et_pb_row][et_pb_row column_structure=\u00a0\u00bb1_3,1_3,1_3&Prime; disabled_on=\u00a0\u00bbon|on|on\u00a0\u00bb _builder_version=\u00a0\u00bb4.16&Prime; _module_preset=\u00a0\u00bbdefault\u00a0\u00bb disabled=\u00a0\u00bbon\u00a0\u00bb global_colors_info=\u00a0\u00bb{}\u00a0\u00bb][et_pb_column type=\u00a0\u00bb1_3&Prime; _builder_version=\u00a0\u00bb4.16&Prime; _module_preset=\u00a0\u00bbdefault\u00a0\u00bb global_colors_info=\u00a0\u00bb{}\u00a0\u00bb][et_pb_image src=\u00a0\u00bbhttps:\/\/www.geneveroule.ch\/wp-content\/uploads\/2021\/12\/LogoLocationPret.png\u00a0\u00bb alt=\u00a0\u00bbLogoGEroule-LocationPret\u00a0\u00bb title_text=\u00a0\u00bbLogoGEroule-LocationPret\u00a0\u00bb _builder_version=\u00a0\u00bb4.16&Prime; _module_preset=\u00a0\u00bbdefault\u00a0\u00bb custom_margin=\u00a0\u00bb||-2px||false|false\u00a0\u00bb global_colors_info=\u00a0\u00bb{}\u00a0\u00bb][\/et_pb_image][et_pb_blurb title=\u00a0\u00bbArcade Montbrillant\u00a0\u00bb image=\u00a0\u00bbhttps:\/\/www.geneveroule.ch\/wp-content\/uploads\/2021\/11\/arcade-montbrillant-geneverouleweb.jpg\u00a0\u00bb alt=\u00a0\u00bbarcade-montbrillant-geneverouleweb\u00a0\u00bb content_max_width=\u00a0\u00bb100%\u00a0\u00bb icon_alignment_tablet=\u00a0\u00bbleft\u00a0\u00bb icon_alignment_phone=\u00a0\u00bbleft\u00a0\u00bb icon_alignment_last_edited=\u00a0\u00bbon|tablet\u00a0\u00bb _builder_version=\u00a0\u00bb4.16&Prime; _module_preset=\u00a0\u00bbdefault\u00a0\u00bb header_level=\u00a0\u00bbh3&Prime; header_text_color=\u00a0\u00bb#FBBA00&Prime; header_font_size=\u00a0\u00bb36px\u00a0\u00bb header_text_align_tablet=\u00a0\u00bb\u00a0\u00bb header_text_align_phone=\u00a0\u00bb\u00a0\u00bb header_text_align_last_edited=\u00a0\u00bbon|tablet\u00a0\u00bb body_text_align_tablet=\u00a0\u00bbleft\u00a0\u00bb body_text_align_phone=\u00a0\u00bbleft\u00a0\u00bb body_text_align_last_edited=\u00a0\u00bbon|tablet\u00a0\u00bb text_orientation_tablet=\u00a0\u00bbleft\u00a0\u00bb text_orientation_phone=\u00a0\u00bbleft\u00a0\u00bb text_orientation_last_edited=\u00a0\u00bbon|tablet\u00a0\u00bb module_alignment_tablet=\u00a0\u00bbleft\u00a0\u00bb module_alignment_phone=\u00a0\u00bbleft\u00a0\u00bb module_alignment_last_edited=\u00a0\u00bbon|tablet\u00a0\u00bb border_radii_image=\u00a0\u00bbon|12px|12px|12px|12px\u00a0\u00bb border_width_all_image=\u00a0\u00bb1px\u00a0\u00bb border_color_all_image=\u00a0\u00bb#FBBA00&Prime; box_shadow_style_image=\u00a0\u00bbpreset4&Prime; box_shadow_color_image=\u00a0\u00bb#FBBA00&Prime; global_colors_info=\u00a0\u00bb{}\u00a0\u00bb]<\/p>\n<p>(sortie nord de la gare Cornavin)<\/p>\n<p>[\/et_pb_blurb][et_pb_blurb url=\u00a0\u00bb#plan\u00a0\u00bb use_icon=\u00a0\u00bbon\u00a0\u00bb font_icon=\u00a0\u00bb&#xe081;||divi||400&Prime; icon_color=\u00a0\u00bb#FBBA00&Prime; content_max_width=\u00a0\u00bb1500px\u00a0\u00bb content_max_width_tablet=\u00a0\u00bb1500px\u00a0\u00bb content_max_width_phone=\u00a0\u00bb1500px\u00a0\u00bb content_max_width_last_edited=\u00a0\u00bbon|tablet\u00a0\u00bb module_id=\u00a0\u00bb#google-map\u00a0\u00bb _builder_version=\u00a0\u00bb4.16&Prime; _module_preset=\u00a0\u00bb2aa45287-d8e7-4c9c-be3a-b7825e68200c\u00a0\u00bb width_tablet=\u00a0\u00bb\u00a0\u00bb width_phone=\u00a0\u00bb\u00a0\u00bb width_last_edited=\u00a0\u00bbon|tablet\u00a0\u00bb global_colors_info=\u00a0\u00bb{}\u00a0\u00bb]<\/p>\n<p>17, place Montbrillant<br \/>1201 Gen\u00e8ve<\/p>\n<p>[\/et_pb_blurb][et_pb_divider color=\u00a0\u00bb#FBBA00&Prime; disabled_on=\u00a0\u00bboff|on|on\u00a0\u00bb _builder_version=\u00a0\u00bb4.16&Prime; _module_preset=\u00a0\u00bbdefault\u00a0\u00bb global_colors_info=\u00a0\u00bb{}\u00a0\u00bb][\/et_pb_divider][\/et_pb_column][et_pb_column type=\u00a0\u00bb1_3&Prime; _builder_version=\u00a0\u00bb4.16&Prime; _module_preset=\u00a0\u00bbdefault\u00a0\u00bb global_colors_info=\u00a0\u00bb{}\u00a0\u00bb][et_pb_image src=\u00a0\u00bbhttps:\/\/www.geneveroule.ch\/wp-content\/uploads\/2021\/11\/Logo_Meyrinroule2.png\u00a0\u00bb alt=\u00a0\u00bbLogo_Meyrinroule(2)\u00a0\u00bb title_text=\u00a0\u00bbLogo_Meyrinroule(2)\u00a0\u00bb align=\u00a0\u00bbcenter\u00a0\u00bb _builder_version=\u00a0\u00bb4.16&Prime; _module_preset=\u00a0\u00bbdefault\u00a0\u00bb custom_margin=\u00a0\u00bb13px||22px||false|false\u00a0\u00bb custom_padding=\u00a0\u00bb|25px||25px|false|false\u00a0\u00bb global_colors_info=\u00a0\u00bb{}\u00a0\u00bb][\/et_pb_image][et_pb_blurb title=\u00a0\u00bbArcade Meyrinroule\u00a0\u00bb image=\u00a0\u00bbhttps:\/\/www.geneveroule.ch\/wp-content\/uploads\/2021\/11\/meyrinroule-web.jpg\u00a0\u00bb alt=\u00a0\u00bbmeyrinroule-web\u00a0\u00bb content_max_width_tablet=\u00a0\u00bb100%\u00a0\u00bb content_max_width_phone=\u00a0\u00bb100%\u00a0\u00bb content_max_width_last_edited=\u00a0\u00bbon|tablet\u00a0\u00bb _builder_version=\u00a0\u00bb4.16&Prime; _module_preset=\u00a0\u00bbdefault\u00a0\u00bb header_level=\u00a0\u00bbh3&Prime; header_text_color=\u00a0\u00bb#7AB41D\u00a0\u00bb header_font_size=\u00a0\u00bb36px\u00a0\u00bb border_radii_image=\u00a0\u00bbon|12px|12px|12px|12px\u00a0\u00bb border_width_all_image=\u00a0\u00bb1px\u00a0\u00bb border_color_all_image=\u00a0\u00bb#7AB41D\u00a0\u00bb box_shadow_style_image=\u00a0\u00bbpreset4&Prime; box_shadow_color_image=\u00a0\u00bb#7AB41D\u00a0\u00bb global_colors_info=\u00a0\u00bb{}\u00a0\u00bb]<\/p>\n<p>(au centre du village de Meyrin)<\/p>\n<p>[\/et_pb_blurb][et_pb_blurb url=\u00a0\u00bb#plan\u00a0\u00bb use_icon=\u00a0\u00bbon\u00a0\u00bb font_icon=\u00a0\u00bb&#xe081;||divi||400&Prime; icon_color=\u00a0\u00bb#7AB41D\u00a0\u00bb content_max_width=\u00a0\u00bb1500px\u00a0\u00bb content_max_width_tablet=\u00a0\u00bb1500px\u00a0\u00bb content_max_width_phone=\u00a0\u00bb1500px\u00a0\u00bb content_max_width_last_edited=\u00a0\u00bbon|tablet\u00a0\u00bb module_id=\u00a0\u00bb#google-map\u00a0\u00bb _builder_version=\u00a0\u00bb4.16&Prime; _module_preset=\u00a0\u00bb2aa45287-d8e7-4c9c-be3a-b7825e68200c\u00a0\u00bb width_tablet=\u00a0\u00bb\u00a0\u00bb width_phone=\u00a0\u00bb\u00a0\u00bb width_last_edited=\u00a0\u00bbon|tablet\u00a0\u00bb global_colors_info=\u00a0\u00bb{}\u00a0\u00bb]<\/p>\n<p>1, avenue Vaudagne<br \/>1217 Meyrin<\/p>\n<p>[\/et_pb_blurb][et_pb_text _builder_version=\u00a0\u00bb4.16&Prime; _module_preset=\u00a0\u00bbdefault\u00a0\u00bb global_colors_info=\u00a0\u00bb{}\u00a0\u00bb]<\/p>\n<p>Une fois dans la page r\u00e9servation, vous aurez la possibilit\u00e9 de <strong>choisir votre v\u00e9lo<\/strong> parmi notre large gamme, et le <strong>tarif sera affich\u00e9<\/strong> selon ce choix. Des <strong>casques<\/strong> et <strong>sacoches de randonn\u00e9e<\/strong> sont aussi disponibles \u00e0 la location.<\/p>\n<p>En option : <strong>assurance vol et d\u00e9g\u00e2ts<\/strong> et <strong>kit de r\u00e9paration crevaison<\/strong>.<\/p>\n<p><span style=\"color: #7ab41d;\">Les <strong>conditions de location<\/strong> se trouvent \u00e9galement directement dans notre outil de r\u00e9servation LOKKI.<\/span><\/p>\n<p>[\/et_pb_text][et_pb_divider color=\u00a0\u00bb#7AB41D\u00a0\u00bb disabled_on=\u00a0\u00bboff|on|on\u00a0\u00bb _builder_version=\u00a0\u00bb4.16&Prime; _module_preset=\u00a0\u00bbdefault\u00a0\u00bb global_colors_info=\u00a0\u00bb{}\u00a0\u00bb][\/et_pb_divider][\/et_pb_column][et_pb_column type=\u00a0\u00bb1_3&Prime; _builder_version=\u00a0\u00bb4.16&Prime; _module_preset=\u00a0\u00bbdefault\u00a0\u00bb global_colors_info=\u00a0\u00bb{}\u00a0\u00bb][et_pb_image src=\u00a0\u00bbhttps:\/\/www.geneveroule.ch\/wp-content\/uploads\/2021\/12\/LogoLocationPret.png\u00a0\u00bb alt=\u00a0\u00bbLogoGEroule-LocationPret\u00a0\u00bb title_text=\u00a0\u00bbLogoGEroule-LocationPret\u00a0\u00bb _builder_version=\u00a0\u00bb4.16&Prime; _module_preset=\u00a0\u00bbdefault\u00a0\u00bb custom_margin=\u00a0\u00bb||-2px||false|false\u00a0\u00bb global_colors_info=\u00a0\u00bb{}\u00a0\u00bb][\/et_pb_image][et_pb_blurb title=\u00a0\u00bbArcade Grand-Morillon\u00a0\u00bb image=\u00a0\u00bbhttps:\/\/www.geneveroule.ch\/wp-content\/uploads\/2022\/03\/Grand_Morillon_Geneveroule.jpg\u00a0\u00bb alt=\u00a0\u00bbplace_de_carantec_grand-saconnex_sur_ge.ch-web\u00a0\u00bb content_max_width_tablet=\u00a0\u00bb100%\u00a0\u00bb content_max_width_phone=\u00a0\u00bb100%\u00a0\u00bb content_max_width_last_edited=\u00a0\u00bbon|tablet\u00a0\u00bb _builder_version=\u00a0\u00bb4.27.4&Prime; _module_preset=\u00a0\u00bbdefault\u00a0\u00bb header_level=\u00a0\u00bbh3&Prime; header_text_color=\u00a0\u00bb#E52629&Prime; header_font_size=\u00a0\u00bb36px\u00a0\u00bb border_radii_image=\u00a0\u00bbon|12px|12px|12px|12px\u00a0\u00bb border_width_all_image=\u00a0\u00bb1px\u00a0\u00bb border_color_all_image=\u00a0\u00bb#E52629&Prime; box_shadow_style_image=\u00a0\u00bbpreset4&Prime; box_shadow_color_image=\u00a0\u00bb#E52629&Prime; global_colors_info=\u00a0\u00bb{}\u00a0\u00bb][\/et_pb_blurb][et_pb_blurb url=\u00a0\u00bb#plan\u00a0\u00bb use_icon=\u00a0\u00bbon\u00a0\u00bb font_icon=\u00a0\u00bb&#xe081;||divi||400&Prime; icon_color=\u00a0\u00bb#E52629&Prime; content_max_width=\u00a0\u00bb1500px\u00a0\u00bb content_max_width_tablet=\u00a0\u00bb1500px\u00a0\u00bb content_max_width_phone=\u00a0\u00bb1500px\u00a0\u00bb content_max_width_last_edited=\u00a0\u00bbon|tablet\u00a0\u00bb module_id=\u00a0\u00bb#google-map\u00a0\u00bb _builder_version=\u00a0\u00bb4.16&Prime; _module_preset=\u00a0\u00bb2aa45287-d8e7-4c9c-be3a-b7825e68200c\u00a0\u00bb width_tablet=\u00a0\u00bb\u00a0\u00bb width_phone=\u00a0\u00bb\u00a0\u00bb width_last_edited=\u00a0\u00bbon|tablet\u00a0\u00bb global_colors_info=\u00a0\u00bb{}\u00a0\u00bb]<\/p>\n<p>Rue Michelle-Nicod 4<br \/>1202 Gen\u00e8ve<\/p>\n<p>[\/et_pb_blurb][et_pb_text _builder_version=\u00a0\u00bb4.16.1&Prime; _module_preset=\u00a0\u00bbdefault\u00a0\u00bb global_colors_info=\u00a0\u00bb{}\u00a0\u00bb]<\/p>\n<p>Une fois dans la page r\u00e9servation, vous aurez la possibilit\u00e9 de <strong>choisir votre v\u00e9lo<\/strong> parmi notre large gamme, et le <strong>tarif sera affich\u00e9<\/strong> selon ce choix. Des <strong>casques<\/strong> et <strong>sacoches de randonn\u00e9e<\/strong> sont aussi disponibles \u00e0 la location.<\/p>\n<p>En option : <strong>assurance vol et d\u00e9g\u00e2ts<\/strong> et <strong>kit de r\u00e9paration crevaison<\/strong>.<\/p>\n<p><span style=\"color: #ff0000;\">Les <strong>conditions de location<\/strong> se trouvent \u00e9galement directement dans notre outil de r\u00e9servation LOKKI.<\/span><\/p>\n<p>[\/et_pb_text][et_pb_divider color=\u00a0\u00bb#E52629&Prime; disabled_on=\u00a0\u00bboff|on|on\u00a0\u00bb _builder_version=\u00a0\u00bb4.16.1&Prime; _module_preset=\u00a0\u00bbdefault\u00a0\u00bb global_colors_info=\u00a0\u00bb{}\u00a0\u00bb][\/et_pb_divider][\/et_pb_column][\/et_pb_row][et_pb_row column_structure=\u00a0\u00bb1_4,1_4,1_4,1_4&Prime; _builder_version=\u00a0\u00bb4.21.0&Prime; _module_preset=\u00a0\u00bbdefault\u00a0\u00bb width=\u00a0\u00bb98%\u00a0\u00bb max_width=\u00a0\u00bb1500px\u00a0\u00bb custom_margin=\u00a0\u00bb||0px||false|false\u00a0\u00bb custom_padding=\u00a0\u00bb||0px||false|false\u00a0\u00bb locked=\u00a0\u00bboff\u00a0\u00bb global_colors_info=\u00a0\u00bb{}\u00a0\u00bb][et_pb_column type=\u00a0\u00bb1_4&Prime; _builder_version=\u00a0\u00bb4.16&Prime; _module_preset=\u00a0\u00bbdefault\u00a0\u00bb global_colors_info=\u00a0\u00bb{}\u00a0\u00bb][et_pb_blurb title=\u00a0\u00bbArcade Montbrillant\u00a0\u00bb image=\u00a0\u00bbhttps:\/\/www.geneveroule.ch\/wp-content\/uploads\/2021\/11\/arcade-montbrillant-geneverouleweb.jpg\u00a0\u00bb alt=\u00a0\u00bbarcade-montbrillant-geneverouleweb\u00a0\u00bb _builder_version=\u00a0\u00bb4.16&Prime; _module_preset=\u00a0\u00bbdefault\u00a0\u00bb header_level=\u00a0\u00bbh3&Prime; header_text_color=\u00a0\u00bb#FBBA00&Prime; header_font_size=\u00a0\u00bb30px\u00a0\u00bb body_font=\u00a0\u00bb|300|||||||\u00a0\u00bb border_radii_image=\u00a0\u00bbon|12px|12px|12px|12px\u00a0\u00bb border_color_all_image=\u00a0\u00bb#FBBA00&Prime; box_shadow_style_image=\u00a0\u00bbpreset4&Prime; box_shadow_color_image=\u00a0\u00bb#FBBA00&Prime; global_colors_info=\u00a0\u00bb{}\u00a0\u00bb]<\/p>\n<p>(sortie nord de la gare Cornavin)<\/p>\n<p>[\/et_pb_blurb][et_pb_blurb url=\u00a0\u00bb#plan\u00a0\u00bb use_icon=\u00a0\u00bbon\u00a0\u00bb font_icon=\u00a0\u00bb&#xe081;||divi||400&Prime; icon_color=\u00a0\u00bb#FBBA00&Prime; content_max_width=\u00a0\u00bb1500px\u00a0\u00bb content_max_width_tablet=\u00a0\u00bb1500px\u00a0\u00bb content_max_width_phone=\u00a0\u00bb1500px\u00a0\u00bb content_max_width_last_edited=\u00a0\u00bbon|tablet\u00a0\u00bb module_id=\u00a0\u00bb#google-map\u00a0\u00bb _builder_version=\u00a0\u00bb4.16&Prime; _module_preset=\u00a0\u00bb2aa45287-d8e7-4c9c-be3a-b7825e68200c\u00a0\u00bb body_font=\u00a0\u00bb|300|||||||\u00a0\u00bb width_tablet=\u00a0\u00bb\u00a0\u00bb width_phone=\u00a0\u00bb\u00a0\u00bb width_last_edited=\u00a0\u00bbon|tablet\u00a0\u00bb global_colors_info=\u00a0\u00bb{}\u00a0\u00bb]<\/p>\n<p>17, place Montbrillant<br \/>1201 Gen\u00e8ve<\/p>\n<p>[\/et_pb_blurb][et_pb_blurb url=\u00a0\u00bb#plan\u00a0\u00bb use_icon=\u00a0\u00bbon\u00a0\u00bb font_icon=\u00a0\u00bb&#xf879;||fa||900&Prime; icon_color=\u00a0\u00bb#FBBA00&Prime; content_max_width=\u00a0\u00bb1500px\u00a0\u00bb content_max_width_tablet=\u00a0\u00bb1500px\u00a0\u00bb content_max_width_phone=\u00a0\u00bb1500px\u00a0\u00bb content_max_width_last_edited=\u00a0\u00bbon|tablet\u00a0\u00bb module_id=\u00a0\u00bb#google-map\u00a0\u00bb _builder_version=\u00a0\u00bb4.16&Prime; _module_preset=\u00a0\u00bb2aa45287-d8e7-4c9c-be3a-b7825e68200c\u00a0\u00bb width_tablet=\u00a0\u00bb\u00a0\u00bb width_phone=\u00a0\u00bb\u00a0\u00bb width_last_edited=\u00a0\u00bbon|tablet\u00a0\u00bb global_colors_info=\u00a0\u00bb{}\u00a0\u00bb]<\/p>\n<p><a href=\"tel+41227401343\">022 740 13 43<\/a><\/p>\n<p>[\/et_pb_blurb][et_pb_blurb url=\u00a0\u00bb#plan\u00a0\u00bb use_icon=\u00a0\u00bbon\u00a0\u00bb font_icon=\u00a0\u00bb&#xf017;||fa||400&Prime; icon_color=\u00a0\u00bb#FBBA00&Prime; content_max_width=\u00a0\u00bb1500px\u00a0\u00bb content_max_width_tablet=\u00a0\u00bb1500px\u00a0\u00bb content_max_width_phone=\u00a0\u00bb1500px\u00a0\u00bb content_max_width_last_edited=\u00a0\u00bbon|tablet\u00a0\u00bb module_id=\u00a0\u00bb#google-map\u00a0\u00bb _builder_version=\u00a0\u00bb4.24.2&Prime; _module_preset=\u00a0\u00bb2aa45287-d8e7-4c9c-be3a-b7825e68200c\u00a0\u00bb width_tablet=\u00a0\u00bb\u00a0\u00bb width_phone=\u00a0\u00bb\u00a0\u00bb width_last_edited=\u00a0\u00bbon|tablet\u00a0\u00bb global_colors_info=\u00a0\u00bb{}\u00a0\u00bb]<\/p>\n<p>7\/7 jours<\/p>\n<p>08h00-18h30<\/p>\n<p>[\/et_pb_blurb][et_pb_button button_url=\u00a0\u00bbhttps:\/\/geneveroule.lokki.rent\/\u00a0\u00bb url_new_window=\u00a0\u00bbon\u00a0\u00bb button_text=\u00a0\u00bbR\u00e9servez votre v\u00e9lo\u00a0\u00bb button_alignment=\u00a0\u00bbleft\u00a0\u00bb _builder_version=\u00a0\u00bb4.16&Prime; _module_preset=\u00a0\u00bbdefault\u00a0\u00bb custom_button=\u00a0\u00bbon\u00a0\u00bb button_bg_color=\u00a0\u00bb#FBBA00&Prime; button_border_color=\u00a0\u00bb#FBBA00&Prime; button_on_hover=\u00a0\u00bboff\u00a0\u00bb custom_margin_tablet=\u00a0\u00bb\u00a0\u00bb custom_margin_phone=\u00a0\u00bb50px||||false|false\u00a0\u00bb custom_margin_last_edited=\u00a0\u00bbon|phone\u00a0\u00bb global_colors_info=\u00a0\u00bb{}\u00a0\u00bb button_bg_color__hover_enabled=\u00a0\u00bbon|hover\u00a0\u00bb button_bg_color__hover=\u00a0\u00bb#FFFFFF\u00a0\u00bb button_bg_enable_color__hover=\u00a0\u00bbon\u00a0\u00bb button_text_color__hover_enabled=\u00a0\u00bbon|hover\u00a0\u00bb button_text_color__hover=\u00a0\u00bb#3023AD\u00a0\u00bb button_border_color__hover_enabled=\u00a0\u00bbon|hover\u00a0\u00bb button_border_color__hover=\u00a0\u00bb#3023AD\u00a0\u00bb][\/et_pb_button][\/et_pb_column][et_pb_column type=\u00a0\u00bb1_4&Prime; _builder_version=\u00a0\u00bb4.16&Prime; _module_preset=\u00a0\u00bbdefault\u00a0\u00bb global_colors_info=\u00a0\u00bb{}\u00a0\u00bb][et_pb_blurb title=\u00a0\u00bbArcade Meyrinroule\u00a0\u00bb image=\u00a0\u00bbhttps:\/\/www.geneveroule.ch\/wp-content\/uploads\/2024\/08\/Arcade-Meyrinroule.jpg\u00a0\u00bb alt=\u00a0\u00bbmeyrinroule-web\u00a0\u00bb _builder_version=\u00a0\u00bb4.25.1&Prime; _module_preset=\u00a0\u00bbdefault\u00a0\u00bb header_level=\u00a0\u00bbh3&Prime; header_text_color=\u00a0\u00bb#7AB41D\u00a0\u00bb header_font_size=\u00a0\u00bb30px\u00a0\u00bb body_font=\u00a0\u00bb|300|||||||\u00a0\u00bb border_radii_image=\u00a0\u00bbon|12px|12px|12px|12px\u00a0\u00bb border_color_all_image=\u00a0\u00bb#7AB41D\u00a0\u00bb box_shadow_style_image=\u00a0\u00bbpreset4&Prime; box_shadow_color_image=\u00a0\u00bb#7AB41D\u00a0\u00bb global_colors_info=\u00a0\u00bb{}\u00a0\u00bb]<\/p>\n<p>(au centre de la ville de Meyrin)<\/p>\n<p>[\/et_pb_blurb][et_pb_blurb url=\u00a0\u00bb#plan\u00a0\u00bb use_icon=\u00a0\u00bbon\u00a0\u00bb font_icon=\u00a0\u00bb&#xe081;||divi||400&Prime; icon_color=\u00a0\u00bb#7AB41D\u00a0\u00bb content_max_width=\u00a0\u00bb1500px\u00a0\u00bb content_max_width_tablet=\u00a0\u00bb1500px\u00a0\u00bb content_max_width_phone=\u00a0\u00bb1500px\u00a0\u00bb content_max_width_last_edited=\u00a0\u00bbon|tablet\u00a0\u00bb module_id=\u00a0\u00bb#google-map\u00a0\u00bb _builder_version=\u00a0\u00bb4.16&Prime; _module_preset=\u00a0\u00bb2aa45287-d8e7-4c9c-be3a-b7825e68200c\u00a0\u00bb body_font=\u00a0\u00bb|300|||||||\u00a0\u00bb width_tablet=\u00a0\u00bb\u00a0\u00bb width_phone=\u00a0\u00bb\u00a0\u00bb width_last_edited=\u00a0\u00bbon|tablet\u00a0\u00bb global_colors_info=\u00a0\u00bb{}\u00a0\u00bb]<\/p>\n<p>1, avenue Vaudagne<br \/>1217 Meyrin<\/p>\n<p>[\/et_pb_blurb][et_pb_blurb url=\u00a0\u00bb#plan\u00a0\u00bb use_icon=\u00a0\u00bbon\u00a0\u00bb font_icon=\u00a0\u00bb&#xf879;||fa||900&Prime; icon_color=\u00a0\u00bb#7AB41D\u00a0\u00bb content_max_width=\u00a0\u00bb1500px\u00a0\u00bb content_max_width_tablet=\u00a0\u00bb1500px\u00a0\u00bb content_max_width_phone=\u00a0\u00bb1500px\u00a0\u00bb content_max_width_last_edited=\u00a0\u00bbon|tablet\u00a0\u00bb module_id=\u00a0\u00bb#google-map\u00a0\u00bb _builder_version=\u00a0\u00bb4.16&Prime; _module_preset=\u00a0\u00bb2aa45287-d8e7-4c9c-be3a-b7825e68200c\u00a0\u00bb width_tablet=\u00a0\u00bb\u00a0\u00bb width_phone=\u00a0\u00bb\u00a0\u00bb width_last_edited=\u00a0\u00bbon|tablet\u00a0\u00bb global_colors_info=\u00a0\u00bb{}\u00a0\u00bb]<\/p>\n<p><a href=\"tel+41227401343\">022 740 10 70<\/a><\/p>\n<p>[\/et_pb_blurb][et_pb_blurb url=\u00a0\u00bb#plan\u00a0\u00bb use_icon=\u00a0\u00bbon\u00a0\u00bb font_icon=\u00a0\u00bb&#xf017;||fa||400&Prime; icon_color=\u00a0\u00bb#7AB41D\u00a0\u00bb content_max_width=\u00a0\u00bb1500px\u00a0\u00bb content_max_width_tablet=\u00a0\u00bb1500px\u00a0\u00bb content_max_width_phone=\u00a0\u00bb1500px\u00a0\u00bb content_max_width_last_edited=\u00a0\u00bbon|tablet\u00a0\u00bb module_id=\u00a0\u00bb#google-map\u00a0\u00bb _builder_version=\u00a0\u00bb4.24.2&Prime; _module_preset=\u00a0\u00bb2aa45287-d8e7-4c9c-be3a-b7825e68200c\u00a0\u00bb width_tablet=\u00a0\u00bb\u00a0\u00bb width_phone=\u00a0\u00bb\u00a0\u00bb width_last_edited=\u00a0\u00bbon|tablet\u00a0\u00bb global_colors_info=\u00a0\u00bb{}\u00a0\u00bb]<\/p>\n<p>7\/7 jours<\/p>\n<p>08h00-12h30, 13h30-18h30<\/p>\n<p>[\/et_pb_blurb][et_pb_button button_url=\u00a0\u00bbhttps:\/\/meyrinroule.lokki.rent\/\u00a0\u00bb url_new_window=\u00a0\u00bbon\u00a0\u00bb button_text=\u00a0\u00bbR\u00e9servez votre v\u00e9lo\u00a0\u00bb button_alignment=\u00a0\u00bbleft\u00a0\u00bb _builder_version=\u00a0\u00bb4.16&Prime; _module_preset=\u00a0\u00bbdefault\u00a0\u00bb custom_button=\u00a0\u00bbon\u00a0\u00bb button_bg_color=\u00a0\u00bb#7AB41D\u00a0\u00bb button_border_color=\u00a0\u00bb#7AB41D\u00a0\u00bb button_on_hover=\u00a0\u00bboff\u00a0\u00bb custom_margin_tablet=\u00a0\u00bb\u00a0\u00bb custom_margin_phone=\u00a0\u00bb50px||||false|false\u00a0\u00bb custom_margin_last_edited=\u00a0\u00bbon|phone\u00a0\u00bb global_colors_info=\u00a0\u00bb{}\u00a0\u00bb button_bg_color__hover_enabled=\u00a0\u00bbon|hover\u00a0\u00bb button_bg_color__hover=\u00a0\u00bb#FFFFFF\u00a0\u00bb button_bg_enable_color__hover=\u00a0\u00bbon\u00a0\u00bb button_text_color__hover_enabled=\u00a0\u00bbon|hover\u00a0\u00bb button_text_color__hover=\u00a0\u00bb#3023AD\u00a0\u00bb button_border_color__hover_enabled=\u00a0\u00bbon|hover\u00a0\u00bb button_border_color__hover=\u00a0\u00bb#3023AD\u00a0\u00bb][\/et_pb_button][\/et_pb_column][et_pb_column type=\u00a0\u00bb1_4&Prime; _builder_version=\u00a0\u00bb4.16&Prime; _module_preset=\u00a0\u00bbdefault\u00a0\u00bb global_colors_info=\u00a0\u00bb{}\u00a0\u00bb][et_pb_blurb title=\u00a0\u00bbArcade Grand-Morillon\u00a0\u00bb image=\u00a0\u00bbhttps:\/\/www.geneveroule.ch\/wp-content\/uploads\/2022\/11\/Grand-Morillon.jpg\u00a0\u00bb alt=\u00a0\u00bbplace_de_carantec_grand-saconnex_sur_ge.ch-web\u00a0\u00bb _builder_version=\u00a0\u00bb4.18.0&Prime; _module_preset=\u00a0\u00bbdefault\u00a0\u00bb header_level=\u00a0\u00bbh3&Prime; header_text_color=\u00a0\u00bb#E52629&Prime; header_font_size=\u00a0\u00bb30px\u00a0\u00bb body_font=\u00a0\u00bb|300|||||||\u00a0\u00bb border_radii_image=\u00a0\u00bbon|12px|12px|12px|12px\u00a0\u00bb border_color_all_image=\u00a0\u00bb#E52629&Prime; box_shadow_style_image=\u00a0\u00bbpreset4&Prime; box_shadow_color_image=\u00a0\u00bb#E52629&Prime; global_colors_info=\u00a0\u00bb{}\u00a0\u00bb]<\/p>\n<p>(dans le quartier du Grand Morillon)<\/p>\n<p>[\/et_pb_blurb][et_pb_blurb url=\u00a0\u00bb#plan\u00a0\u00bb use_icon=\u00a0\u00bbon\u00a0\u00bb font_icon=\u00a0\u00bb&#xe081;||divi||400&Prime; icon_color=\u00a0\u00bb#E52629&Prime; content_max_width=\u00a0\u00bb1500px\u00a0\u00bb content_max_width_tablet=\u00a0\u00bb1500px\u00a0\u00bb content_max_width_phone=\u00a0\u00bb1500px\u00a0\u00bb content_max_width_last_edited=\u00a0\u00bbon|tablet\u00a0\u00bb module_id=\u00a0\u00bb#google-map\u00a0\u00bb _builder_version=\u00a0\u00bb4.16&Prime; _module_preset=\u00a0\u00bb2aa45287-d8e7-4c9c-be3a-b7825e68200c\u00a0\u00bb body_font=\u00a0\u00bb|300|||||||\u00a0\u00bb width_tablet=\u00a0\u00bb\u00a0\u00bb width_phone=\u00a0\u00bb\u00a0\u00bb width_last_edited=\u00a0\u00bbon|tablet\u00a0\u00bb global_colors_info=\u00a0\u00bb{}\u00a0\u00bb]<\/p>\n<p>Rue Michelle-Nicod 4<br \/>1202 Gen\u00e8ve<\/p>\n<p>[\/et_pb_blurb][et_pb_blurb url=\u00a0\u00bb#plan\u00a0\u00bb use_icon=\u00a0\u00bbon\u00a0\u00bb font_icon=\u00a0\u00bb&#xf879;||fa||900&Prime; icon_color=\u00a0\u00bb#E52629&Prime; content_max_width=\u00a0\u00bb1500px\u00a0\u00bb content_max_width_tablet=\u00a0\u00bb1500px\u00a0\u00bb content_max_width_phone=\u00a0\u00bb1500px\u00a0\u00bb content_max_width_last_edited=\u00a0\u00bbon|tablet\u00a0\u00bb module_id=\u00a0\u00bb#google-map\u00a0\u00bb _builder_version=\u00a0\u00bb4.16.1&Prime; _module_preset=\u00a0\u00bb2aa45287-d8e7-4c9c-be3a-b7825e68200c\u00a0\u00bb width_tablet=\u00a0\u00bb\u00a0\u00bb width_phone=\u00a0\u00bb\u00a0\u00bb width_last_edited=\u00a0\u00bbon|tablet\u00a0\u00bb global_colors_info=\u00a0\u00bb{}\u00a0\u00bb]<\/p>\n<p><a href=\"tel+4122\">022 740 13 47<\/a><\/p>\n<p>[\/et_pb_blurb][et_pb_blurb url=\u00a0\u00bb#plan\u00a0\u00bb use_icon=\u00a0\u00bbon\u00a0\u00bb font_icon=\u00a0\u00bb&#xf017;||fa||400&Prime; icon_color=\u00a0\u00bb#E52629&Prime; content_max_width=\u00a0\u00bb1500px\u00a0\u00bb content_max_width_tablet=\u00a0\u00bb1500px\u00a0\u00bb content_max_width_phone=\u00a0\u00bb1500px\u00a0\u00bb content_max_width_last_edited=\u00a0\u00bbon|tablet\u00a0\u00bb module_id=\u00a0\u00bb#google-map\u00a0\u00bb _builder_version=\u00a0\u00bb4.27.5&Prime; _module_preset=\u00a0\u00bb2aa45287-d8e7-4c9c-be3a-b7825e68200c\u00a0\u00bb width_tablet=\u00a0\u00bb\u00a0\u00bb width_phone=\u00a0\u00bb\u00a0\u00bb width_last_edited=\u00a0\u00bbon|tablet\u00a0\u00bb global_colors_info=\u00a0\u00bb{}\u00a0\u00bb]<\/p>\n<p>Du lundi au vendredi:<\/p>\n<p>08h00-12h30; 13h30-17h00<\/p>\n<p>[\/et_pb_blurb][et_pb_button button_url=\u00a0\u00bbhttps:\/\/grand-morillon.lokki.rent\/\u00a0\u00bb url_new_window=\u00a0\u00bbon\u00a0\u00bb button_text=\u00a0\u00bbR\u00e9servez votre v\u00e9lo\u00a0\u00bb button_alignment=\u00a0\u00bbleft\u00a0\u00bb _builder_version=\u00a0\u00bb4.16.1&Prime; _module_preset=\u00a0\u00bbdefault\u00a0\u00bb custom_button=\u00a0\u00bbon\u00a0\u00bb button_bg_color=\u00a0\u00bb#E52629&Prime; button_border_color=\u00a0\u00bb#E52629&Prime; button_on_hover=\u00a0\u00bboff\u00a0\u00bb custom_margin_tablet=\u00a0\u00bb\u00a0\u00bb custom_margin_phone=\u00a0\u00bb50px||||false|false\u00a0\u00bb custom_margin_last_edited=\u00a0\u00bbon|phone\u00a0\u00bb global_colors_info=\u00a0\u00bb{}\u00a0\u00bb button_bg_color__hover_enabled=\u00a0\u00bbon|hover\u00a0\u00bb button_bg_color__hover=\u00a0\u00bb#FFFFFF\u00a0\u00bb button_bg_enable_color__hover=\u00a0\u00bbon\u00a0\u00bb button_text_color__hover_enabled=\u00a0\u00bbon|hover\u00a0\u00bb button_text_color__hover=\u00a0\u00bb#3023AD\u00a0\u00bb button_border_color__hover_enabled=\u00a0\u00bbon|hover\u00a0\u00bb button_border_color__hover=\u00a0\u00bb#3023AD\u00a0\u00bb][\/et_pb_button][\/et_pb_column][et_pb_column type=\u00a0\u00bb1_4&Prime; _builder_version=\u00a0\u00bb4.16&Prime; _module_preset=\u00a0\u00bbdefault\u00a0\u00bb global_colors_info=\u00a0\u00bb{}\u00a0\u00bb][et_pb_blurb title=\u00a0\u00bbEspace Tourbillon\u00a0\u00bb image_icon_background_color=\u00a0\u00bb#3023AD\u00a0\u00bb image=\u00a0\u00bbhttps:\/\/www.geneveroule.ch\/wp-content\/uploads\/2023\/07\/location_tourbillon.jpg\u00a0\u00bb alt=\u00a0\u00bbarcade-montbrillant-geneverouleweb\u00a0\u00bb _builder_version=\u00a0\u00bb4.21.0&Prime; _module_preset=\u00a0\u00bbdefault\u00a0\u00bb header_level=\u00a0\u00bbh3&Prime; header_text_color=\u00a0\u00bb#3023AD\u00a0\u00bb header_font_size=\u00a0\u00bb30px\u00a0\u00bb body_font=\u00a0\u00bb|300|||||||\u00a0\u00bb border_color_all=\u00a0\u00bb#3023AD\u00a0\u00bb border_radii_image=\u00a0\u00bbon|12px|12px|12px|12px\u00a0\u00bb border_color_all_image=\u00a0\u00bb#3023AD\u00a0\u00bb box_shadow_style_image=\u00a0\u00bbpreset4&Prime; box_shadow_color_image=\u00a0\u00bb#3023AD\u00a0\u00bb global_colors_info=\u00a0\u00bb{}\u00a0\u00bb]<\/p>\n<p>(ZI de Plan les Ouates)<\/p>\n<p>[\/et_pb_blurb][et_pb_blurb url=\u00a0\u00bb#plan\u00a0\u00bb use_icon=\u00a0\u00bbon\u00a0\u00bb font_icon=\u00a0\u00bb&#xe081;||divi||400&Prime; icon_color=\u00a0\u00bb#3023AD\u00a0\u00bb image_icon_background_color=\u00a0\u00bbRGBA(255,255,255,0)\u00a0\u00bb content_max_width=\u00a0\u00bb1500px\u00a0\u00bb content_max_width_tablet=\u00a0\u00bb1500px\u00a0\u00bb content_max_width_phone=\u00a0\u00bb1500px\u00a0\u00bb content_max_width_last_edited=\u00a0\u00bbon|tablet\u00a0\u00bb module_id=\u00a0\u00bb#google-map\u00a0\u00bb _builder_version=\u00a0\u00bb4.21.0&Prime; _module_preset=\u00a0\u00bb2aa45287-d8e7-4c9c-be3a-b7825e68200c\u00a0\u00bb body_font=\u00a0\u00bb|300|||||||\u00a0\u00bb body_line_height=\u00a0\u00bb1em\u00a0\u00bb background_color=\u00a0\u00bbRGBA(255,255,255,0)\u00a0\u00bb width_tablet=\u00a0\u00bb\u00a0\u00bb width_phone=\u00a0\u00bb\u00a0\u00bb width_last_edited=\u00a0\u00bbon|tablet\u00a0\u00bb global_colors_info=\u00a0\u00bb{}\u00a0\u00bb]<\/p>\n<p>19A, Route de la Galaise<\/p>\n<p>1228 Plan-les-Ouates<\/p>\n<p>[\/et_pb_blurb][et_pb_blurb url=\u00a0\u00bb#plan\u00a0\u00bb use_icon=\u00a0\u00bbon\u00a0\u00bb font_icon=\u00a0\u00bb&#xf879;||fa||900&Prime; icon_color=\u00a0\u00bb#3023AD\u00a0\u00bb content_max_width=\u00a0\u00bb1500px\u00a0\u00bb content_max_width_tablet=\u00a0\u00bb1500px\u00a0\u00bb content_max_width_phone=\u00a0\u00bb1500px\u00a0\u00bb content_max_width_last_edited=\u00a0\u00bbon|tablet\u00a0\u00bb module_id=\u00a0\u00bb#google-map\u00a0\u00bb _builder_version=\u00a0\u00bb4.23.1&Prime; _module_preset=\u00a0\u00bb2aa45287-d8e7-4c9c-be3a-b7825e68200c\u00a0\u00bb width_tablet=\u00a0\u00bb\u00a0\u00bb width_phone=\u00a0\u00bb\u00a0\u00bb width_last_edited=\u00a0\u00bbon|tablet\u00a0\u00bb custom_padding=\u00a0\u00bb12px||||false|false\u00a0\u00bb locked=\u00a0\u00bboff\u00a0\u00bb global_colors_info=\u00a0\u00bb{}\u00a0\u00bb]<\/p>\n<p><a href=\"tel+41227401343\">022 580 39 50<\/a><\/p>\n<p>[\/et_pb_blurb][et_pb_blurb url=\u00a0\u00bb#plan\u00a0\u00bb use_icon=\u00a0\u00bbon\u00a0\u00bb font_icon=\u00a0\u00bb&#xf017;||fa||400&Prime; icon_color=\u00a0\u00bb#3023AD\u00a0\u00bb content_max_width=\u00a0\u00bb1500px\u00a0\u00bb content_max_width_tablet=\u00a0\u00bb1500px\u00a0\u00bb content_max_width_phone=\u00a0\u00bb1500px\u00a0\u00bb content_max_width_last_edited=\u00a0\u00bbon|tablet\u00a0\u00bb module_id=\u00a0\u00bb#google-map\u00a0\u00bb _builder_version=\u00a0\u00bb4.22.2&Prime; _module_preset=\u00a0\u00bb2aa45287-d8e7-4c9c-be3a-b7825e68200c\u00a0\u00bb width_tablet=\u00a0\u00bb\u00a0\u00bb width_phone=\u00a0\u00bb\u00a0\u00bb width_last_edited=\u00a0\u00bbon|tablet\u00a0\u00bb locked=\u00a0\u00bboff\u00a0\u00bb global_colors_info=\u00a0\u00bb{}\u00a0\u00bb]<\/p>\n<p>Lundi au Vendredi<\/p>\n<p>8h00-12h00; 13h00-17h00<\/p>\n<p>[\/et_pb_blurb][et_pb_button button_url=\u00a0\u00bbhttps:\/\/espace-tourbillon.lokki.rent\u00a0\u00bb url_new_window=\u00a0\u00bbon\u00a0\u00bb button_text=\u00a0\u00bbR\u00e9servez votre v\u00e9lo\u00a0\u00bb button_alignment=\u00a0\u00bbleft\u00a0\u00bb _builder_version=\u00a0\u00bb4.21.0&Prime; _module_preset=\u00a0\u00bbdefault\u00a0\u00bb custom_button=\u00a0\u00bbon\u00a0\u00bb button_bg_color=\u00a0\u00bb#3023AD\u00a0\u00bb button_border_color=\u00a0\u00bb#3023AD\u00a0\u00bb button_on_hover=\u00a0\u00bboff\u00a0\u00bb custom_margin_tablet=\u00a0\u00bb\u00a0\u00bb custom_margin_phone=\u00a0\u00bb50px||||false|false\u00a0\u00bb custom_margin_last_edited=\u00a0\u00bbon|phone\u00a0\u00bb locked=\u00a0\u00bboff\u00a0\u00bb global_colors_info=\u00a0\u00bb{}\u00a0\u00bb button_bg_color__hover_enabled=\u00a0\u00bbon|hover\u00a0\u00bb button_bg_color__hover=\u00a0\u00bb#FFFFFF\u00a0\u00bb button_bg_enable_color__hover=\u00a0\u00bbon\u00a0\u00bb button_text_color__hover_enabled=\u00a0\u00bbon|hover\u00a0\u00bb button_text_color__hover=\u00a0\u00bb#3023AD\u00a0\u00bb button_border_color__hover_enabled=\u00a0\u00bbon|hover\u00a0\u00bb button_border_color__hover=\u00a0\u00bb#3023AD\u00a0\u00bb][\/et_pb_button][\/et_pb_column][\/et_pb_row][et_pb_row _builder_version=\u00a0\u00bb4.21.0&Prime; _module_preset=\u00a0\u00bbdefault\u00a0\u00bb global_colors_info=\u00a0\u00bb{}\u00a0\u00bb][et_pb_column type=\u00a0\u00bb4_4&Prime; _builder_version=\u00a0\u00bb4.21.0&Prime; _module_preset=\u00a0\u00bbdefault\u00a0\u00bb global_colors_info=\u00a0\u00bb{}\u00a0\u00bb][et_pb_text _builder_version=\u00a0\u00bb4.21.0&Prime; _module_preset=\u00a0\u00bbdefault\u00a0\u00bb width=\u00a0\u00bb75%\u00a0\u00bb module_alignment=\u00a0\u00bbcenter\u00a0\u00bb global_colors_info=\u00a0\u00bb{}\u00a0\u00bb]<\/p>\n<p style=\"text-align: center;\">Une fois dans la page r\u00e9servation, vous aurez la possibilit\u00e9 de <strong>choisir votre v\u00e9lo<\/strong> parmi notre large gamme, et le <strong>tarif sera affich\u00e9<\/strong> selon ce choix. Des <strong>casques<\/strong> et <strong>sacoches de randonn\u00e9e<\/strong> sont aussi disponibles \u00e0 la location.<\/p>\n<p style=\"text-align: center;\">En option : <strong>assurance vol et d\u00e9g\u00e2ts<\/strong> et <strong>kit de r\u00e9paration crevaison<\/strong>.<\/p>\n<p style=\"text-align: center;\"><span style=\"color: #fbba00;\">Les <strong>conditions de location<\/strong> se trouvent \u00e9galement directement dans notre outil de r\u00e9servation LOKKI.<\/span><\/p>\n<p>[\/et_pb_text][\/et_pb_column][\/et_pb_row][\/et_pb_section][et_pb_section fb_built=\u00a0\u00bb1&Prime; disabled_on=\u00a0\u00bbon|on|on\u00a0\u00bb admin_label=\u00a0\u00bbServices\u00a0\u00bb _builder_version=\u00a0\u00bb4.27.2&Prime; background_color=\u00a0\u00bb#FFFFFF\u00a0\u00bb disabled=\u00a0\u00bbon\u00a0\u00bb locked=\u00a0\u00bboff\u00a0\u00bb global_colors_info=\u00a0\u00bb{}\u00a0\u00bb title_text_tablet=\u00a0\u00bbupholsterer-41&Prime;][et_pb_row column_structure=\u00a0\u00bb1_3,2_3&Prime; disabled_on=\u00a0\u00bboff|off|off\u00a0\u00bb _builder_version=\u00a0\u00bb4.17.4&Prime; _module_preset=\u00a0\u00bbdefault\u00a0\u00bb background_color=\u00a0\u00bbRGBA(255,255,255,0)\u00a0\u00bb module_alignment=\u00a0\u00bbcenter\u00a0\u00bb custom_margin=\u00a0\u00bb||||false|false\u00a0\u00bb custom_padding=\u00a0\u00bb|||30px|false|false\u00a0\u00bb border_radii=\u00a0\u00bbon|12px|12px|12px|12px\u00a0\u00bb border_width_all=\u00a0\u00bb5px\u00a0\u00bb border_color_all=\u00a0\u00bb#FBBA00&Prime; border_style_all=\u00a0\u00bbdotted\u00a0\u00bb global_colors_info=\u00a0\u00bb{}\u00a0\u00bb background__hover_enabled=\u00a0\u00bbon|hover\u00a0\u00bb background_color_gradient_end__hover=\u00a0\u00bb#fbba00&Prime; use_background_color_gradient__hover=\u00a0\u00bbon\u00a0\u00bb background_color_gradient_start__hover=\u00a0\u00bb#ffffff\u00a0\u00bb background_color_gradient_stops__hover=\u00a0\u00bb#ffffff 0%|#fbba00 100%\u00a0\u00bb][et_pb_column type=\u00a0\u00bb1_3&Prime; _builder_version=\u00a0\u00bb4.16&Prime; _module_preset=\u00a0\u00bbdefault\u00a0\u00bb custom_padding=\u00a0\u00bb||||false|false\u00a0\u00bb global_colors_info=\u00a0\u00bb{}\u00a0\u00bb][et_pb_image src=\u00a0\u00bbhttps:\/\/www.geneveroule.ch\/wp-content\/uploads\/2024\/08\/Offre-estivale-Meyrinroule.png\u00a0\u00bb alt=\u00a0\u00bblocation_hiver\u00a0\u00bb title_text=\u00a0\u00bbOffre estivale Meyrinroule\u00a0\u00bb align=\u00a0\u00bbcenter\u00a0\u00bb _builder_version=\u00a0\u00bb4.25.1&Prime; _module_preset=\u00a0\u00bbdefault\u00a0\u00bb width_tablet=\u00a0\u00bb\u00a0\u00bb width_phone=\u00a0\u00bb80%\u00a0\u00bb width_last_edited=\u00a0\u00bbon|phone\u00a0\u00bb module_alignment=\u00a0\u00bbleft\u00a0\u00bb custom_margin=\u00a0\u00bb0px||0px||false|false\u00a0\u00bb custom_padding=\u00a0\u00bb0px||0px||false|false\u00a0\u00bb global_colors_info=\u00a0\u00bb{}\u00a0\u00bb][\/et_pb_image][\/et_pb_column][et_pb_column type=\u00a0\u00bb2_3&Prime; _builder_version=\u00a0\u00bb4.16&Prime; _module_preset=\u00a0\u00bbdefault\u00a0\u00bb global_colors_info=\u00a0\u00bb{}\u00a0\u00bb][et_pb_text module_id=\u00a0\u00bboffrehivernale\u00a0\u00bb _builder_version=\u00a0\u00bb4.17.4&Prime; _module_preset=\u00a0\u00bbdefault\u00a0\u00bb text_text_color=\u00a0\u00bb#FBBA00&Prime; header_text_color=\u00a0\u00bb#FBBA00&Prime; header_2_text_color=\u00a0\u00bb#FBBA00&Prime; header_2_font_size=\u00a0\u00bb52px\u00a0\u00bb header_3_text_color=\u00a0\u00bb#FBBA00&Prime; header_3_font_size=\u00a0\u00bb56px\u00a0\u00bb header_4_text_color=\u00a0\u00bb#FBBA00&Prime; custom_margin=\u00a0\u00bb||5px||false|false\u00a0\u00bb global_colors_info=\u00a0\u00bb{}\u00a0\u00bb]<\/p>\n<h3 style=\"text-align: left;\">Offre estivale<\/h3>\n<p>[\/et_pb_text][et_pb_text _builder_version=\u00a0\u00bb4.25.1&Prime; _module_preset=\u00a0\u00bbdefault\u00a0\u00bb custom_padding=\u00a0\u00bb10px|30px|||false|false\u00a0\u00bb global_colors_info=\u00a0\u00bb{}\u00a0\u00bb]<\/p>\n<div class=\"clearboth\">\n<p>Avis aux habitant-e-s de Meyrin : b\u00e9n\u00e9ficiez d&rsquo;une <strong>r\u00e9duction estivale de 20%<\/strong> sur toutes les locations dans notre <strong>arcade de Meyrinroule<\/strong> !<\/p>\n<p>Offre valable du 1er ao\u00fbt au 30 septembre 2024.<\/p>\n<\/div>\n<p>[\/et_pb_text][\/et_pb_column][\/et_pb_row][\/et_pb_section][et_pb_section fb_built=\u00a0\u00bb1&Prime; disabled_on=\u00a0\u00bbon|on|on\u00a0\u00bb admin_label=\u00a0\u00bbServices\u00a0\u00bb _builder_version=\u00a0\u00bb4.16&Prime; background_color=\u00a0\u00bbRGBA(255,255,255,0)\u00a0\u00bb disabled=\u00a0\u00bbon\u00a0\u00bb global_colors_info=\u00a0\u00bb{}\u00a0\u00bb title_text_tablet=\u00a0\u00bbupholsterer-41&Prime;][et_pb_row _builder_version=\u00a0\u00bb4.16&Prime; _module_preset=\u00a0\u00bbdefault\u00a0\u00bb global_colors_info=\u00a0\u00bb{}\u00a0\u00bb][et_pb_column type=\u00a0\u00bb4_4&Prime; _builder_version=\u00a0\u00bb4.16&Prime; _module_preset=\u00a0\u00bbdefault\u00a0\u00bb global_colors_info=\u00a0\u00bb{}\u00a0\u00bb][et_pb_text module_id=\u00a0\u00bbpret\u00a0\u00bb _builder_version=\u00a0\u00bb4.16&Prime; _module_preset=\u00a0\u00bbdefault\u00a0\u00bb text_text_color=\u00a0\u00bb#FBBA00&Prime; header_text_color=\u00a0\u00bb#E52629&Prime; header_2_text_color=\u00a0\u00bb#E52629&Prime; header_2_font_size=\u00a0\u00bb56px\u00a0\u00bb global_colors_info=\u00a0\u00bb{}\u00a0\u00bb]<\/p>\n<h2 style=\"text-align: center;\">Pr\u00eat de v\u00e9los<\/h2>\n<p>[\/et_pb_text][et_pb_text _builder_version=\u00a0\u00bb4.27.4&Prime; _module_preset=\u00a0\u00bbdefault\u00a0\u00bb header_6_font_size_tablet=\u00a0\u00bb36px\u00a0\u00bb header_6_font_size_phone=\u00a0\u00bb29px\u00a0\u00bb header_6_font_size_last_edited=\u00a0\u00bbon|phone\u00a0\u00bb global_colors_info=\u00a0\u00bb{}\u00a0\u00bb]<\/p>\n<h6 style=\"text-align: center;\">Du 28 avril au 28 septembre 2025<\/h6>\n<p>[\/et_pb_text][et_pb_text _builder_version=\u00a0\u00bb4.27.4&Prime; _module_preset=\u00a0\u00bbdefault\u00a0\u00bb text_font_size=\u00a0\u00bb22px\u00a0\u00bb width=\u00a0\u00bb80%\u00a0\u00bb module_alignment=\u00a0\u00bbcenter\u00a0\u00bb text_font_size_tablet=\u00a0\u00bb22px\u00a0\u00bb text_font_size_phone=\u00a0\u00bb19px\u00a0\u00bb text_font_size_last_edited=\u00a0\u00bbon|phone\u00a0\u00bb global_colors_info=\u00a0\u00bb{}\u00a0\u00bb]<\/p>\n<p style=\"text-align: center;\">\u00a0 Pendant la belle saison, nos sites de pr\u00eat en Ville de Gen\u00e8ve vous accueillent avec une gamme diversifi\u00e9e de v\u00e9los disponibles <strong>gratuitement<\/strong> pour quatre heures.<\/p>\n<p>[\/et_pb_text][\/et_pb_column][\/et_pb_row][et_pb_row column_structure=\u00a0\u00bb1_2,1_2&Prime; _builder_version=\u00a0\u00bb4.21.2&Prime; _module_preset=\u00a0\u00bbdefault\u00a0\u00bb global_colors_info=\u00a0\u00bb{}\u00a0\u00bb][et_pb_column type=\u00a0\u00bb1_2&Prime; _builder_version=\u00a0\u00bb4.16&Prime; _module_preset=\u00a0\u00bbdefault\u00a0\u00bb global_colors_info=\u00a0\u00bb{}\u00a0\u00bb][et_pb_image src=\u00a0\u00bbhttps:\/\/www.geneveroule.ch\/wp-content\/uploads\/2022\/01\/conteneur_geneveroule.png\u00a0\u00bb alt=\u00a0\u00bbconteneur_geneveroule\u00a0\u00bb title_text=\u00a0\u00bbconteneur_geneveroule\u00a0\u00bb align=\u00a0\u00bbcenter\u00a0\u00bb _builder_version=\u00a0\u00bb4.16&Prime; _module_preset=\u00a0\u00bbdefault\u00a0\u00bb height=\u00a0\u00bb150px\u00a0\u00bb global_colors_info=\u00a0\u00bb{}\u00a0\u00bb][\/et_pb_image][et_pb_text _builder_version=\u00a0\u00bb4.16&Prime; _module_preset=\u00a0\u00bbdefault\u00a0\u00bb header_text_color=\u00a0\u00bb#E52629&Prime; header_font_size=\u00a0\u00bb48px\u00a0\u00bb header_3_text_color=\u00a0\u00bb#E52629&Prime; header_3_font_size=\u00a0\u00bb48px\u00a0\u00bb global_colors_info=\u00a0\u00bb{}\u00a0\u00bb]<\/p>\n<h3 style=\"text-align: center;\">P\u00e2quis<\/h3>\n<p>[\/et_pb_text][et_pb_blurb url=\u00a0\u00bb#plan\u00a0\u00bb use_icon=\u00a0\u00bbon\u00a0\u00bb font_icon=\u00a0\u00bb&#xe081;||divi||400&Prime; icon_color=\u00a0\u00bb#E52629&Prime; content_max_width=\u00a0\u00bb1500px\u00a0\u00bb content_max_width_tablet=\u00a0\u00bb1500px\u00a0\u00bb content_max_width_phone=\u00a0\u00bb1500px\u00a0\u00bb content_max_width_last_edited=\u00a0\u00bbon|tablet\u00a0\u00bb module_id=\u00a0\u00bb#google-map\u00a0\u00bb _builder_version=\u00a0\u00bb4.16&Prime; _module_preset=\u00a0\u00bb2aa45287-d8e7-4c9c-be3a-b7825e68200c\u00a0\u00bb width_tablet=\u00a0\u00bb\u00a0\u00bb width_phone=\u00a0\u00bb\u00a0\u00bb width_last_edited=\u00a0\u00bbon|tablet\u00a0\u00bb global_colors_info=\u00a0\u00bb{}\u00a0\u00bb]<\/p>\n<p>Quai du Mont-Blanc<br \/><em>\u00e0 c\u00f4t\u00e9 des Bains des P\u00e2quis<\/em><br \/>Gen\u00e8ve<\/p>\n<p>[\/et_pb_blurb][et_pb_blurb url=\u00a0\u00bb#plan\u00a0\u00bb use_icon=\u00a0\u00bbon\u00a0\u00bb font_icon=\u00a0\u00bb&#xe025;||divi||400&Prime; icon_color=\u00a0\u00bb#E52629&Prime; content_max_width=\u00a0\u00bb1500px\u00a0\u00bb content_max_width_tablet=\u00a0\u00bb1500px\u00a0\u00bb content_max_width_phone=\u00a0\u00bb1500px\u00a0\u00bb content_max_width_last_edited=\u00a0\u00bbon|tablet\u00a0\u00bb module_id=\u00a0\u00bb#google-map\u00a0\u00bb _builder_version=\u00a0\u00bb4.27.4&Prime; _module_preset=\u00a0\u00bb2aa45287-d8e7-4c9c-be3a-b7825e68200c\u00a0\u00bb width_tablet=\u00a0\u00bb\u00a0\u00bb width_phone=\u00a0\u00bb\u00a0\u00bb width_last_edited=\u00a0\u00bbon|tablet\u00a0\u00bb global_colors_info=\u00a0\u00bb{}\u00a0\u00bb]<\/p>\n<p>28 avril &#8211; 28 septembre<\/p>\n<p>[\/et_pb_blurb][et_pb_blurb url=\u00a0\u00bb#plan\u00a0\u00bb use_icon=\u00a0\u00bbon\u00a0\u00bb font_icon=\u00a0\u00bb&#xf017;||fa||400&Prime; icon_color=\u00a0\u00bb#E52629&Prime; content_max_width=\u00a0\u00bb1500px\u00a0\u00bb content_max_width_tablet=\u00a0\u00bb1500px\u00a0\u00bb content_max_width_phone=\u00a0\u00bb1500px\u00a0\u00bb content_max_width_last_edited=\u00a0\u00bbon|tablet\u00a0\u00bb module_id=\u00a0\u00bb#google-map\u00a0\u00bb _builder_version=\u00a0\u00bb4.24.2&Prime; _module_preset=\u00a0\u00bb2aa45287-d8e7-4c9c-be3a-b7825e68200c\u00a0\u00bb width_tablet=\u00a0\u00bb\u00a0\u00bb width_phone=\u00a0\u00bb\u00a0\u00bb width_last_edited=\u00a0\u00bbon|tablet\u00a0\u00bb global_colors_info=\u00a0\u00bb{}\u00a0\u00bb]<\/p>\n<p>Mardi \u00e0 dimanche, 9h-13h et 14h-18h<\/p>\n<p>[\/et_pb_blurb][et_pb_divider disabled_on=\u00a0\u00bboff|on|on\u00a0\u00bb _builder_version=\u00a0\u00bb4.16&Prime; _module_preset=\u00a0\u00bbdefault\u00a0\u00bb global_colors_info=\u00a0\u00bb{}\u00a0\u00bb][\/et_pb_divider][\/et_pb_column][et_pb_column type=\u00a0\u00bb1_2&Prime; _builder_version=\u00a0\u00bb4.16&Prime; _module_preset=\u00a0\u00bbdefault\u00a0\u00bb global_colors_info=\u00a0\u00bb{}\u00a0\u00bb][et_pb_image src=\u00a0\u00bbhttps:\/\/www.geneveroule.ch\/wp-content\/uploads\/2022\/01\/conteneur_geneveroule.png\u00a0\u00bb alt=\u00a0\u00bbconteneur_geneveroule\u00a0\u00bb title_text=\u00a0\u00bbconteneur_geneveroule\u00a0\u00bb align=\u00a0\u00bbcenter\u00a0\u00bb _builder_version=\u00a0\u00bb4.16&Prime; _module_preset=\u00a0\u00bbdefault\u00a0\u00bb height=\u00a0\u00bb150px\u00a0\u00bb global_colors_info=\u00a0\u00bb{}\u00a0\u00bb][\/et_pb_image][et_pb_text _builder_version=\u00a0\u00bb4.27.4&Prime; _module_preset=\u00a0\u00bbdefault\u00a0\u00bb header_text_color=\u00a0\u00bb#FBBA00&Prime; header_font_size=\u00a0\u00bb48px\u00a0\u00bb header_3_text_color=\u00a0\u00bb#E52629&Prime; header_3_font_size=\u00a0\u00bb48px\u00a0\u00bb global_colors_info=\u00a0\u00bb{}\u00a0\u00bb]<\/p>\n<h3 style=\"text-align: center;\">Rh\u00f4ne<\/h3>\n<p>[\/et_pb_text][et_pb_blurb url=\u00a0\u00bb#plan\u00a0\u00bb use_icon=\u00a0\u00bbon\u00a0\u00bb font_icon=\u00a0\u00bb&#xe081;||divi||400&Prime; icon_color=\u00a0\u00bb#E52629&Prime; content_max_width=\u00a0\u00bb1500px\u00a0\u00bb content_max_width_tablet=\u00a0\u00bb1500px\u00a0\u00bb content_max_width_phone=\u00a0\u00bb1500px\u00a0\u00bb content_max_width_last_edited=\u00a0\u00bbon|tablet\u00a0\u00bb module_id=\u00a0\u00bb#google-map\u00a0\u00bb _builder_version=\u00a0\u00bb4.27.4&Prime; _module_preset=\u00a0\u00bb2aa45287-d8e7-4c9c-be3a-b7825e68200c\u00a0\u00bb width_tablet=\u00a0\u00bb\u00a0\u00bb width_phone=\u00a0\u00bb\u00a0\u00bb width_last_edited=\u00a0\u00bbon|tablet\u00a0\u00bb global_colors_info=\u00a0\u00bb{}\u00a0\u00bb]<\/p>\n<p>Quai G\u00e9n\u00e9ral Guisan 14<br \/><em>\u00e0 c\u00f4t\u00e9 du restaurant du restaurant le Lacustre<\/em><br \/>Gen\u00e8ve<\/p>\n<p>[\/et_pb_blurb][et_pb_blurb url=\u00a0\u00bb#plan\u00a0\u00bb use_icon=\u00a0\u00bbon\u00a0\u00bb font_icon=\u00a0\u00bb&#xe025;||divi||400&Prime; icon_color=\u00a0\u00bb#E52629&Prime; content_max_width=\u00a0\u00bb1500px\u00a0\u00bb content_max_width_tablet=\u00a0\u00bb1500px\u00a0\u00bb content_max_width_phone=\u00a0\u00bb1500px\u00a0\u00bb content_max_width_last_edited=\u00a0\u00bbon|tablet\u00a0\u00bb module_id=\u00a0\u00bb#google-map\u00a0\u00bb _builder_version=\u00a0\u00bb4.27.4&Prime; _module_preset=\u00a0\u00bb2aa45287-d8e7-4c9c-be3a-b7825e68200c\u00a0\u00bb width_tablet=\u00a0\u00bb\u00a0\u00bb width_phone=\u00a0\u00bb\u00a0\u00bb width_last_edited=\u00a0\u00bbon|tablet\u00a0\u00bb global_colors_info=\u00a0\u00bb{}\u00a0\u00bb]<\/p>\n<p>28 avril &#8211; 28 septembre<a href=\"tel+41227401343\"><\/a><\/p>\n<p>[\/et_pb_blurb][et_pb_blurb url=\u00a0\u00bb#plan\u00a0\u00bb use_icon=\u00a0\u00bbon\u00a0\u00bb font_icon=\u00a0\u00bb&#xf017;||fa||400&Prime; icon_color=\u00a0\u00bb#E52629&Prime; content_max_width=\u00a0\u00bb1500px\u00a0\u00bb content_max_width_tablet=\u00a0\u00bb1500px\u00a0\u00bb content_max_width_phone=\u00a0\u00bb1500px\u00a0\u00bb content_max_width_last_edited=\u00a0\u00bbon|tablet\u00a0\u00bb module_id=\u00a0\u00bb#google-map\u00a0\u00bb _builder_version=\u00a0\u00bb4.24.2&Prime; _module_preset=\u00a0\u00bb2aa45287-d8e7-4c9c-be3a-b7825e68200c\u00a0\u00bb width_tablet=\u00a0\u00bb\u00a0\u00bb width_phone=\u00a0\u00bb\u00a0\u00bb width_last_edited=\u00a0\u00bbon|tablet\u00a0\u00bb custom_padding=\u00a0\u00bb0px|||||\u00a0\u00bb global_colors_info=\u00a0\u00bb{}\u00a0\u00bb]<\/p>\n<p>Mardi \u00e0 dimanche, 9h-13h et 14h-18h<\/p>\n<p>[\/et_pb_blurb][et_pb_divider disabled_on=\u00a0\u00bboff|on|on\u00a0\u00bb _builder_version=\u00a0\u00bb4.16&Prime; _module_preset=\u00a0\u00bbdefault\u00a0\u00bb global_colors_info=\u00a0\u00bb{}\u00a0\u00bb][\/et_pb_divider][\/et_pb_column][\/et_pb_row][et_pb_row _builder_version=\u00a0\u00bb4.16&Prime; _module_preset=\u00a0\u00bbdefault\u00a0\u00bb global_colors_info=\u00a0\u00bb{}\u00a0\u00bb][et_pb_column type=\u00a0\u00bb4_4&Prime; _builder_version=\u00a0\u00bb4.16&Prime; _module_preset=\u00a0\u00bbdefault\u00a0\u00bb global_colors_info=\u00a0\u00bb{}\u00a0\u00bb][et_pb_button button_url=\u00a0\u00bbhttps:\/\/www.geneveroule.ch\/fr\/conteneurs-de-velos-en-pret\/\u00a0\u00bb button_text=\u00a0\u00bbConditions et infos pratiques\u00a0\u00bb button_alignment=\u00a0\u00bbcenter\u00a0\u00bb _builder_version=\u00a0\u00bb4.16&Prime; _module_preset=\u00a0\u00bbdefault\u00a0\u00bb custom_button=\u00a0\u00bbon\u00a0\u00bb button_bg_color=\u00a0\u00bb#E52629&Prime; button_border_color=\u00a0\u00bb#E52629&Prime; button_on_hover=\u00a0\u00bboff\u00a0\u00bb custom_margin_tablet=\u00a0\u00bb\u00a0\u00bb custom_margin_phone=\u00a0\u00bb50px||||false|false\u00a0\u00bb custom_margin_last_edited=\u00a0\u00bbon|phone\u00a0\u00bb global_colors_info=\u00a0\u00bb{}\u00a0\u00bb button_bg_color__hover_enabled=\u00a0\u00bbon|hover\u00a0\u00bb button_bg_color__hover=\u00a0\u00bb#FFFFFF\u00a0\u00bb button_bg_enable_color__hover=\u00a0\u00bbon\u00a0\u00bb button_text_color__hover_enabled=\u00a0\u00bbon|hover\u00a0\u00bb button_text_color__hover=\u00a0\u00bb#3023AD\u00a0\u00bb button_border_color__hover_enabled=\u00a0\u00bbon|hover\u00a0\u00bb button_border_color__hover=\u00a0\u00bb#3023AD\u00a0\u00bb][\/et_pb_button][\/et_pb_column][\/et_pb_row][\/et_pb_section][et_pb_section fb_built=\u00a0\u00bb1&Prime; _builder_version=\u00a0\u00bb4.27.5&Prime; _module_preset=\u00a0\u00bbdefault\u00a0\u00bb background_color=\u00a0\u00bbgcid-c80a1fc6-016f-42b5-8ba9-702cda38c14f\u00a0\u00bb custom_margin=\u00a0\u00bb||||false|false\u00a0\u00bb custom_padding=\u00a0\u00bb15px||15px||false|false\u00a0\u00bb global_colors_info=\u00a0\u00bb{%22gcid-c80a1fc6-016f-42b5-8ba9-702cda38c14f%22:%91%22background_color%22%93}\u00a0\u00bb][et_pb_row _builder_version=\u00a0\u00bb4.16&Prime; _module_preset=\u00a0\u00bbdefault\u00a0\u00bb global_colors_info=\u00a0\u00bb{}\u00a0\u00bb][et_pb_column type=\u00a0\u00bb4_4&Prime; _builder_version=\u00a0\u00bb4.16&Prime; _module_preset=\u00a0\u00bbdefault\u00a0\u00bb global_colors_info=\u00a0\u00bb{}\u00a0\u00bb][et_pb_text _builder_version=\u00a0\u00bb4.27.5&Prime; _module_preset=\u00a0\u00bbdefault\u00a0\u00bb text_text_color=\u00a0\u00bb#FFFFFF\u00a0\u00bb header_text_color=\u00a0\u00bb#FFFFFF\u00a0\u00bb header_3_text_color=\u00a0\u00bb#FFFFFF\u00a0\u00bb header_3_font_size=\u00a0\u00bb56px\u00a0\u00bb custom_margin=\u00a0\u00bb||20px||false|false\u00a0\u00bb global_colors_info=\u00a0\u00bb{}\u00a0\u00bb]<\/p>\n<h3 style=\"text-align: center;\"><span style=\"color: #ffcc00;\">Je roule avec respect !<\/span><\/h3>\n<p>[\/et_pb_text][et_pb_text _builder_version=\u00a0\u00bb4.16&Prime; _module_preset=\u00a0\u00bbdefault\u00a0\u00bb custom_margin=\u00a0\u00bb||-44px||false|false\u00a0\u00bb global_colors_info=\u00a0\u00bb{}\u00a0\u00bb]<\/p>\n<aside class=\"grid-4 region region-sidebar-second\" id=\"region-sidebar-second\">\n<div class=\"region-inner region-sidebar-second-inner\">\n<section class=\"block block-block block-139 block-block-139 even\" id=\"block-block-139\">\n<div class=\"block-inner clearfix\">\n<div class=\"content clearfix\">\n<h3 style=\"text-align: center;\">Roulons ensemble dans le respect d\u2019autrui et de l\u2019environnement!<\/h3>\n<\/div>\n<\/div>\n<\/section>\n<\/div>\n<\/aside>\n<p>[\/et_pb_text][\/et_pb_column][\/et_pb_row][et_pb_row column_structure=\u00a0\u00bb1_2,1_2&Prime; _builder_version=\u00a0\u00bb4.16&Prime; _module_preset=\u00a0\u00bbdefault\u00a0\u00bb custom_margin=\u00a0\u00bb||-48px||false|false\u00a0\u00bb global_colors_info=\u00a0\u00bb{}\u00a0\u00bb][et_pb_column type=\u00a0\u00bb1_2&Prime; _builder_version=\u00a0\u00bb4.16&Prime; _module_preset=\u00a0\u00bbdefault\u00a0\u00bb global_colors_info=\u00a0\u00bb{}\u00a0\u00bb][et_pb_text _builder_version=\u00a0\u00bb4.16&Prime; _module_preset=\u00a0\u00bbdefault\u00a0\u00bb global_colors_info=\u00a0\u00bb{}\u00a0\u00bb]<\/p>\n<aside class=\"grid-4 region region-sidebar-second\" id=\"region-sidebar-second\">\n<div class=\"region-inner region-sidebar-second-inner\">\n<section class=\"block block-block block-139 block-block-139 even\" id=\"block-block-139\">\n<div class=\"block-inner clearfix\">\n<div class=\"content clearfix\">\n<p><span style=\"color: #000000;\"><strong>Dans les zones pi\u00e9tonnes<\/strong>\u00a0: je roule au pas<\/span><br \/><span style=\"color: #000000;\"><strong>Dans les parcs<\/strong>\u00a0: je roule uniquement sur les <\/span><strong><a href=\"https:\/\/www.geneve.ch\/fr\/themes\/mobilite-transport\/velos\/bien-circuler-velo-geneve\/amenagements-cyclables\/parcours-parcs\" target=\"_blank\" rel=\"noopener\">parcours balis\u00e9s<\/a><\/strong><\/p>\n<p><span style=\"color: #000000;\"><strong>Je n&rsquo;ai pas le droit de circuler :<br \/><\/strong><\/span><\/p>\n<ul style=\"text-align: center;\">\n<li style=\"text-align: left;\"><span style=\"color: #000000;\">Sur les trottoirs<\/span><\/li>\n<li style=\"text-align: left;\"><span style=\"color: #000000;\">Dans le jardin botanique<\/span><\/li>\n<li style=\"text-align: left;\"><span style=\"color: #000000;\">Devant nos arcades de Montbrillant et de Meyrin<\/span><\/li>\n<\/ul>\n<\/div>\n<\/div>\n<\/section>\n<\/div>\n<\/aside>\n<p>[\/et_pb_text][\/et_pb_column][et_pb_column type=\u00a0\u00bb1_2&Prime; _builder_version=\u00a0\u00bb4.16&Prime; _module_preset=\u00a0\u00bbdefault\u00a0\u00bb global_colors_info=\u00a0\u00bb{}\u00a0\u00bb][et_pb_text _builder_version=\u00a0\u00bb4.16&Prime; _module_preset=\u00a0\u00bbdefault\u00a0\u00bb text_orientation_tablet=\u00a0\u00bbcenter\u00a0\u00bb text_orientation_phone=\u00a0\u00bbcenter\u00a0\u00bb text_orientation_last_edited=\u00a0\u00bbon|tablet\u00a0\u00bb global_colors_info=\u00a0\u00bb{}\u00a0\u00bb]<\/p>\n<aside class=\"grid-4 region region-sidebar-second\" id=\"region-sidebar-second\">\n<div class=\"region-inner region-sidebar-second-inner\">\n<section class=\"block block-block block-139 block-block-139 even\" id=\"block-block-139\">\n<div class=\"block-inner clearfix\">\n<div class=\"content clearfix\">\n<div class=\"clearboth\" style=\"text-align: left;\">\n<p><span style=\"color: #000000;\">Petit rappel des droits et devoirs des cyclistes \u00e9dit\u00e9 par PRO V\u00c9LO Gen\u00e8ve<\/span><\/p>\n<\/div>\n<\/div>\n<\/div>\n<\/section>\n<\/div>\n<\/aside>\n<p>[\/et_pb_text][et_pb_button button_url=\u00a0\u00bbhttps:\/\/www.geneveroule.ch\/wp-content\/uploads\/2022\/01\/GUIDE_JURIDIQUE_CYCLISTES_FR.pdf\u00a0\u00bb url_new_window=\u00a0\u00bbon\u00a0\u00bb button_text=\u00a0\u00bbAide m\u00e9moire juridique pour les cyclistes (PDF)\u00a0\u00bb button_alignment_tablet=\u00a0\u00bbcenter\u00a0\u00bb button_alignment_phone=\u00a0\u00bbcenter\u00a0\u00bb button_alignment_last_edited=\u00a0\u00bbon|tablet\u00a0\u00bb _builder_version=\u00a0\u00bb4.16&Prime; _module_preset=\u00a0\u00bbdefault\u00a0\u00bb custom_button=\u00a0\u00bbon\u00a0\u00bb button_text_size=\u00a0\u00bb18px\u00a0\u00bb button_text_color=\u00a0\u00bb#545454&Prime; button_bg_color=\u00a0\u00bb#FFFFFF\u00a0\u00bb button_border_color=\u00a0\u00bb#545454&Prime; button_icon_color=\u00a0\u00bb#545454&Prime; button_on_hover=\u00a0\u00bboff\u00a0\u00bb global_colors_info=\u00a0\u00bb{}\u00a0\u00bb button_bg_color__hover_enabled=\u00a0\u00bbon|hover\u00a0\u00bb button_bg_color__hover=\u00a0\u00bb#FFFFFF\u00a0\u00bb button_bg_enable_color__hover=\u00a0\u00bbon\u00a0\u00bb button_text_color__hover_enabled=\u00a0\u00bbon|hover\u00a0\u00bb button_text_color__hover=\u00a0\u00bb#E52629&Prime; button_icon_color__hover_enabled=\u00a0\u00bbon|hover\u00a0\u00bb button_icon_color__hover=\u00a0\u00bb#E52629&Prime;][\/et_pb_button][\/et_pb_column][\/et_pb_row][et_pb_row _builder_version=\u00a0\u00bb4.16&Prime; _module_preset=\u00a0\u00bbdefault\u00a0\u00bb global_colors_info=\u00a0\u00bb{}\u00a0\u00bb][et_pb_column type=\u00a0\u00bb4_4&Prime; _builder_version=\u00a0\u00bb4.16&Prime; _module_preset=\u00a0\u00bbdefault\u00a0\u00bb global_colors_info=\u00a0\u00bb{}\u00a0\u00bb][et_pb_text _builder_version=\u00a0\u00bb4.16&Prime; _module_preset=\u00a0\u00bbdefault\u00a0\u00bb text_text_color=\u00a0\u00bb#FFFFFF\u00a0\u00bb header_3_text_color=\u00a0\u00bb#FFFFFF\u00a0\u00bb custom_margin_tablet=\u00a0\u00bb\u00a0\u00bb custom_margin_phone=\u00a0\u00bb30px||||false|false\u00a0\u00bb custom_margin_last_edited=\u00a0\u00bbon|phone\u00a0\u00bb global_colors_info=\u00a0\u00bb{}\u00a0\u00bb]<\/p>\n<aside class=\"grid-4 region region-sidebar-second\" id=\"region-sidebar-second\">\n<div class=\"region-inner region-sidebar-second-inner\">\n<section class=\"block block-block block-139 block-block-139 even\" id=\"block-block-139\">\n<div class=\"block-inner clearfix\">\n<div class=\"content clearfix\">\n<div class=\"clearboth\" style=\"text-align: left;\">\n<h3 style=\"text-align: center;\">En vous remerciant par avance du respect que vous saurez r\u00e9server aux autres usagers des espaces publics !<\/h3>\n<\/div>\n<\/div>\n<\/div>\n<\/section>\n<\/div>\n<\/aside>\n<p>[\/et_pb_text][\/et_pb_column][\/et_pb_row][\/et_pb_section]<\/p>\n","protected":false},"excerpt":{"rendered":"<p>Location et pr\u00eat<div class=\"et_pb_module lwp_divi_breadcrumbs lwp_divi_breadcrumbs_0\">\n\t\t\t\t\n\t\t\t\t\n\t\t\t\t\n\t\t\t\t\n\t\t\t\t\n\t\t\t\t\n\t\t\t\t<div class=\"et_pb_module_inner\">\n\t\t\t\t\t<div class=\"lwp-breadcrumbs\"> <span class=\"before\"><\/span> <span vocab=\"https:\/\/schema.org\/\" typeof=\"BreadcrumbList\"><span property=\"itemListElement\" typeof=\"ListItem\"><a property=\"item\" typeof=\"WebPage\" href=\"https:\/\/www.geneveroule.ch\/fr\/\" class=\"home\"><span property=\"name\">Accueil<\/span><\/a><meta property=\"position\" content=\"1\"><\/span> <span class=\"separator et-pb-icon\">&#x39;<\/span> <\/span><\/div>\n\t\t\t\t<\/div>\n\t\t\t<\/div>Location de v\u00e9losNos 3 arcades et l&rsquo;espace Tourbillon vous accueillent avec une large [&hellip;]<\/p>\n","protected":false},"author":1,"featured_media":0,"parent":0,"menu_order":0,"comment_status":"closed","ping_status":"closed","template":"","meta":{"_et_pb_use_builder":"on","_et_pb_old_content":"<!-- wp:paragraph -->\n<p>Ceci est une page d\u2019exemple. C\u2019est diff\u00e9rent d\u2019un article de blog parce qu\u2019elle restera au m\u00eame endroit et appara\u00eetra dans la navigation de votre site (dans la plupart des th\u00e8mes). La plupart des gens commencent par une page \u00ab&nbsp;\u00c0 propos&nbsp;\u00bb qui les pr\u00e9sente aux personnes visitant du site. Cela pourrait ressembler \u00e0 quelque chose comme cela&nbsp;:<\/p>\n<!-- \/wp:paragraph -->\n\n<!-- wp:quote -->\n<blockquote class=\"wp-block-quote\"><p>Bonjour&nbsp;! Je suis un m\u00e9canicien qui aspire \u00e0 devenir acteur, et voici mon site. J\u2019habite \u00e0 Bordeaux, j\u2019ai un super chien baptis\u00e9 Russell, et j\u2019aime la vodka (ainsi qu\u2019\u00eatre surpris par la pluie soudaine lors de longues balades sur la plage au coucher du soleil).<\/p><\/blockquote>\n<!-- \/wp:quote -->\n\n<!-- wp:paragraph -->\n<p>\u2026ou quelque chose comme cela&nbsp;:<\/p>\n<!-- \/wp:paragraph -->\n\n<!-- wp:quote -->\n<blockquote class=\"wp-block-quote\"><p>La soci\u00e9t\u00e9 123 Machin Truc a \u00e9t\u00e9 cr\u00e9\u00e9e en 1971, et n\u2019a cess\u00e9 de proposer au public des machins-trucs de qualit\u00e9 depuis lors. Situ\u00e9e \u00e0 Saint-Remy-en-Bouzemont-Saint-Genest-et-Isson, 123 Machin Truc emploie 2 000 personnes, et fabrique toutes sortes de bidules supers pour la communaut\u00e9 bouzemontoise.<\/p><\/blockquote>\n<!-- \/wp:quote -->\n\n<!-- wp:paragraph -->\n<p>En tant que nouvel utilisateur ou utilisatrice de WordPress, vous devriez vous rendre sur <a href=\"https:\/\/www.geneveroule.ch\/wp-admin\/\">votre tableau de bord<\/a> pour supprimer cette page et cr\u00e9er de nouvelles pages pour votre contenu. Amusez-vous bien&nbsp;!<\/p>\n<!-- \/wp:paragraph -->","_et_gb_content_width":"","footnotes":""},"class_list":["post-53412","page","type-page","status-publish","hentry"],"yoast_head":"<!-- This site is optimized with the Yoast SEO plugin v27.3 - https:\/\/yoast.com\/product\/yoast-seo-wordpress\/ -->\n<title>Location et pr\u00eat - Gen\u00e8veroule<\/title>\n<meta name=\"description\" content=\"Gen\u00e8veroule : Votre partenaire pour la location de v\u00e9los \u00e0 Gen\u00e8ve ! R\u00e9servation en ligne, tarifs avantageux, et service de qualit\u00e9.\" \/>\n<meta name=\"robots\" content=\"index, follow, max-snippet:-1, max-image-preview:large, max-video-preview:-1\" \/>\n<link rel=\"canonical\" href=\"https:\/\/www.geneveroule.ch\/fr\/location-pret-de-velo\/\" \/>\n<meta property=\"og:locale\" content=\"fr_FR\" \/>\n<meta property=\"og:type\" content=\"article\" \/>\n<meta property=\"og:title\" content=\"Location et pr\u00eat - Gen\u00e8veroule\" \/>\n<meta property=\"og:description\" content=\"Gen\u00e8veroule : Votre partenaire pour la location de v\u00e9los \u00e0 Gen\u00e8ve ! R\u00e9servation en ligne, tarifs avantageux, et service de qualit\u00e9.\" \/>\n<meta property=\"og:url\" content=\"https:\/\/www.geneveroule.ch\/fr\/location-pret-de-velo\/\" \/>\n<meta property=\"og:site_name\" content=\"Gen\u00e8veroule\" \/>\n<meta property=\"article:modified_time\" content=\"2026-02-04T18:16:47+00:00\" \/>\n<meta name=\"twitter:card\" content=\"summary_large_image\" \/>\n<meta name=\"twitter:label1\" content=\"Dur\u00e9e de lecture estim\u00e9e\" \/>\n\t<meta name=\"twitter:data1\" content=\"5 minutes\" \/>\n<script type=\"application\/ld+json\" class=\"yoast-schema-graph\">{\"@context\":\"https:\\\/\\\/schema.org\",\"@graph\":[{\"@type\":\"WebPage\",\"@id\":\"https:\\\/\\\/www.geneveroule.ch\\\/fr\\\/location-pret-de-velo\\\/\",\"url\":\"https:\\\/\\\/www.geneveroule.ch\\\/fr\\\/location-pret-de-velo\\\/\",\"name\":\"Location et pr\u00eat - Gen\u00e8veroule\",\"isPartOf\":{\"@id\":\"https:\\\/\\\/www.geneveroule.ch\\\/fr\\\/#website\"},\"datePublished\":\"2021-12-08T15:34:57+00:00\",\"dateModified\":\"2026-02-04T18:16:47+00:00\",\"description\":\"Gen\u00e8veroule : Votre partenaire pour la location de v\u00e9los \u00e0 Gen\u00e8ve ! R\u00e9servation en ligne, tarifs avantageux, et service de qualit\u00e9.\",\"breadcrumb\":{\"@id\":\"https:\\\/\\\/www.geneveroule.ch\\\/fr\\\/location-pret-de-velo\\\/#breadcrumb\"},\"inLanguage\":\"fr-FR\",\"potentialAction\":[{\"@type\":\"ReadAction\",\"target\":[\"https:\\\/\\\/www.geneveroule.ch\\\/fr\\\/location-pret-de-velo\\\/\"]}]},{\"@type\":\"BreadcrumbList\",\"@id\":\"https:\\\/\\\/www.geneveroule.ch\\\/fr\\\/location-pret-de-velo\\\/#breadcrumb\",\"itemListElement\":[{\"@type\":\"ListItem\",\"position\":1,\"name\":\"Accueil\",\"item\":\"https:\\\/\\\/www.geneveroule.ch\\\/fr\\\/\"},{\"@type\":\"ListItem\",\"position\":2,\"name\":\"Location et pr\u00eat\"}]},{\"@type\":\"WebSite\",\"@id\":\"https:\\\/\\\/www.geneveroule.ch\\\/fr\\\/#website\",\"url\":\"https:\\\/\\\/www.geneveroule.ch\\\/fr\\\/\",\"name\":\"Gen\u00e8veroule\",\"description\":\"v\u00e9lo et insertion\",\"potentialAction\":[{\"@type\":\"SearchAction\",\"target\":{\"@type\":\"EntryPoint\",\"urlTemplate\":\"https:\\\/\\\/www.geneveroule.ch\\\/fr\\\/?s={search_term_string}\"},\"query-input\":{\"@type\":\"PropertyValueSpecification\",\"valueRequired\":true,\"valueName\":\"search_term_string\"}}],\"inLanguage\":\"fr-FR\"}]}<\/script>\n<!-- \/ Yoast SEO plugin. -->","yoast_head_json":{"title":"Location et pr\u00eat - Gen\u00e8veroule","description":"Gen\u00e8veroule : Votre partenaire pour la location de v\u00e9los \u00e0 Gen\u00e8ve ! R\u00e9servation en ligne, tarifs avantageux, et service de qualit\u00e9.","robots":{"index":"index","follow":"follow","max-snippet":"max-snippet:-1","max-image-preview":"max-image-preview:large","max-video-preview":"max-video-preview:-1"},"canonical":"https:\/\/www.geneveroule.ch\/fr\/location-pret-de-velo\/","og_locale":"fr_FR","og_type":"article","og_title":"Location et pr\u00eat - Gen\u00e8veroule","og_description":"Gen\u00e8veroule : Votre partenaire pour la location de v\u00e9los \u00e0 Gen\u00e8ve ! R\u00e9servation en ligne, tarifs avantageux, et service de qualit\u00e9.","og_url":"https:\/\/www.geneveroule.ch\/fr\/location-pret-de-velo\/","og_site_name":"Gen\u00e8veroule","article_modified_time":"2026-02-04T18:16:47+00:00","twitter_card":"summary_large_image","twitter_misc":{"Dur\u00e9e de lecture estim\u00e9e":"5 minutes"},"schema":{"@context":"https:\/\/schema.org","@graph":[{"@type":"WebPage","@id":"https:\/\/www.geneveroule.ch\/fr\/location-pret-de-velo\/","url":"https:\/\/www.geneveroule.ch\/fr\/location-pret-de-velo\/","name":"Location et pr\u00eat - Gen\u00e8veroule","isPartOf":{"@id":"https:\/\/www.geneveroule.ch\/fr\/#website"},"datePublished":"2021-12-08T15:34:57+00:00","dateModified":"2026-02-04T18:16:47+00:00","description":"Gen\u00e8veroule : Votre partenaire pour la location de v\u00e9los \u00e0 Gen\u00e8ve ! R\u00e9servation en ligne, tarifs avantageux, et service de qualit\u00e9.","breadcrumb":{"@id":"https:\/\/www.geneveroule.ch\/fr\/location-pret-de-velo\/#breadcrumb"},"inLanguage":"fr-FR","potentialAction":[{"@type":"ReadAction","target":["https:\/\/www.geneveroule.ch\/fr\/location-pret-de-velo\/"]}]},{"@type":"BreadcrumbList","@id":"https:\/\/www.geneveroule.ch\/fr\/location-pret-de-velo\/#breadcrumb","itemListElement":[{"@type":"ListItem","position":1,"name":"Accueil","item":"https:\/\/www.geneveroule.ch\/fr\/"},{"@type":"ListItem","position":2,"name":"Location et pr\u00eat"}]},{"@type":"WebSite","@id":"https:\/\/www.geneveroule.ch\/fr\/#website","url":"https:\/\/www.geneveroule.ch\/fr\/","name":"Gen\u00e8veroule","description":"v\u00e9lo et insertion","potentialAction":[{"@type":"SearchAction","target":{"@type":"EntryPoint","urlTemplate":"https:\/\/www.geneveroule.ch\/fr\/?s={search_term_string}"},"query-input":{"@type":"PropertyValueSpecification","valueRequired":true,"valueName":"search_term_string"}}],"inLanguage":"fr-FR"}]}},"_links":{"self":[{"href":"https:\/\/www.geneveroule.ch\/fr\/wp-json\/wp\/v2\/pages\/53412","targetHints":{"allow":["GET"]}}],"collection":[{"href":"https:\/\/www.geneveroule.ch\/fr\/wp-json\/wp\/v2\/pages"}],"about":[{"href":"https:\/\/www.geneveroule.ch\/fr\/wp-json\/wp\/v2\/types\/page"}],"author":[{"embeddable":true,"href":"https:\/\/www.geneveroule.ch\/fr\/wp-json\/wp\/v2\/users\/1"}],"replies":[{"embeddable":true,"href":"https:\/\/www.geneveroule.ch\/fr\/wp-json\/wp\/v2\/comments?post=53412"}],"version-history":[{"count":167,"href":"https:\/\/www.geneveroule.ch\/fr\/wp-json\/wp\/v2\/pages\/53412\/revisions"}],"predecessor-version":[{"id":60698,"href":"https:\/\/www.geneveroule.ch\/fr\/wp-json\/wp\/v2\/pages\/53412\/revisions\/60698"}],"wp:attachment":[{"href":"https:\/\/www.geneveroule.ch\/fr\/wp-json\/wp\/v2\/media?parent=53412"}],"curies":[{"name":"wp","href":"https:\/\/api.w.org\/{rel}","templated":true}]}}