{"id":53615,"date":"2021-12-14T16:46:47","date_gmt":"2021-12-14T15:46:47","guid":{"rendered":"https:\/\/www.geneveroule.ch\/a-propos-copy\/"},"modified":"2026-02-04T20:00:26","modified_gmt":"2026-02-04T19:00:26","slug":"historique","status":"publish","type":"page","link":"https:\/\/www.geneveroule.ch\/fr\/historique\/","title":{"rendered":"Historique"},"content":{"rendered":"<p>[et_pb_section fb_built=\u00a0\u00bb1&Prime; _builder_version=\u00a0\u00bb4.16&Prime; _module_preset=\u00a0\u00bbdefault\u00a0\u00bb height=\u00a0\u00bb100px\u00a0\u00bb global_colors_info=\u00a0\u00bb{}\u00a0\u00bb][et_pb_row make_equal=\u00a0\u00bbon\u00a0\u00bb _builder_version=\u00a0\u00bb4.27.5&Prime; _module_preset=\u00a0\u00bbdefault\u00a0\u00bb width=\u00a0\u00bb100%\u00a0\u00bb custom_margin=\u00a0\u00bb-30px||0px||false|false\u00a0\u00bb custom_padding=\u00a0\u00bb0px||0px||false|false\u00a0\u00bb animation_style=\u00a0\u00bbbounce\u00a0\u00bb hover_enabled=\u00a0\u00bb0&Prime; global_colors_info=\u00a0\u00bb{%22gcid-2c18f931-9eb4-4819-9031-24bda09bc836%22:%91%22background_color%22%93}\u00a0\u00bb button_text_color__hover=\u00a0\u00bb#E52629&Prime; button_text_color__hover_enabled=\u00a0\u00bbon|hover\u00a0\u00bb button_bg_color__hover=\u00a0\u00bb#FBBA00&Prime; button_bg_color__hover_enabled=\u00a0\u00bbon|hover\u00a0\u00bb button_border_radius__hover=\u00a0\u00bb35px\u00a0\u00bb button_border_radius__hover_enabled=\u00a0\u00bbon|hover\u00a0\u00bb background_color=\u00a0\u00bbgcid-2c18f931-9eb4-4819-9031-24bda09bc836&Prime; sticky_enabled=\u00a0\u00bb0&Prime;][et_pb_column type=\u00a0\u00bb4_4&Prime; _builder_version=\u00a0\u00bb4.16&Prime; _module_preset=\u00a0\u00bbdefault\u00a0\u00bb global_colors_info=\u00a0\u00bb{}\u00a0\u00bb][et_pb_text _builder_version=\u00a0\u00bb4.16&Prime; _module_preset=\u00a0\u00bbdefault\u00a0\u00bb text_font=\u00a0\u00bbSaune Bold||||||||\u00a0\u00bb text_text_color=\u00a0\u00bb#FFFFFF\u00a0\u00bb custom_margin_tablet=\u00a0\u00bb10px|||40px|false|false\u00a0\u00bb custom_margin_phone=\u00a0\u00bb11px|||15px|false|false\u00a0\u00bb custom_margin_last_edited=\u00a0\u00bbon|phone\u00a0\u00bb global_colors_info=\u00a0\u00bb{}\u00a0\u00bb]<\/p>\n<h1 style=\"text-align: left;\"><span style=\"color: #ffffff;\">Historique<\/span><\/h1>\n<p>[\/et_pb_text][\/et_pb_column][\/et_pb_row][et_pb_row _builder_version=\u00a0\u00bb4.27.5&Prime; _module_preset=\u00a0\u00bbdefault\u00a0\u00bb hover_enabled=\u00a0\u00bb0&Prime; locked=\u00a0\u00bboff\u00a0\u00bb global_colors_info=\u00a0\u00bb{%22gcid-2c18f931-9eb4-4819-9031-24bda09bc836%22:%91%22background_color%22%93}\u00a0\u00bb background_color=\u00a0\u00bbgcid-2c18f931-9eb4-4819-9031-24bda09bc836&Prime; sticky_enabled=\u00a0\u00bb0&Prime;][et_pb_column type=\u00a0\u00bb4_4&Prime; _builder_version=\u00a0\u00bb4.16&Prime; _module_preset=\u00a0\u00bbdefault\u00a0\u00bb global_colors_info=\u00a0\u00bb{}\u00a0\u00bb][lwp_divi_breadcrumbs home_text=\u00a0\u00bbAccueil\u00a0\u00bb link_color=\u00a0\u00bb#3023AD\u00a0\u00bb separator_color=\u00a0\u00bb#FBBA00&Prime; current_text_color=\u00a0\u00bb#FBBA00&Prime; disabled_on=\u00a0\u00bbon|on|off\u00a0\u00bb _builder_version=\u00a0\u00bb4.16&Prime; _module_preset=\u00a0\u00bbdefault\u00a0\u00bb module_font=\u00a0\u00bb|300|||||||\u00a0\u00bb module_text_align=\u00a0\u00bbleft\u00a0\u00bb module_text_color=\u00a0\u00bb#FBBA00&Prime; module_font_size=\u00a0\u00bb16px\u00a0\u00bb width=\u00a0\u00bb100%\u00a0\u00bb module_alignment=\u00a0\u00bbright\u00a0\u00bb custom_margin=\u00a0\u00bb14px||||false|false\u00a0\u00bb global_colors_info=\u00a0\u00bb{}\u00a0\u00bb][\/lwp_divi_breadcrumbs][\/et_pb_column][\/et_pb_row][\/et_pb_section][et_pb_section fb_built=\u00a0\u00bb1&Prime; admin_label=\u00a0\u00bbServices\u00a0\u00bb _builder_version=\u00a0\u00bb4.27.5&Prime; background_color=\u00a0\u00bbgcid-c80a1fc6-016f-42b5-8ba9-702cda38c14f\u00a0\u00bb custom_padding=\u00a0\u00bb30px||30px||true|false\u00a0\u00bb hover_enabled=\u00a0\u00bb0&Prime; global_colors_info=\u00a0\u00bb{%22gcid-c80a1fc6-016f-42b5-8ba9-702cda38c14f%22:%91%22background_color%22%93}\u00a0\u00bb title_text_tablet=\u00a0\u00bbupholsterer-41&Prime; sticky_enabled=\u00a0\u00bb0&Prime;][et_pb_row _builder_version=\u00a0\u00bb4.16&Prime; _module_preset=\u00a0\u00bbdefault\u00a0\u00bb global_colors_info=\u00a0\u00bb{}\u00a0\u00bb][et_pb_column type=\u00a0\u00bb4_4&Prime; _builder_version=\u00a0\u00bb4.16&Prime; _module_preset=\u00a0\u00bbdefault\u00a0\u00bb global_colors_info=\u00a0\u00bb{}\u00a0\u00bb][et_pb_text _builder_version=\u00a0\u00bb4.16&Prime; _module_preset=\u00a0\u00bbdefault\u00a0\u00bb header_2_font_size=\u00a0\u00bb56px\u00a0\u00bb custom_margin=\u00a0\u00bb40px||||false|false\u00a0\u00bb custom_margin_tablet=\u00a0\u00bb40px||||false|false\u00a0\u00bb custom_margin_phone=\u00a0\u00bb0px||||false|false\u00a0\u00bb custom_margin_last_edited=\u00a0\u00bbon|phone\u00a0\u00bb header_2_text_align_tablet=\u00a0\u00bb\u00a0\u00bb header_2_text_align_phone=\u00a0\u00bbleft\u00a0\u00bb header_2_text_align_last_edited=\u00a0\u00bbon|phone\u00a0\u00bb text_orientation_tablet=\u00a0\u00bb\u00a0\u00bb text_orientation_phone=\u00a0\u00bbleft\u00a0\u00bb text_orientation_last_edited=\u00a0\u00bbon|phone\u00a0\u00bb global_colors_info=\u00a0\u00bb{}\u00a0\u00bb]<\/p>\n<h2 style=\"text-align: center;\">Gen\u00e8veroule: plus de 20 ans d&rsquo;histoire<\/h2>\n<p>[\/et_pb_text][\/et_pb_column][\/et_pb_row][et_pb_row column_structure=\u00a0\u00bb1_2,1_2&Prime; _builder_version=\u00a0\u00bb4.16&Prime; _module_preset=\u00a0\u00bbdefault\u00a0\u00bb global_colors_info=\u00a0\u00bb{}\u00a0\u00bb][et_pb_column type=\u00a0\u00bb1_2&Prime; _builder_version=\u00a0\u00bb4.16&Prime; _module_preset=\u00a0\u00bbdefault\u00a0\u00bb global_colors_info=\u00a0\u00bb{}\u00a0\u00bb][et_pb_text _builder_version=\u00a0\u00bb4.16&Prime; _module_preset=\u00a0\u00bba00c5b99-034f-4f22-8a4d-f63c3e7b1d7a\u00a0\u00bb global_colors_info=\u00a0\u00bb{}\u00a0\u00bb]<\/p>\n<h2>1996-2002<\/h2>\n<p>[\/et_pb_text][et_pb_text _builder_version=\u00a0\u00bb4.16&Prime; _module_preset=\u00a0\u00bbdefault\u00a0\u00bb header_3_font_size=\u00a0\u00bb36px\u00a0\u00bb custom_margin=\u00a0\u00bb||10px||false|false\u00a0\u00bb global_colors_info=\u00a0\u00bb{}\u00a0\u00bb]<\/p>\n<h3 style=\"text-align: right;\">La gen\u00e8se<br \/>&#8230;de V\u00e9loc \u00e0 Gen\u00e8ve&rsquo;roule<\/h3>\n<p>[\/et_pb_text][et_pb_image src=\u00a0\u00bbhttps:\/\/www.geneveroule.ch\/wp-content\/uploads\/2022\/02\/conteneur-pose0-petit.jpg\u00a0\u00bb alt=\u00a0\u00bbd\u00e9coration jantes de v\u00e9lo\u00a0\u00bb title_text=\u00a0\u00bbconteneur-pose0-petit\u00a0\u00bb _builder_version=\u00a0\u00bb4.16&Prime; _module_preset=\u00a0\u00bbdefault\u00a0\u00bb global_colors_info=\u00a0\u00bb{}\u00a0\u00bb][\/et_pb_image][et_pb_text _builder_version=\u00a0\u00bb4.16&Prime; _module_preset=\u00a0\u00bbdefault\u00a0\u00bb text_orientation=\u00a0\u00bbjustified\u00a0\u00bb custom_padding=\u00a0\u00bb|15px|||false|false\u00a0\u00bb border_width_right=\u00a0\u00bb1px\u00a0\u00bb border_color_right=\u00a0\u00bb#FBBA00&Prime; global_colors_info=\u00a0\u00bb{}\u00a0\u00bb]<\/p>\n<p style=\"text-align: left;\">Tout commence en 1996, lorsque deux anciens collaborateurs de P\u00e9clot 13 mettent en place en partenariat avec l\u2019ASPIC (devenue Pro V\u00e9lo) une nouvelle structure de r\u00e9cup\u00e9ration et de location de v\u00e9los au 17 Place de Montbrillant.<\/p>\n<p style=\"text-align: left;\">Directement inspir\u00e9 de l\u2019association zurichoise \u00ab Z\u00fcrirollt \u00bb, ce projet, baptis\u00e9 \u00ab V\u00e9loc \u00bb, pr\u00e9voit un programme d\u2019insertion professionnelle pour ch\u00f4meurs (programme d\u2019emploi temporaire de l\u2019OCE).<\/p>\n<p style=\"text-align: left;\">En 1997 est vot\u00e9e une nouvelle loi sur l\u2019assurance ch\u00f4mage qui durcit les crit\u00e8res d\u2019accessibilit\u00e9 aux emplois temporaires et r\u00e9duit les fonds allou\u00e9s \u00e0 ce programme : malgr\u00e9 de bons d\u00e9buts, l\u2019affaire p\u00e9riclite et c\u2019est la Croix Rouge genevoise, en 1998, qui sauve le projet en le reprenant \u00e0 son compte sous la nouvelle appellation de \u00ab Gen\u00e8v\u2019roule \u00bb.<\/p>\n<p style=\"text-align: left;\">Aux missions initiales de r\u00e9cup\u00e9ration des cycles abandonn\u00e9s, de la promotion de la mobilit\u00e9 douce et d\u2019insertion socioprofessionnelle s\u2019ajoute un objectif cher \u00e0 la Croix-Rouge genevoise : la promotion de la sant\u00e9 publique \u00e0 travers l\u2019utilisation du v\u00e9lo.<\/p>\n<p style=\"text-align: left;\">L\u2019institution ouvre de plus les stages d\u2019insertion professionnelle aux personnes migrantes.<\/p>\n<p>[\/et_pb_text][\/et_pb_column][et_pb_column type=\u00a0\u00bb1_2&Prime; _builder_version=\u00a0\u00bb4.16&Prime; _module_preset=\u00a0\u00bbdefault\u00a0\u00bb global_colors_info=\u00a0\u00bb{}\u00a0\u00bb][et_pb_text _builder_version=\u00a0\u00bb4.16&Prime; _module_preset=\u00a0\u00bbdefault\u00a0\u00bb header_2_text_align=\u00a0\u00bbright\u00a0\u00bb header_2_text_color=\u00a0\u00bb#FBBA00&Prime; custom_margin=\u00a0\u00bb250px||-1px||false|false\u00a0\u00bb custom_margin_tablet=\u00a0\u00bb30px||-1px||false|false\u00a0\u00bb custom_margin_phone=\u00a0\u00bb30px||-1px||false|false\u00a0\u00bb custom_margin_last_edited=\u00a0\u00bbon|phone\u00a0\u00bb global_colors_info=\u00a0\u00bb{}\u00a0\u00bb]<\/p>\n<h2 style=\"text-align: left;\">2002<\/h2>\n<p>[\/et_pb_text][et_pb_text _builder_version=\u00a0\u00bb4.16&Prime; _module_preset=\u00a0\u00bbdefault\u00a0\u00bb header_3_font_size=\u00a0\u00bb36px\u00a0\u00bb custom_margin=\u00a0\u00bb||10px||false|false\u00a0\u00bb global_colors_info=\u00a0\u00bb{}\u00a0\u00bb]<\/p>\n<h3 style=\"text-align: left;\">Cr\u00e9ation de \u00ab Gen\u00e8ve roule \u00bb, association \u00e0 but non lucratif et d\u2019utilit\u00e9 publique<\/h3>\n<p>[\/et_pb_text][et_pb_image src=\u00a0\u00bbhttps:\/\/www.geneveroule.ch\/wp-content\/uploads\/2022\/02\/conteneur-pose1.jpg\u00a0\u00bb alt=\u00a0\u00bbd\u00e9coration jantes de v\u00e9lo\u00a0\u00bb title_text=\u00a0\u00bbconteneur-pose1&Prime; _builder_version=\u00a0\u00bb4.16&Prime; _module_preset=\u00a0\u00bbdefault\u00a0\u00bb global_colors_info=\u00a0\u00bb{}\u00a0\u00bb][\/et_pb_image][et_pb_text _builder_version=\u00a0\u00bb4.16&Prime; _module_preset=\u00a0\u00bbdefault\u00a0\u00bb text_orientation=\u00a0\u00bbjustified\u00a0\u00bb custom_padding=\u00a0\u00bb|||15px|false|false\u00a0\u00bb border_width_left=\u00a0\u00bb1px\u00a0\u00bb border_color_left=\u00a0\u00bb#FBBA00&Prime; global_colors_info=\u00a0\u00bb{}\u00a0\u00bb]<\/p>\n<p style=\"text-align: left;\">Apr\u00e8s plusieurs ann\u00e9es de franc succ\u00e8s dans la location et le pr\u00eat gratuit de cycles, la Croix-Rouge genevoise, souhaitant se concentrer sur ses activit\u00e9s de base, d\u00e9cide d\u2019abandonner le projet \u00ab Gen\u00e8v\u2019roule \u00bb.<\/p>\n<p style=\"text-align: left;\">La structure est alors sauv\u00e9e par plusieurs acteurs de la mobilit\u00e9 douce, dont Christoph Meier et Giuliano Broggini connus pour leur engagement dans le domaine du v\u00e9lo, et elle est p\u00e9rennis\u00e9e sous la forme d\u2019une association ind\u00e9pendante reconnue d\u2019utilit\u00e9 publique et \u00e0 but non lucratif : Gen\u00e8veroule.<\/p>\n<p style=\"text-align: left;\">Toujours situ\u00e9e dans les locaux de l\u2019arcade-m\u00e8re, Gen\u00e8ve roule compte \u00e9galement trois conteneurs d\u00e9di\u00e9s au pr\u00eat gratuit \u00e0 la place du Rh\u00f4ne, \u00e0 Plainpalais et aux P\u00e2quis.<\/p>\n<p style=\"text-align: left;\">Multipliant les services \u2013 location et pr\u00eat, mobilit\u00e9 d\u2019entreprise, ateliers de r\u00e9paration \u2013 l\u2019association se d\u00e9veloppe ann\u00e9e apr\u00e8s ann\u00e9e, avec le soutien du Canton, de la Ville de Gen\u00e8ve et de l\u2019Office F\u00e9d\u00e9ral des R\u00e9fugi\u00e9s (actuellement Office des Migrations).<\/p>\n<p>[\/et_pb_text][\/et_pb_column][\/et_pb_row][\/et_pb_section][et_pb_section fb_built=\u00a0\u00bb1&Prime; _builder_version=\u00a0\u00bb4.16&Prime; _module_preset=\u00a0\u00bbdefault\u00a0\u00bb background_color=\u00a0\u00bb#F2F2F2&Prime; custom_padding=\u00a0\u00bb30px||30px||true|false\u00a0\u00bb global_colors_info=\u00a0\u00bb{}\u00a0\u00bb][et_pb_row column_structure=\u00a0\u00bb1_2,1_2&Prime; _builder_version=\u00a0\u00bb4.16&Prime; _module_preset=\u00a0\u00bbdefault\u00a0\u00bb global_colors_info=\u00a0\u00bb{}\u00a0\u00bb][et_pb_column type=\u00a0\u00bb1_2&Prime; _builder_version=\u00a0\u00bb4.16&Prime; _module_preset=\u00a0\u00bbdefault\u00a0\u00bb global_colors_info=\u00a0\u00bb{}\u00a0\u00bb][et_pb_text _builder_version=\u00a0\u00bb4.16&Prime; _module_preset=\u00a0\u00bba00c5b99-034f-4f22-8a4d-f63c3e7b1d7a\u00a0\u00bb global_colors_info=\u00a0\u00bb{}\u00a0\u00bb]<\/p>\n<h2>2007<\/h2>\n<p>[\/et_pb_text][et_pb_text _builder_version=\u00a0\u00bb4.16&Prime; _module_preset=\u00a0\u00bbdefault\u00a0\u00bb header_3_font_size=\u00a0\u00bb36px\u00a0\u00bb custom_margin=\u00a0\u00bb||10px||false|false\u00a0\u00bb global_colors_info=\u00a0\u00bb{}\u00a0\u00bb]<\/p>\n<h3 style=\"text-align: right;\">Une ann\u00e9e charni\u00e8re<\/h3>\n<p>[\/et_pb_text][et_pb_image src=\u00a0\u00bbhttps:\/\/www.geneveroule.ch\/wp-content\/uploads\/2022\/02\/Geneveroule_2007.jpg\u00a0\u00bb alt=\u00a0\u00bbd\u00e9coration jantes de v\u00e9lo\u00a0\u00bb title_text=\u00a0\u00bbGeneveroule_2007&Prime; _builder_version=\u00a0\u00bb4.16&Prime; _module_preset=\u00a0\u00bbdefault\u00a0\u00bb global_colors_info=\u00a0\u00bb{}\u00a0\u00bb][\/et_pb_image][et_pb_text _builder_version=\u00a0\u00bb4.16&Prime; _module_preset=\u00a0\u00bbdefault\u00a0\u00bb text_orientation=\u00a0\u00bbjustified\u00a0\u00bb custom_padding=\u00a0\u00bb|15px|||false|false\u00a0\u00bb border_width_right=\u00a0\u00bb1px\u00a0\u00bb border_color_right=\u00a0\u00bb#FBBA00&Prime; global_colors_info=\u00a0\u00bb{}\u00a0\u00bb]<\/p>\n<p style=\"text-align: left;\">L\u2019ann\u00e9e 2007 est une ann\u00e9e charni\u00e8re pour le d\u00e9veloppement de l\u2019association.<\/p>\n<p style=\"text-align: left;\">En termes d\u2019image premi\u00e8rement : le nom est simplifi\u00e9 en \u00ab <strong>Gen\u00e8veroule<\/strong> \u00bb et le nouveau logo jaune et rouge est mis en place en 2008. La m\u00eame ligne graphique est appliqu\u00e9e par la suite au r\u00e9seau Suisseroule.<\/p>\n<p style=\"text-align: left;\">Les conteneurs sont renouvel\u00e9s et dot\u00e9s de panneaux solaires.<\/p>\n<p style=\"text-align: left;\">Deuxi\u00e8mement, pour ce qui est de l\u2019infrastructure, la gestion des sites de pr\u00eat et location est d\u00e9sormais informatis\u00e9e, ce qui permet d\u2019am\u00e9liorer la logistique et de donner une plus grande flexibilit\u00e9 aux usagers : les v\u00e9los de pr\u00eat peuvent \u00eatre emprunt\u00e9s et d\u00e9pos\u00e9s dans des sites diff\u00e9rents.<\/p>\n<p>[\/et_pb_text][\/et_pb_column][et_pb_column type=\u00a0\u00bb1_2&Prime; _builder_version=\u00a0\u00bb4.16&Prime; _module_preset=\u00a0\u00bbdefault\u00a0\u00bb global_colors_info=\u00a0\u00bb{}\u00a0\u00bb][et_pb_text _builder_version=\u00a0\u00bb4.16&Prime; _module_preset=\u00a0\u00bbdefault\u00a0\u00bb header_2_text_align=\u00a0\u00bbright\u00a0\u00bb header_2_text_color=\u00a0\u00bb#FBBA00&Prime; custom_margin=\u00a0\u00bb250px||-1px||false|false\u00a0\u00bb custom_margin_tablet=\u00a0\u00bb30px||-1px||false|false\u00a0\u00bb custom_margin_phone=\u00a0\u00bb30px||-1px||false|false\u00a0\u00bb custom_margin_last_edited=\u00a0\u00bbon|phone\u00a0\u00bb global_colors_info=\u00a0\u00bb{}\u00a0\u00bb]<\/p>\n<h2 style=\"text-align: left;\">2008<\/h2>\n<p>[\/et_pb_text][et_pb_text _builder_version=\u00a0\u00bb4.16&Prime; _module_preset=\u00a0\u00bbdefault\u00a0\u00bb header_3_font_size=\u00a0\u00bb36px\u00a0\u00bb custom_margin=\u00a0\u00bb||10px||false|false\u00a0\u00bb global_colors_info=\u00a0\u00bb{}\u00a0\u00bb]<\/p>\n<h3 style=\"text-align: left;\">L&rsquo;arriv\u00e9e des v\u00e9los \u00e9lectriques<\/h3>\n<p>[\/et_pb_text][et_pb_image src=\u00a0\u00bbhttps:\/\/www.geneveroule.ch\/wp-content\/uploads\/2022\/02\/Carougeroule_2008.jpg\u00a0\u00bb alt=\u00a0\u00bbd\u00e9coration jantes de v\u00e9lo\u00a0\u00bb title_text=\u00a0\u00bbCarougeroule_2008&Prime; _builder_version=\u00a0\u00bb4.16&Prime; _module_preset=\u00a0\u00bbdefault\u00a0\u00bb global_colors_info=\u00a0\u00bb{}\u00a0\u00bb][\/et_pb_image][et_pb_text _builder_version=\u00a0\u00bb4.16&Prime; _module_preset=\u00a0\u00bbdefault\u00a0\u00bb text_orientation=\u00a0\u00bbjustified\u00a0\u00bb custom_padding=\u00a0\u00bb|||15px|false|false\u00a0\u00bb border_width_left=\u00a0\u00bb1px\u00a0\u00bb border_color_left=\u00a0\u00bb#FBBA00&Prime; global_colors_info=\u00a0\u00bb{}\u00a0\u00bb]<\/p>\n<p style=\"text-align: left;\">Arriv\u00e9s depuis peu sur le march\u00e9, les v\u00e9los \u00e9lectriques vont initier des changements importants en termes notamment de d\u00e9veloppement des partenariats priv\u00e9s.<\/p>\n<p style=\"text-align: left;\">C\u2019est la FSASD (actuelle imad) qui pl\u00e9biscite Gen\u00e8veroule d\u00e8s 2008 pour l\u2019acquisition de v\u00e9los \u00e0 assistance \u00e9lectrique : l\u2019institution a en effet grand besoin de moyens de transport efficaces pour le d\u00e9placement du personnel soignant.<\/p>\n<p style=\"text-align: left;\">Gen\u00e8veroule et la Ville de Gen\u00e8ve organisent de 2009 \u00e0 2014 plusieurs sessions de pr\u00eat gratuit de v\u00e9los en libre service (VLS) dans toute la ville en vue de sensibiliser la population \u00e0 ce nouveau moyen de d\u00e9placement.<\/p>\n<p style=\"text-align: left;\">La p\u00e9riode 2008-2012 est aussi une p\u00e9riode de fort accroissement des infrastructures puisque Gen\u00e8veroule se dote de deux arcades suppl\u00e9mentaires \u2013 Terrassi\u00e8re en 2010 et <a href=\"https:\/\/www.geneveroule.ch\/fr\/lieux-et-horaires\/#meyrinroule\" title=\"Meyrinroule\">Meyrinroule <\/a>en 2012 \u2013 et d\u2019un nouveau site de pr\u00eat, Carougeroule (2008), proposant pour la premi\u00e8re fois des v\u00e9los \u00e9lectriques en pr\u00eat gratuit.<\/p>\n<p style=\"text-align: left;\">Un dispositif gagnant qui sera plus tard compl\u00e9t\u00e9 par deux sites de pr\u00eat \u00e9quip\u00e9s de v\u00e9los \u00e9lectriques\u00a0: Nations (2015) et Versoixroule (2016).<\/p>\n<p>[\/et_pb_text][\/et_pb_column][\/et_pb_row][\/et_pb_section][et_pb_section fb_built=\u00a0\u00bb1&Prime; admin_label=\u00a0\u00bbServices\u00a0\u00bb _builder_version=\u00a0\u00bb4.27.5&Prime; background_color=\u00a0\u00bbgcid-c80a1fc6-016f-42b5-8ba9-702cda38c14f\u00a0\u00bb custom_padding=\u00a0\u00bb30px||30px||true|false\u00a0\u00bb hover_enabled=\u00a0\u00bb0&Prime; global_colors_info=\u00a0\u00bb{%22gcid-c80a1fc6-016f-42b5-8ba9-702cda38c14f%22:%91%22background_color%22%93}\u00a0\u00bb title_text_tablet=\u00a0\u00bbupholsterer-41&Prime; sticky_enabled=\u00a0\u00bb0&Prime;][et_pb_row column_structure=\u00a0\u00bb1_2,1_2&Prime; _builder_version=\u00a0\u00bb4.16&Prime; _module_preset=\u00a0\u00bbdefault\u00a0\u00bb global_colors_info=\u00a0\u00bb{}\u00a0\u00bb][et_pb_column type=\u00a0\u00bb1_2&Prime; _builder_version=\u00a0\u00bb4.16&Prime; _module_preset=\u00a0\u00bbdefault\u00a0\u00bb global_colors_info=\u00a0\u00bb{}\u00a0\u00bb][et_pb_text _builder_version=\u00a0\u00bb4.16&Prime; _module_preset=\u00a0\u00bba00c5b99-034f-4f22-8a4d-f63c3e7b1d7a\u00a0\u00bb global_colors_info=\u00a0\u00bb{}\u00a0\u00bb]<\/p>\n<h2>2010<\/h2>\n<p>[\/et_pb_text][et_pb_text _builder_version=\u00a0\u00bb4.16&Prime; _module_preset=\u00a0\u00bbdefault\u00a0\u00bb header_3_font_size=\u00a0\u00bb36px\u00a0\u00bb custom_margin=\u00a0\u00bb||10px||false|false\u00a0\u00bb global_colors_info=\u00a0\u00bb{}\u00a0\u00bb]<\/p>\n<h3 style=\"text-align: right;\">Renforcement de l\u2019int\u00e9gration socioprofessionnelle des \u00e9trangers<\/h3>\n<p>[\/et_pb_text][et_pb_image src=\u00a0\u00bbhttps:\/\/www.geneveroule.ch\/wp-content\/uploads\/2022\/02\/Equipe_multiculturelle_Geneveroule.jpg\u00a0\u00bb alt=\u00a0\u00bbd\u00e9coration jantes de v\u00e9lo\u00a0\u00bb title_text=\u00a0\u00bbEquipe_multiculturelle_Geneveroule\u00a0\u00bb _builder_version=\u00a0\u00bb4.16&Prime; _module_preset=\u00a0\u00bbdefault\u00a0\u00bb global_colors_info=\u00a0\u00bb{}\u00a0\u00bb][\/et_pb_image][et_pb_text _builder_version=\u00a0\u00bb4.16&Prime; _module_preset=\u00a0\u00bbdefault\u00a0\u00bb text_orientation=\u00a0\u00bbjustified\u00a0\u00bb custom_padding=\u00a0\u00bb|15px|||false|false\u00a0\u00bb border_width_right=\u00a0\u00bb1px\u00a0\u00bb border_color_right=\u00a0\u00bb#FBBA00&Prime; global_colors_info=\u00a0\u00bb{}\u00a0\u00bb]<\/p>\n<p style=\"text-align: left;\">D\u00e8s ses d\u00e9buts, Gen\u00e8veroule promeut la diversit\u00e9 culturelle au travail et int\u00e8gre dans ses \u00e9quipes de location et pr\u00eat de v\u00e9los des requ\u00e9rants d\u2019asile et des r\u00e9fugi\u00e9s.<\/p>\n<p style=\"text-align: left;\">Partenaire historique de l\u2019association, l\u2019Hospice g\u00e9n\u00e9ral dirige d\u00e8s les premi\u00e8res ann\u00e9es de nombreux demandeurs d\u2019asile vers l\u2019association.<\/p>\n<p style=\"text-align: left;\">En 2010 est sign\u00e9e une convention qui d\u00e9finit le cadre contractuel des stages socioprofessionnels pour migrants et renforce ainsi ce programme soutenu \u00e9galement par le Bureau de l\u2019Int\u00e9gration des Etrangers (BIE).<\/p>\n<p>[\/et_pb_text][\/et_pb_column][et_pb_column type=\u00a0\u00bb1_2&Prime; _builder_version=\u00a0\u00bb4.16&Prime; _module_preset=\u00a0\u00bbdefault\u00a0\u00bb global_colors_info=\u00a0\u00bb{}\u00a0\u00bb][et_pb_text _builder_version=\u00a0\u00bb4.16&Prime; _module_preset=\u00a0\u00bbdefault\u00a0\u00bb header_2_text_align=\u00a0\u00bbright\u00a0\u00bb header_2_text_color=\u00a0\u00bb#FBBA00&Prime; custom_margin=\u00a0\u00bb250px||-1px||false|false\u00a0\u00bb custom_margin_tablet=\u00a0\u00bb30px||-1px||false|false\u00a0\u00bb custom_margin_phone=\u00a0\u00bb30px||-1px||false|false\u00a0\u00bb custom_margin_last_edited=\u00a0\u00bbon|phone\u00a0\u00bb global_colors_info=\u00a0\u00bb{}\u00a0\u00bb]<\/p>\n<h2 style=\"text-align: left;\">2011-2017<\/h2>\n<p>[\/et_pb_text][et_pb_text _builder_version=\u00a0\u00bb4.16&Prime; _module_preset=\u00a0\u00bbdefault\u00a0\u00bb header_3_font_size=\u00a0\u00bb36px\u00a0\u00bb custom_margin=\u00a0\u00bb||10px||false|false\u00a0\u00bb global_colors_info=\u00a0\u00bb{}\u00a0\u00bb]<\/p>\n<h3 style=\"text-align: left;\">Du \u00ab P\u00f4le de Formation et de Recherche d\u2019Emploi \u00bb au \u00ab Conseil Emploi \u00bb<\/h3>\n<p>[\/et_pb_text][et_pb_image src=\u00a0\u00bbhttps:\/\/www.geneveroule.ch\/wp-content\/uploads\/2022\/02\/Conseil_emploi_2016.jpeg\u00a0\u00bb alt=\u00a0\u00bbd\u00e9coration jantes de v\u00e9lo\u00a0\u00bb title_text=\u00a0\u00bbConseil_emploi_2016&Prime; _builder_version=\u00a0\u00bb4.16&Prime; _module_preset=\u00a0\u00bbdefault\u00a0\u00bb global_colors_info=\u00a0\u00bb{}\u00a0\u00bb][\/et_pb_image][et_pb_text _builder_version=\u00a0\u00bb4.16&Prime; _module_preset=\u00a0\u00bbdefault\u00a0\u00bb text_orientation=\u00a0\u00bbjustified\u00a0\u00bb custom_padding=\u00a0\u00bb|||15px|false|false\u00a0\u00bb border_width_left=\u00a0\u00bb1px\u00a0\u00bb border_color_left=\u00a0\u00bb#FBBA00&Prime; global_colors_info=\u00a0\u00bb{}\u00a0\u00bb]<\/p>\n<p style=\"text-align: left;\">Aux activit\u00e9s d\u2019insertion professionnelle s\u2019ajoutent \u00e0 partir de 2009 des prestations de formation et d\u2019accompagnement des personnes en stage\u00a0: en 2008 l\u2019association engage un responsable RH et d\u00e8s 2009 des cours d\u2019informatique sont donn\u00e9s en plus des cours techniques en lien avec la location et l\u2019entretien des v\u00e9los.<\/p>\n<p style=\"text-align: left;\">Le P\u00f4le de Formation et de Recherche d\u2019Emploi est cr\u00e9\u00e9 en 2011 et l\u2019association compte d\u00e9sormais une formatrice, qui propose des cours de fran\u00e7ais.<\/p>\n<p style=\"text-align: left;\">Cette nouvelle structure vise \u00e0 am\u00e9liorer l\u2019employabilit\u00e9 des collaborateurs temporaires.<\/p>\n<p style=\"text-align: left;\">C\u2019est dans cette perspective qu\u2019a \u00e9t\u00e9 cr\u00e9\u00e9 en 2016 le service <a href=\"https:\/\/www.geneveroule.ch\/fr\/conseil-emploi\" target=\"_blank\" rel=\"noopener\">Conseil Emploi<\/a> de Gen\u00e8veroule, avec le soutien du BIE.<\/p>\n<p style=\"text-align: left;\">Ouvert \u00e0 tous, ce service propose du coaching et un suivi personnalis\u00e9 pour la recherche d\u2019emploi.<\/p>\n<p>[\/et_pb_text][\/et_pb_column][\/et_pb_row][\/et_pb_section][et_pb_section fb_built=\u00a0\u00bb1&Prime; _builder_version=\u00a0\u00bb4.16&Prime; _module_preset=\u00a0\u00bbdefault\u00a0\u00bb background_color=\u00a0\u00bb#F2F2F2&Prime; custom_padding=\u00a0\u00bb30px||30px||true|false\u00a0\u00bb global_colors_info=\u00a0\u00bb{}\u00a0\u00bb][et_pb_row column_structure=\u00a0\u00bb1_2,1_2&Prime; _builder_version=\u00a0\u00bb4.16&Prime; _module_preset=\u00a0\u00bbdefault\u00a0\u00bb global_colors_info=\u00a0\u00bb{}\u00a0\u00bb][et_pb_column type=\u00a0\u00bb1_2&Prime; _builder_version=\u00a0\u00bb4.16&Prime; _module_preset=\u00a0\u00bbdefault\u00a0\u00bb global_colors_info=\u00a0\u00bb{}\u00a0\u00bb][et_pb_text _builder_version=\u00a0\u00bb4.16&Prime; _module_preset=\u00a0\u00bba00c5b99-034f-4f22-8a4d-f63c3e7b1d7a\u00a0\u00bb global_colors_info=\u00a0\u00bb{}\u00a0\u00bb]<\/p>\n<h2>2013-2019<\/h2>\n<p>[\/et_pb_text][et_pb_text _builder_version=\u00a0\u00bb4.16&Prime; _module_preset=\u00a0\u00bbdefault\u00a0\u00bb header_3_font_size=\u00a0\u00bb36px\u00a0\u00bb custom_margin=\u00a0\u00bb||10px||false|false\u00a0\u00bb global_colors_info=\u00a0\u00bb{}\u00a0\u00bb]<\/p>\n<h3 style=\"text-align: right;\">Le M\u00e9canicien Volant<\/h3>\n<p>[\/et_pb_text][et_pb_image src=\u00a0\u00bbhttps:\/\/www.geneveroule.ch\/wp-content\/uploads\/2022\/02\/Mecanicien-volant_Geneveroule.jpg\u00a0\u00bb alt=\u00a0\u00bbd\u00e9coration jantes de v\u00e9lo\u00a0\u00bb title_text=\u00a0\u00bbPublireportage Gene\u0300veroule, Gene\u0300ve\u00a0\u00bb _builder_version=\u00a0\u00bb4.16&Prime; _module_preset=\u00a0\u00bbdefault\u00a0\u00bb global_colors_info=\u00a0\u00bb{}\u00a0\u00bb][\/et_pb_image][et_pb_text _builder_version=\u00a0\u00bb4.16&Prime; _module_preset=\u00a0\u00bbdefault\u00a0\u00bb text_orientation=\u00a0\u00bbjustified\u00a0\u00bb custom_padding=\u00a0\u00bb|15px|||false|false\u00a0\u00bb border_width_right=\u00a0\u00bb1px\u00a0\u00bb border_color_right=\u00a0\u00bb#FBBA00&Prime; global_colors_info=\u00a0\u00bb{}\u00a0\u00bb]<\/p>\n<p style=\"text-align: left;\">Ce service de d\u00e9pannage rapide dont le projet a \u00e9t\u00e9 prim\u00e9 par la bourse cantonale du d\u00e9veloppement durable en 2013, a propos\u00e9 une assistance technique aux cyclistes en panne au bord de la route jusqu&rsquo;en 2019.<\/p>\n<p style=\"text-align: left;\">Inspir\u00e9 des principes d\u2019une \u00e9conomie solidaire et gr\u00e2ce au soutien du Fonds ch\u00f4mage de la Ville de Gen\u00e8ve, il fonctionnait en partenariat avec les marchands de cycle locaux pour le rapatriement dans un atelier de r\u00e9paration.<\/p>\n<p style=\"text-align: left;\">Gen\u00e8veroule, c\u2019est aussi un engagement actif dans le d\u00e9veloppement d\u2019un syst\u00e8me de v\u00e9los en libre service (VLS) dans le Canton de Gen\u00e8ve.<\/p>\n<p>[\/et_pb_text][\/et_pb_column][et_pb_column type=\u00a0\u00bb1_2&Prime; _builder_version=\u00a0\u00bb4.16&Prime; _module_preset=\u00a0\u00bbdefault\u00a0\u00bb global_colors_info=\u00a0\u00bb{}\u00a0\u00bb][et_pb_text _builder_version=\u00a0\u00bb4.16&Prime; _module_preset=\u00a0\u00bbdefault\u00a0\u00bb header_2_text_align=\u00a0\u00bbright\u00a0\u00bb header_2_text_color=\u00a0\u00bb#FBBA00&Prime; custom_margin=\u00a0\u00bb250px||-1px||false|false\u00a0\u00bb custom_margin_tablet=\u00a0\u00bb30px||-1px||false|false\u00a0\u00bb custom_margin_phone=\u00a0\u00bb30px||-1px||false|false\u00a0\u00bb custom_margin_last_edited=\u00a0\u00bbon|phone\u00a0\u00bb global_colors_info=\u00a0\u00bb{}\u00a0\u00bb]<\/p>\n<h2 style=\"text-align: left;\">2017<\/h2>\n<p>[\/et_pb_text][et_pb_text _builder_version=\u00a0\u00bb4.16&Prime; _module_preset=\u00a0\u00bbdefault\u00a0\u00bb header_3_font_size=\u00a0\u00bb36px\u00a0\u00bb custom_margin=\u00a0\u00bb||10px||false|false\u00a0\u00bb global_colors_info=\u00a0\u00bb{}\u00a0\u00bb]<\/p>\n<h3 style=\"text-align: left;\">15 ans d&rsquo;engagement associatif<\/h3>\n<p>[\/et_pb_text][et_pb_image src=\u00a0\u00bbhttps:\/\/www.geneveroule.ch\/wp-content\/uploads\/2022\/02\/GeRoule-Parade-22092017-111.jpg\u00a0\u00bb alt=\u00a0\u00bbd\u00e9coration jantes de v\u00e9lo\u00a0\u00bb title_text=\u00a0\u00bbGeRoule Parade-22092017-111&Prime; _builder_version=\u00a0\u00bb4.16&Prime; _module_preset=\u00a0\u00bbdefault\u00a0\u00bb global_colors_info=\u00a0\u00bb{}\u00a0\u00bb][\/et_pb_image][et_pb_text _builder_version=\u00a0\u00bb4.16&Prime; _module_preset=\u00a0\u00bbdefault\u00a0\u00bb text_orientation=\u00a0\u00bbjustified\u00a0\u00bb custom_padding=\u00a0\u00bb|||15px|false|false\u00a0\u00bb border_width_left=\u00a0\u00bb1px\u00a0\u00bb border_color_left=\u00a0\u00bb#FBBA00&Prime; global_colors_info=\u00a0\u00bb{}\u00a0\u00bb]<\/p>\n<p style=\"text-align: left;\">Depuis 15 ans, Gen\u00e8veroule est sans conteste l\u2019un des principaux acteurs du v\u00e9lo \u00e0 Gen\u00e8ve, un r\u00f4le que l\u2019association remplit pleinement en attendant la mise sur pied d\u2019un r\u00e9seau de v\u00e9los en libre service.<\/p>\n<p style=\"text-align: left;\">En tant que structure d\u2019insertion socioprofessionnelle, Gen\u00e8veroule consolide ses acquis et renforcer sa mission d\u2019encouragement \u00e0 l\u2019insertion des populations pr\u00e9caris\u00e9es sur le march\u00e9 de l\u2019emploi.<\/p>\n<p style=\"text-align: left;\">La r\u00e9ussite depuis 15 ans d\u00e9j\u00e0 du projet fondateur \u2013 monter un projet de mobilit\u00e9 avec des collaborateurs en difficult\u00e9 d\u2019insertion \u2013 prouve et d\u00e9montre la pertinence du travail int\u00e9gratif cher \u00e0 l\u2019association, selon lequel le march\u00e9 du travail se doit d\u2019int\u00e9grer toute personne, dans le respect des particularit\u00e9s et capacit\u00e9s de chacun.<\/p>\n<p style=\"text-align: left;\">\u00c0 cette occasion, Gen\u00e8veroule pr\u00e9sente en 2017 son nouveau logo qui traduit sa double mission \u00ab\u00a0V\u00e9lo &amp; insertion\u00a0\u00bb, r\u00e9alise le projet \u00ab\u00a0Mains \u00e0 l&rsquo;oeuvre &#8211; l&rsquo;\u00e9galit\u00e9 dans la diversit\u00e9\u00a0\u00bb dans le cadre de la Semaine contre le Racisme 2017 et organise une Grande parade cycliste multiculturelle.<\/p>\n<p style=\"text-align: left;\">[\/et_pb_text][\/et_pb_column][\/et_pb_row][\/et_pb_section][et_pb_section fb_built=\u00a0\u00bb1&Prime; _builder_version=\u00a0\u00bb4.27.5&Prime; _module_preset=\u00a0\u00bbdefault\u00a0\u00bb hover_enabled=\u00a0\u00bb0&Prime; global_colors_info=\u00a0\u00bb{%22gcid-c80a1fc6-016f-42b5-8ba9-702cda38c14f%22:%91%22background_color%22%93}\u00a0\u00bb background_color=\u00a0\u00bbgcid-c80a1fc6-016f-42b5-8ba9-702cda38c14f\u00a0\u00bb sticky_enabled=\u00a0\u00bb0&Prime;][et_pb_row column_structure=\u00a0\u00bb1_2,1_2&Prime; _builder_version=\u00a0\u00bb4.16&Prime; _module_preset=\u00a0\u00bbdefault\u00a0\u00bb global_colors_info=\u00a0\u00bb{}\u00a0\u00bb][et_pb_column type=\u00a0\u00bb1_2&Prime; _builder_version=\u00a0\u00bb4.16&Prime; _module_preset=\u00a0\u00bbdefault\u00a0\u00bb global_colors_info=\u00a0\u00bb{}\u00a0\u00bb][et_pb_text _builder_version=\u00a0\u00bb4.16&Prime; _module_preset=\u00a0\u00bba00c5b99-034f-4f22-8a4d-f63c3e7b1d7a\u00a0\u00bb global_colors_info=\u00a0\u00bb{}\u00a0\u00bb]<\/p>\n<h2>2019<\/h2>\n<p>[\/et_pb_text][et_pb_text _builder_version=\u00a0\u00bb4.16&Prime; _module_preset=\u00a0\u00bbdefault\u00a0\u00bb header_3_font_size=\u00a0\u00bb36px\u00a0\u00bb custom_margin=\u00a0\u00bb||10px||false|false\u00a0\u00bb global_colors_info=\u00a0\u00bb{}\u00a0\u00bb]<\/p>\n<h3 style=\"text-align: right;\">Nouveau syst\u00e8me de pr\u00eat<\/h3>\n<p>[\/et_pb_text][et_pb_image src=\u00a0\u00bbhttps:\/\/www.geneveroule.ch\/wp-content\/uploads\/2022\/02\/Paquis_Geneveroule_2019.jpg\u00a0\u00bb alt=\u00a0\u00bbd\u00e9coration jantes de v\u00e9lo\u00a0\u00bb title_text=\u00a0\u00bbPaquis_Geneveroule_2019&Prime; _builder_version=\u00a0\u00bb4.16&Prime; _module_preset=\u00a0\u00bbdefault\u00a0\u00bb global_colors_info=\u00a0\u00bb{}\u00a0\u00bb][\/et_pb_image][et_pb_text _builder_version=\u00a0\u00bb4.16&Prime; _module_preset=\u00a0\u00bbdefault\u00a0\u00bb text_orientation=\u00a0\u00bbjustified\u00a0\u00bb custom_padding=\u00a0\u00bb|15px|||false|false\u00a0\u00bb border_width_right=\u00a0\u00bb1px\u00a0\u00bb border_color_right=\u00a0\u00bb#FBBA00&Prime; global_colors_info=\u00a0\u00bb{}\u00a0\u00bb]<\/p>\n<p style=\"text-align: left;\">Afin de r\u00e9pondre encore mieux aux besoins actuels en termes de mobilit\u00e9, Gen\u00e8veroule \u00e9quipe ses v\u00e9los de pr\u00eat de cadenas \u00e9lectroniques, permettant un verrouillage ou d\u00e9verrouillage \u00e0 l\u2019aide de l&rsquo;application \u00ab\u00a0Donkey Republic\u00a0\u00bb.<\/p>\n<p style=\"text-align: left;\">Les v\u00e9los peuvent \u00eatre emprunt\u00e9s ou rendus dans tous les sites de pr\u00eat du r\u00e9seau de l&rsquo;association, ind\u00e9pendamment de leurs horaires d\u2019ouverture.<\/p>\n<p style=\"text-align: left;\">Deux nouvelles communes rejoignent le r\u00e9seau de pr\u00eat : Onex et Grand-Saconnex.<\/p>\n<p style=\"text-align: left;\">Des institutions comme la HEG et l&rsquo;Auberge de Jeunesse figurent \u00e9galement parmi les nouveaux partenaires du r\u00e9seau, permettant de multiplier l&rsquo;offre de v\u00e9los disponibles gratuitement.<\/p>\n<p style=\"text-align: left;\">Avec le soutien de l&rsquo;Etat de Gen\u00e8ve, des sites sont \u00e9galement d\u00e9ploy\u00e9s \u00e0 proximit\u00e9 des gares du L\u00e9man Express.<\/p>\n<p>[\/et_pb_text][\/et_pb_column][et_pb_column type=\u00a0\u00bb1_2&Prime; _builder_version=\u00a0\u00bb4.16&Prime; _module_preset=\u00a0\u00bbdefault\u00a0\u00bb global_colors_info=\u00a0\u00bb{}\u00a0\u00bb][et_pb_text _builder_version=\u00a0\u00bb4.16&Prime; _module_preset=\u00a0\u00bba00c5b99-034f-4f22-8a4d-f63c3e7b1d7a\u00a0\u00bb custom_margin=\u00a0\u00bb250px||-1px||false|false\u00a0\u00bb custom_margin_tablet=\u00a0\u00bb30px||-1px||false|false\u00a0\u00bb custom_margin_phone=\u00a0\u00bb30px||-1px||false|false\u00a0\u00bb custom_margin_last_edited=\u00a0\u00bbon|phone\u00a0\u00bb global_colors_info=\u00a0\u00bb{}\u00a0\u00bb]<\/p>\n<h2 style=\"text-align: left;\">2020<\/h2>\n<p>[\/et_pb_text][et_pb_text _builder_version=\u00a0\u00bb4.16&Prime; _module_preset=\u00a0\u00bbdefault\u00a0\u00bb header_text_align=\u00a0\u00bbleft\u00a0\u00bb header_2_text_align=\u00a0\u00bbleft\u00a0\u00bb header_3_text_align=\u00a0\u00bbleft\u00a0\u00bb header_3_font_size=\u00a0\u00bb36px\u00a0\u00bb custom_margin=\u00a0\u00bb||10px||false|false\u00a0\u00bb global_colors_info=\u00a0\u00bb{}\u00a0\u00bb]<\/p>\n<h3>Arriv\u00e9e d&rsquo;un r\u00e9seau cantonal de v\u00e9los en libre-service<\/h3>\n<p>[\/et_pb_text][et_pb_image src=\u00a0\u00bbhttps:\/\/www.geneveroule.ch\/wp-content\/uploads\/2022\/02\/Velopartage_2020.jpg\u00a0\u00bb alt=\u00a0\u00bbd\u00e9coration jantes de v\u00e9lo\u00a0\u00bb title_text=\u00a0\u00bbVelopartage_2020&Prime; _builder_version=\u00a0\u00bb4.16&Prime; _module_preset=\u00a0\u00bbdefault\u00a0\u00bb global_colors_info=\u00a0\u00bb{}\u00a0\u00bb][\/et_pb_image][et_pb_text _builder_version=\u00a0\u00bb4.16&Prime; _module_preset=\u00a0\u00bbdefault\u00a0\u00bb text_orientation=\u00a0\u00bbjustified\u00a0\u00bb custom_padding=\u00a0\u00bb|||15px|false|false\u00a0\u00bb border_width_left=\u00a0\u00bb1px\u00a0\u00bb border_color_left=\u00a0\u00bb#FBBA00&Prime; global_colors_info=\u00a0\u00bb{}\u00a0\u00bb]<\/p>\n<p style=\"text-align: left;\">Dans le contexte si particulier de la pand\u00e9mie du Covid-19, Gen\u00e8veroule a largement d\u00e9velopp\u00e9 son r\u00e9seau de stations de v\u00e9los en libre-acc\u00e8s connect\u00e9s \u00e0 l&rsquo;application Donkey Republic.<\/p>\n<p style=\"text-align: left;\">Avec le soutien de l&rsquo;Etat, des stations ont \u00e9t\u00e9 d\u00e9ploy\u00e9es \u00e0 proximit\u00e9 des P+R et de lieux strat\u00e9giques du canton pour accompagner la phase de d\u00e9confinement.<\/p>\n<p style=\"text-align: left;\">Le r\u00e9seau est pass\u00e9 de 13 \u00e0 30 sites d&rsquo;avril \u00e0 juin 2020 !<\/p>\n<p style=\"text-align: left;\">A l&rsquo;issue d&rsquo;un processus d&rsquo;appel d&rsquo;offres, le Canton et les 20 communes int\u00e9ress\u00e9es \u00e0 accueillir des stations de v\u00e9los en libre-service ont d\u00e9sign\u00e9 \u00e0 l\u2019unanimit\u00e9 Donkey Republic comme op\u00e9rateur d&rsquo;un r\u00e9seau de v\u00e9los en libre-service.<\/p>\n<p style=\"text-align: left;\">Le r\u00e9seau <a href=\"https:\/\/www.geneveroule.ch\/fr\/velopartage\/\" target=\"_blank\" rel=\"noopener\">V\u00e9loPartage<\/a> a \u00e9t\u00e9 inaugur\u00e9 le 18 ao\u00fbt et propose des v\u00e9los classiques et \u00e9lectriques en libre-service 24h\/24 et 7j\/7 dans 120 stations sur le canton.<\/p>\n<p style=\"text-align: left;\">Avec plus 15 ans d&rsquo;exp\u00e9rience dans la gestion d&rsquo;un r\u00e9seau de v\u00e9los en pr\u00eat et en libre-acc\u00e8s, l&rsquo;association Gen\u00e8veroule est tr\u00e8s heureuse d&rsquo;\u00eatre partie prenante de V\u00e9loPartage.<\/p>\n<p style=\"text-align: left;\">Un tel r\u00e9seau constitue un levier important pour favoriser l&rsquo;utilisation du v\u00e9lo tout en cr\u00e9ant des emplois d&rsquo;insertion socio-professionnelle.<\/p>\n<p style=\"text-align: left;\">Au sein de V\u00e9loPartage, Gen\u00e8veroule r\u00e9alise le suivi et la maintenance des cycles, l&rsquo;\u00e9quilibrage des stations et le remplacement des batteries des v\u00e9los \u00e9lectriques.<\/p>\n<p>[\/et_pb_text][\/et_pb_column][\/et_pb_row][\/et_pb_section][et_pb_section fb_built=\u00a0\u00bb1&Prime; _builder_version=\u00a0\u00bb4.16&Prime; _module_preset=\u00a0\u00bbdefault\u00a0\u00bb background_color=\u00a0\u00bb#F2F2F2&Prime; global_colors_info=\u00a0\u00bb{}\u00a0\u00bb][et_pb_row column_structure=\u00a0\u00bb1_2,1_2&Prime; _builder_version=\u00a0\u00bb4.16&Prime; _module_preset=\u00a0\u00bbdefault\u00a0\u00bb global_colors_info=\u00a0\u00bb{}\u00a0\u00bb][et_pb_column type=\u00a0\u00bb1_2&Prime; _builder_version=\u00a0\u00bb4.16&Prime; _module_preset=\u00a0\u00bbdefault\u00a0\u00bb global_colors_info=\u00a0\u00bb{}\u00a0\u00bb][et_pb_text _builder_version=\u00a0\u00bb4.16&Prime; _module_preset=\u00a0\u00bba00c5b99-034f-4f22-8a4d-f63c3e7b1d7a\u00a0\u00bb global_colors_info=\u00a0\u00bb{}\u00a0\u00bb]<\/p>\n<h2>2021<\/h2>\n<p>[\/et_pb_text][et_pb_text _builder_version=\u00a0\u00bb4.16&Prime; _module_preset=\u00a0\u00bbdefault\u00a0\u00bb header_3_font_size=\u00a0\u00bb36px\u00a0\u00bb custom_margin=\u00a0\u00bb||10px||false|false\u00a0\u00bb global_colors_info=\u00a0\u00bb{}\u00a0\u00bb]<\/p>\n<h3 style=\"text-align: right;\">En route vers l&rsquo;Espace Tourbillon<\/h3>\n<p>[\/et_pb_text][et_pb_image src=\u00a0\u00bbhttps:\/\/www.geneveroule.ch\/wp-content\/uploads\/2022\/02\/Inauguration_velo_Adapte_29.05.21_AColliard-09.jpg\u00a0\u00bb alt=\u00a0\u00bbd\u00e9coration jantes de v\u00e9lo\u00a0\u00bb title_text=\u00a0\u00bbInauguration_velo_Adapte_29.05.21_AColliard-09&Prime; _builder_version=\u00a0\u00bb4.16&Prime; _module_preset=\u00a0\u00bbdefault\u00a0\u00bb global_colors_info=\u00a0\u00bb{}\u00a0\u00bb][\/et_pb_image][et_pb_text _builder_version=\u00a0\u00bb4.17.4&Prime; _module_preset=\u00a0\u00bbdefault\u00a0\u00bb text_orientation=\u00a0\u00bbjustified\u00a0\u00bb custom_padding=\u00a0\u00bb|15px|||false|false\u00a0\u00bb border_width_right=\u00a0\u00bb1px\u00a0\u00bb border_color_right=\u00a0\u00bb#FBBA00&Prime; global_colors_info=\u00a0\u00bb{}\u00a0\u00bb]<\/p>\n<p style=\"text-align: left;\">En 2021, un de nos objectifs est de renforcer les liens avec nos partenaires et d&rsquo;en cr\u00e9er de nouveaux. Des liens \u00e9troits se tissent depuis 2018 avec neuf entreprises sociales du Canton dans le cadre du projet \u00ab\u00a0<a href=\"https:\/\/www.geneveroule.ch\/fr\/lieux-et-horaires\/espace-tourbillon\/\" target=\"_blank\" rel=\"noopener\">Espace Tourbillon<\/a>\u00a0\u00bb \u00e0 Plan-les-Ouates.<\/p>\n<p style=\"text-align: left;\">Cet espace offre un cadre id\u00e9al pour d\u00e9velopper les collaborations interinstitutionnelles, cr\u00e9er des synergies et faire \u00e9merger de nouveaux projets porteurs dans le domaine de l&rsquo;insertion.<\/p>\n<p style=\"text-align: left;\">Gen\u00e8veroule s&rsquo;y installe en automne 2021 avec son administration, son atelier m\u00e9canique et son service \u00ab\u00a0Conseil emploi\u00a0\u00bb.<\/p>\n<p style=\"text-align: left;\">De nouveaux partenariats sont d\u00e9velopp\u00e9s avec l&rsquo;Association Cerebral Gen\u00e8ve pour mettre \u00e0 disposition un <a href=\"https:\/\/www.geneveroule.ch\/fr\/triporteur-cerebral\/\" target=\"_blank\" rel=\"noopener\">Triporteur Cerebral<\/a> d\u00e9di\u00e9 au transport de personnes en situation de handicap, avec Cocomat pour la location de v\u00e9lo en bois ou encore avec Miloo pour la location de v\u00e9los \u00e9lectriques nouvelle g\u00e9n\u00e9ration.<\/p>\n<p style=\"text-align: left;\">L&rsquo;ann\u00e9e 2021 se d\u00e9cline pour Gen\u00e8veroule \u00e9galement autour de tous les bienfaits du v\u00e9lo : b\u00e9n\u00e9fique pour le corps et l&rsquo;esprit, le v\u00e9lo est votre partenaire id\u00e9al pour garder le sourire, la sant\u00e9 et la convivialit\u00e9 !<\/p>\n<p>[\/et_pb_text][\/et_pb_column][et_pb_column type=\u00a0\u00bb1_2&Prime; _builder_version=\u00a0\u00bb4.16&Prime; _module_preset=\u00a0\u00bbdefault\u00a0\u00bb global_colors_info=\u00a0\u00bb{}\u00a0\u00bb][et_pb_text _builder_version=\u00a0\u00bb4.17.4&Prime; _module_preset=\u00a0\u00bba00c5b99-034f-4f22-8a4d-f63c3e7b1d7a\u00a0\u00bb custom_margin=\u00a0\u00bb250px||-1px||false|false\u00a0\u00bb custom_margin_tablet=\u00a0\u00bb30px||-1px||false|false\u00a0\u00bb custom_margin_phone=\u00a0\u00bb30px||-1px||false|false\u00a0\u00bb custom_margin_last_edited=\u00a0\u00bbon|phone\u00a0\u00bb global_colors_info=\u00a0\u00bb{}\u00a0\u00bb]<\/p>\n<h2 style=\"text-align: left;\">2022<\/h2>\n<p>[\/et_pb_text][et_pb_text _builder_version=\u00a0\u00bb4.17.4&Prime; _module_preset=\u00a0\u00bbdefault\u00a0\u00bb header_3_font_size=\u00a0\u00bb36px\u00a0\u00bb custom_margin=\u00a0\u00bb||10px||false|false\u00a0\u00bb global_colors_info=\u00a0\u00bb{}\u00a0\u00bb]<\/p>\n<h3 style=\"text-align: left;\">Gen\u00e8veroule depuis 20 ans<\/h3>\n<p>[\/et_pb_text][et_pb_image src=\u00a0\u00bbhttps:\/\/www.geneveroule.ch\/wp-content\/uploads\/2022\/02\/Equipe_Geneveroule.jpg\u00a0\u00bb alt=\u00a0\u00bbd\u00e9coration jantes de v\u00e9lo\u00a0\u00bb title_text=\u00a0\u00bbEquipe_Geneveroule\u00a0\u00bb _builder_version=\u00a0\u00bb4.16&Prime; _module_preset=\u00a0\u00bbdefault\u00a0\u00bb global_colors_info=\u00a0\u00bb{}\u00a0\u00bb][\/et_pb_image][et_pb_text _builder_version=\u00a0\u00bb4.17.4&Prime; _module_preset=\u00a0\u00bbdefault\u00a0\u00bb text_orientation=\u00a0\u00bbjustified\u00a0\u00bb custom_padding=\u00a0\u00bb||0px|15px|false|false\u00a0\u00bb border_width_left=\u00a0\u00bb1px\u00a0\u00bb border_color_left=\u00a0\u00bb#FBBA00&Prime; global_colors_info=\u00a0\u00bb{}\u00a0\u00bb]<\/p>\n<p>Une nouvelle arcade de location et de r\u00e9paration ouvre dans le quartier du <a href=\"https:\/\/www.geneveroule.ch\/fr\/lieux-et-horaires\/#grandmorillon\" target=\"_blank\" rel=\"noopener\">Grand Morillon<\/a>.<\/p>\n<p>En juillet 2022, les associations Caddie service et Gen\u00e8veroule <a href=\"https:\/\/www.geneveroule.ch\/fr\/geneveroule-caddie-service\/\" target=\"_blank\" rel=\"noopener\">joignent leurs forces<\/a> dans le cadre d\u2019une fusion par absorption. Caddie service devient une prestation de Gen\u00e8veroule.<\/p>\n<p style=\"text-align: left;\">En 2022, l&rsquo;association Gen\u00e8veroule <a href=\"https:\/\/www.geneveroule.ch\/fr\/geneveroule-depuis-20-ans\/\" target=\"_blank\" rel=\"noopener\">f\u00eate ses 20 ans<\/a> !<\/p>\n<p style=\"text-align: left;\">Consid\u00e9rant les nombreux d\u00e9fis qui attendent notre soci\u00e9t\u00e9, tant dans le domaine du d\u00e9veloppement durable que dans celui de l\u2019int\u00e9gration des personnes marginalis\u00e9es, l\u2019action de Gen\u00e8veroule est plus que jamais pertinente et n\u00e9cessaire. Les collaboratrices et collaborateurs sont heureux-ses d\u2019apporter leur contribution \u00e0 un monde plus durable et plus juste.<\/p>\n<p>[\/et_pb_text][\/et_pb_column][\/et_pb_row][\/et_pb_section]<\/p>\n","protected":false},"excerpt":{"rendered":"<p>Historique<div class=\"et_pb_module lwp_divi_breadcrumbs lwp_divi_breadcrumbs_0\">\n\t\t\t\t\n\t\t\t\t\n\t\t\t\t\n\t\t\t\t\n\t\t\t\t\n\t\t\t\t\n\t\t\t\t<div class=\"et_pb_module_inner\">\n\t\t\t\t\t<div class=\"lwp-breadcrumbs\"> <span class=\"before\"><\/span> <span vocab=\"https:\/\/schema.org\/\" typeof=\"BreadcrumbList\"><span property=\"itemListElement\" typeof=\"ListItem\"><a property=\"item\" typeof=\"WebPage\" href=\"https:\/\/www.geneveroule.ch\/fr\/\" class=\"home\"><span property=\"name\">Accueil<\/span><\/a><meta property=\"position\" content=\"1\"><\/span> <span class=\"separator et-pb-icon\">&#x39;<\/span> <\/span><\/div>\n\t\t\t\t<\/div>\n\t\t\t<\/div>Gen\u00e8veroule: plus de 20 ans d&rsquo;histoire1996-2002La gen\u00e8se&#8230;de V\u00e9loc \u00e0 Gen\u00e8ve&rsquo;rouleTout commence en 1996, lorsque deux [&hellip;]<\/p>\n","protected":false},"author":1,"featured_media":0,"parent":0,"menu_order":0,"comment_status":"closed","ping_status":"closed","template":"","meta":{"_et_pb_use_builder":"on","_et_pb_old_content":"<!-- wp:paragraph -->\n<p>Ceci est une page d\u2019exemple. C\u2019est diff\u00e9rent d\u2019un article de blog parce qu\u2019elle restera au m\u00eame endroit et appara\u00eetra dans la navigation de votre site (dans la plupart des th\u00e8mes). La plupart des gens commencent par une page \u00ab&nbsp;\u00c0 propos&nbsp;\u00bb qui les pr\u00e9sente aux personnes visitant du site. Cela pourrait ressembler \u00e0 quelque chose comme cela&nbsp;:<\/p>\n<!-- \/wp:paragraph -->\n\n<!-- wp:quote -->\n<blockquote class=\"wp-block-quote\"><p>Bonjour&nbsp;! Je suis un m\u00e9canicien qui aspire \u00e0 devenir acteur, et voici mon site. J\u2019habite \u00e0 Bordeaux, j\u2019ai un super chien baptis\u00e9 Russell, et j\u2019aime la vodka (ainsi qu\u2019\u00eatre surpris par la pluie soudaine lors de longues balades sur la plage au coucher du soleil).<\/p><\/blockquote>\n<!-- \/wp:quote -->\n\n<!-- wp:paragraph -->\n<p>\u2026ou quelque chose comme cela&nbsp;:<\/p>\n<!-- \/wp:paragraph -->\n\n<!-- wp:quote -->\n<blockquote class=\"wp-block-quote\"><p>La soci\u00e9t\u00e9 123 Machin Truc a \u00e9t\u00e9 cr\u00e9\u00e9e en 1971, et n\u2019a cess\u00e9 de proposer au public des machins-trucs de qualit\u00e9 depuis lors. Situ\u00e9e \u00e0 Saint-Remy-en-Bouzemont-Saint-Genest-et-Isson, 123 Machin Truc emploie 2 000 personnes, et fabrique toutes sortes de bidules supers pour la communaut\u00e9 bouzemontoise.<\/p><\/blockquote>\n<!-- \/wp:quote -->\n\n<!-- wp:paragraph -->\n<p>En tant que nouvel utilisateur ou utilisatrice de WordPress, vous devriez vous rendre sur <a href=\"https:\/\/www.geneveroule.ch\/wp-admin\/\">votre tableau de bord<\/a> pour supprimer cette page et cr\u00e9er de nouvelles pages pour votre contenu. Amusez-vous bien&nbsp;!<\/p>\n<!-- \/wp:paragraph -->","_et_gb_content_width":"","footnotes":""},"class_list":["post-53615","page","type-page","status-publish","hentry"],"yoast_head":"<!-- This site is optimized with the Yoast SEO plugin v27.4 - https:\/\/yoast.com\/product\/yoast-seo-wordpress\/ -->\n<title>Historique - Gen\u00e8veroule<\/title>\n<meta name=\"robots\" content=\"index, follow, max-snippet:-1, max-image-preview:large, max-video-preview:-1\" \/>\n<link rel=\"canonical\" href=\"https:\/\/www.geneveroule.ch\/fr\/historique\/\" \/>\n<meta property=\"og:locale\" content=\"fr_FR\" \/>\n<meta property=\"og:type\" content=\"article\" \/>\n<meta property=\"og:title\" content=\"Historique - Gen\u00e8veroule\" \/>\n<meta property=\"og:description\" content=\"HistoriqueGen\u00e8veroule: plus de 20 ans d&#039;histoire1996-2002La gen\u00e8se...de V\u00e9loc \u00e0 Gen\u00e8ve&#039;rouleTout commence en 1996, lorsque deux [&hellip;]\" \/>\n<meta property=\"og:url\" content=\"https:\/\/www.geneveroule.ch\/fr\/historique\/\" \/>\n<meta property=\"og:site_name\" content=\"Gen\u00e8veroule\" \/>\n<meta property=\"article:modified_time\" content=\"2026-02-04T19:00:26+00:00\" \/>\n<meta name=\"twitter:card\" content=\"summary_large_image\" \/>\n<meta name=\"twitter:label1\" content=\"Dur\u00e9e de lecture estim\u00e9e\" \/>\n\t<meta name=\"twitter:data1\" content=\"3 minutes\" \/>\n<script type=\"application\/ld+json\" class=\"yoast-schema-graph\">{\"@context\":\"https:\\\/\\\/schema.org\",\"@graph\":[{\"@type\":\"WebPage\",\"@id\":\"https:\\\/\\\/www.geneveroule.ch\\\/fr\\\/historique\\\/\",\"url\":\"https:\\\/\\\/www.geneveroule.ch\\\/fr\\\/historique\\\/\",\"name\":\"Historique - Gen\u00e8veroule\",\"isPartOf\":{\"@id\":\"https:\\\/\\\/www.geneveroule.ch\\\/fr\\\/#website\"},\"datePublished\":\"2021-12-14T15:46:47+00:00\",\"dateModified\":\"2026-02-04T19:00:26+00:00\",\"breadcrumb\":{\"@id\":\"https:\\\/\\\/www.geneveroule.ch\\\/fr\\\/historique\\\/#breadcrumb\"},\"inLanguage\":\"fr-FR\",\"potentialAction\":[{\"@type\":\"ReadAction\",\"target\":[\"https:\\\/\\\/www.geneveroule.ch\\\/fr\\\/historique\\\/\"]}]},{\"@type\":\"BreadcrumbList\",\"@id\":\"https:\\\/\\\/www.geneveroule.ch\\\/fr\\\/historique\\\/#breadcrumb\",\"itemListElement\":[{\"@type\":\"ListItem\",\"position\":1,\"name\":\"Accueil\",\"item\":\"https:\\\/\\\/www.geneveroule.ch\\\/fr\\\/\"},{\"@type\":\"ListItem\",\"position\":2,\"name\":\"Historique\"}]},{\"@type\":\"WebSite\",\"@id\":\"https:\\\/\\\/www.geneveroule.ch\\\/fr\\\/#website\",\"url\":\"https:\\\/\\\/www.geneveroule.ch\\\/fr\\\/\",\"name\":\"Gen\u00e8veroule\",\"description\":\"v\u00e9lo et insertion\",\"potentialAction\":[{\"@type\":\"SearchAction\",\"target\":{\"@type\":\"EntryPoint\",\"urlTemplate\":\"https:\\\/\\\/www.geneveroule.ch\\\/fr\\\/?s={search_term_string}\"},\"query-input\":{\"@type\":\"PropertyValueSpecification\",\"valueRequired\":true,\"valueName\":\"search_term_string\"}}],\"inLanguage\":\"fr-FR\"}]}<\/script>\n<!-- \/ Yoast SEO plugin. -->","yoast_head_json":{"title":"Historique - Gen\u00e8veroule","robots":{"index":"index","follow":"follow","max-snippet":"max-snippet:-1","max-image-preview":"max-image-preview:large","max-video-preview":"max-video-preview:-1"},"canonical":"https:\/\/www.geneveroule.ch\/fr\/historique\/","og_locale":"fr_FR","og_type":"article","og_title":"Historique - Gen\u00e8veroule","og_description":"HistoriqueGen\u00e8veroule: plus de 20 ans d'histoire1996-2002La gen\u00e8se...de V\u00e9loc \u00e0 Gen\u00e8ve'rouleTout commence en 1996, lorsque deux [&hellip;]","og_url":"https:\/\/www.geneveroule.ch\/fr\/historique\/","og_site_name":"Gen\u00e8veroule","article_modified_time":"2026-02-04T19:00:26+00:00","twitter_card":"summary_large_image","twitter_misc":{"Dur\u00e9e de lecture estim\u00e9e":"3 minutes"},"schema":{"@context":"https:\/\/schema.org","@graph":[{"@type":"WebPage","@id":"https:\/\/www.geneveroule.ch\/fr\/historique\/","url":"https:\/\/www.geneveroule.ch\/fr\/historique\/","name":"Historique - Gen\u00e8veroule","isPartOf":{"@id":"https:\/\/www.geneveroule.ch\/fr\/#website"},"datePublished":"2021-12-14T15:46:47+00:00","dateModified":"2026-02-04T19:00:26+00:00","breadcrumb":{"@id":"https:\/\/www.geneveroule.ch\/fr\/historique\/#breadcrumb"},"inLanguage":"fr-FR","potentialAction":[{"@type":"ReadAction","target":["https:\/\/www.geneveroule.ch\/fr\/historique\/"]}]},{"@type":"BreadcrumbList","@id":"https:\/\/www.geneveroule.ch\/fr\/historique\/#breadcrumb","itemListElement":[{"@type":"ListItem","position":1,"name":"Accueil","item":"https:\/\/www.geneveroule.ch\/fr\/"},{"@type":"ListItem","position":2,"name":"Historique"}]},{"@type":"WebSite","@id":"https:\/\/www.geneveroule.ch\/fr\/#website","url":"https:\/\/www.geneveroule.ch\/fr\/","name":"Gen\u00e8veroule","description":"v\u00e9lo et insertion","potentialAction":[{"@type":"SearchAction","target":{"@type":"EntryPoint","urlTemplate":"https:\/\/www.geneveroule.ch\/fr\/?s={search_term_string}"},"query-input":{"@type":"PropertyValueSpecification","valueRequired":true,"valueName":"search_term_string"}}],"inLanguage":"fr-FR"}]}},"_links":{"self":[{"href":"https:\/\/www.geneveroule.ch\/fr\/wp-json\/wp\/v2\/pages\/53615","targetHints":{"allow":["GET"]}}],"collection":[{"href":"https:\/\/www.geneveroule.ch\/fr\/wp-json\/wp\/v2\/pages"}],"about":[{"href":"https:\/\/www.geneveroule.ch\/fr\/wp-json\/wp\/v2\/types\/page"}],"author":[{"embeddable":true,"href":"https:\/\/www.geneveroule.ch\/fr\/wp-json\/wp\/v2\/users\/1"}],"replies":[{"embeddable":true,"href":"https:\/\/www.geneveroule.ch\/fr\/wp-json\/wp\/v2\/comments?post=53615"}],"version-history":[{"count":25,"href":"https:\/\/www.geneveroule.ch\/fr\/wp-json\/wp\/v2\/pages\/53615\/revisions"}],"predecessor-version":[{"id":60642,"href":"https:\/\/www.geneveroule.ch\/fr\/wp-json\/wp\/v2\/pages\/53615\/revisions\/60642"}],"wp:attachment":[{"href":"https:\/\/www.geneveroule.ch\/fr\/wp-json\/wp\/v2\/media?parent=53615"}],"curies":[{"name":"wp","href":"https:\/\/api.w.org\/{rel}","templated":true}]}}