{"id":53776,"date":"2021-12-16T16:15:34","date_gmt":"2021-12-16T15:15:34","guid":{"rendered":"https:\/\/www.geneveroule.ch\/horaires-et-lieux\/espace-tourbillon-copy\/"},"modified":"2026-02-04T19:50:23","modified_gmt":"2026-02-04T18:50:23","slug":"insertion","status":"publish","type":"page","link":"https:\/\/www.geneveroule.ch\/fr\/insertion\/","title":{"rendered":"Insertion"},"content":{"rendered":"<p>[et_pb_section fb_built=\u00a0\u00bb1&Prime; _builder_version=\u00a0\u00bb4.16&Prime; _module_preset=\u00a0\u00bbdefault\u00a0\u00bb height=\u00a0\u00bb100px\u00a0\u00bb global_colors_info=\u00a0\u00bb{}\u00a0\u00bb][et_pb_row make_equal=\u00a0\u00bbon\u00a0\u00bb _builder_version=\u00a0\u00bb4.27.5&Prime; _module_preset=\u00a0\u00bbdefault\u00a0\u00bb width=\u00a0\u00bb100%\u00a0\u00bb custom_margin=\u00a0\u00bb-30px||0px||false|false\u00a0\u00bb custom_padding=\u00a0\u00bb0px||0px||false|false\u00a0\u00bb animation_style=\u00a0\u00bbbounce\u00a0\u00bb hover_enabled=\u00a0\u00bb0&Prime; global_colors_info=\u00a0\u00bb{%22gcid-2c18f931-9eb4-4819-9031-24bda09bc836%22:%91%22background_color%22%93}\u00a0\u00bb button_text_color__hover=\u00a0\u00bb#E52629&Prime; button_text_color__hover_enabled=\u00a0\u00bbon|hover\u00a0\u00bb button_bg_color__hover=\u00a0\u00bb#FBBA00&Prime; button_bg_color__hover_enabled=\u00a0\u00bbon|hover\u00a0\u00bb button_border_radius__hover=\u00a0\u00bb35px\u00a0\u00bb button_border_radius__hover_enabled=\u00a0\u00bbon|hover\u00a0\u00bb background_color=\u00a0\u00bbgcid-2c18f931-9eb4-4819-9031-24bda09bc836&Prime; sticky_enabled=\u00a0\u00bb0&Prime;][et_pb_column type=\u00a0\u00bb4_4&Prime; _builder_version=\u00a0\u00bb4.16&Prime; _module_preset=\u00a0\u00bbdefault\u00a0\u00bb global_colors_info=\u00a0\u00bb{}\u00a0\u00bb][et_pb_text _builder_version=\u00a0\u00bb4.16&Prime; _module_preset=\u00a0\u00bbdefault\u00a0\u00bb text_font=\u00a0\u00bbSaune Bold||||||||\u00a0\u00bb text_text_color=\u00a0\u00bb#FFFFFF\u00a0\u00bb custom_margin_tablet=\u00a0\u00bb10px|||40px|false|false\u00a0\u00bb custom_margin_phone=\u00a0\u00bb-7px|||15px|false|false\u00a0\u00bb custom_margin_last_edited=\u00a0\u00bbon|phone\u00a0\u00bb header_line_height_tablet=\u00a0\u00bb\u00a0\u00bb header_line_height_phone=\u00a0\u00bb0.9em\u00a0\u00bb header_line_height_last_edited=\u00a0\u00bbon|phone\u00a0\u00bb global_colors_info=\u00a0\u00bb{}\u00a0\u00bb]<\/p>\n<h1 style=\"text-align: left;\"><span style=\"color: #ffffff;\">Notre mission d&rsquo;insertion<\/span><\/h1>\n<p>[\/et_pb_text][\/et_pb_column][\/et_pb_row][et_pb_row disabled_on=\u00a0\u00bbon|off|off\u00a0\u00bb _builder_version=\u00a0\u00bb4.27.5&Prime; _module_preset=\u00a0\u00bbdefault\u00a0\u00bb hover_enabled=\u00a0\u00bb0&Prime; locked=\u00a0\u00bboff\u00a0\u00bb global_colors_info=\u00a0\u00bb{%22gcid-2c18f931-9eb4-4819-9031-24bda09bc836%22:%91%22background_color%22%93}\u00a0\u00bb background_color=\u00a0\u00bbgcid-2c18f931-9eb4-4819-9031-24bda09bc836&Prime; sticky_enabled=\u00a0\u00bb0&Prime;][et_pb_column type=\u00a0\u00bb4_4&Prime; _builder_version=\u00a0\u00bb4.16&Prime; _module_preset=\u00a0\u00bbdefault\u00a0\u00bb global_colors_info=\u00a0\u00bb{}\u00a0\u00bb][lwp_divi_breadcrumbs home_text=\u00a0\u00bbAccueil\u00a0\u00bb link_color=\u00a0\u00bb#3023AD\u00a0\u00bb separator_color=\u00a0\u00bb#FBBA00&Prime; current_text_color=\u00a0\u00bb#FBBA00&Prime; disabled_on=\u00a0\u00bbon|on|off\u00a0\u00bb _builder_version=\u00a0\u00bb4.16&Prime; _module_preset=\u00a0\u00bbdefault\u00a0\u00bb module_font=\u00a0\u00bb|300|||||||\u00a0\u00bb module_text_align=\u00a0\u00bbleft\u00a0\u00bb module_text_color=\u00a0\u00bb#FBBA00&Prime; module_font_size=\u00a0\u00bb16px\u00a0\u00bb width=\u00a0\u00bb100%\u00a0\u00bb module_alignment=\u00a0\u00bbright\u00a0\u00bb custom_margin=\u00a0\u00bb14px||||false|false\u00a0\u00bb global_colors_info=\u00a0\u00bb{}\u00a0\u00bb][\/lwp_divi_breadcrumbs][\/et_pb_column][\/et_pb_row][\/et_pb_section][et_pb_section fb_built=\u00a0\u00bb1&Prime; admin_label=\u00a0\u00bbServices\u00a0\u00bb _builder_version=\u00a0\u00bb4.27.5&Prime; background_color=\u00a0\u00bbgcid-c80a1fc6-016f-42b5-8ba9-702cda38c14f\u00a0\u00bb hover_enabled=\u00a0\u00bb0&Prime; global_colors_info=\u00a0\u00bb{%22gcid-c80a1fc6-016f-42b5-8ba9-702cda38c14f%22:%91%22background_color%22%93}\u00a0\u00bb title_text_tablet=\u00a0\u00bbupholsterer-41&Prime; sticky_enabled=\u00a0\u00bb0&Prime;][et_pb_row _builder_version=\u00a0\u00bb4.16&Prime; _module_preset=\u00a0\u00bbdefault\u00a0\u00bb global_colors_info=\u00a0\u00bb{}\u00a0\u00bb][et_pb_column type=\u00a0\u00bb4_4&Prime; _builder_version=\u00a0\u00bb4.16&Prime; _module_preset=\u00a0\u00bbdefault\u00a0\u00bb global_colors_info=\u00a0\u00bb{}\u00a0\u00bb][et_pb_text _builder_version=\u00a0\u00bb4.16&Prime; _module_preset=\u00a0\u00bbdefault\u00a0\u00bb header_2_font_size=\u00a0\u00bb56px\u00a0\u00bb custom_margin=\u00a0\u00bb||||false|false\u00a0\u00bb header_2_font_size_tablet=\u00a0\u00bb56px\u00a0\u00bb header_2_font_size_phone=\u00a0\u00bb42px\u00a0\u00bb header_2_font_size_last_edited=\u00a0\u00bbon|phone\u00a0\u00bb global_colors_info=\u00a0\u00bb{}\u00a0\u00bb]<\/p>\n<h2 style=\"text-align: center;\">Gen\u00e8veroule pour l&rsquo;insertion<\/h2>\n<p>[\/et_pb_text][et_pb_text content_tablet=\u00a0\u00bb<\/p>\n<p style=%22text-align: center;%22>Dans le cadre de son champ d\u2019activit\u00e9s, l\u2019association <strong>Gen\u00e8veroule<\/strong> constitue un espace privil\u00e9gi\u00e9 d&rsquo;insertion pour ceux qui ne peuvent aborder directement le march\u00e9 de l&#8217;emploi suisse du fait des difficult\u00e9s linguistiques, de la pr\u00e9carit\u00e9 de statut, d&rsquo;un r\u00e9seau social sectoriel et r\u00e9duit et d&rsquo;exp\u00e9riences v\u00e9cues constituant parfois des ruptures de liens sociaux.<\/p>\n<p>\u00a0\u00bb content_phone=\u00a0\u00bb<\/p>\n<p style=%22text-align: justify;%22>Dans le cadre de son champ d\u2019activit\u00e9s, l\u2019association <strong>Gen\u00e8veroule<\/strong> constitue un espace privil\u00e9gi\u00e9 d&rsquo;insertion pour ceux qui ne peuvent aborder directement le march\u00e9 de l&#8217;emploi suisse du fait des difficult\u00e9s linguistiques, de la pr\u00e9carit\u00e9 de statut, d&rsquo;un r\u00e9seau social sectoriel et r\u00e9duit et d&rsquo;exp\u00e9riences v\u00e9cues constituant parfois des ruptures de liens sociaux.<\/p>\n<p>\u00a0\u00bb content_last_edited=\u00a0\u00bbon|phone\u00a0\u00bb _builder_version=\u00a0\u00bb4.16&Prime; _module_preset=\u00a0\u00bbdefault\u00a0\u00bb text_font_size=\u00a0\u00bb23px\u00a0\u00bb width=\u00a0\u00bb70%\u00a0\u00bb width_tablet=\u00a0\u00bb\u00a0\u00bb width_phone=\u00a0\u00bb100%\u00a0\u00bb width_last_edited=\u00a0\u00bbon|phone\u00a0\u00bb module_alignment=\u00a0\u00bbcenter\u00a0\u00bb custom_margin_tablet=\u00a0\u00bb\u00a0\u00bb custom_margin_phone=\u00a0\u00bb||-40px||false|false\u00a0\u00bb custom_margin_last_edited=\u00a0\u00bbon|phone\u00a0\u00bb custom_padding=\u00a0\u00bb||||false|true\u00a0\u00bb text_font_size_tablet=\u00a0\u00bb23px\u00a0\u00bb text_font_size_phone=\u00a0\u00bb19px\u00a0\u00bb text_font_size_last_edited=\u00a0\u00bbon|phone\u00a0\u00bb global_colors_info=\u00a0\u00bb{}\u00a0\u00bb]<\/p>\n<p style=\"text-align: center;\">L&rsquo;insertion socio-professionnelle fait partie int\u00e9grante de toutes les activit\u00e9s d\u00e9velopp\u00e9es par l&rsquo;association Gen\u00e8veroule. Avec une grande diversit\u00e9 de profils, origines et statuts, les collaborateurs et collaboratrices de Gen\u00e8veroule en insertion contribuent au <strong>rayonnement de l&rsquo;association avec leurs comp\u00e9tences, leur engagement et leur exp\u00e9rience<\/strong>.<\/p>\n<p>[\/et_pb_text][\/et_pb_column][\/et_pb_row][et_pb_row column_structure=\u00a0\u00bb1_2,1_2&Prime; _builder_version=\u00a0\u00bb4.16&Prime; _module_preset=\u00a0\u00bbdefault\u00a0\u00bb global_colors_info=\u00a0\u00bb{}\u00a0\u00bb][et_pb_column type=\u00a0\u00bb1_2&Prime; _builder_version=\u00a0\u00bb4.16&Prime; _module_preset=\u00a0\u00bbdefault\u00a0\u00bb global_colors_info=\u00a0\u00bb{}\u00a0\u00bb][et_pb_text _builder_version=\u00a0\u00bb4.27.2&Prime; _module_preset=\u00a0\u00bbdefault\u00a0\u00bb text_orientation=\u00a0\u00bbjustified\u00a0\u00bb custom_padding=\u00a0\u00bb0px|||||\u00a0\u00bb global_colors_info=\u00a0\u00bb{}\u00a0\u00bb]<\/p>\n<p>La strat\u00e9gie de Gen\u00e8veroule s&rsquo;articule sur <strong>trois axes<\/strong> <strong>: la pratique professionnelle, la formation et le conseil en insertion<\/strong>. Nous sommes convaincus que la combinaison de ces trois axes permet de faire progresser chaque b\u00e9n\u00e9ficiaire dans son parcours d&rsquo;int\u00e9gration. L&rsquo;obtention d&rsquo;un certificat de travail, d&rsquo;une attestation de comp\u00e9tences et d&rsquo;un dossier de candidature r\u00e9vis\u00e9 et pr\u00eat \u00e0 l&#8217;emploi sont autant d&rsquo;\u00e9l\u00e9ments qui concourent \u00e0 d\u00e9velopper la capacit\u00e9 d&rsquo;une personne \u00e0 atteindre son objectif d&rsquo;insertion.<\/p>\n<p>Les pratiques d&rsquo;insertion de Gen\u00e8veroule s&rsquo;organisent en collaboration \u00e9troite avec <strong>l&rsquo;Office cantonal de l&#8217;emploi, l&rsquo;Hospice g\u00e9n\u00e9ral, le Bureau de l&rsquo;int\u00e9gration et de la citoyennet\u00e9 et les institutions genevoises actives dans l&rsquo;insertion.<\/strong><\/p>\n<p>[\/et_pb_text][\/et_pb_column][et_pb_column type=\u00a0\u00bb1_2&Prime; _builder_version=\u00a0\u00bb4.16&Prime; _module_preset=\u00a0\u00bbdefault\u00a0\u00bb global_colors_info=\u00a0\u00bb{}\u00a0\u00bb][et_pb_image src=\u00a0\u00bbhttps:\/\/www.geneveroule.ch\/wp-content\/uploads\/2022\/03\/Geneveroule-pour-linsertion-des-jeunes.jpg\u00a0\u00bb alt=\u00a0\u00bbphoto_jalal_mtb_2017&Prime; title_text=\u00a0\u00bbPublireportage Gene\u0300veroule, Gene\u0300ve\u00a0\u00bb _builder_version=\u00a0\u00bb4.16&Prime; _module_preset=\u00a0\u00bbdefault\u00a0\u00bb module_alignment=\u00a0\u00bbleft\u00a0\u00bb custom_margin=\u00a0\u00bb||7px||false|false\u00a0\u00bb global_colors_info=\u00a0\u00bb{}\u00a0\u00bb][\/et_pb_image][\/et_pb_column][\/et_pb_row][\/et_pb_section][et_pb_section fb_built=\u00a0\u00bb1&Prime; admin_label=\u00a0\u00bbServices\u00a0\u00bb _builder_version=\u00a0\u00bb4.27.2&Prime; background_color=\u00a0\u00bb#F2F2F2&Prime; global_colors_info=\u00a0\u00bb{}\u00a0\u00bb title_text_tablet=\u00a0\u00bbupholsterer-41&Prime;][et_pb_row _builder_version=\u00a0\u00bb4.16&Prime; _module_preset=\u00a0\u00bbdefault\u00a0\u00bb locked=\u00a0\u00bboff\u00a0\u00bb global_colors_info=\u00a0\u00bb{}\u00a0\u00bb][et_pb_column type=\u00a0\u00bb4_4&Prime; _builder_version=\u00a0\u00bb4.16&Prime; _module_preset=\u00a0\u00bbdefault\u00a0\u00bb global_colors_info=\u00a0\u00bb{}\u00a0\u00bb][et_pb_text _builder_version=\u00a0\u00bb4.16&Prime; _module_preset=\u00a0\u00bbdefault\u00a0\u00bb header_4_text_color=\u00a0\u00bb#FBBA00&Prime; custom_margin=\u00a0\u00bb||-50px||false|false\u00a0\u00bb global_colors_info=\u00a0\u00bb{}\u00a0\u00bb]<\/p>\n<h4 style=\"text-align: center;\"><strong>Nos labels<\/strong><\/h4>\n<p>[\/et_pb_text][\/et_pb_column][\/et_pb_row][et_pb_row column_structure=\u00a0\u00bb1_3,1_3,1_3&Prime; disabled_on=\u00a0\u00bboff|off|off\u00a0\u00bb _builder_version=\u00a0\u00bb4.16&Prime; _module_preset=\u00a0\u00bbdefault\u00a0\u00bb custom_css_main_element=\u00a0\u00bbdisplay: flex;\u00a0\u00bb locked=\u00a0\u00bboff\u00a0\u00bb global_colors_info=\u00a0\u00bb{}\u00a0\u00bb][et_pb_column type=\u00a0\u00bb1_3&Prime; _builder_version=\u00a0\u00bb4.16&Prime; _module_preset=\u00a0\u00bbdefault\u00a0\u00bb global_colors_info=\u00a0\u00bb{}\u00a0\u00bb][et_pb_image src=\u00a0\u00bbhttps:\/\/www.geneveroule.ch\/wp-content\/uploads\/2021\/12\/sefri_vignette.png\u00a0\u00bb alt=\u00a0\u00bbsefri_vignette\u00a0\u00bb title_text=\u00a0\u00bbsefri_vignette\u00a0\u00bb url=\u00a0\u00bbhttps:\/\/www.ge.ch\/\u00a0\u00bb url_new_window=\u00a0\u00bbon\u00a0\u00bb align=\u00a0\u00bbright\u00a0\u00bb _builder_version=\u00a0\u00bb4.16&Prime; _module_preset=\u00a0\u00bbdefault\u00a0\u00bb height=\u00a0\u00bb120px\u00a0\u00bb global_colors_info=\u00a0\u00bb{}\u00a0\u00bb][\/et_pb_image][\/et_pb_column][et_pb_column type=\u00a0\u00bb1_3&Prime; _builder_version=\u00a0\u00bb4.16&Prime; _module_preset=\u00a0\u00bbdefault\u00a0\u00bb global_colors_info=\u00a0\u00bb{}\u00a0\u00bb][et_pb_image src=\u00a0\u00bbhttps:\/\/www.geneveroule.ch\/wp-content\/uploads\/2024\/10\/Label-1plus-pour-tous_2024-TR.png\u00a0\u00bb alt=\u00a0\u00bblogo_unpourtous\u00a0\u00bb title_text=\u00a0\u00bbLabel-1plus-pour-tous_2024-TR\u00a0\u00bb url=\u00a0\u00bbhttp:\/\/www.ville-geneve.ch\/\u00a0\u00bb url_new_window=\u00a0\u00bbon\u00a0\u00bb align=\u00a0\u00bbcenter\u00a0\u00bb _builder_version=\u00a0\u00bb4.27.2&Prime; _module_preset=\u00a0\u00bbdefault\u00a0\u00bb height=\u00a0\u00bb110px\u00a0\u00bb custom_margin=\u00a0\u00bb7px||||false|false\u00a0\u00bb global_colors_info=\u00a0\u00bb{}\u00a0\u00bb][\/et_pb_image][\/et_pb_column][et_pb_column type=\u00a0\u00bb1_3&Prime; _builder_version=\u00a0\u00bb4.16&Prime; _module_preset=\u00a0\u00bbdefault\u00a0\u00bb global_colors_info=\u00a0\u00bb{}\u00a0\u00bb][et_pb_image src=\u00a0\u00bbhttps:\/\/www.geneveroule.ch\/wp-content\/uploads\/2021\/12\/Logo_service-civil.png\u00a0\u00bb alt=\u00a0\u00bbLogo_service-civil\u00a0\u00bb title_text=\u00a0\u00bbLogo_service-civil\u00a0\u00bb url=\u00a0\u00bbhttps:\/\/www.carouge.ch\/\u00a0\u00bb url_new_window=\u00a0\u00bbon\u00a0\u00bb _builder_version=\u00a0\u00bb4.16&Prime; _module_preset=\u00a0\u00bbdefault\u00a0\u00bb height=\u00a0\u00bb110px\u00a0\u00bb custom_padding=\u00a0\u00bb4px||||false|false\u00a0\u00bb global_colors_info=\u00a0\u00bb{}\u00a0\u00bb][\/et_pb_image][\/et_pb_column][\/et_pb_row][\/et_pb_section][et_pb_section fb_built=\u00a0\u00bb1&Prime; admin_label=\u00a0\u00bbServices\u00a0\u00bb _builder_version=\u00a0\u00bb4.27.5&Prime; background_color=\u00a0\u00bbgcid-c80a1fc6-016f-42b5-8ba9-702cda38c14f\u00a0\u00bb hover_enabled=\u00a0\u00bb0&Prime; global_colors_info=\u00a0\u00bb{%22gcid-c80a1fc6-016f-42b5-8ba9-702cda38c14f%22:%91%22background_color%22%93}\u00a0\u00bb title_text_tablet=\u00a0\u00bbupholsterer-41&Prime; sticky_enabled=\u00a0\u00bb0&Prime;][et_pb_row _builder_version=\u00a0\u00bb4.16&Prime; _module_preset=\u00a0\u00bbdefault\u00a0\u00bb width_tablet=\u00a0\u00bb100%\u00a0\u00bb width_phone=\u00a0\u00bb100%\u00a0\u00bb width_last_edited=\u00a0\u00bbon|phone\u00a0\u00bb custom_margin=\u00a0\u00bb||-23px||false|false\u00a0\u00bb custom_margin_tablet=\u00a0\u00bb||-23px||false|false\u00a0\u00bb custom_margin_phone=\u00a0\u00bb||-100px||false|false\u00a0\u00bb custom_margin_last_edited=\u00a0\u00bbon|phone\u00a0\u00bb locked=\u00a0\u00bboff\u00a0\u00bb global_colors_info=\u00a0\u00bb{}\u00a0\u00bb][et_pb_column type=\u00a0\u00bb4_4&Prime; _builder_version=\u00a0\u00bb4.16&Prime; _module_preset=\u00a0\u00bbdefault\u00a0\u00bb global_colors_info=\u00a0\u00bb{}\u00a0\u00bb][et_pb_text _builder_version=\u00a0\u00bb4.16.1&Prime; _module_preset=\u00a0\u00bbdefault\u00a0\u00bb header_4_text_color=\u00a0\u00bb#FBBA00&Prime; custom_margin=\u00a0\u00bb||-50px||false|false\u00a0\u00bb global_colors_info=\u00a0\u00bb{}\u00a0\u00bb]<\/p>\n<h4 style=\"text-align: center;\"><strong>Rencontrez nos collaborateurs-trices<\/strong><\/h4>\n<p>[\/et_pb_text][\/et_pb_column][\/et_pb_row][et_pb_row disabled_on=\u00a0\u00bboff|off|off\u00a0\u00bb _builder_version=\u00a0\u00bb4.16&Prime; _module_preset=\u00a0\u00bbdefault\u00a0\u00bb locked=\u00a0\u00bboff\u00a0\u00bb global_colors_info=\u00a0\u00bb{}\u00a0\u00bb][et_pb_column type=\u00a0\u00bb4_4&Prime; _builder_version=\u00a0\u00bb4.16&Prime; _module_preset=\u00a0\u00bbdefault\u00a0\u00bb global_colors_info=\u00a0\u00bb{}\u00a0\u00bb][et_pb_text _builder_version=\u00a0\u00bb4.27.2&Prime; _module_preset=\u00a0\u00bbdefault\u00a0\u00bb header_4_text_color=\u00a0\u00bb#FBBA00&Prime; custom_margin=\u00a0\u00bb||-50px||false|false\u00a0\u00bb global_colors_info=\u00a0\u00bb{}\u00a0\u00bb]<\/p>\n<p style=\"text-align: center;\">D\u00e9couvrez notre engagement pour l&rsquo;insertion socio-professionnelle <a href=\"https:\/\/www.geneveroule.ch\/fr\/roulons-ensemble-vers-linsertion\/\" target=\"_blank\" rel=\"noopener\"><strong>au travers de 6 portraits<\/strong><\/a><\/p>\n<p>[\/et_pb_text][\/et_pb_column][\/et_pb_row][et_pb_row _builder_version=\u00a0\u00bb4.27.2&Prime; _module_preset=\u00a0\u00bbdefault\u00a0\u00bb width_tablet=\u00a0\u00bb100%\u00a0\u00bb width_phone=\u00a0\u00bb100%\u00a0\u00bb width_last_edited=\u00a0\u00bbon|phone\u00a0\u00bb custom_margin=\u00a0\u00bb||-23px||false|false\u00a0\u00bb custom_margin_tablet=\u00a0\u00bb||-23px||false|false\u00a0\u00bb custom_margin_phone=\u00a0\u00bb||-100px||false|false\u00a0\u00bb custom_margin_last_edited=\u00a0\u00bbon|phone\u00a0\u00bb locked=\u00a0\u00bboff\u00a0\u00bb global_colors_info=\u00a0\u00bb{}\u00a0\u00bb][et_pb_column type=\u00a0\u00bb4_4&Prime; _builder_version=\u00a0\u00bb4.27.2&Prime; _module_preset=\u00a0\u00bbdefault\u00a0\u00bb global_colors_info=\u00a0\u00bb{}\u00a0\u00bb][wdcl_image_carousel nav_pagi=\u00a0\u00bbnone\u00a0\u00bb slide_spacing=\u00a0\u00bb0px\u00a0\u00bb slide_count_tablet=\u00a0\u00bb2&Prime; slide_count_phone=\u00a0\u00bb1&Prime; slide_count_last_edited=\u00a0\u00bbon|phone\u00a0\u00bb _builder_version=\u00a0\u00bb4.27.2&Prime; _module_preset=\u00a0\u00bbdefault\u00a0\u00bb width_tablet=\u00a0\u00bb\u00a0\u00bb width_phone=\u00a0\u00bb\u00a0\u00bb width_last_edited=\u00a0\u00bbon|phone\u00a0\u00bb height_tablet=\u00a0\u00bb\u00a0\u00bb height_phone=\u00a0\u00bb\u00a0\u00bb height_last_edited=\u00a0\u00bbon|phone\u00a0\u00bb global_colors_info=\u00a0\u00bb{}\u00a0\u00bb][wdcl_image_carousel_child photo=\u00a0\u00bbhttps:\/\/www.geneveroule.ch\/wp-content\/uploads\/2024\/09\/1-Petit.png\u00a0\u00bb _builder_version=\u00a0\u00bb4.27.2&Prime; _module_preset=\u00a0\u00bbdefault\u00a0\u00bb link_option_url=\u00a0\u00bbhttps:\/\/youtu.be\/7YkkQH1kpxk\u00a0\u00bb link_option_url_new_window=\u00a0\u00bbon\u00a0\u00bb global_colors_info=\u00a0\u00bb{}\u00a0\u00bb][\/wdcl_image_carousel_child][wdcl_image_carousel_child photo=\u00a0\u00bbhttps:\/\/www.geneveroule.ch\/wp-content\/uploads\/2024\/09\/Marietou.png\u00a0\u00bb _builder_version=\u00a0\u00bb4.27.2&Prime; _module_preset=\u00a0\u00bbdefault\u00a0\u00bb link_option_url=\u00a0\u00bbhttps:\/\/youtu.be\/SbkJVgKLT1A\u00a0\u00bb link_option_url_new_window=\u00a0\u00bbon\u00a0\u00bb global_colors_info=\u00a0\u00bb{}\u00a0\u00bb][\/wdcl_image_carousel_child][wdcl_image_carousel_child photo=\u00a0\u00bbhttps:\/\/www.geneveroule.ch\/wp-content\/uploads\/2024\/09\/Danny.png\u00a0\u00bb _builder_version=\u00a0\u00bb4.27.2&Prime; _module_preset=\u00a0\u00bbdefault\u00a0\u00bb link_option_url=\u00a0\u00bbhttps:\/\/youtu.be\/cpqlWhWjDiQ\u00a0\u00bb link_option_url_new_window=\u00a0\u00bbon\u00a0\u00bb global_colors_info=\u00a0\u00bb{}\u00a0\u00bb][\/wdcl_image_carousel_child][wdcl_image_carousel_child photo=\u00a0\u00bbhttps:\/\/www.geneveroule.ch\/wp-content\/uploads\/2024\/09\/5-bis-Petit.png\u00a0\u00bb _builder_version=\u00a0\u00bb4.27.2&Prime; _module_preset=\u00a0\u00bbdefault\u00a0\u00bb link_option_url=\u00a0\u00bbhttps:\/\/youtu.be\/RU7PB2BlzVM\u00a0\u00bb link_option_url_new_window=\u00a0\u00bbon\u00a0\u00bb global_colors_info=\u00a0\u00bb{}\u00a0\u00bb][\/wdcl_image_carousel_child][wdcl_image_carousel_child photo=\u00a0\u00bbhttps:\/\/www.geneveroule.ch\/wp-content\/uploads\/2024\/09\/Honorine.png\u00a0\u00bb _builder_version=\u00a0\u00bb4.27.2&Prime; _module_preset=\u00a0\u00bbdefault\u00a0\u00bb link_option_url=\u00a0\u00bbhttps:\/\/youtu.be\/dXuWBaz2L7I\u00a0\u00bb link_option_url_new_window=\u00a0\u00bbon\u00a0\u00bb global_colors_info=\u00a0\u00bb{}\u00a0\u00bb][\/wdcl_image_carousel_child][wdcl_image_carousel_child photo=\u00a0\u00bbhttps:\/\/www.geneveroule.ch\/wp-content\/uploads\/2024\/09\/Dragana.png\u00a0\u00bb _builder_version=\u00a0\u00bb4.27.2&Prime; _module_preset=\u00a0\u00bbdefault\u00a0\u00bb link_option_url=\u00a0\u00bbhttps:\/\/youtu.be\/17YrM5qiCG8&Prime; link_option_url_new_window=\u00a0\u00bbon\u00a0\u00bb global_colors_info=\u00a0\u00bb{}\u00a0\u00bb][\/wdcl_image_carousel_child][\/wdcl_image_carousel][\/et_pb_column][\/et_pb_row][\/et_pb_section][et_pb_section fb_built=\u00a0\u00bb1&Prime; admin_label=\u00a0\u00bbServices\u00a0\u00bb _builder_version=\u00a0\u00bb4.16&Prime; background_color=\u00a0\u00bb#F2F2F2&Prime; global_colors_info=\u00a0\u00bb{}\u00a0\u00bb title_text_tablet=\u00a0\u00bbupholsterer-41&Prime;][et_pb_row _builder_version=\u00a0\u00bb4.16&Prime; _module_preset=\u00a0\u00bbdefault\u00a0\u00bb global_colors_info=\u00a0\u00bb{}\u00a0\u00bb][et_pb_column type=\u00a0\u00bb4_4&Prime; _builder_version=\u00a0\u00bb4.16&Prime; _module_preset=\u00a0\u00bbdefault\u00a0\u00bb global_colors_info=\u00a0\u00bb{}\u00a0\u00bb][et_pb_text _builder_version=\u00a0\u00bb4.16&Prime; _module_preset=\u00a0\u00bbdefault\u00a0\u00bb header_text_color=\u00a0\u00bb#E52629&Prime; header_2_text_color=\u00a0\u00bb#E52629&Prime; header_2_font_size=\u00a0\u00bb56px\u00a0\u00bb header_3_text_color=\u00a0\u00bb#E52629&Prime; custom_margin=\u00a0\u00bb||10px||false|false\u00a0\u00bb header_2_font_size_tablet=\u00a0\u00bb56px\u00a0\u00bb header_2_font_size_phone=\u00a0\u00bb48px\u00a0\u00bb header_2_font_size_last_edited=\u00a0\u00bbon|phone\u00a0\u00bb global_colors_info=\u00a0\u00bb{}\u00a0\u00bb]<\/p>\n<h2 style=\"text-align: center;\">Qui peut en b\u00e9n\u00e9ficier ?<\/h2>\n<p>[\/et_pb_text][et_pb_text _builder_version=\u00a0\u00bb4.16&Prime; _module_preset=\u00a0\u00bbdefault\u00a0\u00bb header_text_color=\u00a0\u00bb#E52629&Prime; header_2_text_color=\u00a0\u00bb#E52629&Prime; header_2_font_size=\u00a0\u00bb56px\u00a0\u00bb header_3_text_color=\u00a0\u00bb#E52629&Prime; custom_margin=\u00a0\u00bb||10px||false|false\u00a0\u00bb header_2_font_size_tablet=\u00a0\u00bb56px\u00a0\u00bb header_2_font_size_phone=\u00a0\u00bb48px\u00a0\u00bb header_2_font_size_last_edited=\u00a0\u00bbon|phone\u00a0\u00bb global_colors_info=\u00a0\u00bb{}\u00a0\u00bb]<\/p>\n<p style=\"text-align: center;\">Gen\u00e8veroule offre un espace d&rsquo;insertion bienveillant pour de nombreux profils de b\u00e9n\u00e9ficiaires sur des p\u00e9riodes pouvant aller de quelques jours pour les stages d&rsquo;observation et de d\u00e9couverte \u00e0 plusieurs ann\u00e9es pour les Emplois de solidarit\u00e9.<\/p>\n<p>[\/et_pb_text][\/et_pb_column][\/et_pb_row][et_pb_row column_structure=\u00a0\u00bb1_4,1_4,1_4,1_4&Prime; use_custom_gutter=\u00a0\u00bbon\u00a0\u00bb gutter_width=\u00a0\u00bb2&Prime; _builder_version=\u00a0\u00bb4.16&Prime; _module_preset=\u00a0\u00bbdefault\u00a0\u00bb global_colors_info=\u00a0\u00bb{}\u00a0\u00bb][et_pb_column type=\u00a0\u00bb1_4&Prime; _builder_version=\u00a0\u00bb4.16&Prime; _module_preset=\u00a0\u00bbdefault\u00a0\u00bb global_colors_info=\u00a0\u00bb{}\u00a0\u00bb][et_pb_blurb use_icon=\u00a0\u00bbon\u00a0\u00bb font_icon=\u00a0\u00bb&#xf4fc;||fa||900&Prime; icon_color=\u00a0\u00bb#E52629&Prime; icon_placement=\u00a0\u00bbtop\u00a0\u00bb image_icon_width=\u00a0\u00bb57px\u00a0\u00bb content_max_width=\u00a0\u00bb1500px\u00a0\u00bb content_max_width_tablet=\u00a0\u00bb1500px\u00a0\u00bb content_max_width_phone=\u00a0\u00bb1500px\u00a0\u00bb content_max_width_last_edited=\u00a0\u00bbon|tablet\u00a0\u00bb module_id=\u00a0\u00bb#google-map\u00a0\u00bb _builder_version=\u00a0\u00bb4.16&Prime; _module_preset=\u00a0\u00bb2aa45287-d8e7-4c9c-be3a-b7825e68200c\u00a0\u00bb width_tablet=\u00a0\u00bb\u00a0\u00bb width_phone=\u00a0\u00bb\u00a0\u00bb width_last_edited=\u00a0\u00bbon|tablet\u00a0\u00bb global_colors_info=\u00a0\u00bb{}\u00a0\u00bb]<\/p>\n<p style=\"text-align: center;\">Les <strong>apprenti-e-s<\/strong> et <strong>pr\u00e9-apprenti-e-s<\/strong><\/p>\n<p>[\/et_pb_blurb][\/et_pb_column][et_pb_column type=\u00a0\u00bb1_4&Prime; _builder_version=\u00a0\u00bb4.16&Prime; _module_preset=\u00a0\u00bbdefault\u00a0\u00bb global_colors_info=\u00a0\u00bb{}\u00a0\u00bb][et_pb_blurb use_icon=\u00a0\u00bbon\u00a0\u00bb font_icon=\u00a0\u00bb&#xf4fc;||fa||900&Prime; icon_color=\u00a0\u00bb#E52629&Prime; icon_placement=\u00a0\u00bbtop\u00a0\u00bb image_icon_width=\u00a0\u00bb57px\u00a0\u00bb content_max_width=\u00a0\u00bb1500px\u00a0\u00bb content_max_width_tablet=\u00a0\u00bb1500px\u00a0\u00bb content_max_width_phone=\u00a0\u00bb1500px\u00a0\u00bb content_max_width_last_edited=\u00a0\u00bbon|tablet\u00a0\u00bb module_id=\u00a0\u00bb#google-map\u00a0\u00bb _builder_version=\u00a0\u00bb4.16&Prime; _module_preset=\u00a0\u00bb2aa45287-d8e7-4c9c-be3a-b7825e68200c\u00a0\u00bb width_tablet=\u00a0\u00bb\u00a0\u00bb width_phone=\u00a0\u00bb\u00a0\u00bb width_last_edited=\u00a0\u00bbon|tablet\u00a0\u00bb global_colors_info=\u00a0\u00bb{}\u00a0\u00bb]<\/p>\n<p style=\"text-align: center;\">Les personnes au b\u00e9n\u00e9fice de prestations de l&rsquo;<strong>Hospice g\u00e9n\u00e9ral<\/strong>, requ\u00e9rant-e-s d&rsquo;asile et r\u00e9fugi\u00e9-e-s<\/p>\n<p>[\/et_pb_blurb][\/et_pb_column][et_pb_column type=\u00a0\u00bb1_4&Prime; _builder_version=\u00a0\u00bb4.16&Prime; _module_preset=\u00a0\u00bbdefault\u00a0\u00bb global_colors_info=\u00a0\u00bb{}\u00a0\u00bb][et_pb_blurb use_icon=\u00a0\u00bbon\u00a0\u00bb font_icon=\u00a0\u00bb&#xf4fc;||fa||900&Prime; icon_color=\u00a0\u00bb#E52629&Prime; icon_placement=\u00a0\u00bbtop\u00a0\u00bb image_icon_width=\u00a0\u00bb57px\u00a0\u00bb content_max_width=\u00a0\u00bb1500px\u00a0\u00bb content_max_width_tablet=\u00a0\u00bb1500px\u00a0\u00bb content_max_width_phone=\u00a0\u00bb1500px\u00a0\u00bb content_max_width_last_edited=\u00a0\u00bbon|tablet\u00a0\u00bb module_id=\u00a0\u00bb#google-map\u00a0\u00bb _builder_version=\u00a0\u00bb4.16&Prime; _module_preset=\u00a0\u00bb2aa45287-d8e7-4c9c-be3a-b7825e68200c\u00a0\u00bb width_tablet=\u00a0\u00bb\u00a0\u00bb width_phone=\u00a0\u00bb\u00a0\u00bb width_last_edited=\u00a0\u00bbon|tablet\u00a0\u00bb global_colors_info=\u00a0\u00bb{}\u00a0\u00bb]<\/p>\n<p style=\"text-align: center;\">Les ch\u00f4meurs-euses re\u00e7u-e-s dans le cadre d&rsquo;une mesure du march\u00e9 du travail ou du Programme <strong>PPE+<\/strong>, en collaboration avec l&rsquo;Office cantonal de l&#8217;emploi<\/p>\n<p>[\/et_pb_blurb][\/et_pb_column][et_pb_column type=\u00a0\u00bb1_4&Prime; _builder_version=\u00a0\u00bb4.16&Prime; _module_preset=\u00a0\u00bbdefault\u00a0\u00bb global_colors_info=\u00a0\u00bb{}\u00a0\u00bb][et_pb_blurb use_icon=\u00a0\u00bbon\u00a0\u00bb font_icon=\u00a0\u00bb&#xf4fc;||fa||900&Prime; icon_color=\u00a0\u00bb#E52629&Prime; icon_placement=\u00a0\u00bbtop\u00a0\u00bb image_icon_width=\u00a0\u00bb57px\u00a0\u00bb content_max_width=\u00a0\u00bb1500px\u00a0\u00bb content_max_width_tablet=\u00a0\u00bb1500px\u00a0\u00bb content_max_width_phone=\u00a0\u00bb1500px\u00a0\u00bb content_max_width_last_edited=\u00a0\u00bbon|tablet\u00a0\u00bb module_id=\u00a0\u00bb#google-map\u00a0\u00bb _builder_version=\u00a0\u00bb4.16&Prime; _module_preset=\u00a0\u00bb2aa45287-d8e7-4c9c-be3a-b7825e68200c\u00a0\u00bb width_tablet=\u00a0\u00bb\u00a0\u00bb width_phone=\u00a0\u00bb\u00a0\u00bb width_last_edited=\u00a0\u00bbon|tablet\u00a0\u00bb global_colors_info=\u00a0\u00bb{}\u00a0\u00bb]<\/p>\n<p style=\"text-align: center;\">\u00a0Les personnes au b\u00e9n\u00e9fice d&rsquo;un Emploi de solidarit\u00e9 (<strong>EdS<\/strong>), en collaboration avec le Service d&rsquo;aide au retour \u00e0 l&#8217;emploi<strong><br \/><\/strong><\/p>\n<p>[\/et_pb_blurb][\/et_pb_column][\/et_pb_row][et_pb_row column_structure=\u00a0\u00bb1_4,1_4,1_4,1_4&Prime; module_id=\u00a0\u00bb#google-map\u00a0\u00bb _builder_version=\u00a0\u00bb4.16&Prime; _module_preset=\u00a0\u00bbdefault\u00a0\u00bb width_tablet=\u00a0\u00bb\u00a0\u00bb width_phone=\u00a0\u00bb\u00a0\u00bb width_last_edited=\u00a0\u00bbon|tablet\u00a0\u00bb global_colors_info=\u00a0\u00bb{}\u00a0\u00bb content_max_width_tablet=\u00a0\u00bb1500px\u00a0\u00bb content_max_width_phone=\u00a0\u00bb1500px\u00a0\u00bb content_max_width_last_edited=\u00a0\u00bbon|tablet\u00a0\u00bb][et_pb_column type=\u00a0\u00bb1_4&Prime; _builder_version=\u00a0\u00bb4.16&Prime; _module_preset=\u00a0\u00bbdefault\u00a0\u00bb global_colors_info=\u00a0\u00bb{}\u00a0\u00bb][et_pb_blurb use_icon=\u00a0\u00bbon\u00a0\u00bb font_icon=\u00a0\u00bb&#xf4fc;||fa||900&Prime; icon_color=\u00a0\u00bb#E52629&Prime; icon_placement=\u00a0\u00bbtop\u00a0\u00bb image_icon_width=\u00a0\u00bb57px\u00a0\u00bb content_max_width=\u00a0\u00bb1500px\u00a0\u00bb content_max_width_tablet=\u00a0\u00bb1500px\u00a0\u00bb content_max_width_phone=\u00a0\u00bb1500px\u00a0\u00bb content_max_width_last_edited=\u00a0\u00bbon|tablet\u00a0\u00bb module_id=\u00a0\u00bb#google-map\u00a0\u00bb _builder_version=\u00a0\u00bb4.16&Prime; _module_preset=\u00a0\u00bb2aa45287-d8e7-4c9c-be3a-b7825e68200c\u00a0\u00bb width_tablet=\u00a0\u00bb\u00a0\u00bb width_phone=\u00a0\u00bb\u00a0\u00bb width_last_edited=\u00a0\u00bbon|tablet\u00a0\u00bb custom_padding=\u00a0\u00bb||0px|||\u00a0\u00bb global_colors_info=\u00a0\u00bb{}\u00a0\u00bb]<\/p>\n<p style=\"text-align: center;\">Les stagiaires via les antennes sociales de nos <strong>communes partenaires<\/strong><\/p>\n<p>[\/et_pb_blurb][\/et_pb_column][et_pb_column type=\u00a0\u00bb1_4&Prime; _builder_version=\u00a0\u00bb4.16&Prime; _module_preset=\u00a0\u00bbdefault\u00a0\u00bb global_colors_info=\u00a0\u00bb{}\u00a0\u00bb][et_pb_blurb use_icon=\u00a0\u00bbon\u00a0\u00bb font_icon=\u00a0\u00bb&#xf4fc;||fa||900&Prime; icon_color=\u00a0\u00bb#E52629&Prime; icon_placement=\u00a0\u00bbtop\u00a0\u00bb image_icon_width=\u00a0\u00bb57px\u00a0\u00bb content_max_width=\u00a0\u00bb1500px\u00a0\u00bb content_max_width_tablet=\u00a0\u00bb1500px\u00a0\u00bb content_max_width_phone=\u00a0\u00bb1500px\u00a0\u00bb content_max_width_last_edited=\u00a0\u00bbon|tablet\u00a0\u00bb module_id=\u00a0\u00bb#google-map\u00a0\u00bb _builder_version=\u00a0\u00bb4.16&Prime; _module_preset=\u00a0\u00bb2aa45287-d8e7-4c9c-be3a-b7825e68200c\u00a0\u00bb width_tablet=\u00a0\u00bb\u00a0\u00bb width_phone=\u00a0\u00bb\u00a0\u00bb width_last_edited=\u00a0\u00bbon|tablet\u00a0\u00bb global_colors_info=\u00a0\u00bb{}\u00a0\u00bb]<\/p>\n<p style=\"text-align: center;\">Les personnes en <strong>reconversion AI<\/strong><\/p>\n<p>[\/et_pb_blurb][\/et_pb_column][et_pb_column type=\u00a0\u00bb1_4&Prime; _builder_version=\u00a0\u00bb4.16&Prime; _module_preset=\u00a0\u00bbdefault\u00a0\u00bb global_colors_info=\u00a0\u00bb{}\u00a0\u00bb][et_pb_blurb use_icon=\u00a0\u00bbon\u00a0\u00bb font_icon=\u00a0\u00bb&#xf4fc;||fa||900&Prime; icon_color=\u00a0\u00bb#E52629&Prime; icon_placement=\u00a0\u00bbtop\u00a0\u00bb image_icon_width=\u00a0\u00bb57px\u00a0\u00bb content_max_width=\u00a0\u00bb1500px\u00a0\u00bb content_max_width_tablet=\u00a0\u00bb1500px\u00a0\u00bb content_max_width_phone=\u00a0\u00bb1500px\u00a0\u00bb content_max_width_last_edited=\u00a0\u00bbon|tablet\u00a0\u00bb module_id=\u00a0\u00bb#google-map\u00a0\u00bb _builder_version=\u00a0\u00bb4.16&Prime; _module_preset=\u00a0\u00bb2aa45287-d8e7-4c9c-be3a-b7825e68200c\u00a0\u00bb width_tablet=\u00a0\u00bb\u00a0\u00bb width_phone=\u00a0\u00bb\u00a0\u00bb width_last_edited=\u00a0\u00bbon|tablet\u00a0\u00bb global_colors_info=\u00a0\u00bb{}\u00a0\u00bb]<\/p>\n<p style=\"text-align: center;\">Les <strong>jeunes<\/strong> en orientation ou les personnes en reconversion professionnelle<\/p>\n<p>[\/et_pb_blurb][\/et_pb_column][et_pb_column type=\u00a0\u00bb1_4&Prime; _builder_version=\u00a0\u00bb4.16&Prime; _module_preset=\u00a0\u00bbdefault\u00a0\u00bb global_colors_info=\u00a0\u00bb{}\u00a0\u00bb][et_pb_blurb use_icon=\u00a0\u00bbon\u00a0\u00bb font_icon=\u00a0\u00bb&#xf4fc;||fa||900&Prime; icon_color=\u00a0\u00bb#E52629&Prime; icon_placement=\u00a0\u00bbtop\u00a0\u00bb image_icon_width=\u00a0\u00bb57px\u00a0\u00bb content_max_width=\u00a0\u00bb1500px\u00a0\u00bb content_max_width_tablet=\u00a0\u00bb1500px\u00a0\u00bb content_max_width_phone=\u00a0\u00bb1500px\u00a0\u00bb content_max_width_last_edited=\u00a0\u00bbon|tablet\u00a0\u00bb module_id=\u00a0\u00bb#google-map\u00a0\u00bb _builder_version=\u00a0\u00bb4.16&Prime; _module_preset=\u00a0\u00bb2aa45287-d8e7-4c9c-be3a-b7825e68200c\u00a0\u00bb width_tablet=\u00a0\u00bb\u00a0\u00bb width_phone=\u00a0\u00bb\u00a0\u00bb width_last_edited=\u00a0\u00bbon|tablet\u00a0\u00bb global_colors_info=\u00a0\u00bb{}\u00a0\u00bb]<\/p>\n<p style=\"text-align: center;\">Les personnes effectuant des <strong>travaux d&rsquo;int\u00e9r\u00eat g\u00e9n\u00e9ral<\/strong><\/p>\n<p>[\/et_pb_blurb][\/et_pb_column][\/et_pb_row][et_pb_row column_structure=\u00a0\u00bb1_4,1_4,1_4,1_4&Prime; module_id=\u00a0\u00bb#google-map\u00a0\u00bb _builder_version=\u00a0\u00bb4.16&Prime; _module_preset=\u00a0\u00bbdefault\u00a0\u00bb width_tablet=\u00a0\u00bb\u00a0\u00bb width_phone=\u00a0\u00bb\u00a0\u00bb width_last_edited=\u00a0\u00bbon|tablet\u00a0\u00bb global_colors_info=\u00a0\u00bb{}\u00a0\u00bb content_max_width_tablet=\u00a0\u00bb1500px\u00a0\u00bb content_max_width_phone=\u00a0\u00bb1500px\u00a0\u00bb content_max_width_last_edited=\u00a0\u00bbon|tablet\u00a0\u00bb][et_pb_column type=\u00a0\u00bb1_4&Prime; _builder_version=\u00a0\u00bb4.16&Prime; _module_preset=\u00a0\u00bbdefault\u00a0\u00bb global_colors_info=\u00a0\u00bb{}\u00a0\u00bb][et_pb_blurb use_icon=\u00a0\u00bbon\u00a0\u00bb font_icon=\u00a0\u00bb&#xf4fc;||fa||900&Prime; icon_color=\u00a0\u00bb#E52629&Prime; icon_placement=\u00a0\u00bbtop\u00a0\u00bb image_icon_width=\u00a0\u00bb57px\u00a0\u00bb content_max_width=\u00a0\u00bb1500px\u00a0\u00bb content_max_width_tablet=\u00a0\u00bb1500px\u00a0\u00bb content_max_width_phone=\u00a0\u00bb1500px\u00a0\u00bb content_max_width_last_edited=\u00a0\u00bbon|tablet\u00a0\u00bb module_id=\u00a0\u00bb#google-map\u00a0\u00bb _builder_version=\u00a0\u00bb4.16&Prime; _module_preset=\u00a0\u00bb2aa45287-d8e7-4c9c-be3a-b7825e68200c\u00a0\u00bb width_tablet=\u00a0\u00bb\u00a0\u00bb width_phone=\u00a0\u00bb\u00a0\u00bb width_last_edited=\u00a0\u00bbon|tablet\u00a0\u00bb custom_padding=\u00a0\u00bb||0px|||\u00a0\u00bb global_colors_info=\u00a0\u00bb{}\u00a0\u00bb]<\/p>\n<p style=\"text-align: center;\">Les stagiaires <strong>pr\u00e9-HETS<\/strong><\/p>\n<p>[\/et_pb_blurb][\/et_pb_column][et_pb_column type=\u00a0\u00bb1_4&Prime; _builder_version=\u00a0\u00bb4.16&Prime; _module_preset=\u00a0\u00bbdefault\u00a0\u00bb global_colors_info=\u00a0\u00bb{}\u00a0\u00bb][et_pb_blurb use_icon=\u00a0\u00bbon\u00a0\u00bb font_icon=\u00a0\u00bb&#xf4fc;||fa||900&Prime; icon_color=\u00a0\u00bb#E52629&Prime; icon_placement=\u00a0\u00bbtop\u00a0\u00bb image_icon_width=\u00a0\u00bb57px\u00a0\u00bb content_max_width=\u00a0\u00bb1500px\u00a0\u00bb content_max_width_tablet=\u00a0\u00bb1500px\u00a0\u00bb content_max_width_phone=\u00a0\u00bb1500px\u00a0\u00bb content_max_width_last_edited=\u00a0\u00bbon|tablet\u00a0\u00bb module_id=\u00a0\u00bb#google-map\u00a0\u00bb _builder_version=\u00a0\u00bb4.16&Prime; _module_preset=\u00a0\u00bb2aa45287-d8e7-4c9c-be3a-b7825e68200c\u00a0\u00bb width_tablet=\u00a0\u00bb\u00a0\u00bb width_phone=\u00a0\u00bb\u00a0\u00bb width_last_edited=\u00a0\u00bbon|tablet\u00a0\u00bb global_colors_info=\u00a0\u00bb{}\u00a0\u00bb]<\/p>\n<p style=\"text-align: center;\">Les stagiaires de nos <strong>partenaires institutionnels\u00a0<\/strong><\/p>\n<p>[\/et_pb_blurb][\/et_pb_column][et_pb_column type=\u00a0\u00bb1_4&Prime; _builder_version=\u00a0\u00bb4.16&Prime; _module_preset=\u00a0\u00bbdefault\u00a0\u00bb global_colors_info=\u00a0\u00bb{}\u00a0\u00bb][\/et_pb_column][et_pb_column type=\u00a0\u00bb1_4&Prime; _builder_version=\u00a0\u00bb4.16&Prime; _module_preset=\u00a0\u00bbdefault\u00a0\u00bb global_colors_info=\u00a0\u00bb{}\u00a0\u00bb][\/et_pb_column][\/et_pb_row][\/et_pb_section][et_pb_section fb_built=\u00a0\u00bb1&Prime; admin_label=\u00a0\u00bbServices\u00a0\u00bb _builder_version=\u00a0\u00bb4.27.5&Prime; background_color=\u00a0\u00bbgcid-c80a1fc6-016f-42b5-8ba9-702cda38c14f\u00a0\u00bb hover_enabled=\u00a0\u00bb0&Prime; global_colors_info=\u00a0\u00bb{%22gcid-c80a1fc6-016f-42b5-8ba9-702cda38c14f%22:%91%22background_color%22%93}\u00a0\u00bb title_text_tablet=\u00a0\u00bbupholsterer-41&Prime; sticky_enabled=\u00a0\u00bb0&Prime;][et_pb_row _builder_version=\u00a0\u00bb4.16&Prime; _module_preset=\u00a0\u00bbdefault\u00a0\u00bb global_colors_info=\u00a0\u00bb{}\u00a0\u00bb][et_pb_column type=\u00a0\u00bb4_4&Prime; _builder_version=\u00a0\u00bb4.16&Prime; _module_preset=\u00a0\u00bbdefault\u00a0\u00bb global_colors_info=\u00a0\u00bb{}\u00a0\u00bb][et_pb_text _builder_version=\u00a0\u00bb4.16&Prime; _module_preset=\u00a0\u00bbdefault\u00a0\u00bb header_text_color=\u00a0\u00bb#FBBA00&Prime; header_2_text_color=\u00a0\u00bb#FBBA00&Prime; header_2_font_size=\u00a0\u00bb56px\u00a0\u00bb header_3_text_color=\u00a0\u00bb#FBBA00&Prime; header_2_font_size_tablet=\u00a0\u00bb56px\u00a0\u00bb header_2_font_size_phone=\u00a0\u00bb48px\u00a0\u00bb header_2_font_size_last_edited=\u00a0\u00bbon|phone\u00a0\u00bb global_colors_info=\u00a0\u00bb{}\u00a0\u00bb]<\/p>\n<h2 style=\"text-align: center;\">Une large palette de m\u00e9tiers<\/h2>\n<p>[\/et_pb_text][\/et_pb_column][\/et_pb_row][et_pb_row use_custom_gutter=\u00a0\u00bbon\u00a0\u00bb gutter_width=\u00a0\u00bb2&Prime; _builder_version=\u00a0\u00bb4.16&Prime; _module_preset=\u00a0\u00bbdefault\u00a0\u00bb global_colors_info=\u00a0\u00bb{}\u00a0\u00bb][et_pb_column type=\u00a0\u00bb4_4&Prime; _builder_version=\u00a0\u00bb4.16&Prime; _module_preset=\u00a0\u00bbdefault\u00a0\u00bb global_colors_info=\u00a0\u00bb{}\u00a0\u00bb][et_pb_text _builder_version=\u00a0\u00bb4.16&Prime; _module_preset=\u00a0\u00bbdefault\u00a0\u00bb custom_padding=\u00a0\u00bb2px|||||\u00a0\u00bb global_colors_info=\u00a0\u00bb{}\u00a0\u00bb]<\/p>\n<p>La <strong>pratique<\/strong> professionnelle se r\u00e9alise dans les secteurs suivants :<\/p>\n<ul>\n<li>arcades de location et sites de pr\u00eat de v\u00e9los<\/li>\n<li>ateliers de m\u00e9canique<\/li>\n<li>administration<\/li>\n<li>comptabilit\u00e9<\/li>\n<li>ressources humaines<\/li>\n<li>logistique<\/li>\n<li>informatique<\/li>\n<li>nettoyage<\/li>\n<\/ul>\n<p>Un <strong>appui personnalis\u00e9<\/strong> est offert \u00e0 chaque collaborateur-trice dans l\u2019accomplissement de ses t\u00e2ches et en fonction de ses besoins.<\/p>\n<p>[\/et_pb_text][et_pb_button button_url=\u00a0\u00bbhttps:\/\/www.geneveroule.ch\/fr\/emplois-et-stages\/\u00a0\u00bb button_text=\u00a0\u00bbEmplois et Stages disponibles\u00a0\u00bb button_alignment=\u00a0\u00bbcenter\u00a0\u00bb disabled_on=\u00a0\u00bbon|on|on\u00a0\u00bb _builder_version=\u00a0\u00bb4.16&Prime; _module_preset=\u00a0\u00bbdefault\u00a0\u00bb custom_button=\u00a0\u00bbon\u00a0\u00bb button_bg_color=\u00a0\u00bb#E52629&Prime; button_border_color=\u00a0\u00bb#E52629&Prime; button_on_hover=\u00a0\u00bboff\u00a0\u00bb disabled=\u00a0\u00bbon\u00a0\u00bb global_colors_info=\u00a0\u00bb{}\u00a0\u00bb button_bg_color__hover_enabled=\u00a0\u00bbon|hover\u00a0\u00bb button_bg_color__hover=\u00a0\u00bb#FFFFFF\u00a0\u00bb button_bg_enable_color__hover=\u00a0\u00bbon\u00a0\u00bb button_text_color__hover_enabled=\u00a0\u00bbon|hover\u00a0\u00bb button_text_color__hover=\u00a0\u00bb#3023AD\u00a0\u00bb button_border_color__hover_enabled=\u00a0\u00bbon|hover\u00a0\u00bb button_border_color__hover=\u00a0\u00bb#3023AD\u00a0\u00bb][\/et_pb_button][\/et_pb_column][\/et_pb_row][et_pb_row column_structure=\u00a0\u00bb1_2,1_2&Prime; _builder_version=\u00a0\u00bb4.16&Prime; _module_preset=\u00a0\u00bbdefault\u00a0\u00bb global_colors_info=\u00a0\u00bb{}\u00a0\u00bb][et_pb_column type=\u00a0\u00bb1_2&Prime; _builder_version=\u00a0\u00bb4.16&Prime; _module_preset=\u00a0\u00bbdefault\u00a0\u00bb global_colors_info=\u00a0\u00bb{}\u00a0\u00bb][et_pb_image src=\u00a0\u00bbhttps:\/\/www.geneveroule.ch\/wp-content\/uploads\/2021\/12\/Insertion-emploi-mecanique.jpg\u00a0\u00bb alt=\u00a0\u00bbInsertion emploi-m\u00e9canique\u00a0\u00bb title_text=\u00a0\u00bbInsertion emploi-m\u00e9canique\u00a0\u00bb _builder_version=\u00a0\u00bb4.16&Prime; _module_preset=\u00a0\u00bbdefault\u00a0\u00bb global_colors_info=\u00a0\u00bb{}\u00a0\u00bb][\/et_pb_image][\/et_pb_column][et_pb_column type=\u00a0\u00bb1_2&Prime; _builder_version=\u00a0\u00bb4.16&Prime; _module_preset=\u00a0\u00bbdefault\u00a0\u00bb global_colors_info=\u00a0\u00bb{}\u00a0\u00bb][et_pb_image src=\u00a0\u00bbhttps:\/\/www.geneveroule.ch\/wp-content\/uploads\/2021\/12\/Inseretion-accueil.jpg\u00a0\u00bb alt=\u00a0\u00bbInsertion accueil\u00a0\u00bb title_text=\u00a0\u00bbInsertion accueil\u00a0\u00bb _builder_version=\u00a0\u00bb4.16&Prime; _module_preset=\u00a0\u00bbdefault\u00a0\u00bb global_colors_info=\u00a0\u00bb{}\u00a0\u00bb][\/et_pb_image][\/et_pb_column][\/et_pb_row][\/et_pb_section][et_pb_section fb_built=\u00a0\u00bb1&Prime; admin_label=\u00a0\u00bbServices\u00a0\u00bb _builder_version=\u00a0\u00bb4.16&Prime; background_color=\u00a0\u00bb#F2F2F2&Prime; global_colors_info=\u00a0\u00bb{}\u00a0\u00bb title_text_tablet=\u00a0\u00bbupholsterer-41&Prime;][et_pb_row _builder_version=\u00a0\u00bb4.16&Prime; _module_preset=\u00a0\u00bbdefault\u00a0\u00bb global_colors_info=\u00a0\u00bb{}\u00a0\u00bb][et_pb_column type=\u00a0\u00bb4_4&Prime; _builder_version=\u00a0\u00bb4.16&Prime; _module_preset=\u00a0\u00bbdefault\u00a0\u00bb global_colors_info=\u00a0\u00bb{}\u00a0\u00bb][et_pb_text _builder_version=\u00a0\u00bb4.16&Prime; _module_preset=\u00a0\u00bbdefault\u00a0\u00bb header_2_text_color=\u00a0\u00bb#E52629&Prime; header_2_font_size=\u00a0\u00bb56px\u00a0\u00bb header_2_font_size_tablet=\u00a0\u00bb56px\u00a0\u00bb header_2_font_size_phone=\u00a0\u00bb48px\u00a0\u00bb header_2_font_size_last_edited=\u00a0\u00bbon|phone\u00a0\u00bb global_colors_info=\u00a0\u00bb{}\u00a0\u00bb]<\/p>\n<h2 style=\"text-align: center;\">Gen\u00e8veroule, laur\u00e9at du prix <br \/>\u00ab\u00a0Un job pour les jeunes\u00a0\u00bb<\/h2>\n<p>[\/et_pb_text][\/et_pb_column][\/et_pb_row][et_pb_row column_structure=\u00a0\u00bb1_2,1_2&Prime; _builder_version=\u00a0\u00bb4.16&Prime; _module_preset=\u00a0\u00bbdefault\u00a0\u00bb global_colors_info=\u00a0\u00bb{}\u00a0\u00bb][et_pb_column type=\u00a0\u00bb1_2&Prime; _builder_version=\u00a0\u00bb4.16&Prime; _module_preset=\u00a0\u00bbdefault\u00a0\u00bb global_colors_info=\u00a0\u00bb{}\u00a0\u00bb][et_pb_text _builder_version=\u00a0\u00bb4.16&Prime; _module_preset=\u00a0\u00bbdefault\u00a0\u00bb text_orientation=\u00a0\u00bbjustified\u00a0\u00bb custom_margin=\u00a0\u00bb||80px||false|false\u00a0\u00bb custom_margin_tablet=\u00a0\u00bb||30px||false|false\u00a0\u00bb custom_margin_phone=\u00a0\u00bb||30px||false|false\u00a0\u00bb custom_margin_last_edited=\u00a0\u00bbon|phone\u00a0\u00bb global_colors_info=\u00a0\u00bb{}\u00a0\u00bb]<\/p>\n<p>C\u2019est avec beaucoup d\u2019\u00e9motion, de reconnaissance et de fiert\u00e9 que Gen\u00e8veroule a re\u00e7u en novembre 2021 le prix \u00ab\u00a0<strong>Un job pour les jeunes<\/strong>\u00a0\u00bb de la part de la<span>\u00a0<\/span><a href=\"https:\/\/wp.sgup.ch\/\" target=\"_blank\" rel=\"noopener\">Soci\u00e9t\u00e9 genevoise d\u2019utilit\u00e9 publique<\/a>.<\/p>\n<p>Ce prix r\u00e9compense chaque ann\u00e9e une institution qui \u0153uvre concr\u00e8tement pour l\u2019emploi des jeunes.<span>\u00a0<\/span><strong>En 2021, Gen\u00e8veroule a accueilli plus de 70 jeunes dans le cadre d\u2019apprentissages, de pr\u00e9-apprentissages, de jobs d\u2019\u00e9tudiant-e-s ou encore de stages d\u2019observation et d\u00e9couverte<\/strong>. Cette distinction nous encourage \u00e0 continuer notre travail dans cette voie et de donner le maximum de chances aux nouvelles g\u00e9n\u00e9rations\u00a0!<\/p>\n<p>[\/et_pb_text][\/et_pb_column][et_pb_column type=\u00a0\u00bb1_2&Prime; _builder_version=\u00a0\u00bb4.16&Prime; _module_preset=\u00a0\u00bbdefault\u00a0\u00bb global_colors_info=\u00a0\u00bb{}\u00a0\u00bb][et_pb_image src=\u00a0\u00bbhttps:\/\/www.geneveroule.ch\/wp-content\/uploads\/2022\/02\/Prix_SGUP.jpg\u00a0\u00bb alt=\u00a0\u00bbinsertion-emploi-geneveroule-web\u00a0\u00bb title_text=\u00a0\u00bbPrix_SGUP\u00a0\u00bb _builder_version=\u00a0\u00bb4.16&Prime; _module_preset=\u00a0\u00bbdefault\u00a0\u00bb global_colors_info=\u00a0\u00bb{}\u00a0\u00bb][\/et_pb_image][et_pb_text _builder_version=\u00a0\u00bb4.16&Prime; _module_preset=\u00a0\u00bbdefault\u00a0\u00bb text_orientation=\u00a0\u00bbjustified\u00a0\u00bb global_colors_info=\u00a0\u00bb{}\u00a0\u00bb]<\/p>\n<p><em>Photo\u00a0de gauche \u00e0 droite\u00a0:\u00a0Edouard Coquoz, m\u00e9decin dentiste qui a re\u00e7u le prix Robert-Scheimbet de la SGUP pour son engagement b\u00e9n\u00e9vole au Point d\u2019eau\u00a0; Christian Huber, Pr\u00e9sident de la SGUP\u00a0;\u00a0Yann Grand, Directeur de Gen\u00e8veroule.<\/em><\/p>\n<p>[\/et_pb_text][\/et_pb_column][\/et_pb_row][\/et_pb_section]<\/p>\n","protected":false},"excerpt":{"rendered":"<p>Notre mission d&rsquo;insertion<div class=\"et_pb_module lwp_divi_breadcrumbs lwp_divi_breadcrumbs_0\">\n\t\t\t\t\n\t\t\t\t\n\t\t\t\t\n\t\t\t\t\n\t\t\t\t\n\t\t\t\t\n\t\t\t\t<div class=\"et_pb_module_inner\">\n\t\t\t\t\t<div class=\"lwp-breadcrumbs\"> <span class=\"before\"><\/span> <span vocab=\"https:\/\/schema.org\/\" typeof=\"BreadcrumbList\"><span property=\"itemListElement\" typeof=\"ListItem\"><a property=\"item\" typeof=\"WebPage\" href=\"https:\/\/www.geneveroule.ch\/fr\/\" class=\"home\"><span property=\"name\">Accueil<\/span><\/a><meta property=\"position\" content=\"1\"><\/span> <span class=\"separator et-pb-icon\">&#x39;<\/span> <\/span><\/div>\n\t\t\t\t<\/div>\n\t\t\t<\/div>Gen\u00e8veroule pour l&rsquo;insertionL&rsquo;insertion socio-professionnelle fait partie int\u00e9grante de toutes les activit\u00e9s d\u00e9velopp\u00e9es par [&hellip;]<\/p>\n","protected":false},"author":1,"featured_media":0,"parent":0,"menu_order":0,"comment_status":"closed","ping_status":"closed","template":"","meta":{"_et_pb_use_builder":"on","_et_pb_old_content":"<!-- wp:paragraph -->\n<p>Ceci est une page d\u2019exemple. C\u2019est diff\u00e9rent d\u2019un article de blog parce qu\u2019elle restera au m\u00eame endroit et appara\u00eetra dans la navigation de votre site (dans la plupart des th\u00e8mes). La plupart des gens commencent par une page \u00ab&nbsp;\u00c0 propos&nbsp;\u00bb qui les pr\u00e9sente aux personnes visitant du site. Cela pourrait ressembler \u00e0 quelque chose comme cela&nbsp;:<\/p>\n<!-- \/wp:paragraph -->\n\n<!-- wp:quote -->\n<blockquote class=\"wp-block-quote\"><p>Bonjour&nbsp;! Je suis un m\u00e9canicien qui aspire \u00e0 devenir acteur, et voici mon site. J\u2019habite \u00e0 Bordeaux, j\u2019ai un super chien baptis\u00e9 Russell, et j\u2019aime la vodka (ainsi qu\u2019\u00eatre surpris par la pluie soudaine lors de longues balades sur la plage au coucher du soleil).<\/p><\/blockquote>\n<!-- \/wp:quote -->\n\n<!-- wp:paragraph -->\n<p>\u2026ou quelque chose comme cela&nbsp;:<\/p>\n<!-- \/wp:paragraph -->\n\n<!-- wp:quote -->\n<blockquote class=\"wp-block-quote\"><p>La soci\u00e9t\u00e9 123 Machin Truc a \u00e9t\u00e9 cr\u00e9\u00e9e en 1971, et n\u2019a cess\u00e9 de proposer au public des machins-trucs de qualit\u00e9 depuis lors. Situ\u00e9e \u00e0 Saint-Remy-en-Bouzemont-Saint-Genest-et-Isson, 123 Machin Truc emploie 2 000 personnes, et fabrique toutes sortes de bidules supers pour la communaut\u00e9 bouzemontoise.<\/p><\/blockquote>\n<!-- \/wp:quote -->\n\n<!-- wp:paragraph -->\n<p>En tant que nouvel utilisateur ou utilisatrice de WordPress, vous devriez vous rendre sur <a href=\"https:\/\/www.geneveroule.ch\/wp-admin\/\">votre tableau de bord<\/a> pour supprimer cette page et cr\u00e9er de nouvelles pages pour votre contenu. Amusez-vous bien&nbsp;!<\/p>\n<!-- \/wp:paragraph -->","_et_gb_content_width":"","footnotes":""},"class_list":["post-53776","page","type-page","status-publish","hentry"],"yoast_head":"<!-- This site is optimized with the Yoast SEO plugin v27.4 - https:\/\/yoast.com\/product\/yoast-seo-wordpress\/ -->\n<title>Insertion - Gen\u00e8veroule<\/title>\n<meta name=\"description\" content=\"Gen\u00e8veroule favorise trois axes pour l&#039;insertion: la pratique professionnelle, la formation et le conseil en insertion\" \/>\n<meta name=\"robots\" content=\"index, follow, max-snippet:-1, max-image-preview:large, max-video-preview:-1\" \/>\n<link rel=\"canonical\" href=\"https:\/\/www.geneveroule.ch\/fr\/insertion\/\" \/>\n<meta property=\"og:locale\" content=\"fr_FR\" \/>\n<meta property=\"og:type\" content=\"article\" \/>\n<meta property=\"og:title\" content=\"Insertion - Gen\u00e8veroule\" \/>\n<meta property=\"og:description\" content=\"Gen\u00e8veroule favorise trois axes pour l&#039;insertion: la pratique professionnelle, la formation et le conseil en insertion\" \/>\n<meta property=\"og:url\" content=\"https:\/\/www.geneveroule.ch\/fr\/insertion\/\" \/>\n<meta property=\"og:site_name\" content=\"Gen\u00e8veroule\" \/>\n<meta property=\"article:modified_time\" content=\"2026-02-04T18:50:23+00:00\" \/>\n<meta name=\"twitter:card\" content=\"summary_large_image\" \/>\n<meta name=\"twitter:label1\" content=\"Dur\u00e9e de lecture estim\u00e9e\" \/>\n\t<meta name=\"twitter:data1\" content=\"5 minutes\" \/>\n<script type=\"application\/ld+json\" class=\"yoast-schema-graph\">{\"@context\":\"https:\\\/\\\/schema.org\",\"@graph\":[{\"@type\":\"WebPage\",\"@id\":\"https:\\\/\\\/www.geneveroule.ch\\\/fr\\\/insertion\\\/\",\"url\":\"https:\\\/\\\/www.geneveroule.ch\\\/fr\\\/insertion\\\/\",\"name\":\"Insertion - Gen\u00e8veroule\",\"isPartOf\":{\"@id\":\"https:\\\/\\\/www.geneveroule.ch\\\/fr\\\/#website\"},\"datePublished\":\"2021-12-16T15:15:34+00:00\",\"dateModified\":\"2026-02-04T18:50:23+00:00\",\"description\":\"Gen\u00e8veroule favorise trois axes pour l'insertion: la pratique professionnelle, la formation et le conseil en insertion\",\"breadcrumb\":{\"@id\":\"https:\\\/\\\/www.geneveroule.ch\\\/fr\\\/insertion\\\/#breadcrumb\"},\"inLanguage\":\"fr-FR\",\"potentialAction\":[{\"@type\":\"ReadAction\",\"target\":[\"https:\\\/\\\/www.geneveroule.ch\\\/fr\\\/insertion\\\/\"]}]},{\"@type\":\"BreadcrumbList\",\"@id\":\"https:\\\/\\\/www.geneveroule.ch\\\/fr\\\/insertion\\\/#breadcrumb\",\"itemListElement\":[{\"@type\":\"ListItem\",\"position\":1,\"name\":\"Accueil\",\"item\":\"https:\\\/\\\/www.geneveroule.ch\\\/fr\\\/\"},{\"@type\":\"ListItem\",\"position\":2,\"name\":\"Insertion\"}]},{\"@type\":\"WebSite\",\"@id\":\"https:\\\/\\\/www.geneveroule.ch\\\/fr\\\/#website\",\"url\":\"https:\\\/\\\/www.geneveroule.ch\\\/fr\\\/\",\"name\":\"Gen\u00e8veroule\",\"description\":\"v\u00e9lo et insertion\",\"potentialAction\":[{\"@type\":\"SearchAction\",\"target\":{\"@type\":\"EntryPoint\",\"urlTemplate\":\"https:\\\/\\\/www.geneveroule.ch\\\/fr\\\/?s={search_term_string}\"},\"query-input\":{\"@type\":\"PropertyValueSpecification\",\"valueRequired\":true,\"valueName\":\"search_term_string\"}}],\"inLanguage\":\"fr-FR\"}]}<\/script>\n<!-- \/ Yoast SEO plugin. -->","yoast_head_json":{"title":"Insertion - Gen\u00e8veroule","description":"Gen\u00e8veroule favorise trois axes pour l'insertion: la pratique professionnelle, la formation et le conseil en insertion","robots":{"index":"index","follow":"follow","max-snippet":"max-snippet:-1","max-image-preview":"max-image-preview:large","max-video-preview":"max-video-preview:-1"},"canonical":"https:\/\/www.geneveroule.ch\/fr\/insertion\/","og_locale":"fr_FR","og_type":"article","og_title":"Insertion - Gen\u00e8veroule","og_description":"Gen\u00e8veroule favorise trois axes pour l'insertion: la pratique professionnelle, la formation et le conseil en insertion","og_url":"https:\/\/www.geneveroule.ch\/fr\/insertion\/","og_site_name":"Gen\u00e8veroule","article_modified_time":"2026-02-04T18:50:23+00:00","twitter_card":"summary_large_image","twitter_misc":{"Dur\u00e9e de lecture estim\u00e9e":"5 minutes"},"schema":{"@context":"https:\/\/schema.org","@graph":[{"@type":"WebPage","@id":"https:\/\/www.geneveroule.ch\/fr\/insertion\/","url":"https:\/\/www.geneveroule.ch\/fr\/insertion\/","name":"Insertion - Gen\u00e8veroule","isPartOf":{"@id":"https:\/\/www.geneveroule.ch\/fr\/#website"},"datePublished":"2021-12-16T15:15:34+00:00","dateModified":"2026-02-04T18:50:23+00:00","description":"Gen\u00e8veroule favorise trois axes pour l'insertion: la pratique professionnelle, la formation et le conseil en insertion","breadcrumb":{"@id":"https:\/\/www.geneveroule.ch\/fr\/insertion\/#breadcrumb"},"inLanguage":"fr-FR","potentialAction":[{"@type":"ReadAction","target":["https:\/\/www.geneveroule.ch\/fr\/insertion\/"]}]},{"@type":"BreadcrumbList","@id":"https:\/\/www.geneveroule.ch\/fr\/insertion\/#breadcrumb","itemListElement":[{"@type":"ListItem","position":1,"name":"Accueil","item":"https:\/\/www.geneveroule.ch\/fr\/"},{"@type":"ListItem","position":2,"name":"Insertion"}]},{"@type":"WebSite","@id":"https:\/\/www.geneveroule.ch\/fr\/#website","url":"https:\/\/www.geneveroule.ch\/fr\/","name":"Gen\u00e8veroule","description":"v\u00e9lo et insertion","potentialAction":[{"@type":"SearchAction","target":{"@type":"EntryPoint","urlTemplate":"https:\/\/www.geneveroule.ch\/fr\/?s={search_term_string}"},"query-input":{"@type":"PropertyValueSpecification","valueRequired":true,"valueName":"search_term_string"}}],"inLanguage":"fr-FR"}]}},"_links":{"self":[{"href":"https:\/\/www.geneveroule.ch\/fr\/wp-json\/wp\/v2\/pages\/53776","targetHints":{"allow":["GET"]}}],"collection":[{"href":"https:\/\/www.geneveroule.ch\/fr\/wp-json\/wp\/v2\/pages"}],"about":[{"href":"https:\/\/www.geneveroule.ch\/fr\/wp-json\/wp\/v2\/types\/page"}],"author":[{"embeddable":true,"href":"https:\/\/www.geneveroule.ch\/fr\/wp-json\/wp\/v2\/users\/1"}],"replies":[{"embeddable":true,"href":"https:\/\/www.geneveroule.ch\/fr\/wp-json\/wp\/v2\/comments?post=53776"}],"version-history":[{"count":38,"href":"https:\/\/www.geneveroule.ch\/fr\/wp-json\/wp\/v2\/pages\/53776\/revisions"}],"predecessor-version":[{"id":60637,"href":"https:\/\/www.geneveroule.ch\/fr\/wp-json\/wp\/v2\/pages\/53776\/revisions\/60637"}],"wp:attachment":[{"href":"https:\/\/www.geneveroule.ch\/fr\/wp-json\/wp\/v2\/media?parent=53776"}],"curies":[{"name":"wp","href":"https:\/\/api.w.org\/{rel}","templated":true}]}}