{"id":54318,"date":"2022-01-14T12:16:21","date_gmt":"2022-01-14T11:16:21","guid":{"rendered":"https:\/\/www.geneveroule.ch\/location-pret-copy\/"},"modified":"2026-02-04T19:46:38","modified_gmt":"2026-02-04T18:46:38","slug":"triporteur-cerebral","status":"publish","type":"page","link":"https:\/\/www.geneveroule.ch\/fr\/triporteur-cerebral\/","title":{"rendered":"Triporteur Cerebral"},"content":{"rendered":"<p>[et_pb_section fb_built=\u00a0\u00bb1&Prime; _builder_version=\u00a0\u00bb4.16&Prime; _module_preset=\u00a0\u00bbdefault\u00a0\u00bb height=\u00a0\u00bb100px\u00a0\u00bb global_colors_info=\u00a0\u00bb{}\u00a0\u00bb][et_pb_row column_structure=\u00a0\u00bb2_3,1_3&Prime; make_equal=\u00a0\u00bbon\u00a0\u00bb _builder_version=\u00a0\u00bb4.27.5&Prime; _module_preset=\u00a0\u00bbdefault\u00a0\u00bb width=\u00a0\u00bb100%\u00a0\u00bb custom_margin=\u00a0\u00bb-30px||0px||false|false\u00a0\u00bb custom_padding=\u00a0\u00bb0px||0px||false|false\u00a0\u00bb animation_style=\u00a0\u00bbbounce\u00a0\u00bb hover_enabled=\u00a0\u00bb0&Prime; global_colors_info=\u00a0\u00bb{%22gcid-2c18f931-9eb4-4819-9031-24bda09bc836%22:%91%22background_color%22%93}\u00a0\u00bb button_text_color__hover=\u00a0\u00bb#E52629&Prime; button_text_color__hover_enabled=\u00a0\u00bbon|hover\u00a0\u00bb button_bg_color__hover=\u00a0\u00bb#FBBA00&Prime; button_bg_color__hover_enabled=\u00a0\u00bbon|hover\u00a0\u00bb button_border_radius__hover=\u00a0\u00bb35px\u00a0\u00bb button_border_radius__hover_enabled=\u00a0\u00bbon|hover\u00a0\u00bb background_color=\u00a0\u00bbgcid-2c18f931-9eb4-4819-9031-24bda09bc836&Prime; sticky_enabled=\u00a0\u00bb0&Prime;][et_pb_column type=\u00a0\u00bb2_3&Prime; _builder_version=\u00a0\u00bb4.16&Prime; _module_preset=\u00a0\u00bbdefault\u00a0\u00bb global_colors_info=\u00a0\u00bb{}\u00a0\u00bb][et_pb_text _builder_version=\u00a0\u00bb4.16&Prime; _module_preset=\u00a0\u00bbdefault\u00a0\u00bb text_font=\u00a0\u00bbSaune Bold||||||||\u00a0\u00bb text_text_color=\u00a0\u00bb#FFFFFF\u00a0\u00bb custom_margin_tablet=\u00a0\u00bb10px|||40px|false|false\u00a0\u00bb custom_margin_phone=\u00a0\u00bb11px|||15px|false|false\u00a0\u00bb custom_margin_last_edited=\u00a0\u00bbon|tablet\u00a0\u00bb global_colors_info=\u00a0\u00bb{}\u00a0\u00bb]<\/p>\n<h1 style=\"text-align: left;\"><span style=\"color: #ffffff;\">Triporteur Cerebral<br \/><\/span><\/h1>\n<p>[\/et_pb_text][\/et_pb_column][et_pb_column type=\u00a0\u00bb1_3&Prime; _builder_version=\u00a0\u00bb4.16&Prime; _module_preset=\u00a0\u00bbdefault\u00a0\u00bb global_colors_info=\u00a0\u00bb{}\u00a0\u00bb][\/et_pb_column][\/et_pb_row][et_pb_row _builder_version=\u00a0\u00bb4.27.5&Prime; _module_preset=\u00a0\u00bbdefault\u00a0\u00bb custom_margin=\u00a0\u00bb0px||||false|false\u00a0\u00bb hover_enabled=\u00a0\u00bb0&Prime; locked=\u00a0\u00bboff\u00a0\u00bb global_colors_info=\u00a0\u00bb{%22gcid-2c18f931-9eb4-4819-9031-24bda09bc836%22:%91%22background_color%22%93}\u00a0\u00bb background_color=\u00a0\u00bbgcid-2c18f931-9eb4-4819-9031-24bda09bc836&Prime; sticky_enabled=\u00a0\u00bb0&Prime;][et_pb_column type=\u00a0\u00bb4_4&Prime; _builder_version=\u00a0\u00bb4.16&Prime; _module_preset=\u00a0\u00bbdefault\u00a0\u00bb global_colors_info=\u00a0\u00bb{}\u00a0\u00bb][lwp_divi_breadcrumbs home_text=\u00a0\u00bbAccueil\u00a0\u00bb link_color=\u00a0\u00bb#3023AD\u00a0\u00bb separator_color=\u00a0\u00bb#FBBA00&Prime; current_text_color=\u00a0\u00bb#FBBA00&Prime; disabled_on=\u00a0\u00bbon|on|off\u00a0\u00bb _builder_version=\u00a0\u00bb4.16&Prime; _module_preset=\u00a0\u00bbdefault\u00a0\u00bb module_font=\u00a0\u00bb|300|||||||\u00a0\u00bb module_text_align=\u00a0\u00bbleft\u00a0\u00bb module_text_color=\u00a0\u00bb#FBBA00&Prime; module_font_size=\u00a0\u00bb16px\u00a0\u00bb width=\u00a0\u00bb100%\u00a0\u00bb module_alignment=\u00a0\u00bbright\u00a0\u00bb custom_margin=\u00a0\u00bb14px||||false|false\u00a0\u00bb global_colors_info=\u00a0\u00bb{}\u00a0\u00bb][\/lwp_divi_breadcrumbs][\/et_pb_column][\/et_pb_row][\/et_pb_section][et_pb_section fb_built=\u00a0\u00bb1&Prime; _builder_version=\u00a0\u00bb4.27.5&Prime; _module_preset=\u00a0\u00bbdefault\u00a0\u00bb hover_enabled=\u00a0\u00bb0&Prime; global_colors_info=\u00a0\u00bb{%22gcid-c80a1fc6-016f-42b5-8ba9-702cda38c14f%22:%91%22background_color%22%93}\u00a0\u00bb background_color=\u00a0\u00bbgcid-c80a1fc6-016f-42b5-8ba9-702cda38c14f\u00a0\u00bb sticky_enabled=\u00a0\u00bb0&Prime;][et_pb_row _builder_version=\u00a0\u00bb4.16&Prime; _module_preset=\u00a0\u00bbdefault\u00a0\u00bb width_tablet=\u00a0\u00bb100%\u00a0\u00bb width_phone=\u00a0\u00bb90%\u00a0\u00bb width_last_edited=\u00a0\u00bbon|phone\u00a0\u00bb global_colors_info=\u00a0\u00bb{}\u00a0\u00bb][et_pb_column type=\u00a0\u00bb4_4&Prime; _builder_version=\u00a0\u00bb4.16&Prime; _module_preset=\u00a0\u00bbdefault\u00a0\u00bb global_colors_info=\u00a0\u00bb{}\u00a0\u00bb][et_pb_text _builder_version=\u00a0\u00bb4.16&Prime; _module_preset=\u00a0\u00bbdefault\u00a0\u00bb width=\u00a0\u00bb80%\u00a0\u00bb width_tablet=\u00a0\u00bb80%\u00a0\u00bb width_phone=\u00a0\u00bb100%\u00a0\u00bb width_last_edited=\u00a0\u00bbon|phone\u00a0\u00bb module_alignment=\u00a0\u00bbcenter\u00a0\u00bb global_colors_info=\u00a0\u00bb{}\u00a0\u00bb]<\/p>\n<h2 style=\"text-align: center;\">Un cycle d\u00e9di\u00e9 au transport de personnes en situation de handicap<\/h2>\n<p>[\/et_pb_text][et_pb_text _builder_version=\u00a0\u00bb4.19.3&Prime; _module_preset=\u00a0\u00bbdefault\u00a0\u00bb text_font_size=\u00a0\u00bb22px\u00a0\u00bb width=\u00a0\u00bb80%\u00a0\u00bb width_tablet=\u00a0\u00bb80%\u00a0\u00bb width_phone=\u00a0\u00bb100%\u00a0\u00bb width_last_edited=\u00a0\u00bbon|phone\u00a0\u00bb module_alignment=\u00a0\u00bbcenter\u00a0\u00bb custom_padding=\u00a0\u00bb4px|||||\u00a0\u00bb text_font_size_tablet=\u00a0\u00bb22px\u00a0\u00bb text_font_size_phone=\u00a0\u00bb19px\u00a0\u00bb text_font_size_last_edited=\u00a0\u00bbon|phone\u00a0\u00bb global_colors_info=\u00a0\u00bb{}\u00a0\u00bb]<\/p>\n<p style=\"text-align: center;\">Gr\u00e2ce au soutien de la <strong>Fondation suisse en faveur de l&rsquo;enfant infirme moteur c\u00e9r\u00e9bral<\/strong>, un <strong>triporteur \u00ab\u00a0OPair\u00a0\u00bb<\/strong> est mis \u00e0 disposition en location depuis mars 2021 dans l&rsquo;arcade Gen\u00e8veroule de Montbrillant.<\/p>\n<p style=\"text-align: center;\">Dans le cadre d&rsquo;une collaboration entre les associations <strong>Cerebral Gen\u00e8ve<\/strong> et <strong>Gen\u00e8veroule<\/strong>, il s&rsquo;agit du premier v\u00e9lo de ce type qui circule \u00e0 Gen\u00e8ve, \u00e0 l&rsquo;instar d&rsquo;autres villes suisses o\u00f9 il rencontre un vif succ\u00e8s.<\/p>\n<p>[\/et_pb_text][\/et_pb_column][\/et_pb_row][et_pb_row column_structure=\u00a0\u00bb1_4,1_4,1_4,1_4&Prime; _builder_version=\u00a0\u00bb4.16&Prime; _module_preset=\u00a0\u00bbdefault\u00a0\u00bb global_colors_info=\u00a0\u00bb{}\u00a0\u00bb][et_pb_column type=\u00a0\u00bb1_4&Prime; disabled_on=\u00a0\u00bbon|off|off\u00a0\u00bb _builder_version=\u00a0\u00bb4.16&Prime; _module_preset=\u00a0\u00bbdefault\u00a0\u00bb global_colors_info=\u00a0\u00bb{}\u00a0\u00bb][\/et_pb_column][et_pb_column type=\u00a0\u00bb1_4&Prime; _builder_version=\u00a0\u00bb4.16&Prime; _module_preset=\u00a0\u00bbdefault\u00a0\u00bb global_colors_info=\u00a0\u00bb{}\u00a0\u00bb][et_pb_image src=\u00a0\u00bbhttps:\/\/www.geneveroule.ch\/wp-content\/uploads\/2023\/02\/Cerebral_Logo_Stiftung_darunter_4f_f.jpg\u00a0\u00bb title_text=\u00a0\u00bbCerebral Logo Txt_032&Prime; url=\u00a0\u00bbhttps:\/\/www.cerebral.ch\/fr\/la-fondation\u00a0\u00bb url_new_window=\u00a0\u00bbon\u00a0\u00bb align=\u00a0\u00bbcenter\u00a0\u00bb _builder_version=\u00a0\u00bb4.19.3&Prime; _module_preset=\u00a0\u00bbdefault\u00a0\u00bb module_alignment=\u00a0\u00bbcenter\u00a0\u00bb height=\u00a0\u00bb60px\u00a0\u00bb global_colors_info=\u00a0\u00bb{}\u00a0\u00bb][\/et_pb_image][\/et_pb_column][et_pb_column type=\u00a0\u00bb1_4&Prime; _builder_version=\u00a0\u00bb4.16&Prime; _module_preset=\u00a0\u00bbdefault\u00a0\u00bb global_colors_info=\u00a0\u00bb{}\u00a0\u00bb][et_pb_image src=\u00a0\u00bbhttps:\/\/www.geneveroule.ch\/wp-content\/uploads\/2022\/01\/logo-cerebral-geneve.png\u00a0\u00bb alt=\u00a0\u00bblogo cerebral geneve\u00a0\u00bb title_text=\u00a0\u00bblogo cerebral geneve\u00a0\u00bb url=\u00a0\u00bbhttps:\/\/www.cerebral-geneve.ch\/fr\/\u00a0\u00bb url_new_window=\u00a0\u00bbon\u00a0\u00bb align=\u00a0\u00bbcenter\u00a0\u00bb _builder_version=\u00a0\u00bb4.16&Prime; _module_preset=\u00a0\u00bbdefault\u00a0\u00bb global_colors_info=\u00a0\u00bb{}\u00a0\u00bb][\/et_pb_image][\/et_pb_column][et_pb_column type=\u00a0\u00bb1_4&Prime; disabled_on=\u00a0\u00bbon|off|off\u00a0\u00bb _builder_version=\u00a0\u00bb4.16&Prime; _module_preset=\u00a0\u00bbdefault\u00a0\u00bb global_colors_info=\u00a0\u00bb{}\u00a0\u00bb][\/et_pb_column][\/et_pb_row][et_pb_row _builder_version=\u00a0\u00bb4.16&Prime; _module_preset=\u00a0\u00bbdefault\u00a0\u00bb width_tablet=\u00a0\u00bb100%\u00a0\u00bb width_phone=\u00a0\u00bb100%\u00a0\u00bb width_last_edited=\u00a0\u00bbon|phone\u00a0\u00bb custom_margin=\u00a0\u00bb||||false|false\u00a0\u00bb custom_margin_tablet=\u00a0\u00bb||||false|false\u00a0\u00bb custom_margin_phone=\u00a0\u00bb||-100px||false|false\u00a0\u00bb custom_margin_last_edited=\u00a0\u00bbon|desktop\u00a0\u00bb global_colors_info=\u00a0\u00bb{}\u00a0\u00bb][et_pb_column type=\u00a0\u00bb4_4&Prime; _builder_version=\u00a0\u00bb4.16&Prime; _module_preset=\u00a0\u00bbdefault\u00a0\u00bb global_colors_info=\u00a0\u00bb{}\u00a0\u00bb][wdcl_image_carousel nav_pagi=\u00a0\u00bbnone\u00a0\u00bb slide_spacing=\u00a0\u00bb0px\u00a0\u00bb slide_count_tablet=\u00a0\u00bb2&Prime; slide_count_phone=\u00a0\u00bb1&Prime; slide_count_last_edited=\u00a0\u00bbon|phone\u00a0\u00bb _builder_version=\u00a0\u00bb4.16&Prime; _module_preset=\u00a0\u00bbdefault\u00a0\u00bb global_colors_info=\u00a0\u00bb{}\u00a0\u00bb][wdcl_image_carousel_child photo=\u00a0\u00bbhttps:\/\/www.geneveroule.ch\/wp-content\/uploads\/2021\/05\/inauguration_velo_adapte_29.05.21_acolliard-web.jpg\u00a0\u00bb _builder_version=\u00a0\u00bb4.16&Prime; _module_preset=\u00a0\u00bbdefault\u00a0\u00bb global_colors_info=\u00a0\u00bb{}\u00a0\u00bb][\/wdcl_image_carousel_child][wdcl_image_carousel_child photo=\u00a0\u00bbhttps:\/\/www.geneveroule.ch\/wp-content\/uploads\/2021\/12\/inauguration_velo_adapte_29.05.21_acolliard-41.jpg\u00a0\u00bb _builder_version=\u00a0\u00bb4.16&Prime; _module_preset=\u00a0\u00bbdefault\u00a0\u00bb global_colors_info=\u00a0\u00bb{}\u00a0\u00bb][\/wdcl_image_carousel_child][wdcl_image_carousel_child photo=\u00a0\u00bbhttps:\/\/www.geneveroule.ch\/wp-content\/uploads\/2021\/12\/en_route_apotheloz_29.05.21_acolliard-1.jpg\u00a0\u00bb _builder_version=\u00a0\u00bb4.16&Prime; _module_preset=\u00a0\u00bbdefault\u00a0\u00bb global_colors_info=\u00a0\u00bb{}\u00a0\u00bb][\/wdcl_image_carousel_child][wdcl_image_carousel_child photo=\u00a0\u00bbhttps:\/\/www.geneveroule.ch\/wp-content\/uploads\/2021\/03\/rolstoelfiets-opair-28.jpg\u00a0\u00bb _builder_version=\u00a0\u00bb4.16&Prime; _module_preset=\u00a0\u00bbdefault\u00a0\u00bb global_colors_info=\u00a0\u00bb{}\u00a0\u00bb][\/wdcl_image_carousel_child][\/wdcl_image_carousel][\/et_pb_column][\/et_pb_row][\/et_pb_section][et_pb_section fb_built=\u00a0\u00bb1&Prime; admin_label=\u00a0\u00bbServices\u00a0\u00bb _builder_version=\u00a0\u00bb4.27.5&Prime; background_color=\u00a0\u00bbgcid-c80a1fc6-016f-42b5-8ba9-702cda38c14f\u00a0\u00bb hover_enabled=\u00a0\u00bb0&Prime; global_colors_info=\u00a0\u00bb{%22gcid-c80a1fc6-016f-42b5-8ba9-702cda38c14f%22:%91%22background_color%22%93}\u00a0\u00bb title_text_tablet=\u00a0\u00bbupholsterer-41&Prime; sticky_enabled=\u00a0\u00bb0&Prime;][et_pb_row column_structure=\u00a0\u00bb1_2,1_2&Prime; _builder_version=\u00a0\u00bb4.16&Prime; _module_preset=\u00a0\u00bbdefault\u00a0\u00bb global_colors_info=\u00a0\u00bb{}\u00a0\u00bb][et_pb_column type=\u00a0\u00bb1_2&Prime; _builder_version=\u00a0\u00bb4.16&Prime; _module_preset=\u00a0\u00bbdefault\u00a0\u00bb global_colors_info=\u00a0\u00bb{}\u00a0\u00bb][et_pb_text _builder_version=\u00a0\u00bb4.16&Prime; _module_preset=\u00a0\u00bbdefault\u00a0\u00bb header_3_font_size=\u00a0\u00bb34px\u00a0\u00bb header_3_font_size_tablet=\u00a0\u00bb34px\u00a0\u00bb header_3_font_size_phone=\u00a0\u00bb34px\u00a0\u00bb header_3_font_size_last_edited=\u00a0\u00bbon|phone\u00a0\u00bb global_colors_info=\u00a0\u00bb{}\u00a0\u00bb]<\/p>\n<h3><span style=\"color: #e52629;\">Qu&rsquo;est-ce qu&rsquo;un triporteur OPair ?<\/span><\/h3>\n<p>[\/et_pb_text][et_pb_text _builder_version=\u00a0\u00bb4.16&Prime; _module_preset=\u00a0\u00bbdefault\u00a0\u00bb custom_padding=\u00a0\u00bb||2px|||\u00a0\u00bb global_colors_info=\u00a0\u00bb{}\u00a0\u00bb]<\/p>\n<p style=\"text-align: justify;\">Le triporteur<strong> \u00e9lectrique OPair<\/strong> a \u00e9t\u00e9 sp\u00e9cialement con\u00e7u pour offrir une exp\u00e9rience confortable, flexible et adapt\u00e9e pour les d\u00e9placements \u00e0 v\u00e9lo <strong>avec des personnes en situation de handicap<\/strong>.<\/p>\n<p style=\"text-align: justify;\">Le si\u00e8ge avant est r\u00e9glable en profondeur et au niveau du soutien lombaire. Il est \u00e9galement \u00e9quip\u00e9 d&rsquo;un appuie t\u00eate et de supports lat\u00e9raux et de repose-pieds extensibles. Les roues avant l\u00e9g\u00e8rement inclin\u00e9es apportent un <strong>confort de conduite et une stabilit\u00e9 suppl\u00e9mentaire<\/strong> au v\u00e9lo.<\/p>\n<p style=\"text-align: justify;\">Agr\u00e9able et facile \u00e0 utiliser, ce nouveau moyen de transport suscitera le plus<strong> grand plaisir des pilotes et passagers-\u00e8res<\/strong> !<\/p>\n<p>[\/et_pb_text][et_pb_image src=\u00a0\u00bbhttps:\/\/www.geneveroule.ch\/wp-content\/uploads\/2022\/01\/opair-velos-fauteuil-van-raam.png\u00a0\u00bb alt=\u00a0\u00bbopair-velos-fauteuil-van-raam\u00a0\u00bb title_text=\u00a0\u00bbopair-velos-fauteuil-van-raam\u00a0\u00bb align=\u00a0\u00bbcenter\u00a0\u00bb _builder_version=\u00a0\u00bb4.16&Prime; _module_preset=\u00a0\u00bbdefault\u00a0\u00bb height=\u00a0\u00bb300px\u00a0\u00bb custom_margin=\u00a0\u00bb||-10px||false|false\u00a0\u00bb global_colors_info=\u00a0\u00bb{}\u00a0\u00bb][\/et_pb_image][et_pb_text _builder_version=\u00a0\u00bb4.16&Prime; _module_preset=\u00a0\u00bbdefault\u00a0\u00bb text_font_size=\u00a0\u00bb16px\u00a0\u00bb width=\u00a0\u00bb80%\u00a0\u00bb module_alignment=\u00a0\u00bbcenter\u00a0\u00bb global_colors_info=\u00a0\u00bb{}\u00a0\u00bb]<\/p>\n<p style=\"text-align: center;\"><em>Mod\u00e8le : OPair, triporteur avec moteur \u00e9lectrique de la marque <a href=\"https:\/\/www.vanraam.com\/fr-fr\" target=\"_blank\" rel=\"noopener\">Van Raam<\/a>.<\/em><\/p>\n<p>[\/et_pb_text][et_pb_blurb url=\u00a0\u00bb#plan\u00a0\u00bb use_icon=\u00a0\u00bbon\u00a0\u00bb font_icon=\u00a0\u00bb&#xf1c1;||fa||400&Prime; icon_color=\u00a0\u00bb#E52629&Prime; content_max_width=\u00a0\u00bb1500px\u00a0\u00bb content_tablet=\u00a0\u00bb<\/p>\n<p style=%22text-align: left;%22><a href=%22https:\/\/www.geneveroule.ch\/wp-content\/uploads\/2022\/01\/mode-demploi-et-infos-techniques-triporteur-cerebral.pdf%22 data-et-target-link=%22_blank%22 rel=%22noopener%22>Mode d&#8217;emploi et infos techniques \u00e0 t\u00e9l\u00e9charger<\/a><\/p>\n<p>\u00a0\u00bb content_phone=\u00a0\u00bb<\/p>\n<p style=%22text-align: left;%22><a href=%22https:\/\/www.geneveroule.ch\/wp-content\/uploads\/2022\/01\/mode-demploi-et-infos-techniques-triporteur-cerebral.pdf%22 data-et-target-link=%22_blank%22 rel=%22noopener%22>Mode d&#8217;emploi et infos techniques \u00e0 t\u00e9l\u00e9charger<\/a><\/p>\n<p>\u00a0\u00bb content_last_edited=\u00a0\u00bbon|tablet\u00a0\u00bb content_max_width_tablet=\u00a0\u00bb1500px\u00a0\u00bb content_max_width_phone=\u00a0\u00bb1500px\u00a0\u00bb content_max_width_last_edited=\u00a0\u00bbon|tablet\u00a0\u00bb module_id=\u00a0\u00bb#google-map\u00a0\u00bb _builder_version=\u00a0\u00bb4.16&Prime; _module_preset=\u00a0\u00bb2aa45287-d8e7-4c9c-be3a-b7825e68200c\u00a0\u00bb width=\u00a0\u00bb82%\u00a0\u00bb width_tablet=\u00a0\u00bb\u00a0\u00bb width_phone=\u00a0\u00bb\u00a0\u00bb width_last_edited=\u00a0\u00bbon|tablet\u00a0\u00bb module_alignment=\u00a0\u00bbcenter\u00a0\u00bb custom_margin_tablet=\u00a0\u00bb||||false|false\u00a0\u00bb custom_margin_phone=\u00a0\u00bb||||false|false\u00a0\u00bb custom_margin_last_edited=\u00a0\u00bbon|tablet\u00a0\u00bb custom_padding=\u00a0\u00bb|||89px|false|false\u00a0\u00bb global_colors_info=\u00a0\u00bb{}\u00a0\u00bb]<\/p>\n<p><a href=\"https:\/\/www.geneveroule.ch\/wp-content\/uploads\/2022\/01\/mode-demploi-et-infos-techniques-triporteur-cerebral.pdf\" target=\"_blank\" rel=\"noopener\">Mode d&#8217;emploi et infos techniques \u00e0 t\u00e9l\u00e9charger<\/a><\/p>\n<p>[\/et_pb_blurb][et_pb_divider disabled_on=\u00a0\u00bboff|on|on\u00a0\u00bb _builder_version=\u00a0\u00bb4.16&Prime; _module_preset=\u00a0\u00bbdefault\u00a0\u00bb global_colors_info=\u00a0\u00bb{}\u00a0\u00bb][\/et_pb_divider][\/et_pb_column][et_pb_column type=\u00a0\u00bb1_2&Prime; _builder_version=\u00a0\u00bb4.16&Prime; _module_preset=\u00a0\u00bbdefault\u00a0\u00bb global_colors_info=\u00a0\u00bb{}\u00a0\u00bb][et_pb_text _builder_version=\u00a0\u00bb4.16&Prime; _module_preset=\u00a0\u00bbdefault\u00a0\u00bb header_3_font_size_tablet=\u00a0\u00bb\u00a0\u00bb header_3_font_size_phone=\u00a0\u00bb34px\u00a0\u00bb header_3_font_size_last_edited=\u00a0\u00bbon|phone\u00a0\u00bb global_colors_info=\u00a0\u00bb{}\u00a0\u00bb]<\/p>\n<h3><span style=\"color: #e52629;\">Tarifs de location<\/span><\/h3>\n<p>[\/et_pb_text][et_pb_text _builder_version=\u00a0\u00bb4.18.0&Prime; _module_preset=\u00a0\u00bbdefault\u00a0\u00bb text_line_height=\u00a0\u00bb1.6em\u00a0\u00bb text_font_size_tablet=\u00a0\u00bb\u00a0\u00bb text_font_size_phone=\u00a0\u00bb13px\u00a0\u00bb text_font_size_last_edited=\u00a0\u00bbon|phone\u00a0\u00bb global_colors_info=\u00a0\u00bb{}\u00a0\u00bb]<\/p>\n<p>16.- CHF\/jour, avec une caution de 50.- CHF<\/p>\n<p>[\/et_pb_text][et_pb_divider disabled_on=\u00a0\u00bboff|on|on\u00a0\u00bb _builder_version=\u00a0\u00bb4.16&Prime; _module_preset=\u00a0\u00bbdefault\u00a0\u00bb global_colors_info=\u00a0\u00bb{}\u00a0\u00bb][\/et_pb_divider][et_pb_text _builder_version=\u00a0\u00bb4.16&Prime; _module_preset=\u00a0\u00bbdefault\u00a0\u00bb header_font_size_tablet=\u00a0\u00bb\u00a0\u00bb header_font_size_phone=\u00a0\u00bb\u00a0\u00bb header_font_size_last_edited=\u00a0\u00bbon|phone\u00a0\u00bb header_3_font_size_tablet=\u00a0\u00bb\u00a0\u00bb header_3_font_size_phone=\u00a0\u00bb34px\u00a0\u00bb header_3_font_size_last_edited=\u00a0\u00bbon|phone\u00a0\u00bb global_colors_info=\u00a0\u00bb{}\u00a0\u00bb]<\/p>\n<h3><span style=\"color: #e52629;\">Conditions de location<\/span><\/h3>\n<p>[\/et_pb_text][et_pb_text _builder_version=\u00a0\u00bb4.19.3&Prime; _module_preset=\u00a0\u00bbdefault\u00a0\u00bb global_colors_info=\u00a0\u00bb{}\u00a0\u00bb]<\/p>\n<p style=\"text-align: justify;\">Les r\u00e9servations se font via la <strong><a href=\"https:\/\/geneveroule.lokki.rent\/\" title=\"Location Montbrillant\">platforme de r\u00e9servation<\/a><\/strong> de notre arcade de Montbrillant.<\/p>\n<p style=\"text-align: justify;\">Il est recommand\u00e9 de r\u00e9server le triporteur au moins <strong>trois jours \u00e0 l&rsquo;avance<\/strong>.<\/p>\n<p style=\"text-align: justify;\">Pour des r\u00e9servations <strong>\u00e0 plus court terme<\/strong>, il est \u00e9galement possible de se rendre directement dans notre <a href=\"https:\/\/www.geneveroule.ch\/fr\/horaires-et-lieux\/#montbrillant\">arcade de Montbrillant<\/a>, et de louer le triporteur sur place, <strong>sous r\u00e9serve de disponibilit\u00e9<\/strong>.<a href=\"https:\/\/www.geneveroule.ch\/wp-content\/uploads\/2023\/02\/veloflyer_11_22_f.pdf\"><\/a><\/p>\n<p>[\/et_pb_text][et_pb_blurb url=\u00a0\u00bb#plan\u00a0\u00bb use_icon=\u00a0\u00bbon\u00a0\u00bb font_icon=\u00a0\u00bb&#xf1c1;||fa||400&Prime; icon_color=\u00a0\u00bb#E52629&Prime; content_max_width=\u00a0\u00bb1500px\u00a0\u00bb content_tablet=\u00a0\u00bb<\/p>\n<p style=%22text-align: left;%22><a href=%22https:\/\/www.geneveroule.ch\/wp-content\/uploads\/2022\/01\/mode-demploi-et-infos-techniques-triporteur-cerebral.pdf%22 data-et-target-link=%22_blank%22 rel=%22noopener%22>Mode d&#8217;emploi et infos techniques \u00e0 t\u00e9l\u00e9charger<\/a><\/p>\n<p>\u00a0\u00bb content_phone=\u00a0\u00bb<\/p>\n<p style=%22text-align: left;%22><a href=%22https:\/\/www.geneveroule.ch\/wp-content\/uploads\/2022\/01\/mode-demploi-et-infos-techniques-triporteur-cerebral.pdf%22 data-et-target-link=%22_blank%22 rel=%22noopener%22>Mode d&#8217;emploi et infos techniques \u00e0 t\u00e9l\u00e9charger<\/a><\/p>\n<p>\u00a0\u00bb content_last_edited=\u00a0\u00bbon|tablet\u00a0\u00bb content_max_width_tablet=\u00a0\u00bb1500px\u00a0\u00bb content_max_width_phone=\u00a0\u00bb1500px\u00a0\u00bb content_max_width_last_edited=\u00a0\u00bbon|tablet\u00a0\u00bb module_id=\u00a0\u00bb#google-map\u00a0\u00bb _builder_version=\u00a0\u00bb4.23.1&Prime; _module_preset=\u00a0\u00bb2aa45287-d8e7-4c9c-be3a-b7825e68200c\u00a0\u00bb width=\u00a0\u00bb82%\u00a0\u00bb width_tablet=\u00a0\u00bb\u00a0\u00bb width_phone=\u00a0\u00bb\u00a0\u00bb width_last_edited=\u00a0\u00bbon|tablet\u00a0\u00bb module_alignment=\u00a0\u00bbcenter\u00a0\u00bb custom_margin_tablet=\u00a0\u00bb||||false|false\u00a0\u00bb custom_margin_phone=\u00a0\u00bb||||false|false\u00a0\u00bb custom_margin_last_edited=\u00a0\u00bbon|tablet\u00a0\u00bb custom_padding=\u00a0\u00bb|||89px|false|false\u00a0\u00bb global_colors_info=\u00a0\u00bb{}\u00a0\u00bb]<\/p>\n<p style=\"text-align: left;\"><a href=\"https:\/\/www.geneveroule.ch\/wp-content\/uploads\/2024\/03\/Veloflyer-2024_Februar_FR.pdf\" target=\"_blank\" rel=\"noopener\">Vous trouverez ici<\/a> tous les sites de location de v\u00e9los de la Fondation Cerebral dans toute la Suisse<\/p>\n<p>[\/et_pb_blurb][\/et_pb_column][\/et_pb_row][\/et_pb_section][et_pb_section fb_built=\u00a0\u00bb1&Prime; _builder_version=\u00a0\u00bb4.16&Prime; _module_preset=\u00a0\u00bbdefault\u00a0\u00bb background_color=\u00a0\u00bb#F2F2F2&Prime; global_colors_info=\u00a0\u00bb{}\u00a0\u00bb][et_pb_row _builder_version=\u00a0\u00bb4.16&Prime; _module_preset=\u00a0\u00bbdefault\u00a0\u00bb global_colors_info=\u00a0\u00bb{}\u00a0\u00bb][et_pb_column type=\u00a0\u00bb4_4&Prime; _builder_version=\u00a0\u00bb4.16&Prime; _module_preset=\u00a0\u00bbdefault\u00a0\u00bb global_colors_info=\u00a0\u00bb{}\u00a0\u00bb][et_pb_text _builder_version=\u00a0\u00bb4.16&Prime; _module_preset=\u00a0\u00bbdefault\u00a0\u00bb text_font_size=\u00a0\u00bb22px\u00a0\u00bb custom_margin=\u00a0\u00bb||-18px||false|false\u00a0\u00bb text_font_size_tablet=\u00a0\u00bb22px\u00a0\u00bb text_font_size_phone=\u00a0\u00bb19px\u00a0\u00bb text_font_size_last_edited=\u00a0\u00bbon|phone\u00a0\u00bb global_colors_info=\u00a0\u00bb{}\u00a0\u00bb]<\/p>\n<p style=\"text-align: center;\">Nous restons \u00e0 votre enti\u00e8re disposition pour toute remarque, question ou pr\u00e9cision\u202f:<\/p>\n<p>[\/et_pb_text][\/et_pb_column][\/et_pb_row][et_pb_row column_structure=\u00a0\u00bb1_2,1_2&Prime; _builder_version=\u00a0\u00bb4.16&Prime; _module_preset=\u00a0\u00bbdefault\u00a0\u00bb global_colors_info=\u00a0\u00bb{}\u00a0\u00bb][et_pb_column type=\u00a0\u00bb1_2&Prime; _builder_version=\u00a0\u00bb4.16&Prime; _module_preset=\u00a0\u00bbdefault\u00a0\u00bb global_colors_info=\u00a0\u00bb{}\u00a0\u00bb][et_pb_blurb title=\u00a0\u00bbLes questions techniques et la location\u00a0\u00bb url=\u00a0\u00bb#plan\u00a0\u00bb use_icon=\u00a0\u00bbon\u00a0\u00bb font_icon=\u00a0\u00bb&#xf013;||fa||900&Prime; icon_color=\u00a0\u00bb#FBBA00&Prime; icon_placement=\u00a0\u00bbtop\u00a0\u00bb image_icon_width=\u00a0\u00bb55px\u00a0\u00bb content_max_width=\u00a0\u00bb1500px\u00a0\u00bb content_max_width_tablet=\u00a0\u00bb1500px\u00a0\u00bb content_max_width_phone=\u00a0\u00bb1500px\u00a0\u00bb content_max_width_last_edited=\u00a0\u00bbon|tablet\u00a0\u00bb module_id=\u00a0\u00bb#google-map\u00a0\u00bb _builder_version=\u00a0\u00bb4.16&Prime; _module_preset=\u00a0\u00bb2aa45287-d8e7-4c9c-be3a-b7825e68200c\u00a0\u00bb header_text_align=\u00a0\u00bbcenter\u00a0\u00bb header_text_color=\u00a0\u00bb#FBBA00&Prime; header_font_size=\u00a0\u00bb30px\u00a0\u00bb width_tablet=\u00a0\u00bb\u00a0\u00bb width_phone=\u00a0\u00bb\u00a0\u00bb width_last_edited=\u00a0\u00bbon|tablet\u00a0\u00bb body_line_height_tablet=\u00a0\u00bb\u00a0\u00bb body_line_height_phone=\u00a0\u00bb2.5em\u00a0\u00bb body_line_height_last_edited=\u00a0\u00bbon|phone\u00a0\u00bb global_colors_info=\u00a0\u00bb{}\u00a0\u00bb]<\/p>\n<p style=\"text-align: center;\"><strong>Association Gen\u00e8veroule<\/strong><br \/><a target=\"_blank\" href=\"mailto:info@geneveroule.ch\" class=\"spamspan\" rel=\"noopener\">info@geneveroule.ch<\/a><br \/><a href=\"tel:+41227401415\">022\u202f740 14 15\u00a0<\/a><\/p>\n<p>[\/et_pb_blurb][\/et_pb_column][et_pb_column type=\u00a0\u00bb1_2&Prime; _builder_version=\u00a0\u00bb4.16&Prime; _module_preset=\u00a0\u00bbdefault\u00a0\u00bb global_colors_info=\u00a0\u00bb{}\u00a0\u00bb][et_pb_blurb title=\u00a0\u00bbLa mobilit\u00e9 et le handicap\u00a0\u00bb url=\u00a0\u00bb#plan\u00a0\u00bb use_icon=\u00a0\u00bbon\u00a0\u00bb font_icon=\u00a0\u00bb&#xf193;||fa||900&Prime; icon_color=\u00a0\u00bb#FBBA00&Prime; icon_placement=\u00a0\u00bbtop\u00a0\u00bb image_icon_width=\u00a0\u00bb55px\u00a0\u00bb content_max_width=\u00a0\u00bb1500px\u00a0\u00bb content_max_width_tablet=\u00a0\u00bb1500px\u00a0\u00bb content_max_width_phone=\u00a0\u00bb1500px\u00a0\u00bb content_max_width_last_edited=\u00a0\u00bbon|tablet\u00a0\u00bb module_id=\u00a0\u00bb#google-map\u00a0\u00bb _builder_version=\u00a0\u00bb4.16&Prime; _module_preset=\u00a0\u00bb2aa45287-d8e7-4c9c-be3a-b7825e68200c\u00a0\u00bb header_text_align=\u00a0\u00bbcenter\u00a0\u00bb header_text_color=\u00a0\u00bb#FBBA00&Prime; header_font_size=\u00a0\u00bb30px\u00a0\u00bb width_tablet=\u00a0\u00bb\u00a0\u00bb width_phone=\u00a0\u00bb\u00a0\u00bb width_last_edited=\u00a0\u00bbon|tablet\u00a0\u00bb body_line_height_tablet=\u00a0\u00bb\u00a0\u00bb body_line_height_phone=\u00a0\u00bb2.5em\u00a0\u00bb body_line_height_last_edited=\u00a0\u00bbon|phone\u00a0\u00bb global_colors_info=\u00a0\u00bb{}\u00a0\u00bb]<\/p>\n<p style=\"text-align: center;\"><strong>Association Cerebral Gen\u00e8ve<\/strong><br \/><a target=\"_blank\" href=\"mailto:info@cerebral-geneve.ch\" class=\"spamspan\" rel=\"noopener\">info@cerebral-geneve.ch<\/a><br \/><a href=\"tel:+41227574966\">022 757 49 66 <\/a><\/p>\n<p>[\/et_pb_blurb][\/et_pb_column][\/et_pb_row][\/et_pb_section][et_pb_section fb_built=\u00a0\u00bb1&Prime; _builder_version=\u00a0\u00bb4.27.5&Prime; _module_preset=\u00a0\u00bbdefault\u00a0\u00bb custom_margin=\u00a0\u00bb||||false|false\u00a0\u00bb custom_padding=\u00a0\u00bb15px||15px||false|false\u00a0\u00bb hover_enabled=\u00a0\u00bb0&Prime; global_colors_info=\u00a0\u00bb{%22gcid-c80a1fc6-016f-42b5-8ba9-702cda38c14f%22:%91%22background_color%22%93}\u00a0\u00bb background_color=\u00a0\u00bbgcid-c80a1fc6-016f-42b5-8ba9-702cda38c14f\u00a0\u00bb sticky_enabled=\u00a0\u00bb0&Prime;][et_pb_row _builder_version=\u00a0\u00bb4.16&Prime; _module_preset=\u00a0\u00bbdefault\u00a0\u00bb global_colors_info=\u00a0\u00bb{}\u00a0\u00bb][et_pb_column type=\u00a0\u00bb4_4&Prime; _builder_version=\u00a0\u00bb4.16&Prime; _module_preset=\u00a0\u00bbdefault\u00a0\u00bb global_colors_info=\u00a0\u00bb{}\u00a0\u00bb][et_pb_text _builder_version=\u00a0\u00bb4.27.5&Prime; _module_preset=\u00a0\u00bbdefault\u00a0\u00bb text_text_color=\u00a0\u00bb#FFFFFF\u00a0\u00bb header_text_color=\u00a0\u00bb#FFFFFF\u00a0\u00bb header_2_text_color=\u00a0\u00bb#FFFFFF\u00a0\u00bb header_2_font_size=\u00a0\u00bb56px\u00a0\u00bb custom_margin=\u00a0\u00bb||10px||false|false\u00a0\u00bb hover_enabled=\u00a0\u00bb0&Prime; global_colors_info=\u00a0\u00bb{}\u00a0\u00bb sticky_enabled=\u00a0\u00bb0&Prime;]<\/p>\n<h2 style=\"text-align: center;\"><span style=\"color: #ffcc00;\">Je roule avec respect !<\/span><\/h2>\n<p>[\/et_pb_text][et_pb_text _builder_version=\u00a0\u00bb4.16&Prime; _module_preset=\u00a0\u00bbdefault\u00a0\u00bb custom_margin=\u00a0\u00bb||-44px||false|false\u00a0\u00bb global_colors_info=\u00a0\u00bb{}\u00a0\u00bb]<\/p>\n<aside class=\"grid-4 region region-sidebar-second\" id=\"region-sidebar-second\">\n<div class=\"region-inner region-sidebar-second-inner\">\n<section class=\"block block-block block-139 block-block-139 even\" id=\"block-block-139\">\n<div class=\"block-inner clearfix\">\n<div class=\"content clearfix\">\n<h3 style=\"text-align: center;\">Roulons ensemble dans le respect d\u2019autrui et de l\u2019environnement!<\/h3>\n<\/div>\n<\/div>\n<\/section>\n<\/div>\n<\/aside>\n<p>[\/et_pb_text][\/et_pb_column][\/et_pb_row][et_pb_row column_structure=\u00a0\u00bb1_2,1_2&Prime; _builder_version=\u00a0\u00bb4.16&Prime; _module_preset=\u00a0\u00bbdefault\u00a0\u00bb custom_margin=\u00a0\u00bb||-48px||false|false\u00a0\u00bb global_colors_info=\u00a0\u00bb{}\u00a0\u00bb][et_pb_column type=\u00a0\u00bb1_2&Prime; _builder_version=\u00a0\u00bb4.16&Prime; _module_preset=\u00a0\u00bbdefault\u00a0\u00bb global_colors_info=\u00a0\u00bb{}\u00a0\u00bb][et_pb_text _builder_version=\u00a0\u00bb4.16&Prime; _module_preset=\u00a0\u00bbdefault\u00a0\u00bb global_colors_info=\u00a0\u00bb{}\u00a0\u00bb]<\/p>\n<aside class=\"grid-4 region region-sidebar-second\" id=\"region-sidebar-second\">\n<div class=\"region-inner region-sidebar-second-inner\">\n<section class=\"block block-block block-139 block-block-139 even\" id=\"block-block-139\">\n<div class=\"block-inner clearfix\">\n<div class=\"content clearfix\">\n<p><span style=\"color: #000000;\"><strong>Dans les zones pi\u00e9tonnes<\/strong>\u00a0: je roule au pas<\/span><br \/><span style=\"color: #000000;\"><strong>Dans les parcs<\/strong>\u00a0: je roule uniquement sur les <strong><a href=\"https:\/\/www.geneve.ch\/fr\/themes\/mobilite-transport\/velos\/bien-circuler-velo-geneve\/amenagements-cyclables\/parcours-parcs\" target=\"_blank\" rel=\"noopener\" style=\"color: #000000;\">parcours balis\u00e9s<\/a><\/strong><\/span><\/p>\n<p><span style=\"color: #000000;\"><strong>Je n&rsquo;ai pas le droit de circuler :<br \/><\/strong><\/span><\/p>\n<ul style=\"text-align: center;\">\n<li style=\"text-align: left;\"><span style=\"color: #000000;\">Sur les trottoirs<\/span><\/li>\n<li style=\"text-align: left;\"><span style=\"color: #000000;\">Dans le jardin botanique<\/span><\/li>\n<li style=\"text-align: left;\"><span style=\"color: #000000;\">Devant nos arcades de Montbrillant et de Meyrin<\/span><\/li>\n<\/ul>\n<\/div>\n<\/div>\n<\/section>\n<\/div>\n<\/aside>\n<p>[\/et_pb_text][\/et_pb_column][et_pb_column type=\u00a0\u00bb1_2&Prime; _builder_version=\u00a0\u00bb4.16&Prime; _module_preset=\u00a0\u00bbdefault\u00a0\u00bb global_colors_info=\u00a0\u00bb{}\u00a0\u00bb][et_pb_text content_tablet=\u00a0\u00bb<\/p>\n<aside class=%22grid-4 region region-sidebar-second%22 id=%22region-sidebar-second%22>\n<div class=%22region-inner region-sidebar-second-inner%22>\n<section class=%22block block-block block-139 block-block-139 even%22 id=%22block-block-139%22>\n<div class=%22block-inner clearfix%22>\n<div class=%22content clearfix%22>\n<div class=%22clearboth%22 style=%22text-align: left;%22>\n<p style=%22text-align: center;%22><span style=%22color: #000000;%22>Petit rappel des droits et devoirs des cyclistes \u00e9dit\u00e9 par PRO V\u00c9LO Gen\u00e8ve<\/span><\/p>\n<\/div>\n<\/div>\n<\/div>\n<\/section>\n<\/div>\n<\/aside>\n<p>\u00a0\u00bb content_phone=\u00a0\u00bb<\/p>\n<aside class=%22grid-4 region region-sidebar-second%22 id=%22region-sidebar-second%22>\n<div class=%22region-inner region-sidebar-second-inner%22>\n<section class=%22block block-block block-139 block-block-139 even%22 id=%22block-block-139%22>\n<div class=%22block-inner clearfix%22>\n<div class=%22content clearfix%22>\n<div class=%22clearboth%22 style=%22text-align: left;%22>\n<p style=%22text-align: center;%22><span style=%22color: #000000;%22>Petit rappel des droits et devoirs des cyclistes \u00e9dit\u00e9 par PRO V\u00c9LO Gen\u00e8ve<\/span><\/p>\n<\/div>\n<\/div>\n<\/div>\n<\/section>\n<\/div>\n<\/aside>\n<p>\u00a0\u00bb content_last_edited=\u00a0\u00bbon|tablet\u00a0\u00bb _builder_version=\u00a0\u00bb4.16&Prime; _module_preset=\u00a0\u00bbdefault\u00a0\u00bb global_colors_info=\u00a0\u00bb{}\u00a0\u00bb]<\/p>\n<aside class=\"grid-4 region region-sidebar-second\" id=\"region-sidebar-second\">\n<div class=\"region-inner region-sidebar-second-inner\">\n<section class=\"block block-block block-139 block-block-139 even\" id=\"block-block-139\">\n<div class=\"block-inner clearfix\">\n<div class=\"content clearfix\">\n<div class=\"clearboth\" style=\"text-align: left;\">\n<p><span style=\"color: #000000;\">Petit rappel des droits et devoirs des cyclistes \u00e9dit\u00e9 par PRO V\u00c9LO Gen\u00e8ve<\/span><\/p>\n<\/div>\n<\/div>\n<\/div>\n<\/section>\n<\/div>\n<\/aside>\n<p>[\/et_pb_text][et_pb_button button_url=\u00a0\u00bbhttps:\/\/www.geneveroule.ch\/wp-content\/uploads\/2022\/01\/GUIDE_JURIDIQUE_CYCLISTES_FR.pdf\u00a0\u00bb url_new_window=\u00a0\u00bbon\u00a0\u00bb button_text=\u00a0\u00bbAide m\u00e9moire juridique pour les cyclistes (PDF)\u00a0\u00bb button_alignment_tablet=\u00a0\u00bbcenter\u00a0\u00bb button_alignment_phone=\u00a0\u00bbcenter\u00a0\u00bb button_alignment_last_edited=\u00a0\u00bbon|tablet\u00a0\u00bb _builder_version=\u00a0\u00bb4.16&Prime; _module_preset=\u00a0\u00bbdefault\u00a0\u00bb custom_button=\u00a0\u00bbon\u00a0\u00bb button_text_size=\u00a0\u00bb18px\u00a0\u00bb button_text_color=\u00a0\u00bb#545454&Prime; button_bg_color=\u00a0\u00bb#FFFFFF\u00a0\u00bb button_border_color=\u00a0\u00bb#545454&Prime; button_icon_color=\u00a0\u00bb#545454&Prime; button_on_hover=\u00a0\u00bboff\u00a0\u00bb global_colors_info=\u00a0\u00bb{}\u00a0\u00bb button_bg_color__hover_enabled=\u00a0\u00bbon|hover\u00a0\u00bb button_bg_color__hover=\u00a0\u00bb#FFFFFF\u00a0\u00bb button_bg_enable_color__hover=\u00a0\u00bbon\u00a0\u00bb button_text_color__hover_enabled=\u00a0\u00bbon|hover\u00a0\u00bb button_text_color__hover=\u00a0\u00bb#E52629&Prime; button_icon_color__hover_enabled=\u00a0\u00bbon|hover\u00a0\u00bb button_icon_color__hover=\u00a0\u00bb#E52629&Prime;][\/et_pb_button][\/et_pb_column][\/et_pb_row][et_pb_row _builder_version=\u00a0\u00bb4.16&Prime; _module_preset=\u00a0\u00bbdefault\u00a0\u00bb global_colors_info=\u00a0\u00bb{}\u00a0\u00bb][et_pb_column type=\u00a0\u00bb4_4&Prime; _builder_version=\u00a0\u00bb4.16&Prime; _module_preset=\u00a0\u00bbdefault\u00a0\u00bb global_colors_info=\u00a0\u00bb{}\u00a0\u00bb][et_pb_text _builder_version=\u00a0\u00bb4.27.5&Prime; _module_preset=\u00a0\u00bbdefault\u00a0\u00bb text_text_color=\u00a0\u00bb#FFFFFF\u00a0\u00bb header_3_text_color=\u00a0\u00bb#FFFFFF\u00a0\u00bb hover_enabled=\u00a0\u00bb0&Prime; global_colors_info=\u00a0\u00bb{}\u00a0\u00bb sticky_enabled=\u00a0\u00bb0&Prime;]<\/p>\n<aside class=\"grid-4 region region-sidebar-second\" id=\"region-sidebar-second\">\n<div class=\"region-inner region-sidebar-second-inner\">\n<section class=\"block block-block block-139 block-block-139 even\" id=\"block-block-139\">\n<div class=\"block-inner clearfix\">\n<div class=\"content clearfix\">\n<div class=\"clearboth\" style=\"text-align: left;\">\n<h3 style=\"text-align: center;\"><span style=\"color: #ffcc00;\">En vous remerciant par avance du respect que vous saurez r\u00e9server aux autres usagers des espaces publics !<\/span><\/h3>\n<\/div>\n<\/div>\n<\/div>\n<\/section>\n<\/div>\n<\/aside>\n<p>[\/et_pb_text][\/et_pb_column][\/et_pb_row][\/et_pb_section]<\/p>\n","protected":false},"excerpt":{"rendered":"<p>Triporteur Cerebral<div class=\"et_pb_module lwp_divi_breadcrumbs lwp_divi_breadcrumbs_0\">\n\t\t\t\t\n\t\t\t\t\n\t\t\t\t\n\t\t\t\t\n\t\t\t\t\n\t\t\t\t\n\t\t\t\t<div class=\"et_pb_module_inner\">\n\t\t\t\t\t<div class=\"lwp-breadcrumbs\"> <span class=\"before\"><\/span> <span vocab=\"https:\/\/schema.org\/\" typeof=\"BreadcrumbList\"><span property=\"itemListElement\" typeof=\"ListItem\"><a property=\"item\" typeof=\"WebPage\" href=\"https:\/\/www.geneveroule.ch\/fr\/\" class=\"home\"><span property=\"name\">Accueil<\/span><\/a><meta property=\"position\" content=\"1\"><\/span> <span class=\"separator et-pb-icon\">&#x39;<\/span> <\/span><\/div>\n\t\t\t\t<\/div>\n\t\t\t<\/div>Un cycle d\u00e9di\u00e9 au transport de personnes en situation de handicapGr\u00e2ce au soutien de [&hellip;]<\/p>\n","protected":false},"author":1,"featured_media":0,"parent":0,"menu_order":0,"comment_status":"closed","ping_status":"closed","template":"","meta":{"_et_pb_use_builder":"on","_et_pb_old_content":"<!-- wp:paragraph -->\n<p>Ceci est une page d\u2019exemple. C\u2019est diff\u00e9rent d\u2019un article de blog parce qu\u2019elle restera au m\u00eame endroit et appara\u00eetra dans la navigation de votre site (dans la plupart des th\u00e8mes). La plupart des gens commencent par une page \u00ab&nbsp;\u00c0 propos&nbsp;\u00bb qui les pr\u00e9sente aux personnes visitant du site. Cela pourrait ressembler \u00e0 quelque chose comme cela&nbsp;:<\/p>\n<!-- \/wp:paragraph -->\n\n<!-- wp:quote -->\n<blockquote class=\"wp-block-quote\"><p>Bonjour&nbsp;! Je suis un m\u00e9canicien qui aspire \u00e0 devenir acteur, et voici mon site. J\u2019habite \u00e0 Bordeaux, j\u2019ai un super chien baptis\u00e9 Russell, et j\u2019aime la vodka (ainsi qu\u2019\u00eatre surpris par la pluie soudaine lors de longues balades sur la plage au coucher du soleil).<\/p><\/blockquote>\n<!-- \/wp:quote -->\n\n<!-- wp:paragraph -->\n<p>\u2026ou quelque chose comme cela&nbsp;:<\/p>\n<!-- \/wp:paragraph -->\n\n<!-- wp:quote -->\n<blockquote class=\"wp-block-quote\"><p>La soci\u00e9t\u00e9 123 Machin Truc a \u00e9t\u00e9 cr\u00e9\u00e9e en 1971, et n\u2019a cess\u00e9 de proposer au public des machins-trucs de qualit\u00e9 depuis lors. Situ\u00e9e \u00e0 Saint-Remy-en-Bouzemont-Saint-Genest-et-Isson, 123 Machin Truc emploie 2 000 personnes, et fabrique toutes sortes de bidules supers pour la communaut\u00e9 bouzemontoise.<\/p><\/blockquote>\n<!-- \/wp:quote -->\n\n<!-- wp:paragraph -->\n<p>En tant que nouvel utilisateur ou utilisatrice de WordPress, vous devriez vous rendre sur <a href=\"https:\/\/www.geneveroule.ch\/wp-admin\/\">votre tableau de bord<\/a> pour supprimer cette page et cr\u00e9er de nouvelles pages pour votre contenu. Amusez-vous bien&nbsp;!<\/p>\n<!-- \/wp:paragraph -->","_et_gb_content_width":"","footnotes":""},"class_list":["post-54318","page","type-page","status-publish","hentry"],"yoast_head":"<!-- This site is optimized with the Yoast SEO plugin v27.4 - https:\/\/yoast.com\/product\/yoast-seo-wordpress\/ -->\n<title>Triporteur Cerebral - Gen\u00e8veroule<\/title>\n<meta name=\"robots\" content=\"index, follow, max-snippet:-1, max-image-preview:large, max-video-preview:-1\" \/>\n<link rel=\"canonical\" href=\"https:\/\/www.geneveroule.ch\/fr\/triporteur-cerebral\/\" \/>\n<meta property=\"og:locale\" content=\"fr_FR\" \/>\n<meta property=\"og:type\" content=\"article\" \/>\n<meta property=\"og:title\" content=\"Triporteur Cerebral - Gen\u00e8veroule\" \/>\n<meta property=\"og:description\" content=\"Triporteur CerebralUn cycle d\u00e9di\u00e9 au transport de personnes en situation de handicapGr\u00e2ce au soutien de [&hellip;]\" \/>\n<meta property=\"og:url\" content=\"https:\/\/www.geneveroule.ch\/fr\/triporteur-cerebral\/\" \/>\n<meta property=\"og:site_name\" content=\"Gen\u00e8veroule\" \/>\n<meta property=\"article:modified_time\" content=\"2026-02-04T18:46:38+00:00\" \/>\n<meta name=\"twitter:card\" content=\"summary_large_image\" \/>\n<meta name=\"twitter:label1\" content=\"Dur\u00e9e de lecture estim\u00e9e\" \/>\n\t<meta name=\"twitter:data1\" content=\"3 minutes\" \/>\n<script type=\"application\/ld+json\" class=\"yoast-schema-graph\">{\"@context\":\"https:\\\/\\\/schema.org\",\"@graph\":[{\"@type\":\"WebPage\",\"@id\":\"https:\\\/\\\/www.geneveroule.ch\\\/fr\\\/triporteur-cerebral\\\/\",\"url\":\"https:\\\/\\\/www.geneveroule.ch\\\/fr\\\/triporteur-cerebral\\\/\",\"name\":\"Triporteur Cerebral - Gen\u00e8veroule\",\"isPartOf\":{\"@id\":\"https:\\\/\\\/www.geneveroule.ch\\\/fr\\\/#website\"},\"datePublished\":\"2022-01-14T11:16:21+00:00\",\"dateModified\":\"2026-02-04T18:46:38+00:00\",\"breadcrumb\":{\"@id\":\"https:\\\/\\\/www.geneveroule.ch\\\/fr\\\/triporteur-cerebral\\\/#breadcrumb\"},\"inLanguage\":\"fr-FR\",\"potentialAction\":[{\"@type\":\"ReadAction\",\"target\":[\"https:\\\/\\\/www.geneveroule.ch\\\/fr\\\/triporteur-cerebral\\\/\"]}]},{\"@type\":\"BreadcrumbList\",\"@id\":\"https:\\\/\\\/www.geneveroule.ch\\\/fr\\\/triporteur-cerebral\\\/#breadcrumb\",\"itemListElement\":[{\"@type\":\"ListItem\",\"position\":1,\"name\":\"Accueil\",\"item\":\"https:\\\/\\\/www.geneveroule.ch\\\/fr\\\/\"},{\"@type\":\"ListItem\",\"position\":2,\"name\":\"Triporteur Cerebral\"}]},{\"@type\":\"WebSite\",\"@id\":\"https:\\\/\\\/www.geneveroule.ch\\\/fr\\\/#website\",\"url\":\"https:\\\/\\\/www.geneveroule.ch\\\/fr\\\/\",\"name\":\"Gen\u00e8veroule\",\"description\":\"v\u00e9lo et insertion\",\"potentialAction\":[{\"@type\":\"SearchAction\",\"target\":{\"@type\":\"EntryPoint\",\"urlTemplate\":\"https:\\\/\\\/www.geneveroule.ch\\\/fr\\\/?s={search_term_string}\"},\"query-input\":{\"@type\":\"PropertyValueSpecification\",\"valueRequired\":true,\"valueName\":\"search_term_string\"}}],\"inLanguage\":\"fr-FR\"}]}<\/script>\n<!-- \/ Yoast SEO plugin. -->","yoast_head_json":{"title":"Triporteur Cerebral - Gen\u00e8veroule","robots":{"index":"index","follow":"follow","max-snippet":"max-snippet:-1","max-image-preview":"max-image-preview:large","max-video-preview":"max-video-preview:-1"},"canonical":"https:\/\/www.geneveroule.ch\/fr\/triporteur-cerebral\/","og_locale":"fr_FR","og_type":"article","og_title":"Triporteur Cerebral - Gen\u00e8veroule","og_description":"Triporteur CerebralUn cycle d\u00e9di\u00e9 au transport de personnes en situation de handicapGr\u00e2ce au soutien de [&hellip;]","og_url":"https:\/\/www.geneveroule.ch\/fr\/triporteur-cerebral\/","og_site_name":"Gen\u00e8veroule","article_modified_time":"2026-02-04T18:46:38+00:00","twitter_card":"summary_large_image","twitter_misc":{"Dur\u00e9e de lecture estim\u00e9e":"3 minutes"},"schema":{"@context":"https:\/\/schema.org","@graph":[{"@type":"WebPage","@id":"https:\/\/www.geneveroule.ch\/fr\/triporteur-cerebral\/","url":"https:\/\/www.geneveroule.ch\/fr\/triporteur-cerebral\/","name":"Triporteur Cerebral - Gen\u00e8veroule","isPartOf":{"@id":"https:\/\/www.geneveroule.ch\/fr\/#website"},"datePublished":"2022-01-14T11:16:21+00:00","dateModified":"2026-02-04T18:46:38+00:00","breadcrumb":{"@id":"https:\/\/www.geneveroule.ch\/fr\/triporteur-cerebral\/#breadcrumb"},"inLanguage":"fr-FR","potentialAction":[{"@type":"ReadAction","target":["https:\/\/www.geneveroule.ch\/fr\/triporteur-cerebral\/"]}]},{"@type":"BreadcrumbList","@id":"https:\/\/www.geneveroule.ch\/fr\/triporteur-cerebral\/#breadcrumb","itemListElement":[{"@type":"ListItem","position":1,"name":"Accueil","item":"https:\/\/www.geneveroule.ch\/fr\/"},{"@type":"ListItem","position":2,"name":"Triporteur Cerebral"}]},{"@type":"WebSite","@id":"https:\/\/www.geneveroule.ch\/fr\/#website","url":"https:\/\/www.geneveroule.ch\/fr\/","name":"Gen\u00e8veroule","description":"v\u00e9lo et insertion","potentialAction":[{"@type":"SearchAction","target":{"@type":"EntryPoint","urlTemplate":"https:\/\/www.geneveroule.ch\/fr\/?s={search_term_string}"},"query-input":{"@type":"PropertyValueSpecification","valueRequired":true,"valueName":"search_term_string"}}],"inLanguage":"fr-FR"}]}},"_links":{"self":[{"href":"https:\/\/www.geneveroule.ch\/fr\/wp-json\/wp\/v2\/pages\/54318","targetHints":{"allow":["GET"]}}],"collection":[{"href":"https:\/\/www.geneveroule.ch\/fr\/wp-json\/wp\/v2\/pages"}],"about":[{"href":"https:\/\/www.geneveroule.ch\/fr\/wp-json\/wp\/v2\/types\/page"}],"author":[{"embeddable":true,"href":"https:\/\/www.geneveroule.ch\/fr\/wp-json\/wp\/v2\/users\/1"}],"replies":[{"embeddable":true,"href":"https:\/\/www.geneveroule.ch\/fr\/wp-json\/wp\/v2\/comments?post=54318"}],"version-history":[{"count":33,"href":"https:\/\/www.geneveroule.ch\/fr\/wp-json\/wp\/v2\/pages\/54318\/revisions"}],"predecessor-version":[{"id":60636,"href":"https:\/\/www.geneveroule.ch\/fr\/wp-json\/wp\/v2\/pages\/54318\/revisions\/60636"}],"wp:attachment":[{"href":"https:\/\/www.geneveroule.ch\/fr\/wp-json\/wp\/v2\/media?parent=54318"}],"curies":[{"name":"wp","href":"https:\/\/api.w.org\/{rel}","templated":true}]}}